{"id":10540,"date":"2017-01-01T00:00:00","date_gmt":"2016-12-31T23:00:00","guid":{"rendered":"https:\/\/nature-et-developpement.com\/ecomaison\/produit\/sous-couche-daccroche-avant-collage-tescon-primer-rp-pro-clima\/"},"modified":"2026-03-24T23:25:52","modified_gmt":"2026-03-24T22:25:52","slug":"sous-couche-d-accroche-avant-collage-tescon-primer-rp-pro-clima","status":"publish","type":"product","link":"https:\/\/nature-et-developpement.com\/ecomaison\/produit\/sous-couche-d-accroche-avant-collage-tescon-primer-rp-pro-clima\/","title":{"rendered":"Sous-couche d&rsquo;ac\u00adcroche avant collage TESCON Primer RP Pro clima"},"content":{"rendered":"<p>Sous-couche d\u2019ac\u00adcrochage pour bois, pan\u00adneaux en fibres de bois, ma\u00e7on\u00adner\u00adie, en\u00adduit et b\u00e9ton, pour la pr\u00e9\u00adpar\u00ada\u00adtion et la con\u00adsol\u00adid\u00ada\u00adtion du sup\u00adport en vue de l\u2019ap\u00adplic\u00ada\u00adtion ult\u00e9rieure des rubans ad\u00adh\u00e9sifs pro clima TESCON No.1, TESCON VANA, TESCON PRO\u00adFIL et la gamme EX\u00adTOSEAL.<\/p>\n<h4>Con\u00adsom\u00adma\u00adtion<\/h4>\n<table style=\"height: 198px\" width=\"463\">\n<thead>\n<tr>\n<th><\/th>\n<th align=\"right\"><\/th>\n<th align=\"right\"><\/th>\n<th align=\"right\"><\/th>\n<\/tr>\n<\/thead>\n<tbody>\n<tr>\n<td><span style=\"text-decoration: underline\"><strong>Con\u00addi\u00adtion\u00adnement<\/strong><\/span><\/td>\n<td align=\"right\"><span style=\"text-decoration: underline\"><strong>Con\u00adtenu<\/strong><\/span><\/td>\n<td align=\"right\"><span style=\"text-decoration: underline\"><strong>Largeur du ruban ad\u00adh\u00e9sif<\/strong><\/span><\/td>\n<td align=\"right\"><span style=\"text-decoration: underline\"><strong>Ren\u00addement<\/strong><\/span><\/td>\n<\/tr>\n<tr>\n<td>Pot<\/td>\n<td align=\"right\">0,75 l<\/td>\n<td align=\"right\">60 mm<\/td>\n<td align=\"right\">ca. 60 m<\/td>\n<\/tr>\n<tr>\n<td><\/td>\n<td align=\"right\"><\/td>\n<td align=\"right\">75 mm<\/td>\n<td align=\"right\">env. 45 m<\/td>\n<\/tr>\n<tr>\n<td><\/td>\n<td align=\"right\"><\/td>\n<td align=\"right\">150 mm<\/td>\n<td align=\"right\">env. 22 m<\/td>\n<\/tr>\n<tr>\n<td>Pot<\/td>\n<td align=\"right\">2,5 l<\/td>\n<td align=\"right\">60 mm<\/td>\n<td align=\"right\">env. 185 m<\/td>\n<\/tr>\n<tr>\n<td><\/td>\n<td align=\"right\"><\/td>\n<td align=\"right\">75 mm<\/td>\n<td align=\"right\">env. 150 m<\/td>\n<\/tr>\n<tr>\n<td><\/td>\n<td align=\"right\"><\/td>\n<td align=\"right\">150 mm<\/td>\n<td align=\"right\">env. 75 m<\/td>\n<\/tr>\n<tr>\n<td>Dis\u00adtrib\u00aduteur-dos\u00adeur<\/td>\n<td align=\"right\">1 l<\/td>\n<td align=\"right\">60 mm<\/td>\n<td align=\"right\">env. 75 m<\/td>\n<\/tr>\n<tr>\n<td><\/td>\n<td align=\"right\"><\/td>\n<td align=\"right\">75 mm<\/td>\n<td align=\"right\">env. 60 m<\/td>\n<\/tr>\n<tr>\n<td><\/td>\n<td align=\"right\"><\/td>\n<td align=\"right\">150 mm<\/td>\n<td align=\"right\">env. 30 m<\/td>\n<\/tr>\n<\/tbody>\n<\/table>\n<p>Les quant\u00adit\u00e9s con\u00adsom\u00adm\u00e9es peuvent var\u00adi\u00ader selon le sup\u00adport et la m\u00e9thode d\u2019ap\u00adplic\u00ada\u00adtion.<\/p>\n<table class=\"table table-striped\">\n<thead>\n<tr>\n<td><strong>Propri\u00e9t\u00e9<\/strong><\/td>\n<td class=\"hidden-xs\"><strong>R\u00e9glementation<\/strong><\/td>\n<td><strong>Valeur<\/strong><\/td>\n<\/tr>\n<\/thead>\n<tbody>\n<tr>\n<td>Couleur<\/td>\n<td class=\"hidden-xs\"><\/td>\n<td>blanc<\/td>\n<\/tr>\n<tr>\n<td>Temp\u00e9rature de mise en \u0153uvre<\/td>\n<td class=\"hidden-xs\"><\/td>\n<td>de -10 \u00b0C \u00e0 +45 \u00b0C<\/td>\n<\/tr>\n<tr>\n<td>R\u00e9sistance \u00e0 la temp\u00e9rature<\/td>\n<td class=\"hidden-xs\"><\/td>\n<td>stable entre -40 \u00b0C et +90 \u00b0C<\/td>\n<\/tr>\n<tr>\n<td>Stockage<\/td>\n<td class=\"hidden-xs\"><\/td>\n<td>\u00e0 l\u2019abri du gel, dans un endroit frais et sec<\/td>\n<\/tr>\n<\/tbody>\n<\/table>\n","protected":false},"excerpt":{"rendered":"<p>Sous-couche sans solvants ni temps de s\u00e9chage.<\/p>\n","protected":false},"featured_media":1000000166764,"template":"","meta":[],"product_brand":[2731],"product_cat":[243,4156,4154],"product_tag":[4163],"class_list":{"0":"post-10540","1":"product","2":"type-product","3":"status-publish","4":"has-post-thumbnail","6":"product_brand-proclima","7":"product_cat-accessoires-isolation-et-etancheite","8":"product_cat-etancheite-a-lair","9":"product_cat-pare-pluie","10":"product_tag-pro-clima","11":"product_shipping_class-petit-equipement-outil-eclairage","13":"first","14":"instock","15":"taxable","16":"shipping-taxable","17":"purchasable","18":"product-type-variable"},"yoast_head":"<!-- This site is optimized with the Yoast SEO plugin v27.5 - https:\/\/yoast.com\/product\/yoast-seo-wordpress\/ -->\n<title>Sous-couche d&#039;ac\u00adcroche avant collage TESCON Primer RP Pro clima<\/title>\n<meta name=\"description\" content=\"Sous-couche sans solvants ni temps de s\u00e9chage.\" \/>\n<meta name=\"robots\" content=\"noindex, nofollow\" \/>\n<meta property=\"og:locale\" content=\"fr_FR\" \/>\n<meta property=\"og:type\" content=\"article\" \/>\n<meta property=\"og:title\" content=\"Sous-couche d&#039;ac\u00adcroche avant collage TESCON Primer RP Pro clima\" \/>\n<meta property=\"og:description\" content=\"Sous-couche sans solvants ni temps de s\u00e9chage.\" \/>\n<meta property=\"og:url\" content=\"https:\/\/nature-et-developpement.com\/ecomaison\/produit\/sous-couche-d-accroche-avant-collage-tescon-primer-rp-pro-clima\/\" \/>\n<meta property=\"og:site_name\" content=\"Ecomaison\" \/>\n<meta property=\"article:modified_time\" content=\"2026-03-24T22:25:52+00:00\" \/>\n<meta name=\"twitter:card\" content=\"summary_large_image\" \/>\n<meta name=\"twitter:label1\" content=\"Dur\u00e9e de lecture estim\u00e9e\" \/>\n\t<meta name=\"twitter:data1\" content=\"1 minute\" \/>\n<script type=\"application\/ld+json\" class=\"yoast-schema-graph\">{\"@context\":\"https:\\\/\\\/schema.org\",\"@graph\":[{\"@type\":\"WebPage\",\"@id\":\"https:\\\/\\\/nature-et-developpement.com\\\/ecomaison\\\/produit\\\/sous-couche-d-accroche-avant-collage-tescon-primer-rp-pro-clima\\\/\",\"url\":\"https:\\\/\\\/nature-et-developpement.com\\\/ecomaison\\\/produit\\\/sous-couche-d-accroche-avant-collage-tescon-primer-rp-pro-clima\\\/\",\"name\":\"Sous-couche d'ac\u00adcroche avant collage TESCON Primer RP Pro clima\",\"isPartOf\":{\"@id\":\"https:\\\/\\\/nature-et-developpement.com\\\/ecomaison\\\/#website\"},\"primaryImageOfPage\":{\"@id\":\"https:\\\/\\\/nature-et-developpement.com\\\/ecomaison\\\/produit\\\/sous-couche-d-accroche-avant-collage-tescon-primer-rp-pro-clima\\\/#primaryimage\"},\"image\":{\"@id\":\"https:\\\/\\\/nature-et-developpement.com\\\/ecomaison\\\/produit\\\/sous-couche-d-accroche-avant-collage-tescon-primer-rp-pro-clima\\\/#primaryimage\"},\"thumbnailUrl\":\"https:\\\/\\\/nature-et-developpement.com\\\/ecomaison\\\/wp-content\\\/uploads\\\/Sous-couche-dac\u00adcroche-avant-collage-TESCON-Primer-RP-Pro-clima-25L.jpg\",\"datePublished\":\"2016-12-31T23:00:00+00:00\",\"dateModified\":\"2026-03-24T22:25:52+00:00\",\"description\":\"Sous-couche sans solvants ni temps de s\u00e9chage.\",\"breadcrumb\":{\"@id\":\"https:\\\/\\\/nature-et-developpement.com\\\/ecomaison\\\/produit\\\/sous-couche-d-accroche-avant-collage-tescon-primer-rp-pro-clima\\\/#breadcrumb\"},\"inLanguage\":\"fr-FR\",\"potentialAction\":[{\"@type\":\"ReadAction\",\"target\":[\"https:\\\/\\\/nature-et-developpement.com\\\/ecomaison\\\/produit\\\/sous-couche-d-accroche-avant-collage-tescon-primer-rp-pro-clima\\\/\"]}]},{\"@type\":\"ImageObject\",\"inLanguage\":\"fr-FR\",\"@id\":\"https:\\\/\\\/nature-et-developpement.com\\\/ecomaison\\\/produit\\\/sous-couche-d-accroche-avant-collage-tescon-primer-rp-pro-clima\\\/#primaryimage\",\"url\":\"https:\\\/\\\/nature-et-developpement.com\\\/ecomaison\\\/wp-content\\\/uploads\\\/Sous-couche-dac\u00adcroche-avant-collage-TESCON-Primer-RP-Pro-clima-25L.jpg\",\"contentUrl\":\"https:\\\/\\\/nature-et-developpement.com\\\/ecomaison\\\/wp-content\\\/uploads\\\/Sous-couche-dac\u00adcroche-avant-collage-TESCON-Primer-RP-Pro-clima-25L.jpg\"},{\"@type\":\"BreadcrumbList\",\"@id\":\"https:\\\/\\\/nature-et-developpement.com\\\/ecomaison\\\/produit\\\/sous-couche-d-accroche-avant-collage-tescon-primer-rp-pro-clima\\\/#breadcrumb\",\"itemListElement\":[{\"@type\":\"ListItem\",\"position\":1,\"name\":\"Accueil\",\"item\":\"https:\\\/\\\/nature-et-developpement.com\\\/ecomaison\\\/\"},{\"@type\":\"ListItem\",\"position\":2,\"name\":\"Produits\",\"item\":\"https:\\\/\\\/nature-et-developpement.com\\\/ecomaison\\\/shop\\\/\"},{\"@type\":\"ListItem\",\"position\":3,\"name\":\"Isolation et \u00e9tanch\u00e9it\u00e9\",\"item\":\"https:\\\/\\\/nature-et-developpement.com\\\/ecomaison\\\/produits\\\/isolation-et-etancheite\\\/\"},{\"@type\":\"ListItem\",\"position\":4,\"name\":\"Pare pluie\",\"item\":\"https:\\\/\\\/nature-et-developpement.com\\\/ecomaison\\\/produits\\\/isolation-et-etancheite\\\/pare-pluie\\\/\"},{\"@type\":\"ListItem\",\"position\":5,\"name\":\"Sous-couche d&rsquo;ac\u00adcroche avant collage TESCON Primer RP Pro clima\"}]},{\"@type\":\"WebSite\",\"@id\":\"https:\\\/\\\/nature-et-developpement.com\\\/ecomaison\\\/#website\",\"url\":\"https:\\\/\\\/nature-et-developpement.com\\\/ecomaison\\\/\",\"name\":\"Ecomaison\",\"description\":\"Ecomaison est membre du groupement Nature &amp; D\u00e9veloppement\",\"publisher\":{\"@id\":\"https:\\\/\\\/nature-et-developpement.com\\\/ecomaison\\\/#organization\"},\"potentialAction\":[{\"@type\":\"SearchAction\",\"target\":{\"@type\":\"EntryPoint\",\"urlTemplate\":\"https:\\\/\\\/nature-et-developpement.com\\\/ecomaison\\\/?s={search_term_string}\"},\"query-input\":{\"@type\":\"PropertyValueSpecification\",\"valueRequired\":true,\"valueName\":\"search_term_string\"}}],\"inLanguage\":\"fr-FR\"},{\"@type\":\"Organization\",\"@id\":\"https:\\\/\\\/nature-et-developpement.com\\\/ecomaison\\\/#organization\",\"name\":\"EcoMaison\",\"url\":\"https:\\\/\\\/nature-et-developpement.com\\\/ecomaison\\\/\",\"logo\":{\"@type\":\"ImageObject\",\"inLanguage\":\"fr-FR\",\"@id\":\"https:\\\/\\\/nature-et-developpement.com\\\/ecomaison\\\/#\\\/schema\\\/logo\\\/image\\\/\",\"url\":\"https:\\\/\\\/nature-et-developpement.com\\\/ecomaison\\\/wp-content\\\/uploads\\\/sites\\\/19\\\/2021\\\/09\\\/logo-ecomaison.jpg\",\"contentUrl\":\"https:\\\/\\\/nature-et-developpement.com\\\/ecomaison\\\/wp-content\\\/uploads\\\/sites\\\/19\\\/2021\\\/09\\\/logo-ecomaison.jpg\",\"width\":1178,\"height\":224,\"caption\":\"EcoMaison\"},\"image\":{\"@id\":\"https:\\\/\\\/nature-et-developpement.com\\\/ecomaison\\\/#\\\/schema\\\/logo\\\/image\\\/\"}}]}<\/script>\n<!-- \/ Yoast SEO plugin. -->","yoast_head_json":{"title":"Sous-couche d'ac\u00adcroche avant collage TESCON Primer RP Pro clima","description":"Sous-couche sans solvants ni temps de s\u00e9chage.","robots":{"index":"noindex","follow":"nofollow"},"og_locale":"fr_FR","og_type":"article","og_title":"Sous-couche d'ac\u00adcroche avant collage TESCON Primer RP Pro clima","og_description":"Sous-couche sans solvants ni temps de s\u00e9chage.","og_url":"https:\/\/nature-et-developpement.com\/ecomaison\/produit\/sous-couche-d-accroche-avant-collage-tescon-primer-rp-pro-clima\/","og_site_name":"Ecomaison","article_modified_time":"2026-03-24T22:25:52+00:00","twitter_card":"summary_large_image","twitter_misc":{"Dur\u00e9e de lecture estim\u00e9e":"1 minute"},"schema":{"@context":"https:\/\/schema.org","@graph":[{"@type":"WebPage","@id":"https:\/\/nature-et-developpement.com\/ecomaison\/produit\/sous-couche-d-accroche-avant-collage-tescon-primer-rp-pro-clima\/","url":"https:\/\/nature-et-developpement.com\/ecomaison\/produit\/sous-couche-d-accroche-avant-collage-tescon-primer-rp-pro-clima\/","name":"Sous-couche d'ac\u00adcroche avant collage TESCON Primer RP Pro clima","isPartOf":{"@id":"https:\/\/nature-et-developpement.com\/ecomaison\/#website"},"primaryImageOfPage":{"@id":"https:\/\/nature-et-developpement.com\/ecomaison\/produit\/sous-couche-d-accroche-avant-collage-tescon-primer-rp-pro-clima\/#primaryimage"},"image":{"@id":"https:\/\/nature-et-developpement.com\/ecomaison\/produit\/sous-couche-d-accroche-avant-collage-tescon-primer-rp-pro-clima\/#primaryimage"},"thumbnailUrl":"https:\/\/nature-et-developpement.com\/ecomaison\/wp-content\/uploads\/Sous-couche-dac\u00adcroche-avant-collage-TESCON-Primer-RP-Pro-clima-25L.jpg","datePublished":"2016-12-31T23:00:00+00:00","dateModified":"2026-03-24T22:25:52+00:00","description":"Sous-couche sans solvants ni temps de s\u00e9chage.","breadcrumb":{"@id":"https:\/\/nature-et-developpement.com\/ecomaison\/produit\/sous-couche-d-accroche-avant-collage-tescon-primer-rp-pro-clima\/#breadcrumb"},"inLanguage":"fr-FR","potentialAction":[{"@type":"ReadAction","target":["https:\/\/nature-et-developpement.com\/ecomaison\/produit\/sous-couche-d-accroche-avant-collage-tescon-primer-rp-pro-clima\/"]}]},{"@type":"ImageObject","inLanguage":"fr-FR","@id":"https:\/\/nature-et-developpement.com\/ecomaison\/produit\/sous-couche-d-accroche-avant-collage-tescon-primer-rp-pro-clima\/#primaryimage","url":"https:\/\/nature-et-developpement.com\/ecomaison\/wp-content\/uploads\/Sous-couche-dac\u00adcroche-avant-collage-TESCON-Primer-RP-Pro-clima-25L.jpg","contentUrl":"https:\/\/nature-et-developpement.com\/ecomaison\/wp-content\/uploads\/Sous-couche-dac\u00adcroche-avant-collage-TESCON-Primer-RP-Pro-clima-25L.jpg"},{"@type":"BreadcrumbList","@id":"https:\/\/nature-et-developpement.com\/ecomaison\/produit\/sous-couche-d-accroche-avant-collage-tescon-primer-rp-pro-clima\/#breadcrumb","itemListElement":[{"@type":"ListItem","position":1,"name":"Accueil","item":"https:\/\/nature-et-developpement.com\/ecomaison\/"},{"@type":"ListItem","position":2,"name":"Produits","item":"https:\/\/nature-et-developpement.com\/ecomaison\/shop\/"},{"@type":"ListItem","position":3,"name":"Isolation et \u00e9tanch\u00e9it\u00e9","item":"https:\/\/nature-et-developpement.com\/ecomaison\/produits\/isolation-et-etancheite\/"},{"@type":"ListItem","position":4,"name":"Pare pluie","item":"https:\/\/nature-et-developpement.com\/ecomaison\/produits\/isolation-et-etancheite\/pare-pluie\/"},{"@type":"ListItem","position":5,"name":"Sous-couche d&rsquo;ac\u00adcroche avant collage TESCON Primer RP Pro clima"}]},{"@type":"WebSite","@id":"https:\/\/nature-et-developpement.com\/ecomaison\/#website","url":"https:\/\/nature-et-developpement.com\/ecomaison\/","name":"Ecomaison","description":"Ecomaison est membre du groupement Nature &amp; D\u00e9veloppement","publisher":{"@id":"https:\/\/nature-et-developpement.com\/ecomaison\/#organization"},"potentialAction":[{"@type":"SearchAction","target":{"@type":"EntryPoint","urlTemplate":"https:\/\/nature-et-developpement.com\/ecomaison\/?s={search_term_string}"},"query-input":{"@type":"PropertyValueSpecification","valueRequired":true,"valueName":"search_term_string"}}],"inLanguage":"fr-FR"},{"@type":"Organization","@id":"https:\/\/nature-et-developpement.com\/ecomaison\/#organization","name":"EcoMaison","url":"https:\/\/nature-et-developpement.com\/ecomaison\/","logo":{"@type":"ImageObject","inLanguage":"fr-FR","@id":"https:\/\/nature-et-developpement.com\/ecomaison\/#\/schema\/logo\/image\/","url":"https:\/\/nature-et-developpement.com\/ecomaison\/wp-content\/uploads\/sites\/19\/2021\/09\/logo-ecomaison.jpg","contentUrl":"https:\/\/nature-et-developpement.com\/ecomaison\/wp-content\/uploads\/sites\/19\/2021\/09\/logo-ecomaison.jpg","width":1178,"height":224,"caption":"EcoMaison"},"image":{"@id":"https:\/\/nature-et-developpement.com\/ecomaison\/#\/schema\/logo\/image\/"}}]}},"distributor_meta":false,"distributor_terms":false,"distributor_media":false,"distributor_original_site_name":"Ecomaison","distributor_original_site_url":"https:\/\/nature-et-developpement.com\/ecomaison","push-errors":false,"_links":{"self":[{"href":"https:\/\/nature-et-developpement.com\/ecomaison\/wp-json\/wp\/v2\/product\/10540","targetHints":{"allow":["GET"]}}],"collection":[{"href":"https:\/\/nature-et-developpement.com\/ecomaison\/wp-json\/wp\/v2\/product"}],"about":[{"href":"https:\/\/nature-et-developpement.com\/ecomaison\/wp-json\/wp\/v2\/types\/product"}],"wp:featuredmedia":[{"embeddable":true,"href":"https:\/\/nature-et-developpement.com\/ecomaison\/wp-json\/"}],"wp:attachment":[{"href":"https:\/\/nature-et-developpement.com\/ecomaison\/wp-json\/wp\/v2\/media?parent=10540"}],"wp:term":[{"taxonomy":"product_brand","embeddable":true,"href":"https:\/\/nature-et-developpement.com\/ecomaison\/wp-json\/wp\/v2\/product_brand?post=10540"},{"taxonomy":"product_cat","embeddable":true,"href":"https:\/\/nature-et-developpement.com\/ecomaison\/wp-json\/wp\/v2\/product_cat?post=10540"},{"taxonomy":"product_tag","embeddable":true,"href":"https:\/\/nature-et-developpement.com\/ecomaison\/wp-json\/wp\/v2\/product_tag?post=10540"}],"curies":[{"name":"wp","href":"https:\/\/api.w.org\/{rel}","templated":true}]}}