{"id":10912,"date":"2018-10-01T00:00:00","date_gmt":"2018-09-30T22:00:00","guid":{"rendered":"https:\/\/nature-et-developpement.com\/ecomaison\/produit\/peinture-interieur-mat-tres-profond-keim-optil\/"},"modified":"2026-04-30T19:31:04","modified_gmt":"2026-04-30T17:31:04","slug":"peinture-interieur-mat-tres-profond-keim-optil","status":"publish","type":"product","link":"https:\/\/nature-et-developpement.com\/ecomaison\/produit\/peinture-interieur-mat-tres-profond-keim-optil\/","title":{"rendered":"Peinture int\u00e9rieur mat tr\u00e8s profond KEIM Optil"},"content":{"rendered":"<div class=\"col-lg-12\">\n<h2 class=\"product-title inverse\">Peinture int\u00e9rieure KEIM Optil<\/h2>\n<\/div>\n<p>Destin\u00e9e aux travaux de d\u00e9coration int\u00e9rieure de qualit\u00e9 sup\u00e9rieure et de couleur soutenue sur tous types de supports et sur anciennes peintures bien adh\u00e9rentes.<\/p>\n<p>Peinture min\u00e9rale d&rsquo;int\u00e9rieur \u00e0 base d&rsquo;un double liant sol-silicate, pr\u00eate \u00e0 l&#8217;emploi.<\/p>\n<div class=\"col-lg-12 inverse\">\n<p>\u00c0 appliquer en finition sur une couche de fond KEIM Optil ou KEIM Optil-Grob.<\/p>\n<p>Ne pas appliquer sur les surfaces pr\u00e9sentant des efflorescences salines, sur les anciennes laques ainsi que sur le bois.<\/p>\n<p>Rel\u00e8ve de la norme NF EN 13300.<\/p>\n<\/div>\n<div class=\"col-lg-6 inverse\">\n<p><strong>Teinte<\/strong><br \/>\nDisponible en blanc, dans les teintes du nuancier KEIM Exclusiv et Avantgarde.<\/p>\n<p>Teintes hors nuanciers sur demande.<\/p>\n<p><strong>Application<\/strong><br \/>\nBrosse, rouleau, projection Airless<\/p>\n<\/div>\n<div class=\"col-lg-6 inverse\">\n<p><strong>Consommation<\/strong><br \/>\nEnv. 0,125 l\/m\u00b2 pour 1 couche<\/p>\n<p><strong>Conditionnement<\/strong><br \/>\nSeau plastique de 5 L et 12,5 L<\/p>\n<\/div>\n<p><img loading=\"lazy\" decoding=\"async\" class=\" size-full wp-image-108189\" src=\"https:\/\/nature-et-developpement.com\/wp-content\/uploads\/cms\/KEIM\/KEIM-NUANCIER-OPTIL-ECOSIL-ME-MYCAL-TOP-KEIM-NUANCIER-OPTIL-ECOSIL-ME-MYCAL.jpg\" alt=\"KEIM-NUANCIER OPTIL - ECOSIL-ME - MYCAL-\" width=\"558\" height=\"716\" \/><\/p>\n","protected":false},"excerpt":{"rendered":"<p><strong><a class=\"btn btn-default\" href=\"https:\/\/nature-et-developpement.com\/wp-content\/uploads\/cms\/KEIM\/Spektrum_KEIM.pdf\" target=\"_blank\" rel=\"noopener\"><img loading=\"lazy\" decoding=\"async\" class=\"alignleft wp-image-108482\" src=\"https:\/\/nature-et-developpement.com\/wp-content\/uploads\/cms\/NATURA\/COULEURS_2020-450x450.jpg\" alt=\"\" width=\"30\" height=\"30\" \/><\/a><a href=\"https:\/\/nature-et-developpement.com\/wp-content\/uploads\/Spektrum_KEIM-ND.pdf\" target=\"_blank\" rel=\"noopener\">Choisissez votre couleur<\/a><\/strong><br \/>\n<a href=\"https:\/\/nature-et-developpement.com\/wp-content\/uploads\/Tableau-reference-des-teintes-et-classes-de-prix-Optil.pdf\" target=\"_blank\" rel=\"noopener\"><strong>Retrouvez votre classe de prix<\/strong><\/a><\/p>\n<p>Peinture min\u00e9rale d&rsquo;int\u00e9rieur destin\u00e9e aux travaux de d\u00e9coration int\u00e9rieure de qualit\u00e9 sup\u00e9rieure et de couleur soutenue sur tous types de supports et sur anciennes peintures bien adh\u00e9rentes.<br \/>\n\u00c0 appliquer en finition sur une couche de fond KEIM Optil ou KEIM Optil-Grob.<\/p>\n","protected":false},"featured_media":1000000201171,"template":"","meta":[],"product_brand":[2756],"product_cat":[64],"product_tag":[4222],"class_list":{"0":"post-10912","1":"product","2":"type-product","3":"status-publish","4":"has-post-thumbnail","6":"product_brand-keim","7":"product_cat-peinture-ecologique","8":"product_tag-keim","9":"product_shipping_class-peintures-accessoires-peintures","11":"first","12":"instock","13":"taxable","14":"shipping-taxable","15":"purchasable","16":"product-type-variable"},"yoast_head":"<!-- This site is optimized with the Yoast SEO plugin v27.5 - https:\/\/yoast.com\/product\/yoast-seo-wordpress\/ -->\n<title>Peinture int\u00e9rieur mat tr\u00e8s profond KEIM Optil<\/title>\n<meta name=\"description\" content=\"Destin\u00e9e aux travaux de d\u00e9coration int\u00e9rieur de qualit\u00e9 sup\u00e9rieure et de couleur soutenue sur tous types de supports et sur anciennes peintures.\" \/>\n<meta name=\"robots\" content=\"noindex, nofollow\" \/>\n<meta property=\"og:locale\" content=\"fr_FR\" \/>\n<meta property=\"og:type\" content=\"article\" \/>\n<meta property=\"og:title\" content=\"Peinture int\u00e9rieur mat tr\u00e8s profond KEIM Optil\" \/>\n<meta property=\"og:description\" content=\"Destin\u00e9e aux travaux de d\u00e9coration int\u00e9rieur de qualit\u00e9 sup\u00e9rieure et de couleur soutenue sur tous types de supports et sur anciennes peintures.\" \/>\n<meta property=\"og:url\" content=\"https:\/\/nature-et-developpement.com\/ecomaison\/produit\/peinture-interieur-mat-tres-profond-keim-optil\/\" \/>\n<meta property=\"og:site_name\" content=\"Ecomaison\" \/>\n<meta property=\"article:modified_time\" content=\"2026-04-30T17:31:04+00:00\" \/>\n<meta name=\"twitter:card\" content=\"summary_large_image\" \/>\n<meta name=\"twitter:label1\" content=\"Dur\u00e9e de lecture estim\u00e9e\" \/>\n\t<meta name=\"twitter:data1\" content=\"1 minute\" \/>\n<script type=\"application\/ld+json\" class=\"yoast-schema-graph\">{\"@context\":\"https:\\\/\\\/schema.org\",\"@graph\":[{\"@type\":\"WebPage\",\"@id\":\"https:\\\/\\\/nature-et-developpement.com\\\/ecomaison\\\/produit\\\/peinture-interieur-mat-tres-profond-keim-optil\\\/\",\"url\":\"https:\\\/\\\/nature-et-developpement.com\\\/ecomaison\\\/produit\\\/peinture-interieur-mat-tres-profond-keim-optil\\\/\",\"name\":\"Peinture int\u00e9rieur mat tr\u00e8s profond KEIM Optil\",\"isPartOf\":{\"@id\":\"https:\\\/\\\/nature-et-developpement.com\\\/ecomaison\\\/#website\"},\"primaryImageOfPage\":{\"@id\":\"https:\\\/\\\/nature-et-developpement.com\\\/ecomaison\\\/produit\\\/peinture-interieur-mat-tres-profond-keim-optil\\\/#primaryimage\"},\"image\":{\"@id\":\"https:\\\/\\\/nature-et-developpement.com\\\/ecomaison\\\/produit\\\/peinture-interieur-mat-tres-profond-keim-optil\\\/#primaryimage\"},\"thumbnailUrl\":\"https:\\\/\\\/nature-et-developpement.com\\\/ecomaison\\\/wp-content\\\/uploads\\\/Peinture-interieur-mat-tres-profond-KEIM-Optil-12_5L.jpg\",\"datePublished\":\"2018-09-30T22:00:00+00:00\",\"dateModified\":\"2026-04-30T17:31:04+00:00\",\"description\":\"Destin\u00e9e aux travaux de d\u00e9coration int\u00e9rieur de qualit\u00e9 sup\u00e9rieure et de couleur soutenue sur tous types de supports et sur anciennes peintures.\",\"breadcrumb\":{\"@id\":\"https:\\\/\\\/nature-et-developpement.com\\\/ecomaison\\\/produit\\\/peinture-interieur-mat-tres-profond-keim-optil\\\/#breadcrumb\"},\"inLanguage\":\"fr-FR\",\"potentialAction\":[{\"@type\":\"ReadAction\",\"target\":[\"https:\\\/\\\/nature-et-developpement.com\\\/ecomaison\\\/produit\\\/peinture-interieur-mat-tres-profond-keim-optil\\\/\"]}]},{\"@type\":\"ImageObject\",\"inLanguage\":\"fr-FR\",\"@id\":\"https:\\\/\\\/nature-et-developpement.com\\\/ecomaison\\\/produit\\\/peinture-interieur-mat-tres-profond-keim-optil\\\/#primaryimage\",\"url\":\"https:\\\/\\\/nature-et-developpement.com\\\/ecomaison\\\/wp-content\\\/uploads\\\/Peinture-interieur-mat-tres-profond-KEIM-Optil-12_5L.jpg\",\"contentUrl\":\"https:\\\/\\\/nature-et-developpement.com\\\/ecomaison\\\/wp-content\\\/uploads\\\/Peinture-interieur-mat-tres-profond-KEIM-Optil-12_5L.jpg\"},{\"@type\":\"BreadcrumbList\",\"@id\":\"https:\\\/\\\/nature-et-developpement.com\\\/ecomaison\\\/produit\\\/peinture-interieur-mat-tres-profond-keim-optil\\\/#breadcrumb\",\"itemListElement\":[{\"@type\":\"ListItem\",\"position\":1,\"name\":\"Accueil\",\"item\":\"https:\\\/\\\/nature-et-developpement.com\\\/ecomaison\\\/\"},{\"@type\":\"ListItem\",\"position\":2,\"name\":\"Produits\",\"item\":\"https:\\\/\\\/nature-et-developpement.com\\\/ecomaison\\\/shop\\\/\"},{\"@type\":\"ListItem\",\"position\":3,\"name\":\"Peinture, pigment et enduit\",\"item\":\"https:\\\/\\\/nature-et-developpement.com\\\/ecomaison\\\/produits\\\/peinture-et-enduit\\\/\"},{\"@type\":\"ListItem\",\"position\":4,\"name\":\"Peintures\",\"item\":\"https:\\\/\\\/nature-et-developpement.com\\\/ecomaison\\\/produits\\\/peinture-et-enduit\\\/peinture-ecologique\\\/\"},{\"@type\":\"ListItem\",\"position\":5,\"name\":\"Peinture int\u00e9rieur mat tr\u00e8s profond KEIM Optil\"}]},{\"@type\":\"WebSite\",\"@id\":\"https:\\\/\\\/nature-et-developpement.com\\\/ecomaison\\\/#website\",\"url\":\"https:\\\/\\\/nature-et-developpement.com\\\/ecomaison\\\/\",\"name\":\"Ecomaison\",\"description\":\"Ecomaison est membre du groupement Nature &amp; D\u00e9veloppement\",\"publisher\":{\"@id\":\"https:\\\/\\\/nature-et-developpement.com\\\/ecomaison\\\/#organization\"},\"potentialAction\":[{\"@type\":\"SearchAction\",\"target\":{\"@type\":\"EntryPoint\",\"urlTemplate\":\"https:\\\/\\\/nature-et-developpement.com\\\/ecomaison\\\/?s={search_term_string}\"},\"query-input\":{\"@type\":\"PropertyValueSpecification\",\"valueRequired\":true,\"valueName\":\"search_term_string\"}}],\"inLanguage\":\"fr-FR\"},{\"@type\":\"Organization\",\"@id\":\"https:\\\/\\\/nature-et-developpement.com\\\/ecomaison\\\/#organization\",\"name\":\"EcoMaison\",\"url\":\"https:\\\/\\\/nature-et-developpement.com\\\/ecomaison\\\/\",\"logo\":{\"@type\":\"ImageObject\",\"inLanguage\":\"fr-FR\",\"@id\":\"https:\\\/\\\/nature-et-developpement.com\\\/ecomaison\\\/#\\\/schema\\\/logo\\\/image\\\/\",\"url\":\"https:\\\/\\\/nature-et-developpement.com\\\/ecomaison\\\/wp-content\\\/uploads\\\/sites\\\/19\\\/2021\\\/09\\\/logo-ecomaison.jpg\",\"contentUrl\":\"https:\\\/\\\/nature-et-developpement.com\\\/ecomaison\\\/wp-content\\\/uploads\\\/sites\\\/19\\\/2021\\\/09\\\/logo-ecomaison.jpg\",\"width\":1178,\"height\":224,\"caption\":\"EcoMaison\"},\"image\":{\"@id\":\"https:\\\/\\\/nature-et-developpement.com\\\/ecomaison\\\/#\\\/schema\\\/logo\\\/image\\\/\"}}]}<\/script>\n<!-- \/ Yoast SEO plugin. -->","yoast_head_json":{"title":"Peinture int\u00e9rieur mat tr\u00e8s profond KEIM Optil","description":"Destin\u00e9e aux travaux de d\u00e9coration int\u00e9rieur de qualit\u00e9 sup\u00e9rieure et de couleur soutenue sur tous types de supports et sur anciennes peintures.","robots":{"index":"noindex","follow":"nofollow"},"og_locale":"fr_FR","og_type":"article","og_title":"Peinture int\u00e9rieur mat tr\u00e8s profond KEIM Optil","og_description":"Destin\u00e9e aux travaux de d\u00e9coration int\u00e9rieur de qualit\u00e9 sup\u00e9rieure et de couleur soutenue sur tous types de supports et sur anciennes peintures.","og_url":"https:\/\/nature-et-developpement.com\/ecomaison\/produit\/peinture-interieur-mat-tres-profond-keim-optil\/","og_site_name":"Ecomaison","article_modified_time":"2026-04-30T17:31:04+00:00","twitter_card":"summary_large_image","twitter_misc":{"Dur\u00e9e de lecture estim\u00e9e":"1 minute"},"schema":{"@context":"https:\/\/schema.org","@graph":[{"@type":"WebPage","@id":"https:\/\/nature-et-developpement.com\/ecomaison\/produit\/peinture-interieur-mat-tres-profond-keim-optil\/","url":"https:\/\/nature-et-developpement.com\/ecomaison\/produit\/peinture-interieur-mat-tres-profond-keim-optil\/","name":"Peinture int\u00e9rieur mat tr\u00e8s profond KEIM Optil","isPartOf":{"@id":"https:\/\/nature-et-developpement.com\/ecomaison\/#website"},"primaryImageOfPage":{"@id":"https:\/\/nature-et-developpement.com\/ecomaison\/produit\/peinture-interieur-mat-tres-profond-keim-optil\/#primaryimage"},"image":{"@id":"https:\/\/nature-et-developpement.com\/ecomaison\/produit\/peinture-interieur-mat-tres-profond-keim-optil\/#primaryimage"},"thumbnailUrl":"https:\/\/nature-et-developpement.com\/ecomaison\/wp-content\/uploads\/Peinture-interieur-mat-tres-profond-KEIM-Optil-12_5L.jpg","datePublished":"2018-09-30T22:00:00+00:00","dateModified":"2026-04-30T17:31:04+00:00","description":"Destin\u00e9e aux travaux de d\u00e9coration int\u00e9rieur de qualit\u00e9 sup\u00e9rieure et de couleur soutenue sur tous types de supports et sur anciennes peintures.","breadcrumb":{"@id":"https:\/\/nature-et-developpement.com\/ecomaison\/produit\/peinture-interieur-mat-tres-profond-keim-optil\/#breadcrumb"},"inLanguage":"fr-FR","potentialAction":[{"@type":"ReadAction","target":["https:\/\/nature-et-developpement.com\/ecomaison\/produit\/peinture-interieur-mat-tres-profond-keim-optil\/"]}]},{"@type":"ImageObject","inLanguage":"fr-FR","@id":"https:\/\/nature-et-developpement.com\/ecomaison\/produit\/peinture-interieur-mat-tres-profond-keim-optil\/#primaryimage","url":"https:\/\/nature-et-developpement.com\/ecomaison\/wp-content\/uploads\/Peinture-interieur-mat-tres-profond-KEIM-Optil-12_5L.jpg","contentUrl":"https:\/\/nature-et-developpement.com\/ecomaison\/wp-content\/uploads\/Peinture-interieur-mat-tres-profond-KEIM-Optil-12_5L.jpg"},{"@type":"BreadcrumbList","@id":"https:\/\/nature-et-developpement.com\/ecomaison\/produit\/peinture-interieur-mat-tres-profond-keim-optil\/#breadcrumb","itemListElement":[{"@type":"ListItem","position":1,"name":"Accueil","item":"https:\/\/nature-et-developpement.com\/ecomaison\/"},{"@type":"ListItem","position":2,"name":"Produits","item":"https:\/\/nature-et-developpement.com\/ecomaison\/shop\/"},{"@type":"ListItem","position":3,"name":"Peinture, pigment et enduit","item":"https:\/\/nature-et-developpement.com\/ecomaison\/produits\/peinture-et-enduit\/"},{"@type":"ListItem","position":4,"name":"Peintures","item":"https:\/\/nature-et-developpement.com\/ecomaison\/produits\/peinture-et-enduit\/peinture-ecologique\/"},{"@type":"ListItem","position":5,"name":"Peinture int\u00e9rieur mat tr\u00e8s profond KEIM Optil"}]},{"@type":"WebSite","@id":"https:\/\/nature-et-developpement.com\/ecomaison\/#website","url":"https:\/\/nature-et-developpement.com\/ecomaison\/","name":"Ecomaison","description":"Ecomaison est membre du groupement Nature &amp; D\u00e9veloppement","publisher":{"@id":"https:\/\/nature-et-developpement.com\/ecomaison\/#organization"},"potentialAction":[{"@type":"SearchAction","target":{"@type":"EntryPoint","urlTemplate":"https:\/\/nature-et-developpement.com\/ecomaison\/?s={search_term_string}"},"query-input":{"@type":"PropertyValueSpecification","valueRequired":true,"valueName":"search_term_string"}}],"inLanguage":"fr-FR"},{"@type":"Organization","@id":"https:\/\/nature-et-developpement.com\/ecomaison\/#organization","name":"EcoMaison","url":"https:\/\/nature-et-developpement.com\/ecomaison\/","logo":{"@type":"ImageObject","inLanguage":"fr-FR","@id":"https:\/\/nature-et-developpement.com\/ecomaison\/#\/schema\/logo\/image\/","url":"https:\/\/nature-et-developpement.com\/ecomaison\/wp-content\/uploads\/sites\/19\/2021\/09\/logo-ecomaison.jpg","contentUrl":"https:\/\/nature-et-developpement.com\/ecomaison\/wp-content\/uploads\/sites\/19\/2021\/09\/logo-ecomaison.jpg","width":1178,"height":224,"caption":"EcoMaison"},"image":{"@id":"https:\/\/nature-et-developpement.com\/ecomaison\/#\/schema\/logo\/image\/"}}]}},"distributor_meta":false,"distributor_terms":false,"distributor_media":false,"distributor_original_site_name":"Ecomaison","distributor_original_site_url":"https:\/\/nature-et-developpement.com\/ecomaison","push-errors":false,"_links":{"self":[{"href":"https:\/\/nature-et-developpement.com\/ecomaison\/wp-json\/wp\/v2\/product\/10912","targetHints":{"allow":["GET"]}}],"collection":[{"href":"https:\/\/nature-et-developpement.com\/ecomaison\/wp-json\/wp\/v2\/product"}],"about":[{"href":"https:\/\/nature-et-developpement.com\/ecomaison\/wp-json\/wp\/v2\/types\/product"}],"wp:featuredmedia":[{"embeddable":true,"href":"https:\/\/nature-et-developpement.com\/ecomaison\/wp-json\/"}],"wp:attachment":[{"href":"https:\/\/nature-et-developpement.com\/ecomaison\/wp-json\/wp\/v2\/media?parent=10912"}],"wp:term":[{"taxonomy":"product_brand","embeddable":true,"href":"https:\/\/nature-et-developpement.com\/ecomaison\/wp-json\/wp\/v2\/product_brand?post=10912"},{"taxonomy":"product_cat","embeddable":true,"href":"https:\/\/nature-et-developpement.com\/ecomaison\/wp-json\/wp\/v2\/product_cat?post=10912"},{"taxonomy":"product_tag","embeddable":true,"href":"https:\/\/nature-et-developpement.com\/ecomaison\/wp-json\/wp\/v2\/product_tag?post=10912"}],"curies":[{"name":"wp","href":"https:\/\/api.w.org\/{rel}","templated":true}]}}