{"id":10773,"date":"2017-01-01T00:00:00","date_gmt":"2016-12-31T23:00:00","guid":{"rendered":"https:\/\/nature-et-developpement.com\/futureco\/produit\/manchette-detancheite-a-lair-1-ou-2-cables-kaflex-mono-ou-duo-pro-clima\/"},"modified":"2026-03-24T22:20:54","modified_gmt":"2026-03-24T21:20:54","slug":"manchette-d-etancheite-a-l-air-1-ou-2-cables-kaflex-mono-ou-duo-pro-clima","status":"publish","type":"product","link":"https:\/\/nature-et-developpement.com\/futureco\/produit\/manchette-d-etancheite-a-l-air-1-ou-2-cables-kaflex-mono-ou-duo-pro-clima\/","title":{"rendered":"Manchette d&rsquo;\u00e9tanch\u00e9ite \u00e0 l&rsquo;air 1 ou 2 c\u00e2bles KAFLEX Mono ou Duo Pro clima"},"content":{"rendered":"<p>Manchettes d&rsquo;\u00e9tanch\u00e9it\u00e9 en EP\u00adDM solide et ex\u00adtr\u00eam\u00adement flex\u00adible. Id\u00e9ales pour la r\u00e9al\u00adisa\u00adtion rap\u00adide et dur\u00adable\u00adment \u00e9tanche des pas\u00adsages de c\u00e2bles et de con\u00adduits \u00e0 tra\u00advers la couche d&rsquo;\u00e9tanch\u00e9it\u00e9 \u00e0 l&rsquo;air. S\u2019utilis\u00adent \u00e9gale\u00adment \u00e0 l&rsquo;ex\u00adt\u00e9rieur, par ex\u00ademple sur les \u00e9crans de sous-toit\u00adures ou les frein-va\u00adpeurs de r\u00e9nova\u00adtion.<\/p>\n<table class=\"table table-striped\">\n<thead>\n<tr>\n<td><strong>Propri\u00e9t\u00e9<\/strong><\/td>\n<td class=\"hidden-xs\"><strong>R\u00e9glementation<\/strong><\/td>\n<td><strong>Valeur<\/strong><\/td>\n<\/tr>\n<\/thead>\n<tbody>\n<tr>\n<td>Couleur<\/td>\n<td class=\"hidden-xs\"><\/td>\n<td>bleu fonc\u00e9 \/ noir<\/td>\n<\/tr>\n<tr>\n<td>Exposition aux intemp\u00e9ries<\/td>\n<td class=\"hidden-xs\"><\/td>\n<td>6 mois<\/td>\n<\/tr>\n<tr>\n<td>Enduisible<\/td>\n<td class=\"hidden-xs\"><\/td>\n<td>oui<\/td>\n<\/tr>\n<tr>\n<td>Temp\u00e9rature de mise en \u0153uvre<\/td>\n<td class=\"hidden-xs\"><\/td>\n<td>\u00e0 partir de -10 \u00b0C<\/td>\n<\/tr>\n<tr>\n<td>R\u00e9sistance \u00e0 la temp\u00e9rature EPDM<\/td>\n<td class=\"hidden-xs\"><\/td>\n<td>stable entre -40 \u00b0C et  150 \u00b0C<\/td>\n<\/tr>\n<tr>\n<td>Stockage<\/td>\n<td class=\"hidden-xs\"><\/td>\n<td>dans un endroit frais et sec<\/td>\n<\/tr>\n<\/tbody>\n<\/table>\n","protected":false},"excerpt":{"rendered":"<p>Manchette pour 1 ou 2 c\u00e2bles, \u00d8 4,8 \u00e0 12 mm, pour l\u2019int\u00e9rieur et l\u2019ext\u00e9rieur<\/p>\n","protected":false},"featured_media":1000000166709,"template":"","meta":[],"product_brand":[2731],"product_cat":[243,4149],"product_tag":[4158],"class_list":{"0":"post-10773","1":"product","2":"type-product","3":"status-publish","4":"has-post-thumbnail","6":"product_brand-proclima","7":"product_cat-accessoires-isolation-et-etancheite","8":"product_cat-etancheite-a-lair","9":"product_tag-pro-clima","10":"product_shipping_class-petit-equipement-outil-eclairage","12":"first","13":"instock","14":"taxable","15":"shipping-taxable","16":"purchasable","17":"product-type-variable"},"yoast_head":"<!-- This site is optimized with the Yoast SEO plugin v27.5 - https:\/\/yoast.com\/product\/yoast-seo-wordpress\/ -->\n<title>Manchette d&#039;\u00e9tanch\u00e9it\u00e9 \u00e0 l&#039;air pour c\u00e2bles KAFLEX Mono\/Duo Pro clima<\/title>\n<meta name=\"description\" content=\"Manchette pour 1 ou 2 c\u00e2bles, \u00d8 4,8 \u00e0 12 mm, pour l\u2019int\u00e9rieur et l\u2019ext\u00e9rieur\" \/>\n<meta name=\"robots\" content=\"noindex, nofollow\" \/>\n<meta property=\"og:locale\" content=\"fr_FR\" \/>\n<meta property=\"og:type\" content=\"article\" \/>\n<meta property=\"og:title\" content=\"Manchette d&#039;\u00e9tanch\u00e9it\u00e9 \u00e0 l&#039;air pour c\u00e2bles KAFLEX Mono\/Duo Pro clima\" \/>\n<meta property=\"og:description\" content=\"Manchette pour 1 ou 2 c\u00e2bles, \u00d8 4,8 \u00e0 12 mm, pour l\u2019int\u00e9rieur et l\u2019ext\u00e9rieur\" \/>\n<meta property=\"og:url\" content=\"https:\/\/nature-et-developpement.com\/futureco\/produit\/manchette-d-etancheite-a-l-air-1-ou-2-cables-kaflex-mono-ou-duo-pro-clima\/\" \/>\n<meta property=\"og:site_name\" content=\"Futur&#039;Eco Mat\u00e9riaux\" \/>\n<meta property=\"article:modified_time\" content=\"2026-03-24T21:20:54+00:00\" \/>\n<meta name=\"twitter:card\" content=\"summary_large_image\" \/>\n<meta name=\"twitter:label1\" content=\"Dur\u00e9e de lecture estim\u00e9e\" \/>\n\t<meta name=\"twitter:data1\" content=\"1 minute\" \/>\n<script type=\"application\/ld+json\" class=\"yoast-schema-graph\">{\"@context\":\"https:\\\/\\\/schema.org\",\"@graph\":[{\"@type\":\"WebPage\",\"@id\":\"https:\\\/\\\/nature-et-developpement.com\\\/futureco\\\/produit\\\/manchette-d-etancheite-a-l-air-1-ou-2-cables-kaflex-mono-ou-duo-pro-clima\\\/\",\"url\":\"https:\\\/\\\/nature-et-developpement.com\\\/futureco\\\/produit\\\/manchette-d-etancheite-a-l-air-1-ou-2-cables-kaflex-mono-ou-duo-pro-clima\\\/\",\"name\":\"Manchette d'\u00e9tanch\u00e9it\u00e9 \u00e0 l'air pour c\u00e2bles KAFLEX Mono\\\/Duo Pro clima\",\"isPartOf\":{\"@id\":\"https:\\\/\\\/nature-et-developpement.com\\\/futureco\\\/#website\"},\"primaryImageOfPage\":{\"@id\":\"https:\\\/\\\/nature-et-developpement.com\\\/futureco\\\/produit\\\/manchette-d-etancheite-a-l-air-1-ou-2-cables-kaflex-mono-ou-duo-pro-clima\\\/#primaryimage\"},\"image\":{\"@id\":\"https:\\\/\\\/nature-et-developpement.com\\\/futureco\\\/produit\\\/manchette-d-etancheite-a-l-air-1-ou-2-cables-kaflex-mono-ou-duo-pro-clima\\\/#primaryimage\"},\"thumbnailUrl\":\"https:\\\/\\\/nature-et-developpement.com\\\/futureco\\\/wp-content\\\/uploads\\\/Manchette-detancheite-a-lair-2-cables-KAFLEX-Duo-Pro-clima.jpg\",\"datePublished\":\"2016-12-31T23:00:00+00:00\",\"dateModified\":\"2026-03-24T21:20:54+00:00\",\"description\":\"Manchette pour 1 ou 2 c\u00e2bles, \u00d8 4,8 \u00e0 12 mm, pour l\u2019int\u00e9rieur et l\u2019ext\u00e9rieur\",\"breadcrumb\":{\"@id\":\"https:\\\/\\\/nature-et-developpement.com\\\/futureco\\\/produit\\\/manchette-d-etancheite-a-l-air-1-ou-2-cables-kaflex-mono-ou-duo-pro-clima\\\/#breadcrumb\"},\"inLanguage\":\"fr-FR\",\"potentialAction\":[{\"@type\":\"ReadAction\",\"target\":[\"https:\\\/\\\/nature-et-developpement.com\\\/futureco\\\/produit\\\/manchette-d-etancheite-a-l-air-1-ou-2-cables-kaflex-mono-ou-duo-pro-clima\\\/\"]}]},{\"@type\":\"ImageObject\",\"inLanguage\":\"fr-FR\",\"@id\":\"https:\\\/\\\/nature-et-developpement.com\\\/futureco\\\/produit\\\/manchette-d-etancheite-a-l-air-1-ou-2-cables-kaflex-mono-ou-duo-pro-clima\\\/#primaryimage\",\"url\":\"https:\\\/\\\/nature-et-developpement.com\\\/futureco\\\/wp-content\\\/uploads\\\/Manchette-detancheite-a-lair-2-cables-KAFLEX-Duo-Pro-clima.jpg\",\"contentUrl\":\"https:\\\/\\\/nature-et-developpement.com\\\/futureco\\\/wp-content\\\/uploads\\\/Manchette-detancheite-a-lair-2-cables-KAFLEX-Duo-Pro-clima.jpg\"},{\"@type\":\"BreadcrumbList\",\"@id\":\"https:\\\/\\\/nature-et-developpement.com\\\/futureco\\\/produit\\\/manchette-d-etancheite-a-l-air-1-ou-2-cables-kaflex-mono-ou-duo-pro-clima\\\/#breadcrumb\",\"itemListElement\":[{\"@type\":\"ListItem\",\"position\":1,\"name\":\"Accueil\",\"item\":\"https:\\\/\\\/nature-et-developpement.com\\\/futureco\\\/\"},{\"@type\":\"ListItem\",\"position\":2,\"name\":\"Produits\",\"item\":\"https:\\\/\\\/nature-et-developpement.com\\\/futureco\\\/shop\\\/\"},{\"@type\":\"ListItem\",\"position\":3,\"name\":\"Isolation et \u00e9tanch\u00e9it\u00e9\",\"item\":\"https:\\\/\\\/nature-et-developpement.com\\\/futureco\\\/produits\\\/isolation-et-etancheite\\\/\"},{\"@type\":\"ListItem\",\"position\":4,\"name\":\"Etanch\u00e9it\u00e9 \u00e0 l'air\",\"item\":\"https:\\\/\\\/nature-et-developpement.com\\\/futureco\\\/produits\\\/isolation-et-etancheite\\\/etancheite-a-lair\\\/\"},{\"@type\":\"ListItem\",\"position\":5,\"name\":\"Manchette d&rsquo;\u00e9tanch\u00e9ite \u00e0 l&rsquo;air 1 ou 2 c\u00e2bles KAFLEX Mono ou Duo Pro clima\"}]},{\"@type\":\"WebSite\",\"@id\":\"https:\\\/\\\/nature-et-developpement.com\\\/futureco\\\/#website\",\"url\":\"https:\\\/\\\/nature-et-developpement.com\\\/futureco\\\/\",\"name\":\"Futur&#039;Eco Mat\u00e9riaux\",\"description\":\"Futur Eco Mat\u00e9riaux est membre du groupement Nature &amp; D\u00e9veloppement\",\"publisher\":{\"@id\":\"https:\\\/\\\/nature-et-developpement.com\\\/futureco\\\/#organization\"},\"potentialAction\":[{\"@type\":\"SearchAction\",\"target\":{\"@type\":\"EntryPoint\",\"urlTemplate\":\"https:\\\/\\\/nature-et-developpement.com\\\/futureco\\\/?s={search_term_string}\"},\"query-input\":{\"@type\":\"PropertyValueSpecification\",\"valueRequired\":true,\"valueName\":\"search_term_string\"}}],\"inLanguage\":\"fr-FR\"},{\"@type\":\"Organization\",\"@id\":\"https:\\\/\\\/nature-et-developpement.com\\\/futureco\\\/#organization\",\"name\":\"Futur Eco Materiaux\",\"url\":\"https:\\\/\\\/nature-et-developpement.com\\\/futureco\\\/\",\"logo\":{\"@type\":\"ImageObject\",\"inLanguage\":\"fr-FR\",\"@id\":\"https:\\\/\\\/nature-et-developpement.com\\\/futureco\\\/#\\\/schema\\\/logo\\\/image\\\/\",\"url\":\"https:\\\/\\\/nature-et-developpement.com\\\/futureco\\\/wp-content\\\/uploads\\\/sites\\\/16\\\/2021\\\/09\\\/logo-futur-eco-materiaux.jpg\",\"contentUrl\":\"https:\\\/\\\/nature-et-developpement.com\\\/futureco\\\/wp-content\\\/uploads\\\/sites\\\/16\\\/2021\\\/09\\\/logo-futur-eco-materiaux.jpg\",\"width\":500,\"height\":94,\"caption\":\"Futur Eco Materiaux\"},\"image\":{\"@id\":\"https:\\\/\\\/nature-et-developpement.com\\\/futureco\\\/#\\\/schema\\\/logo\\\/image\\\/\"}}]}<\/script>\n<!-- \/ Yoast SEO plugin. -->","yoast_head_json":{"title":"Manchette d'\u00e9tanch\u00e9it\u00e9 \u00e0 l'air pour c\u00e2bles KAFLEX Mono\/Duo Pro clima","description":"Manchette pour 1 ou 2 c\u00e2bles, \u00d8 4,8 \u00e0 12 mm, pour l\u2019int\u00e9rieur et l\u2019ext\u00e9rieur","robots":{"index":"noindex","follow":"nofollow"},"og_locale":"fr_FR","og_type":"article","og_title":"Manchette d'\u00e9tanch\u00e9it\u00e9 \u00e0 l'air pour c\u00e2bles KAFLEX Mono\/Duo Pro clima","og_description":"Manchette pour 1 ou 2 c\u00e2bles, \u00d8 4,8 \u00e0 12 mm, pour l\u2019int\u00e9rieur et l\u2019ext\u00e9rieur","og_url":"https:\/\/nature-et-developpement.com\/futureco\/produit\/manchette-d-etancheite-a-l-air-1-ou-2-cables-kaflex-mono-ou-duo-pro-clima\/","og_site_name":"Futur&#039;Eco Mat\u00e9riaux","article_modified_time":"2026-03-24T21:20:54+00:00","twitter_card":"summary_large_image","twitter_misc":{"Dur\u00e9e de lecture estim\u00e9e":"1 minute"},"schema":{"@context":"https:\/\/schema.org","@graph":[{"@type":"WebPage","@id":"https:\/\/nature-et-developpement.com\/futureco\/produit\/manchette-d-etancheite-a-l-air-1-ou-2-cables-kaflex-mono-ou-duo-pro-clima\/","url":"https:\/\/nature-et-developpement.com\/futureco\/produit\/manchette-d-etancheite-a-l-air-1-ou-2-cables-kaflex-mono-ou-duo-pro-clima\/","name":"Manchette d'\u00e9tanch\u00e9it\u00e9 \u00e0 l'air pour c\u00e2bles KAFLEX Mono\/Duo Pro clima","isPartOf":{"@id":"https:\/\/nature-et-developpement.com\/futureco\/#website"},"primaryImageOfPage":{"@id":"https:\/\/nature-et-developpement.com\/futureco\/produit\/manchette-d-etancheite-a-l-air-1-ou-2-cables-kaflex-mono-ou-duo-pro-clima\/#primaryimage"},"image":{"@id":"https:\/\/nature-et-developpement.com\/futureco\/produit\/manchette-d-etancheite-a-l-air-1-ou-2-cables-kaflex-mono-ou-duo-pro-clima\/#primaryimage"},"thumbnailUrl":"https:\/\/nature-et-developpement.com\/futureco\/wp-content\/uploads\/Manchette-detancheite-a-lair-2-cables-KAFLEX-Duo-Pro-clima.jpg","datePublished":"2016-12-31T23:00:00+00:00","dateModified":"2026-03-24T21:20:54+00:00","description":"Manchette pour 1 ou 2 c\u00e2bles, \u00d8 4,8 \u00e0 12 mm, pour l\u2019int\u00e9rieur et l\u2019ext\u00e9rieur","breadcrumb":{"@id":"https:\/\/nature-et-developpement.com\/futureco\/produit\/manchette-d-etancheite-a-l-air-1-ou-2-cables-kaflex-mono-ou-duo-pro-clima\/#breadcrumb"},"inLanguage":"fr-FR","potentialAction":[{"@type":"ReadAction","target":["https:\/\/nature-et-developpement.com\/futureco\/produit\/manchette-d-etancheite-a-l-air-1-ou-2-cables-kaflex-mono-ou-duo-pro-clima\/"]}]},{"@type":"ImageObject","inLanguage":"fr-FR","@id":"https:\/\/nature-et-developpement.com\/futureco\/produit\/manchette-d-etancheite-a-l-air-1-ou-2-cables-kaflex-mono-ou-duo-pro-clima\/#primaryimage","url":"https:\/\/nature-et-developpement.com\/futureco\/wp-content\/uploads\/Manchette-detancheite-a-lair-2-cables-KAFLEX-Duo-Pro-clima.jpg","contentUrl":"https:\/\/nature-et-developpement.com\/futureco\/wp-content\/uploads\/Manchette-detancheite-a-lair-2-cables-KAFLEX-Duo-Pro-clima.jpg"},{"@type":"BreadcrumbList","@id":"https:\/\/nature-et-developpement.com\/futureco\/produit\/manchette-d-etancheite-a-l-air-1-ou-2-cables-kaflex-mono-ou-duo-pro-clima\/#breadcrumb","itemListElement":[{"@type":"ListItem","position":1,"name":"Accueil","item":"https:\/\/nature-et-developpement.com\/futureco\/"},{"@type":"ListItem","position":2,"name":"Produits","item":"https:\/\/nature-et-developpement.com\/futureco\/shop\/"},{"@type":"ListItem","position":3,"name":"Isolation et \u00e9tanch\u00e9it\u00e9","item":"https:\/\/nature-et-developpement.com\/futureco\/produits\/isolation-et-etancheite\/"},{"@type":"ListItem","position":4,"name":"Etanch\u00e9it\u00e9 \u00e0 l'air","item":"https:\/\/nature-et-developpement.com\/futureco\/produits\/isolation-et-etancheite\/etancheite-a-lair\/"},{"@type":"ListItem","position":5,"name":"Manchette d&rsquo;\u00e9tanch\u00e9ite \u00e0 l&rsquo;air 1 ou 2 c\u00e2bles KAFLEX Mono ou Duo Pro clima"}]},{"@type":"WebSite","@id":"https:\/\/nature-et-developpement.com\/futureco\/#website","url":"https:\/\/nature-et-developpement.com\/futureco\/","name":"Futur&#039;Eco Mat\u00e9riaux","description":"Futur Eco Mat\u00e9riaux est membre du groupement Nature &amp; D\u00e9veloppement","publisher":{"@id":"https:\/\/nature-et-developpement.com\/futureco\/#organization"},"potentialAction":[{"@type":"SearchAction","target":{"@type":"EntryPoint","urlTemplate":"https:\/\/nature-et-developpement.com\/futureco\/?s={search_term_string}"},"query-input":{"@type":"PropertyValueSpecification","valueRequired":true,"valueName":"search_term_string"}}],"inLanguage":"fr-FR"},{"@type":"Organization","@id":"https:\/\/nature-et-developpement.com\/futureco\/#organization","name":"Futur Eco Materiaux","url":"https:\/\/nature-et-developpement.com\/futureco\/","logo":{"@type":"ImageObject","inLanguage":"fr-FR","@id":"https:\/\/nature-et-developpement.com\/futureco\/#\/schema\/logo\/image\/","url":"https:\/\/nature-et-developpement.com\/futureco\/wp-content\/uploads\/sites\/16\/2021\/09\/logo-futur-eco-materiaux.jpg","contentUrl":"https:\/\/nature-et-developpement.com\/futureco\/wp-content\/uploads\/sites\/16\/2021\/09\/logo-futur-eco-materiaux.jpg","width":500,"height":94,"caption":"Futur Eco Materiaux"},"image":{"@id":"https:\/\/nature-et-developpement.com\/futureco\/#\/schema\/logo\/image\/"}}]}},"distributor_meta":false,"distributor_terms":false,"distributor_media":false,"distributor_original_site_name":"Futur&#039;Eco Mat\u00e9riaux","distributor_original_site_url":"https:\/\/nature-et-developpement.com\/futureco","push-errors":false,"_links":{"self":[{"href":"https:\/\/nature-et-developpement.com\/futureco\/wp-json\/wp\/v2\/product\/10773","targetHints":{"allow":["GET"]}}],"collection":[{"href":"https:\/\/nature-et-developpement.com\/futureco\/wp-json\/wp\/v2\/product"}],"about":[{"href":"https:\/\/nature-et-developpement.com\/futureco\/wp-json\/wp\/v2\/types\/product"}],"wp:featuredmedia":[{"embeddable":true,"href":"https:\/\/nature-et-developpement.com\/futureco\/wp-json\/"}],"wp:attachment":[{"href":"https:\/\/nature-et-developpement.com\/futureco\/wp-json\/wp\/v2\/media?parent=10773"}],"wp:term":[{"taxonomy":"product_brand","embeddable":true,"href":"https:\/\/nature-et-developpement.com\/futureco\/wp-json\/wp\/v2\/product_brand?post=10773"},{"taxonomy":"product_cat","embeddable":true,"href":"https:\/\/nature-et-developpement.com\/futureco\/wp-json\/wp\/v2\/product_cat?post=10773"},{"taxonomy":"product_tag","embeddable":true,"href":"https:\/\/nature-et-developpement.com\/futureco\/wp-json\/wp\/v2\/product_tag?post=10773"}],"curies":[{"name":"wp","href":"https:\/\/api.w.org\/{rel}","templated":true}]}}