{"id":2792,"date":"2023-06-23T12:16:28","date_gmt":"2023-06-23T10:16:28","guid":{"rendered":"https:\/\/nature-et-developpement.com\/futureco\/produit\/fenetre-mixte-bois-et-aluminium-sur-mesure-duoba-bieber\/"},"modified":"2025-10-22T10:50:50","modified_gmt":"2025-10-22T08:50:50","slug":"fenetre-mixte-bois-alu-sur-mesure-duoba-bieber","status":"publish","type":"product","link":"https:\/\/nature-et-developpement.com\/futureco\/produit\/fenetre-mixte-bois-alu-sur-mesure-duoba-bieber\/","title":{"rendered":"Fen\u00eatre mixte Bois et Aluminium sur mesure DUOBA BIEBER"},"content":{"rendered":"<h2>90 ans DE SAVOIR-FAIRE et D\u2019INNOVATIONS<\/h2>\n<h3>Une fabrication 100% fran\u00e7aise<\/h3>\n<p>La ligne mixte Duoba\u00ae allie le confort du bois \u00e0 l\u2019int\u00e9rieur et l\u2019\u00e9l\u00e9gance architecturale du capotage aluminium \u00e0 l\u2019ext\u00e9rieur.<\/p>\n<p>Ses performances &#8211; la meilleure du march\u00e9 dans sa cat\u00e9gorie au plan thermique et ses variations de couleurs en font une r\u00e9f\u00e9rence pour les ma\u00eetres d\u2019ouvrages et les architectes.<\/p>\n<p>Fabricant expert de menuiseries ext\u00e9rieures sur mesure depuis 1928, acteur parmi les plus novateurs du march\u00e9<\/p>\n<p>Bieber d\u00e9ploie des solutions bois, mixtes et aluminium pour le r\u00e9sidentiel et le tertiaire.<\/p>\n<p>L\u2019entreprise propose un \u00e9ventail complet de fen\u00eatres, portes-fen\u00eatres, coulissants, ch\u00e2ssis et portes garantis par le savoir-faire de ses ma\u00eetres-artisans.<\/p>\n<p>La rigueur de son bureau d\u2019\u00e9tudes et la puissance de son outil industriel, en Alsace et en Aquitaine.<\/p>\n<p>&nbsp;<\/p>\n","protected":false},"excerpt":{"rendered":"<p>La ligne mixte Duoba\u00ae allie le confort du bois \u00e0 l\u2019int\u00e9rieur et l\u2019\u00e9l\u00e9gance architecturale du capotage aluminium \u00e0 l\u2019ext\u00e9rieur.<\/p>\n","protected":false},"featured_media":1000000165824,"template":"","meta":[],"product_brand":[2762],"product_cat":[2833,91],"product_tag":[4166],"class_list":{"0":"post-2792","1":"product","2":"type-product","3":"status-publish","4":"has-post-thumbnail","6":"product_brand-bieber","7":"product_cat-demande-de-devis-uniquement-sans-prix","8":"product_cat-menuiseries-exterieures","9":"product_tag-bieber","10":"product_shipping_class-impact-transport-important","12":"first","13":"instock","14":"taxable","15":"shipping-taxable","16":"purchasable","17":"product-type-variable"},"yoast_head":"<!-- This site is optimized with the Yoast SEO plugin v27.5 - https:\/\/yoast.com\/product\/yoast-seo-wordpress\/ -->\n<title>Fen\u00eatre mixte Bois et Aluminium sur mesure DUOBA BIEBER<\/title>\n<meta name=\"description\" content=\"La ligne mixte Duoba\u00ae allie le confort du bois \u00e0 l\u2019int\u00e9rieur et l\u2019\u00e9l\u00e9gance architecturale du capotage aluminium \u00e0 l\u2019ext\u00e9rieur.\" \/>\n<meta name=\"robots\" content=\"noindex, nofollow\" \/>\n<meta property=\"og:locale\" content=\"fr_FR\" \/>\n<meta property=\"og:type\" content=\"article\" \/>\n<meta property=\"og:title\" content=\"Fen\u00eatre mixte Bois et Aluminium sur mesure DUOBA BIEBER\" \/>\n<meta property=\"og:description\" content=\"La ligne mixte Duoba\u00ae allie le confort du bois \u00e0 l\u2019int\u00e9rieur et l\u2019\u00e9l\u00e9gance architecturale du capotage aluminium \u00e0 l\u2019ext\u00e9rieur.\" \/>\n<meta property=\"og:url\" content=\"https:\/\/nature-et-developpement.com\/futureco\/produit\/fenetre-mixte-bois-alu-sur-mesure-duoba-bieber\/\" \/>\n<meta property=\"og:site_name\" content=\"Futur&#039;Eco Mat\u00e9riaux\" \/>\n<meta property=\"article:modified_time\" content=\"2025-10-22T08:50:50+00:00\" \/>\n<meta name=\"twitter:card\" content=\"summary_large_image\" \/>\n<meta name=\"twitter:label1\" content=\"Dur\u00e9e de lecture estim\u00e9e\" \/>\n\t<meta name=\"twitter:data1\" content=\"1 minute\" \/>\n<script type=\"application\/ld+json\" class=\"yoast-schema-graph\">{\"@context\":\"https:\\\/\\\/schema.org\",\"@graph\":[{\"@type\":\"WebPage\",\"@id\":\"https:\\\/\\\/nature-et-developpement.com\\\/futureco\\\/produit\\\/fenetre-mixte-bois-alu-sur-mesure-duoba-bieber\\\/\",\"url\":\"https:\\\/\\\/nature-et-developpement.com\\\/futureco\\\/produit\\\/fenetre-mixte-bois-alu-sur-mesure-duoba-bieber\\\/\",\"name\":\"Fen\u00eatre mixte Bois et Aluminium sur mesure DUOBA BIEBER\",\"isPartOf\":{\"@id\":\"https:\\\/\\\/nature-et-developpement.com\\\/futureco\\\/#website\"},\"primaryImageOfPage\":{\"@id\":\"https:\\\/\\\/nature-et-developpement.com\\\/futureco\\\/produit\\\/fenetre-mixte-bois-alu-sur-mesure-duoba-bieber\\\/#primaryimage\"},\"image\":{\"@id\":\"https:\\\/\\\/nature-et-developpement.com\\\/futureco\\\/produit\\\/fenetre-mixte-bois-alu-sur-mesure-duoba-bieber\\\/#primaryimage\"},\"thumbnailUrl\":\"https:\\\/\\\/nature-et-developpement.com\\\/futureco\\\/wp-content\\\/uploads\\\/Fenetre-mixte-Bois-et-Aluminium-sur-mesure-DUOBA-de-BIEBER.jpg\",\"datePublished\":\"2023-06-23T10:16:28+00:00\",\"dateModified\":\"2025-10-22T08:50:50+00:00\",\"description\":\"La ligne mixte Duoba\u00ae allie le confort du bois \u00e0 l\u2019int\u00e9rieur et l\u2019\u00e9l\u00e9gance architecturale du capotage aluminium \u00e0 l\u2019ext\u00e9rieur.\",\"breadcrumb\":{\"@id\":\"https:\\\/\\\/nature-et-developpement.com\\\/futureco\\\/produit\\\/fenetre-mixte-bois-alu-sur-mesure-duoba-bieber\\\/#breadcrumb\"},\"inLanguage\":\"fr-FR\",\"potentialAction\":[{\"@type\":\"ReadAction\",\"target\":[\"https:\\\/\\\/nature-et-developpement.com\\\/futureco\\\/produit\\\/fenetre-mixte-bois-alu-sur-mesure-duoba-bieber\\\/\"]}]},{\"@type\":\"ImageObject\",\"inLanguage\":\"fr-FR\",\"@id\":\"https:\\\/\\\/nature-et-developpement.com\\\/futureco\\\/produit\\\/fenetre-mixte-bois-alu-sur-mesure-duoba-bieber\\\/#primaryimage\",\"url\":\"https:\\\/\\\/nature-et-developpement.com\\\/futureco\\\/wp-content\\\/uploads\\\/Fenetre-mixte-Bois-et-Aluminium-sur-mesure-DUOBA-de-BIEBER.jpg\",\"contentUrl\":\"https:\\\/\\\/nature-et-developpement.com\\\/futureco\\\/wp-content\\\/uploads\\\/Fenetre-mixte-Bois-et-Aluminium-sur-mesure-DUOBA-de-BIEBER.jpg\"},{\"@type\":\"BreadcrumbList\",\"@id\":\"https:\\\/\\\/nature-et-developpement.com\\\/futureco\\\/produit\\\/fenetre-mixte-bois-alu-sur-mesure-duoba-bieber\\\/#breadcrumb\",\"itemListElement\":[{\"@type\":\"ListItem\",\"position\":1,\"name\":\"Accueil\",\"item\":\"https:\\\/\\\/nature-et-developpement.com\\\/futureco\\\/\"},{\"@type\":\"ListItem\",\"position\":2,\"name\":\"Produits\",\"item\":\"https:\\\/\\\/nature-et-developpement.com\\\/futureco\\\/shop\\\/\"},{\"@type\":\"ListItem\",\"position\":3,\"name\":\"Construction, cloison et fen\u00eatres\",\"item\":\"https:\\\/\\\/nature-et-developpement.com\\\/futureco\\\/produits\\\/construction\\\/\"},{\"@type\":\"ListItem\",\"position\":4,\"name\":\"Menuiserie ext\u00e9rieure\",\"item\":\"https:\\\/\\\/nature-et-developpement.com\\\/futureco\\\/produits\\\/construction\\\/menuiseries-exterieures\\\/\"},{\"@type\":\"ListItem\",\"position\":5,\"name\":\"Fen\u00eatre mixte Bois et Aluminium sur mesure DUOBA BIEBER\"}]},{\"@type\":\"WebSite\",\"@id\":\"https:\\\/\\\/nature-et-developpement.com\\\/futureco\\\/#website\",\"url\":\"https:\\\/\\\/nature-et-developpement.com\\\/futureco\\\/\",\"name\":\"Futur&#039;Eco Mat\u00e9riaux\",\"description\":\"Futur Eco Mat\u00e9riaux est membre du groupement Nature &amp; D\u00e9veloppement\",\"publisher\":{\"@id\":\"https:\\\/\\\/nature-et-developpement.com\\\/futureco\\\/#organization\"},\"potentialAction\":[{\"@type\":\"SearchAction\",\"target\":{\"@type\":\"EntryPoint\",\"urlTemplate\":\"https:\\\/\\\/nature-et-developpement.com\\\/futureco\\\/?s={search_term_string}\"},\"query-input\":{\"@type\":\"PropertyValueSpecification\",\"valueRequired\":true,\"valueName\":\"search_term_string\"}}],\"inLanguage\":\"fr-FR\"},{\"@type\":\"Organization\",\"@id\":\"https:\\\/\\\/nature-et-developpement.com\\\/futureco\\\/#organization\",\"name\":\"Futur Eco Materiaux\",\"url\":\"https:\\\/\\\/nature-et-developpement.com\\\/futureco\\\/\",\"logo\":{\"@type\":\"ImageObject\",\"inLanguage\":\"fr-FR\",\"@id\":\"https:\\\/\\\/nature-et-developpement.com\\\/futureco\\\/#\\\/schema\\\/logo\\\/image\\\/\",\"url\":\"https:\\\/\\\/nature-et-developpement.com\\\/futureco\\\/wp-content\\\/uploads\\\/sites\\\/16\\\/2021\\\/09\\\/logo-futur-eco-materiaux.jpg\",\"contentUrl\":\"https:\\\/\\\/nature-et-developpement.com\\\/futureco\\\/wp-content\\\/uploads\\\/sites\\\/16\\\/2021\\\/09\\\/logo-futur-eco-materiaux.jpg\",\"width\":500,\"height\":94,\"caption\":\"Futur Eco Materiaux\"},\"image\":{\"@id\":\"https:\\\/\\\/nature-et-developpement.com\\\/futureco\\\/#\\\/schema\\\/logo\\\/image\\\/\"}}]}<\/script>\n<!-- \/ Yoast SEO plugin. -->","yoast_head_json":{"title":"Fen\u00eatre mixte Bois et Aluminium sur mesure DUOBA BIEBER","description":"La ligne mixte Duoba\u00ae allie le confort du bois \u00e0 l\u2019int\u00e9rieur et l\u2019\u00e9l\u00e9gance architecturale du capotage aluminium \u00e0 l\u2019ext\u00e9rieur.","robots":{"index":"noindex","follow":"nofollow"},"og_locale":"fr_FR","og_type":"article","og_title":"Fen\u00eatre mixte Bois et Aluminium sur mesure DUOBA BIEBER","og_description":"La ligne mixte Duoba\u00ae allie le confort du bois \u00e0 l\u2019int\u00e9rieur et l\u2019\u00e9l\u00e9gance architecturale du capotage aluminium \u00e0 l\u2019ext\u00e9rieur.","og_url":"https:\/\/nature-et-developpement.com\/futureco\/produit\/fenetre-mixte-bois-alu-sur-mesure-duoba-bieber\/","og_site_name":"Futur&#039;Eco Mat\u00e9riaux","article_modified_time":"2025-10-22T08:50:50+00:00","twitter_card":"summary_large_image","twitter_misc":{"Dur\u00e9e de lecture estim\u00e9e":"1 minute"},"schema":{"@context":"https:\/\/schema.org","@graph":[{"@type":"WebPage","@id":"https:\/\/nature-et-developpement.com\/futureco\/produit\/fenetre-mixte-bois-alu-sur-mesure-duoba-bieber\/","url":"https:\/\/nature-et-developpement.com\/futureco\/produit\/fenetre-mixte-bois-alu-sur-mesure-duoba-bieber\/","name":"Fen\u00eatre mixte Bois et Aluminium sur mesure DUOBA BIEBER","isPartOf":{"@id":"https:\/\/nature-et-developpement.com\/futureco\/#website"},"primaryImageOfPage":{"@id":"https:\/\/nature-et-developpement.com\/futureco\/produit\/fenetre-mixte-bois-alu-sur-mesure-duoba-bieber\/#primaryimage"},"image":{"@id":"https:\/\/nature-et-developpement.com\/futureco\/produit\/fenetre-mixte-bois-alu-sur-mesure-duoba-bieber\/#primaryimage"},"thumbnailUrl":"https:\/\/nature-et-developpement.com\/futureco\/wp-content\/uploads\/Fenetre-mixte-Bois-et-Aluminium-sur-mesure-DUOBA-de-BIEBER.jpg","datePublished":"2023-06-23T10:16:28+00:00","dateModified":"2025-10-22T08:50:50+00:00","description":"La ligne mixte Duoba\u00ae allie le confort du bois \u00e0 l\u2019int\u00e9rieur et l\u2019\u00e9l\u00e9gance architecturale du capotage aluminium \u00e0 l\u2019ext\u00e9rieur.","breadcrumb":{"@id":"https:\/\/nature-et-developpement.com\/futureco\/produit\/fenetre-mixte-bois-alu-sur-mesure-duoba-bieber\/#breadcrumb"},"inLanguage":"fr-FR","potentialAction":[{"@type":"ReadAction","target":["https:\/\/nature-et-developpement.com\/futureco\/produit\/fenetre-mixte-bois-alu-sur-mesure-duoba-bieber\/"]}]},{"@type":"ImageObject","inLanguage":"fr-FR","@id":"https:\/\/nature-et-developpement.com\/futureco\/produit\/fenetre-mixte-bois-alu-sur-mesure-duoba-bieber\/#primaryimage","url":"https:\/\/nature-et-developpement.com\/futureco\/wp-content\/uploads\/Fenetre-mixte-Bois-et-Aluminium-sur-mesure-DUOBA-de-BIEBER.jpg","contentUrl":"https:\/\/nature-et-developpement.com\/futureco\/wp-content\/uploads\/Fenetre-mixte-Bois-et-Aluminium-sur-mesure-DUOBA-de-BIEBER.jpg"},{"@type":"BreadcrumbList","@id":"https:\/\/nature-et-developpement.com\/futureco\/produit\/fenetre-mixte-bois-alu-sur-mesure-duoba-bieber\/#breadcrumb","itemListElement":[{"@type":"ListItem","position":1,"name":"Accueil","item":"https:\/\/nature-et-developpement.com\/futureco\/"},{"@type":"ListItem","position":2,"name":"Produits","item":"https:\/\/nature-et-developpement.com\/futureco\/shop\/"},{"@type":"ListItem","position":3,"name":"Construction, cloison et fen\u00eatres","item":"https:\/\/nature-et-developpement.com\/futureco\/produits\/construction\/"},{"@type":"ListItem","position":4,"name":"Menuiserie ext\u00e9rieure","item":"https:\/\/nature-et-developpement.com\/futureco\/produits\/construction\/menuiseries-exterieures\/"},{"@type":"ListItem","position":5,"name":"Fen\u00eatre mixte Bois et Aluminium sur mesure DUOBA BIEBER"}]},{"@type":"WebSite","@id":"https:\/\/nature-et-developpement.com\/futureco\/#website","url":"https:\/\/nature-et-developpement.com\/futureco\/","name":"Futur&#039;Eco Mat\u00e9riaux","description":"Futur Eco Mat\u00e9riaux est membre du groupement Nature &amp; D\u00e9veloppement","publisher":{"@id":"https:\/\/nature-et-developpement.com\/futureco\/#organization"},"potentialAction":[{"@type":"SearchAction","target":{"@type":"EntryPoint","urlTemplate":"https:\/\/nature-et-developpement.com\/futureco\/?s={search_term_string}"},"query-input":{"@type":"PropertyValueSpecification","valueRequired":true,"valueName":"search_term_string"}}],"inLanguage":"fr-FR"},{"@type":"Organization","@id":"https:\/\/nature-et-developpement.com\/futureco\/#organization","name":"Futur Eco Materiaux","url":"https:\/\/nature-et-developpement.com\/futureco\/","logo":{"@type":"ImageObject","inLanguage":"fr-FR","@id":"https:\/\/nature-et-developpement.com\/futureco\/#\/schema\/logo\/image\/","url":"https:\/\/nature-et-developpement.com\/futureco\/wp-content\/uploads\/sites\/16\/2021\/09\/logo-futur-eco-materiaux.jpg","contentUrl":"https:\/\/nature-et-developpement.com\/futureco\/wp-content\/uploads\/sites\/16\/2021\/09\/logo-futur-eco-materiaux.jpg","width":500,"height":94,"caption":"Futur Eco Materiaux"},"image":{"@id":"https:\/\/nature-et-developpement.com\/futureco\/#\/schema\/logo\/image\/"}}]}},"distributor_meta":false,"distributor_terms":false,"distributor_media":false,"distributor_original_site_name":"Futur&#039;Eco Mat\u00e9riaux","distributor_original_site_url":"https:\/\/nature-et-developpement.com\/futureco","push-errors":false,"_links":{"self":[{"href":"https:\/\/nature-et-developpement.com\/futureco\/wp-json\/wp\/v2\/product\/2792","targetHints":{"allow":["GET"]}}],"collection":[{"href":"https:\/\/nature-et-developpement.com\/futureco\/wp-json\/wp\/v2\/product"}],"about":[{"href":"https:\/\/nature-et-developpement.com\/futureco\/wp-json\/wp\/v2\/types\/product"}],"wp:featuredmedia":[{"embeddable":true,"href":"https:\/\/nature-et-developpement.com\/futureco\/wp-json\/"}],"wp:attachment":[{"href":"https:\/\/nature-et-developpement.com\/futureco\/wp-json\/wp\/v2\/media?parent=2792"}],"wp:term":[{"taxonomy":"product_brand","embeddable":true,"href":"https:\/\/nature-et-developpement.com\/futureco\/wp-json\/wp\/v2\/product_brand?post=2792"},{"taxonomy":"product_cat","embeddable":true,"href":"https:\/\/nature-et-developpement.com\/futureco\/wp-json\/wp\/v2\/product_cat?post=2792"},{"taxonomy":"product_tag","embeddable":true,"href":"https:\/\/nature-et-developpement.com\/futureco\/wp-json\/wp\/v2\/product_tag?post=2792"}],"curies":[{"name":"wp","href":"https:\/\/api.w.org\/{rel}","templated":true}]}}