{"id":27417,"date":"2022-07-22T11:52:43","date_gmt":"2022-07-22T09:52:43","guid":{"rendered":"https:\/\/nature-et-developpement.com\/hen\/produit\/raccord-pour-tole-en-zinc-eev-p-adapte-aux-fenetres-de-toit-fakro\/"},"modified":"2025-09-02T15:00:50","modified_gmt":"2025-09-02T13:00:50","slug":"raccord-pour-tole-en-zinc-eev-p-adapte-aux-fenetres-de-toit-fakro","status":"publish","type":"product","link":"https:\/\/nature-et-developpement.com\/hen\/produit\/raccord-pour-tole-en-zinc-eev-p-adapte-aux-fenetres-de-toit-fakro\/","title":{"rendered":"Raccord pour t\u00f4le en titane et zinc EEV adapt\u00e9 aux fen\u00eatres de toit Fakro"},"content":{"rendered":"<p>Le raccord conduit l\u2019eau pluviale et la neige au del\u00e0 de la fen\u00eatre, et la prot\u00e8ge \u00e9galement contre le vent.<\/p>\n<p>Ce raccordement permet le montage d&rsquo;une fen\u00eatre dans un toit \u00e0 couverture plate.<\/p>\n<p>La construction des \u00e9l\u00e9ments lat\u00e9raux facilite la jonction avec la t\u00f4le.<\/p>\n<p>En version standard il est fait de titane-zinc.<\/p>\n<p>En version standard, il est destin\u00e9 au montage d&rsquo;une fen\u00eatre dans le toit.<\/p>\n<p>Possibilit\u00e9 de montage dans le toit \u00e0 pente entre 15\u00ba et 90\u00ba<\/p>\n","protected":false},"excerpt":{"rendered":"<p>Gr\u00e2ce \u00e0 sa conception, les fen\u00eatres de toit s\u2019adaptent et s\u2019int\u00e8grent parfaitement au t\u00f4le en zinc joints debout.<br \/>\nLes raccords sont indispensables pour installer les fen\u00eatres de mani\u00e8re \u00e9tanche et correcte dans le toit.<\/p>\n","protected":false},"featured_media":1000000168579,"template":"","meta":[],"product_brand":[2760],"product_cat":[242],"product_tag":[4181],"class_list":{"0":"post-27417","1":"product","2":"type-product","3":"status-publish","4":"has-post-thumbnail","6":"product_brand-fakro","7":"product_cat-accessoires-construction","8":"product_tag-fakro","9":"product_shipping_class-petit-equipement-outil-eclairage","11":"first","12":"instock","13":"taxable","14":"shipping-taxable","15":"purchasable","16":"product-type-variable"},"yoast_head":"<!-- This site is optimized with the Yoast SEO plugin v27.5 - https:\/\/yoast.com\/product\/yoast-seo-wordpress\/ -->\n<title>Raccord pour t\u00f4le en titane et zinc EEV adapt\u00e9 aux fen\u00eatres de toit Fakro<\/title>\n<meta name=\"description\" content=\"Gr\u00e2ce \u00e0 sa conception, les fen\u00eatres de toit s\u2019adaptent et s\u2019int\u00e8grent parfaitement au t\u00f4le en zinc joints debout. Les raccords sont indispensables pour installer les fen\u00eatres de mani\u00e8re \u00e9tanche et correcte dans le toit.\" \/>\n<meta name=\"robots\" content=\"noindex, nofollow\" \/>\n<meta property=\"og:locale\" content=\"fr_FR\" \/>\n<meta property=\"og:type\" content=\"article\" \/>\n<meta property=\"og:title\" content=\"Raccord pour t\u00f4le en titane et zinc EEV adapt\u00e9 aux fen\u00eatres de toit Fakro\" \/>\n<meta property=\"og:description\" content=\"Gr\u00e2ce \u00e0 sa conception, les fen\u00eatres de toit s\u2019adaptent et s\u2019int\u00e8grent parfaitement au t\u00f4le en zinc joints debout. Les raccords sont indispensables pour installer les fen\u00eatres de mani\u00e8re \u00e9tanche et correcte dans le toit.\" \/>\n<meta property=\"og:url\" content=\"https:\/\/nature-et-developpement.com\/hen\/produit\/raccord-pour-tole-en-zinc-eev-p-adapte-aux-fenetres-de-toit-fakro\/\" \/>\n<meta property=\"og:site_name\" content=\"Habitat Ecologique Normand\" \/>\n<meta property=\"article:publisher\" content=\"https:\/\/fr-fr.facebook.com\/habitatecologique.normand.1\/\" \/>\n<meta property=\"article:modified_time\" content=\"2025-09-02T13:00:50+00:00\" \/>\n<meta name=\"twitter:card\" content=\"summary_large_image\" \/>\n<meta name=\"twitter:label1\" content=\"Dur\u00e9e de lecture estim\u00e9e\" \/>\n\t<meta name=\"twitter:data1\" content=\"1 minute\" \/>\n<script type=\"application\/ld+json\" class=\"yoast-schema-graph\">{\"@context\":\"https:\\\/\\\/schema.org\",\"@graph\":[{\"@type\":\"WebPage\",\"@id\":\"https:\\\/\\\/nature-et-developpement.com\\\/hen\\\/produit\\\/raccord-pour-tole-en-zinc-eev-p-adapte-aux-fenetres-de-toit-fakro\\\/\",\"url\":\"https:\\\/\\\/nature-et-developpement.com\\\/hen\\\/produit\\\/raccord-pour-tole-en-zinc-eev-p-adapte-aux-fenetres-de-toit-fakro\\\/\",\"name\":\"Raccord pour t\u00f4le en titane et zinc EEV adapt\u00e9 aux fen\u00eatres de toit Fakro\",\"isPartOf\":{\"@id\":\"https:\\\/\\\/nature-et-developpement.com\\\/hen\\\/#website\"},\"primaryImageOfPage\":{\"@id\":\"https:\\\/\\\/nature-et-developpement.com\\\/hen\\\/produit\\\/raccord-pour-tole-en-zinc-eev-p-adapte-aux-fenetres-de-toit-fakro\\\/#primaryimage\"},\"image\":{\"@id\":\"https:\\\/\\\/nature-et-developpement.com\\\/hen\\\/produit\\\/raccord-pour-tole-en-zinc-eev-p-adapte-aux-fenetres-de-toit-fakro\\\/#primaryimage\"},\"thumbnailUrl\":\"https:\\\/\\\/nature-et-developpement.com\\\/hen\\\/wp-content\\\/uploads\\\/Raccord-EEV-Fakro-tole-en-zinc-joints-debout.jpg\",\"datePublished\":\"2022-07-22T09:52:43+00:00\",\"dateModified\":\"2025-09-02T13:00:50+00:00\",\"description\":\"Gr\u00e2ce \u00e0 sa conception, les fen\u00eatres de toit s\u2019adaptent et s\u2019int\u00e8grent parfaitement au t\u00f4le en zinc joints debout. Les raccords sont indispensables pour installer les fen\u00eatres de mani\u00e8re \u00e9tanche et correcte dans le toit.\",\"breadcrumb\":{\"@id\":\"https:\\\/\\\/nature-et-developpement.com\\\/hen\\\/produit\\\/raccord-pour-tole-en-zinc-eev-p-adapte-aux-fenetres-de-toit-fakro\\\/#breadcrumb\"},\"inLanguage\":\"fr-FR\",\"potentialAction\":[{\"@type\":\"ReadAction\",\"target\":[\"https:\\\/\\\/nature-et-developpement.com\\\/hen\\\/produit\\\/raccord-pour-tole-en-zinc-eev-p-adapte-aux-fenetres-de-toit-fakro\\\/\"]}]},{\"@type\":\"ImageObject\",\"inLanguage\":\"fr-FR\",\"@id\":\"https:\\\/\\\/nature-et-developpement.com\\\/hen\\\/produit\\\/raccord-pour-tole-en-zinc-eev-p-adapte-aux-fenetres-de-toit-fakro\\\/#primaryimage\",\"url\":\"https:\\\/\\\/nature-et-developpement.com\\\/hen\\\/wp-content\\\/uploads\\\/Raccord-EEV-Fakro-tole-en-zinc-joints-debout.jpg\",\"contentUrl\":\"https:\\\/\\\/nature-et-developpement.com\\\/hen\\\/wp-content\\\/uploads\\\/Raccord-EEV-Fakro-tole-en-zinc-joints-debout.jpg\"},{\"@type\":\"BreadcrumbList\",\"@id\":\"https:\\\/\\\/nature-et-developpement.com\\\/hen\\\/produit\\\/raccord-pour-tole-en-zinc-eev-p-adapte-aux-fenetres-de-toit-fakro\\\/#breadcrumb\",\"itemListElement\":[{\"@type\":\"ListItem\",\"position\":1,\"name\":\"Accueil\",\"item\":\"https:\\\/\\\/nature-et-developpement.com\\\/hen\\\/\"},{\"@type\":\"ListItem\",\"position\":2,\"name\":\"Produits\",\"item\":\"https:\\\/\\\/nature-et-developpement.com\\\/hen\\\/shop\\\/\"},{\"@type\":\"ListItem\",\"position\":3,\"name\":\"Construction, cloison et fen\u00eatres\",\"item\":\"https:\\\/\\\/nature-et-developpement.com\\\/hen\\\/produits\\\/construction\\\/\"},{\"@type\":\"ListItem\",\"position\":4,\"name\":\"Accessoires construction\",\"item\":\"https:\\\/\\\/nature-et-developpement.com\\\/hen\\\/produits\\\/construction\\\/accessoires-construction\\\/\"},{\"@type\":\"ListItem\",\"position\":5,\"name\":\"Raccord pour t\u00f4le en titane et zinc EEV adapt\u00e9 aux fen\u00eatres de toit Fakro\"}]},{\"@type\":\"WebSite\",\"@id\":\"https:\\\/\\\/nature-et-developpement.com\\\/hen\\\/#website\",\"url\":\"https:\\\/\\\/nature-et-developpement.com\\\/hen\\\/\",\"name\":\"Habitat Ecologique Normand\",\"description\":\"Habitat Ecologique Normand est membre du groupement Nature &amp; D\u00e9veloppement\",\"publisher\":{\"@id\":\"https:\\\/\\\/nature-et-developpement.com\\\/hen\\\/#organization\"},\"potentialAction\":[{\"@type\":\"SearchAction\",\"target\":{\"@type\":\"EntryPoint\",\"urlTemplate\":\"https:\\\/\\\/nature-et-developpement.com\\\/hen\\\/?s={search_term_string}\"},\"query-input\":{\"@type\":\"PropertyValueSpecification\",\"valueRequired\":true,\"valueName\":\"search_term_string\"}}],\"inLanguage\":\"fr-FR\"},{\"@type\":\"Organization\",\"@id\":\"https:\\\/\\\/nature-et-developpement.com\\\/hen\\\/#organization\",\"name\":\"Habitat Ecologique Normand\",\"url\":\"https:\\\/\\\/nature-et-developpement.com\\\/hen\\\/\",\"logo\":{\"@type\":\"ImageObject\",\"inLanguage\":\"fr-FR\",\"@id\":\"https:\\\/\\\/nature-et-developpement.com\\\/hen\\\/#\\\/schema\\\/logo\\\/image\\\/\",\"url\":\"https:\\\/\\\/nature-et-developpement.com\\\/hen\\\/wp-content\\\/uploads\\\/sites\\\/15\\\/2021\\\/08\\\/logo-habitat-ecologique-normand.jpg\",\"contentUrl\":\"https:\\\/\\\/nature-et-developpement.com\\\/hen\\\/wp-content\\\/uploads\\\/sites\\\/15\\\/2021\\\/08\\\/logo-habitat-ecologique-normand.jpg\",\"width\":960,\"height\":391,\"caption\":\"Habitat Ecologique Normand\"},\"image\":{\"@id\":\"https:\\\/\\\/nature-et-developpement.com\\\/hen\\\/#\\\/schema\\\/logo\\\/image\\\/\"},\"sameAs\":[\"https:\\\/\\\/fr-fr.facebook.com\\\/habitatecologique.normand.1\\\/\",\"https:\\\/\\\/www.instagram.com\\\/ecobatinormandie\\\/\",\"https:\\\/\\\/www.youtube.com\\\/c\\\/ecobati\"]}]}<\/script>\n<!-- \/ Yoast SEO plugin. -->","yoast_head_json":{"title":"Raccord pour t\u00f4le en titane et zinc EEV adapt\u00e9 aux fen\u00eatres de toit Fakro","description":"Gr\u00e2ce \u00e0 sa conception, les fen\u00eatres de toit s\u2019adaptent et s\u2019int\u00e8grent parfaitement au t\u00f4le en zinc joints debout. Les raccords sont indispensables pour installer les fen\u00eatres de mani\u00e8re \u00e9tanche et correcte dans le toit.","robots":{"index":"noindex","follow":"nofollow"},"og_locale":"fr_FR","og_type":"article","og_title":"Raccord pour t\u00f4le en titane et zinc EEV adapt\u00e9 aux fen\u00eatres de toit Fakro","og_description":"Gr\u00e2ce \u00e0 sa conception, les fen\u00eatres de toit s\u2019adaptent et s\u2019int\u00e8grent parfaitement au t\u00f4le en zinc joints debout. Les raccords sont indispensables pour installer les fen\u00eatres de mani\u00e8re \u00e9tanche et correcte dans le toit.","og_url":"https:\/\/nature-et-developpement.com\/hen\/produit\/raccord-pour-tole-en-zinc-eev-p-adapte-aux-fenetres-de-toit-fakro\/","og_site_name":"Habitat Ecologique Normand","article_publisher":"https:\/\/fr-fr.facebook.com\/habitatecologique.normand.1\/","article_modified_time":"2025-09-02T13:00:50+00:00","twitter_card":"summary_large_image","twitter_misc":{"Dur\u00e9e de lecture estim\u00e9e":"1 minute"},"schema":{"@context":"https:\/\/schema.org","@graph":[{"@type":"WebPage","@id":"https:\/\/nature-et-developpement.com\/hen\/produit\/raccord-pour-tole-en-zinc-eev-p-adapte-aux-fenetres-de-toit-fakro\/","url":"https:\/\/nature-et-developpement.com\/hen\/produit\/raccord-pour-tole-en-zinc-eev-p-adapte-aux-fenetres-de-toit-fakro\/","name":"Raccord pour t\u00f4le en titane et zinc EEV adapt\u00e9 aux fen\u00eatres de toit Fakro","isPartOf":{"@id":"https:\/\/nature-et-developpement.com\/hen\/#website"},"primaryImageOfPage":{"@id":"https:\/\/nature-et-developpement.com\/hen\/produit\/raccord-pour-tole-en-zinc-eev-p-adapte-aux-fenetres-de-toit-fakro\/#primaryimage"},"image":{"@id":"https:\/\/nature-et-developpement.com\/hen\/produit\/raccord-pour-tole-en-zinc-eev-p-adapte-aux-fenetres-de-toit-fakro\/#primaryimage"},"thumbnailUrl":"https:\/\/nature-et-developpement.com\/hen\/wp-content\/uploads\/Raccord-EEV-Fakro-tole-en-zinc-joints-debout.jpg","datePublished":"2022-07-22T09:52:43+00:00","dateModified":"2025-09-02T13:00:50+00:00","description":"Gr\u00e2ce \u00e0 sa conception, les fen\u00eatres de toit s\u2019adaptent et s\u2019int\u00e8grent parfaitement au t\u00f4le en zinc joints debout. Les raccords sont indispensables pour installer les fen\u00eatres de mani\u00e8re \u00e9tanche et correcte dans le toit.","breadcrumb":{"@id":"https:\/\/nature-et-developpement.com\/hen\/produit\/raccord-pour-tole-en-zinc-eev-p-adapte-aux-fenetres-de-toit-fakro\/#breadcrumb"},"inLanguage":"fr-FR","potentialAction":[{"@type":"ReadAction","target":["https:\/\/nature-et-developpement.com\/hen\/produit\/raccord-pour-tole-en-zinc-eev-p-adapte-aux-fenetres-de-toit-fakro\/"]}]},{"@type":"ImageObject","inLanguage":"fr-FR","@id":"https:\/\/nature-et-developpement.com\/hen\/produit\/raccord-pour-tole-en-zinc-eev-p-adapte-aux-fenetres-de-toit-fakro\/#primaryimage","url":"https:\/\/nature-et-developpement.com\/hen\/wp-content\/uploads\/Raccord-EEV-Fakro-tole-en-zinc-joints-debout.jpg","contentUrl":"https:\/\/nature-et-developpement.com\/hen\/wp-content\/uploads\/Raccord-EEV-Fakro-tole-en-zinc-joints-debout.jpg"},{"@type":"BreadcrumbList","@id":"https:\/\/nature-et-developpement.com\/hen\/produit\/raccord-pour-tole-en-zinc-eev-p-adapte-aux-fenetres-de-toit-fakro\/#breadcrumb","itemListElement":[{"@type":"ListItem","position":1,"name":"Accueil","item":"https:\/\/nature-et-developpement.com\/hen\/"},{"@type":"ListItem","position":2,"name":"Produits","item":"https:\/\/nature-et-developpement.com\/hen\/shop\/"},{"@type":"ListItem","position":3,"name":"Construction, cloison et fen\u00eatres","item":"https:\/\/nature-et-developpement.com\/hen\/produits\/construction\/"},{"@type":"ListItem","position":4,"name":"Accessoires construction","item":"https:\/\/nature-et-developpement.com\/hen\/produits\/construction\/accessoires-construction\/"},{"@type":"ListItem","position":5,"name":"Raccord pour t\u00f4le en titane et zinc EEV adapt\u00e9 aux fen\u00eatres de toit Fakro"}]},{"@type":"WebSite","@id":"https:\/\/nature-et-developpement.com\/hen\/#website","url":"https:\/\/nature-et-developpement.com\/hen\/","name":"Habitat Ecologique Normand","description":"Habitat Ecologique Normand est membre du groupement Nature &amp; D\u00e9veloppement","publisher":{"@id":"https:\/\/nature-et-developpement.com\/hen\/#organization"},"potentialAction":[{"@type":"SearchAction","target":{"@type":"EntryPoint","urlTemplate":"https:\/\/nature-et-developpement.com\/hen\/?s={search_term_string}"},"query-input":{"@type":"PropertyValueSpecification","valueRequired":true,"valueName":"search_term_string"}}],"inLanguage":"fr-FR"},{"@type":"Organization","@id":"https:\/\/nature-et-developpement.com\/hen\/#organization","name":"Habitat Ecologique Normand","url":"https:\/\/nature-et-developpement.com\/hen\/","logo":{"@type":"ImageObject","inLanguage":"fr-FR","@id":"https:\/\/nature-et-developpement.com\/hen\/#\/schema\/logo\/image\/","url":"https:\/\/nature-et-developpement.com\/hen\/wp-content\/uploads\/sites\/15\/2021\/08\/logo-habitat-ecologique-normand.jpg","contentUrl":"https:\/\/nature-et-developpement.com\/hen\/wp-content\/uploads\/sites\/15\/2021\/08\/logo-habitat-ecologique-normand.jpg","width":960,"height":391,"caption":"Habitat Ecologique Normand"},"image":{"@id":"https:\/\/nature-et-developpement.com\/hen\/#\/schema\/logo\/image\/"},"sameAs":["https:\/\/fr-fr.facebook.com\/habitatecologique.normand.1\/","https:\/\/www.instagram.com\/ecobatinormandie\/","https:\/\/www.youtube.com\/c\/ecobati"]}]}},"distributor_meta":false,"distributor_terms":false,"distributor_media":false,"distributor_original_site_name":"Habitat Ecologique Normand","distributor_original_site_url":"https:\/\/nature-et-developpement.com\/hen","push-errors":false,"_links":{"self":[{"href":"https:\/\/nature-et-developpement.com\/hen\/wp-json\/wp\/v2\/product\/27417","targetHints":{"allow":["GET"]}}],"collection":[{"href":"https:\/\/nature-et-developpement.com\/hen\/wp-json\/wp\/v2\/product"}],"about":[{"href":"https:\/\/nature-et-developpement.com\/hen\/wp-json\/wp\/v2\/types\/product"}],"wp:featuredmedia":[{"embeddable":true,"href":"https:\/\/nature-et-developpement.com\/hen\/wp-json\/"}],"wp:attachment":[{"href":"https:\/\/nature-et-developpement.com\/hen\/wp-json\/wp\/v2\/media?parent=27417"}],"wp:term":[{"taxonomy":"product_brand","embeddable":true,"href":"https:\/\/nature-et-developpement.com\/hen\/wp-json\/wp\/v2\/product_brand?post=27417"},{"taxonomy":"product_cat","embeddable":true,"href":"https:\/\/nature-et-developpement.com\/hen\/wp-json\/wp\/v2\/product_cat?post=27417"},{"taxonomy":"product_tag","embeddable":true,"href":"https:\/\/nature-et-developpement.com\/hen\/wp-json\/wp\/v2\/product_tag?post=27417"}],"curies":[{"name":"wp","href":"https:\/\/api.w.org\/{rel}","templated":true}]}}