{"id":12574,"date":"2026-02-04T10:49:33","date_gmt":"2026-02-04T09:49:33","guid":{"rendered":"https:\/\/nature-et-developpement.com\/inova-terre-distribution\/produit\/isolant-interieur-panneau-fibres-de-carton-recycle-valosense\/"},"modified":"2026-04-23T13:11:15","modified_gmt":"2026-04-23T11:11:15","slug":"isolant-interieur-panneau-fibres-de-carton-recycle-valosense","status":"publish","type":"product","link":"https:\/\/nature-et-developpement.com\/inova-terre-distribution\/produit\/isolant-interieur-panneau-fibres-de-carton-recycle-valosense\/","title":{"rendered":"Isolant int\u00e9rieur panneau fibres de carton recycl\u00e9 Valoflex de Valosense"},"content":{"rendered":"<h2>Panneau isolant int\u00e9rieur en fibres de carton recycl\u00e9 Valoflex<\/h2>\n<p>L\u2019isolant Valoflex est un <strong>panneau isolant semi-rigide<\/strong> en fibres de <strong>carton recycl\u00e9<\/strong> avec un voile de confort permettant un emploi ais\u00e9 en limitant la poussi\u00e8re, facilitant la coupe et le per\u00e7age.<br \/>\nIl est destin\u00e9 \u00e0 l\u2019isolation thermique et acoustique par l\u2019int\u00e9rieur. Il convient aux projets de construction neuve comme de r\u00e9novation.<br \/>\nIssu d&rsquo;une fili\u00e8re vertueuse et m\u00e9tris\u00e9e de recyclage de carton et en plus d&rsquo;un sourcing local.<br \/>\nEn effet, la mati\u00e8re premi\u00e8re provient de cartons collect\u00e9s localement en Haute-Loire. Ensuite, ces cartons sont recycl\u00e9s \u00e0 moins de 10 km du site de production de Valosense.<br \/>\nLe proc\u00e9d\u00e9 de fabrication est m\u00e9canique. Ainsi, le carton est d\u00e9fibr\u00e9 puis transform\u00e9 en <strong>fibres de cellulose<\/strong>. Ces fibres sont ensuite valoris\u00e9es sous forme de panneaux isolants.<br \/>\nLa structure du panneau est dense et homog\u00e8ne. Par cons\u00e9quent, elle contribue au confort thermique en p\u00e9riode hivernale.<br \/>\nDe plus, elle limite les effets de surchauffe estivale. Enfin, la structure fibreuse am\u00e9liore le comportement acoustique des parois.<\/p>\n<h3>Usages et domaines d\u2019application<\/h3>\n<p>Valoflex est con\u00e7u pour l\u2019isolation int\u00e9rieure des b\u00e2timents.<br \/>\nIl b\u00e9n\u00e9ficie d\u2019ATEx d\u00e9livr\u00e9es par le CSTB pour ses domaines d\u2019emploi.<\/p>\n<ul>\n<li>Murs p\u00e9riph\u00e9riques int\u00e9rieurs<\/li>\n<li>Cloisons int\u00e9rieures distributives<\/li>\n<li>Planchers interm\u00e9diaires entre locaux chauff\u00e9s<\/li>\n<li>Combles perdus ventil\u00e9s<\/li>\n<li>Rampants de toiture<\/li>\n<\/ul>\n<p>Les murs humides ou pr\u00e9sentant des remont\u00e9es capillaires ne sont pas compatibles.<br \/>\nDans ce cas, un traitement pr\u00e9alable est obligatoire.<\/p>\n<h3>Types de b\u00e2timents compatibles<\/h3>\n<p>L\u2019isolant Valoflex peut \u00eatre utilis\u00e9 dans plusieurs types de b\u00e2timents.<br \/>\nPar ailleurs, il s\u2019adapte aux usages r\u00e9sidentiels et non r\u00e9sidentiels vis\u00e9s.<\/p>\n<ul>\n<li>Maisons individuelles<\/li>\n<li>Logements collectifs<\/li>\n<li>B\u00e2timents non r\u00e9sidentiels<\/li>\n<li>\u00c9tablissements recevant du public, avec un dernier plancher inf\u00e9rieur \u00e0 8 m<\/li>\n<li>B\u00e2timents relevant du code du travail<\/li>\n<\/ul>\n<p>En revanche, certains b\u00e2timents sont exclus.<br \/>\nLes b\u00e2timents industriels, agricoles, agroalimentaires, frigorifiques ou \u00e0 ambiance corrosive ne sont pas vis\u00e9s.<\/p>\n<h3>Caract\u00e9ristiques techniques<\/h3>\n<p>Valoflex est disponible au format 1200 \u00d7 600 mm.<br \/>\nIl existe en \u00e9paisseurs de 40 \u00e0 145 mm.<\/p>\n<ul>\n<li>Masse volumique : 40 kg\/m\u00b3 \u00b1 5 kg<\/li>\n<li>Conductivit\u00e9 thermique \u03bb : 0,037 W\/(m\u00b7K)<\/li>\n<li>Facteur de r\u00e9sistance \u00e0 la diffusion de vapeur d\u2019eau \u00b5 : environ 2,17<\/li>\n<li>Valeur Sd : 0,061 m<\/li>\n<li>R\u00e9action au feu : Euroclasse F<\/li>\n<li>\u00c9missions de COV : Classe A<\/li>\n<\/ul>\n<p>Le produit est <strong>r\u00e9sistant aux insectes xylophages<\/strong>.<br \/>\nDe plus, il r\u00e9siste au d\u00e9veloppement fongique en conditions normalis\u00e9es.<\/p>\n<h4>R\u00e9sistances thermiques selon l\u2019\u00e9paisseur<\/h4>\n<details style=\"border: 1px solid #ccc;padding: 10px;margin: 20px 0\">\n<summary style=\"font-weight: 600;cursor: pointer\">Tableau des \u00e9paisseurs et r\u00e9sistances thermiques (R)<\/summary>\n<div style=\"margin-top: 15px\">\n<table style=\"width: 100%;border-collapse: collapse;font-size: 14px\">\n<thead>\n<tr style=\"background: #f2f2f2\">\n<th style=\"border: 1px solid #ccc;padding: 8px;text-align: left\">\u00c9paisseur (mm)<\/th>\n<th style=\"border: 1px solid #ccc;padding: 8px;text-align: left\">R\u00e9sistance thermique R (m\u00b2\u00b7K\/W)<\/th>\n<\/tr>\n<\/thead>\n<tbody>\n<tr>\n<td style=\"border: 1px solid #ccc;padding: 8px\">40<\/td>\n<td style=\"border: 1px solid #ccc;padding: 8px\">1,08<\/td>\n<\/tr>\n<tr style=\"background: #f9f9f9\">\n<td style=\"border: 1px solid #ccc;padding: 8px\">60<\/td>\n<td style=\"border: 1px solid #ccc;padding: 8px\">1,62<\/td>\n<\/tr>\n<tr>\n<td style=\"border: 1px solid #ccc;padding: 8px\">80<\/td>\n<td style=\"border: 1px solid #ccc;padding: 8px\">2,16<\/td>\n<\/tr>\n<tr style=\"background: #f9f9f9\">\n<td style=\"border: 1px solid #ccc;padding: 8px\">100<\/td>\n<td style=\"border: 1px solid #ccc;padding: 8px\">2,70<\/td>\n<\/tr>\n<tr>\n<td style=\"border: 1px solid #ccc;padding: 8px\">120<\/td>\n<td style=\"border: 1px solid #ccc;padding: 8px\">3,24<\/td>\n<\/tr>\n<tr style=\"background: #f9f9f9\">\n<td style=\"border: 1px solid #ccc;padding: 8px\">145<\/td>\n<td style=\"border: 1px solid #ccc;padding: 8px\">3,92<\/td>\n<\/tr>\n<tr>\n<td style=\"border: 1px solid #ccc;padding: 8px\">160<\/td>\n<td style=\"border: 1px solid #ccc;padding: 8px\">4,32<\/td>\n<\/tr>\n<\/tbody>\n<\/table>\n<\/div>\n<\/details>\n<h3>Performances acoustiques<\/h3>\n<p>Valoflex participe \u00e0 l\u2019am\u00e9lioration du <strong>confort acoustique<\/strong> des parois.<br \/>\nLes performances varient selon l\u2019\u00e9paisseur mise en \u0153uvre.<\/p>\n<ul>\n<li>Coefficient d\u2019absorption acoustique pond\u00e9r\u00e9 \u03b1w : 0,60 en 40 mm, 0,95 en 100 mm<\/li>\n<li>Affaiblissement acoustique pond\u00e9r\u00e9 Rw : 8 dB en 40 mm, 17 dB en 100 mm<\/li>\n<\/ul>\n<h3>Mise en \u0153uvre et pose<\/h3>\n<p>La mise en \u0153uvre doit respecter les DTU en vigueur.<br \/>\nElle d\u00e9pend du support et de l\u2019application.<br \/>\nEn murs et rampants, la pose d\u2019un pare-vapeur continu c\u00f4t\u00e9 int\u00e9rieur est obligatoire. De plus, la valeur Sd du pare-vapeur doit \u00eatre adapt\u00e9e \u00e0 la zone climatique.<br \/>\nLe pare-vapeur doit \u00eatre pos\u00e9 sans discontinuit\u00e9.<br \/>\nEn cloisons distributives entre locaux chauff\u00e9s, le pare-vapeur n\u2019est pas requis.<br \/>\nLes panneaux se d\u00e9coupent facilement. La d\u00e9coupe s\u2019effectue au couteau \u00e0 isolant fibreux ou \u00e0 la scie adapt\u00e9e.<br \/>\nEnsuite, la pose se fait par l\u00e9g\u00e8re compression entre montants.<\/p>\n<h3>Certifications et documents<\/h3>\n<ul>\n<li>ATEx CSTB application murs : n\u00b0 3385_V1<\/li>\n<li>ATEx CSTB application combles : n\u00b0 3266_V1<\/li>\n<li>FDES v\u00e9rifi\u00e9e, base INIES : n\u00b0 20251247962<\/li>\n<li>Label Produit Biosourc\u00e9 : teneur biosourc\u00e9e 81 %, teneur recycl\u00e9e 81 %, fili\u00e8re fran\u00e7aise et locale<\/li>\n<\/ul>\n<h3>FAQ<\/h3>\n<h4>Cet isolant peut-il \u00eatre utilis\u00e9 en r\u00e9novation ?<\/h4>\n<p>Oui.<br \/>\nIl est adapt\u00e9 \u00e0 la r\u00e9novation, sous r\u00e9serve d\u2019un support sain et sec.<\/p>\n<h4>Un pare-vapeur est-il obligatoire ?<\/h4>\n<p>Oui, en murs et rampants.<br \/>\nEn cloisons entre locaux chauff\u00e9s, il n\u2019est pas n\u00e9cessaire.<\/p>\n<h4>Comment choisir l\u2019\u00e9paisseur adapt\u00e9e ?<\/h4>\n<p>Le choix d\u00e9pend de la r\u00e9sistance thermique recherch\u00e9e.<br \/>\nPlus l\u2019\u00e9paisseur augmente, plus la valeur R est \u00e9lev\u00e9e.<\/p>\n","protected":false},"excerpt":{"rendered":"<p>L\u2019isolant Valoflex est un panneau isolant semi-rigide en fibres de cartons recycl\u00e9s avec un voile de confort permettant un emploi ais\u00e9 en limitant la poussi\u00e8re, facilitant la coupe et le per\u00e7age.<br \/>\nIl est destin\u00e9 \u00e0 l\u2019isolation thermique et acoustique par l\u2019int\u00e9rieur.<br \/>\nIl s\u2019utilise en construction neuve comme en r\u00e9novation.<br \/>\nLa mati\u00e8re premi\u00e8re provient d&rsquo;une fili\u00e8re vertueuse de recyclage de carton et un sourcing local exclusivement collect\u00e9 en Haute-Loire.<br \/>\nLe carton est d\u00e9fibr\u00e9 puis transform\u00e9 en fibres de cellulose.<br \/>\nCes fibres sont ensuite valoris\u00e9es sous forme de panneaux isolants semi-rigides.<br \/>\nGr\u00e2ce \u00e0 sa structure dense et homog\u00e8ne, Valosense apporte un bon confort thermique.<br \/>\nIl est efficace en hiver comme en \u00e9t\u00e9, il am\u00e9liore \u00e9galement le confort acoustique des parois.<\/p>\n","protected":false},"featured_media":1000000205098,"template":"","meta":[],"product_brand":[3187],"product_cat":[38,50,51],"product_tag":[],"class_list":{"0":"post-12574","1":"product","2":"type-product","3":"status-publish","4":"has-post-thumbnail","6":"product_brand-valosense","7":"product_cat-demande-de-devis-uniquement-sans-prix","8":"product_cat-isolation-interieure","9":"product_cat-isolation-phonique","11":"first","12":"instock","13":"featured","14":"taxable","15":"shipping-taxable","16":"purchasable","17":"product-type-variable"},"yoast_head":"<!-- This site is optimized with the Yoast SEO plugin v27.5 - https:\/\/yoast.com\/product\/yoast-seo-wordpress\/ -->\n<title>Isolant int\u00e9rieur panneau fibres de carton recycl\u00e9 Valoflex de Valosense - ECOBRIVA<\/title>\n<meta name=\"robots\" content=\"index, follow, max-snippet:-1, max-image-preview:large, max-video-preview:-1\" \/>\n<link rel=\"canonical\" href=\"https:\/\/nature-et-developpement.com\/inova-terre-distribution\/produit\/isolant-interieur-panneau-fibres-de-carton-recycle-valosense\/\" \/>\n<meta property=\"og:locale\" content=\"fr_FR\" \/>\n<meta property=\"og:type\" content=\"article\" \/>\n<meta property=\"og:title\" content=\"Isolant int\u00e9rieur panneau fibres de carton recycl\u00e9 Valoflex de Valosense - ECOBRIVA\" \/>\n<meta property=\"og:description\" content=\"L\u2019isolant Valoflex est un panneau isolant semi-rigide en fibres de cartons recycl\u00e9s avec un voile de confort permettant un emploi ais\u00e9 en limitant la poussi\u00e8re, facilitant la coupe et le per\u00e7age. Il est destin\u00e9 \u00e0 l\u2019isolation thermique et acoustique par l\u2019int\u00e9rieur. Il s\u2019utilise en construction neuve comme en r\u00e9novation. La mati\u00e8re premi\u00e8re provient d&#039;une fili\u00e8re vertueuse de recyclage de carton et un sourcing local exclusivement collect\u00e9 en Haute-Loire. Le carton est d\u00e9fibr\u00e9 puis transform\u00e9 en fibres de cellulose. Ces fibres sont ensuite valoris\u00e9es sous forme de panneaux isolants semi-rigides. Gr\u00e2ce \u00e0 sa structure dense et homog\u00e8ne, Valosense apporte un bon confort thermique. Il est efficace en hiver comme en \u00e9t\u00e9, il am\u00e9liore \u00e9galement le confort acoustique des parois.\" \/>\n<meta property=\"og:url\" content=\"https:\/\/nature-et-developpement.com\/inova-terre-distribution\/produit\/isolant-interieur-panneau-fibres-de-carton-recycle-valosense\/\" \/>\n<meta property=\"og:site_name\" content=\"ECOBRIVA\" \/>\n<meta property=\"article:modified_time\" content=\"2026-04-23T11:11:15+00:00\" \/>\n<meta name=\"twitter:card\" content=\"summary_large_image\" \/>\n<meta name=\"twitter:label1\" content=\"Dur\u00e9e de lecture estim\u00e9e\" \/>\n\t<meta name=\"twitter:data1\" content=\"4 minutes\" \/>\n<script type=\"application\/ld+json\" class=\"yoast-schema-graph\">{\"@context\":\"https:\\\/\\\/schema.org\",\"@graph\":[{\"@type\":\"WebPage\",\"@id\":\"https:\\\/\\\/nature-et-developpement.com\\\/inova-terre-distribution\\\/produit\\\/isolant-interieur-panneau-fibres-de-carton-recycle-valosense\\\/\",\"url\":\"https:\\\/\\\/nature-et-developpement.com\\\/inova-terre-distribution\\\/produit\\\/isolant-interieur-panneau-fibres-de-carton-recycle-valosense\\\/\",\"name\":\"Isolant int\u00e9rieur panneau fibres de carton recycl\u00e9 Valoflex de Valosense - ECOBRIVA\",\"isPartOf\":{\"@id\":\"https:\\\/\\\/nature-et-developpement.com\\\/inova-terre-distribution\\\/#website\"},\"primaryImageOfPage\":{\"@id\":\"https:\\\/\\\/nature-et-developpement.com\\\/inova-terre-distribution\\\/produit\\\/isolant-interieur-panneau-fibres-de-carton-recycle-valosense\\\/#primaryimage\"},\"image\":{\"@id\":\"https:\\\/\\\/nature-et-developpement.com\\\/inova-terre-distribution\\\/produit\\\/isolant-interieur-panneau-fibres-de-carton-recycle-valosense\\\/#primaryimage\"},\"thumbnailUrl\":\"https:\\\/\\\/nature-et-developpement.com\\\/inova-terre-distribution\\\/wp-content\\\/uploads\\\/Isolant-panneau-fibres-de-carton-recycle-Valosense.jpg\",\"datePublished\":\"2026-02-04T09:49:33+00:00\",\"dateModified\":\"2026-04-23T11:11:15+00:00\",\"breadcrumb\":{\"@id\":\"https:\\\/\\\/nature-et-developpement.com\\\/inova-terre-distribution\\\/produit\\\/isolant-interieur-panneau-fibres-de-carton-recycle-valosense\\\/#breadcrumb\"},\"inLanguage\":\"fr-FR\",\"potentialAction\":[{\"@type\":\"ReadAction\",\"target\":[\"https:\\\/\\\/nature-et-developpement.com\\\/inova-terre-distribution\\\/produit\\\/isolant-interieur-panneau-fibres-de-carton-recycle-valosense\\\/\"]}]},{\"@type\":\"ImageObject\",\"inLanguage\":\"fr-FR\",\"@id\":\"https:\\\/\\\/nature-et-developpement.com\\\/inova-terre-distribution\\\/produit\\\/isolant-interieur-panneau-fibres-de-carton-recycle-valosense\\\/#primaryimage\",\"url\":\"https:\\\/\\\/nature-et-developpement.com\\\/inova-terre-distribution\\\/wp-content\\\/uploads\\\/Isolant-panneau-fibres-de-carton-recycle-Valosense.jpg\",\"contentUrl\":\"https:\\\/\\\/nature-et-developpement.com\\\/inova-terre-distribution\\\/wp-content\\\/uploads\\\/Isolant-panneau-fibres-de-carton-recycle-Valosense.jpg\"},{\"@type\":\"BreadcrumbList\",\"@id\":\"https:\\\/\\\/nature-et-developpement.com\\\/inova-terre-distribution\\\/produit\\\/isolant-interieur-panneau-fibres-de-carton-recycle-valosense\\\/#breadcrumb\",\"itemListElement\":[{\"@type\":\"ListItem\",\"position\":1,\"name\":\"Accueil\",\"item\":\"https:\\\/\\\/nature-et-developpement.com\\\/inova-terre-distribution\\\/\"},{\"@type\":\"ListItem\",\"position\":2,\"name\":\"Boutique\",\"item\":\"https:\\\/\\\/nature-et-developpement.com\\\/inova-terre-distribution\\\/boutique\\\/\"},{\"@type\":\"ListItem\",\"position\":3,\"name\":\"Isolation et \u00e9tanch\u00e9it\u00e9\",\"item\":\"https:\\\/\\\/nature-et-developpement.com\\\/inova-terre-distribution\\\/categorie-produit\\\/isolation-et-etancheite\\\/\"},{\"@type\":\"ListItem\",\"position\":4,\"name\":\"Isolation int\u00e9rieure\",\"item\":\"https:\\\/\\\/nature-et-developpement.com\\\/inova-terre-distribution\\\/categorie-produit\\\/isolation-et-etancheite\\\/isolation-interieure\\\/\"},{\"@type\":\"ListItem\",\"position\":5,\"name\":\"Isolant int\u00e9rieur panneau fibres de carton recycl\u00e9 Valoflex de Valosense\"}]},{\"@type\":\"WebSite\",\"@id\":\"https:\\\/\\\/nature-et-developpement.com\\\/inova-terre-distribution\\\/#website\",\"url\":\"https:\\\/\\\/nature-et-developpement.com\\\/inova-terre-distribution\\\/\",\"name\":\"ECOBRIVA\",\"description\":\"ECOBRIVA est membre du groupement Nature &amp; D\u00e9veloppement\",\"publisher\":{\"@id\":\"https:\\\/\\\/nature-et-developpement.com\\\/inova-terre-distribution\\\/#organization\"},\"potentialAction\":[{\"@type\":\"SearchAction\",\"target\":{\"@type\":\"EntryPoint\",\"urlTemplate\":\"https:\\\/\\\/nature-et-developpement.com\\\/inova-terre-distribution\\\/?s={search_term_string}\"},\"query-input\":{\"@type\":\"PropertyValueSpecification\",\"valueRequired\":true,\"valueName\":\"search_term_string\"}}],\"inLanguage\":\"fr-FR\"},{\"@type\":\"Organization\",\"@id\":\"https:\\\/\\\/nature-et-developpement.com\\\/inova-terre-distribution\\\/#organization\",\"name\":\"ECOBRIVA\",\"url\":\"https:\\\/\\\/nature-et-developpement.com\\\/inova-terre-distribution\\\/\",\"logo\":{\"@type\":\"ImageObject\",\"inLanguage\":\"fr-FR\",\"@id\":\"https:\\\/\\\/nature-et-developpement.com\\\/inova-terre-distribution\\\/#\\\/schema\\\/logo\\\/image\\\/\",\"url\":\"https:\\\/\\\/nature-et-developpement.com\\\/inova-terre-distribution\\\/wp-content\\\/uploads\\\/sites\\\/29\\\/2026\\\/03\\\/logo-29.png\",\"contentUrl\":\"https:\\\/\\\/nature-et-developpement.com\\\/inova-terre-distribution\\\/wp-content\\\/uploads\\\/sites\\\/29\\\/2026\\\/03\\\/logo-29.png\",\"width\":250,\"height\":250,\"caption\":\"ECOBRIVA\"},\"image\":{\"@id\":\"https:\\\/\\\/nature-et-developpement.com\\\/inova-terre-distribution\\\/#\\\/schema\\\/logo\\\/image\\\/\"}}]}<\/script>\n<!-- \/ Yoast SEO plugin. -->","yoast_head_json":{"title":"Isolant int\u00e9rieur panneau fibres de carton recycl\u00e9 Valoflex de Valosense - ECOBRIVA","robots":{"index":"index","follow":"follow","max-snippet":"max-snippet:-1","max-image-preview":"max-image-preview:large","max-video-preview":"max-video-preview:-1"},"canonical":"https:\/\/nature-et-developpement.com\/inova-terre-distribution\/produit\/isolant-interieur-panneau-fibres-de-carton-recycle-valosense\/","og_locale":"fr_FR","og_type":"article","og_title":"Isolant int\u00e9rieur panneau fibres de carton recycl\u00e9 Valoflex de Valosense - ECOBRIVA","og_description":"L\u2019isolant Valoflex est un panneau isolant semi-rigide en fibres de cartons recycl\u00e9s avec un voile de confort permettant un emploi ais\u00e9 en limitant la poussi\u00e8re, facilitant la coupe et le per\u00e7age. Il est destin\u00e9 \u00e0 l\u2019isolation thermique et acoustique par l\u2019int\u00e9rieur. Il s\u2019utilise en construction neuve comme en r\u00e9novation. La mati\u00e8re premi\u00e8re provient d'une fili\u00e8re vertueuse de recyclage de carton et un sourcing local exclusivement collect\u00e9 en Haute-Loire. Le carton est d\u00e9fibr\u00e9 puis transform\u00e9 en fibres de cellulose. Ces fibres sont ensuite valoris\u00e9es sous forme de panneaux isolants semi-rigides. Gr\u00e2ce \u00e0 sa structure dense et homog\u00e8ne, Valosense apporte un bon confort thermique. Il est efficace en hiver comme en \u00e9t\u00e9, il am\u00e9liore \u00e9galement le confort acoustique des parois.","og_url":"https:\/\/nature-et-developpement.com\/inova-terre-distribution\/produit\/isolant-interieur-panneau-fibres-de-carton-recycle-valosense\/","og_site_name":"ECOBRIVA","article_modified_time":"2026-04-23T11:11:15+00:00","twitter_card":"summary_large_image","twitter_misc":{"Dur\u00e9e de lecture estim\u00e9e":"4 minutes"},"schema":{"@context":"https:\/\/schema.org","@graph":[{"@type":"WebPage","@id":"https:\/\/nature-et-developpement.com\/inova-terre-distribution\/produit\/isolant-interieur-panneau-fibres-de-carton-recycle-valosense\/","url":"https:\/\/nature-et-developpement.com\/inova-terre-distribution\/produit\/isolant-interieur-panneau-fibres-de-carton-recycle-valosense\/","name":"Isolant int\u00e9rieur panneau fibres de carton recycl\u00e9 Valoflex de Valosense - ECOBRIVA","isPartOf":{"@id":"https:\/\/nature-et-developpement.com\/inova-terre-distribution\/#website"},"primaryImageOfPage":{"@id":"https:\/\/nature-et-developpement.com\/inova-terre-distribution\/produit\/isolant-interieur-panneau-fibres-de-carton-recycle-valosense\/#primaryimage"},"image":{"@id":"https:\/\/nature-et-developpement.com\/inova-terre-distribution\/produit\/isolant-interieur-panneau-fibres-de-carton-recycle-valosense\/#primaryimage"},"thumbnailUrl":"https:\/\/nature-et-developpement.com\/inova-terre-distribution\/wp-content\/uploads\/Isolant-panneau-fibres-de-carton-recycle-Valosense.jpg","datePublished":"2026-02-04T09:49:33+00:00","dateModified":"2026-04-23T11:11:15+00:00","breadcrumb":{"@id":"https:\/\/nature-et-developpement.com\/inova-terre-distribution\/produit\/isolant-interieur-panneau-fibres-de-carton-recycle-valosense\/#breadcrumb"},"inLanguage":"fr-FR","potentialAction":[{"@type":"ReadAction","target":["https:\/\/nature-et-developpement.com\/inova-terre-distribution\/produit\/isolant-interieur-panneau-fibres-de-carton-recycle-valosense\/"]}]},{"@type":"ImageObject","inLanguage":"fr-FR","@id":"https:\/\/nature-et-developpement.com\/inova-terre-distribution\/produit\/isolant-interieur-panneau-fibres-de-carton-recycle-valosense\/#primaryimage","url":"https:\/\/nature-et-developpement.com\/inova-terre-distribution\/wp-content\/uploads\/Isolant-panneau-fibres-de-carton-recycle-Valosense.jpg","contentUrl":"https:\/\/nature-et-developpement.com\/inova-terre-distribution\/wp-content\/uploads\/Isolant-panneau-fibres-de-carton-recycle-Valosense.jpg"},{"@type":"BreadcrumbList","@id":"https:\/\/nature-et-developpement.com\/inova-terre-distribution\/produit\/isolant-interieur-panneau-fibres-de-carton-recycle-valosense\/#breadcrumb","itemListElement":[{"@type":"ListItem","position":1,"name":"Accueil","item":"https:\/\/nature-et-developpement.com\/inova-terre-distribution\/"},{"@type":"ListItem","position":2,"name":"Boutique","item":"https:\/\/nature-et-developpement.com\/inova-terre-distribution\/boutique\/"},{"@type":"ListItem","position":3,"name":"Isolation et \u00e9tanch\u00e9it\u00e9","item":"https:\/\/nature-et-developpement.com\/inova-terre-distribution\/categorie-produit\/isolation-et-etancheite\/"},{"@type":"ListItem","position":4,"name":"Isolation int\u00e9rieure","item":"https:\/\/nature-et-developpement.com\/inova-terre-distribution\/categorie-produit\/isolation-et-etancheite\/isolation-interieure\/"},{"@type":"ListItem","position":5,"name":"Isolant int\u00e9rieur panneau fibres de carton recycl\u00e9 Valoflex de Valosense"}]},{"@type":"WebSite","@id":"https:\/\/nature-et-developpement.com\/inova-terre-distribution\/#website","url":"https:\/\/nature-et-developpement.com\/inova-terre-distribution\/","name":"ECOBRIVA","description":"ECOBRIVA est membre du groupement Nature &amp; D\u00e9veloppement","publisher":{"@id":"https:\/\/nature-et-developpement.com\/inova-terre-distribution\/#organization"},"potentialAction":[{"@type":"SearchAction","target":{"@type":"EntryPoint","urlTemplate":"https:\/\/nature-et-developpement.com\/inova-terre-distribution\/?s={search_term_string}"},"query-input":{"@type":"PropertyValueSpecification","valueRequired":true,"valueName":"search_term_string"}}],"inLanguage":"fr-FR"},{"@type":"Organization","@id":"https:\/\/nature-et-developpement.com\/inova-terre-distribution\/#organization","name":"ECOBRIVA","url":"https:\/\/nature-et-developpement.com\/inova-terre-distribution\/","logo":{"@type":"ImageObject","inLanguage":"fr-FR","@id":"https:\/\/nature-et-developpement.com\/inova-terre-distribution\/#\/schema\/logo\/image\/","url":"https:\/\/nature-et-developpement.com\/inova-terre-distribution\/wp-content\/uploads\/sites\/29\/2026\/03\/logo-29.png","contentUrl":"https:\/\/nature-et-developpement.com\/inova-terre-distribution\/wp-content\/uploads\/sites\/29\/2026\/03\/logo-29.png","width":250,"height":250,"caption":"ECOBRIVA"},"image":{"@id":"https:\/\/nature-et-developpement.com\/inova-terre-distribution\/#\/schema\/logo\/image\/"}}]}},"distributor_meta":false,"distributor_terms":false,"distributor_media":false,"distributor_original_site_name":"ECOBRIVA","distributor_original_site_url":"https:\/\/nature-et-developpement.com\/inova-terre-distribution","push-errors":false,"_links":{"self":[{"href":"https:\/\/nature-et-developpement.com\/inova-terre-distribution\/wp-json\/wp\/v2\/product\/12574","targetHints":{"allow":["GET"]}}],"collection":[{"href":"https:\/\/nature-et-developpement.com\/inova-terre-distribution\/wp-json\/wp\/v2\/product"}],"about":[{"href":"https:\/\/nature-et-developpement.com\/inova-terre-distribution\/wp-json\/wp\/v2\/types\/product"}],"wp:featuredmedia":[{"embeddable":true,"href":"https:\/\/nature-et-developpement.com\/inova-terre-distribution\/wp-json\/"}],"wp:attachment":[{"href":"https:\/\/nature-et-developpement.com\/inova-terre-distribution\/wp-json\/wp\/v2\/media?parent=12574"}],"wp:term":[{"taxonomy":"product_brand","embeddable":true,"href":"https:\/\/nature-et-developpement.com\/inova-terre-distribution\/wp-json\/wp\/v2\/product_brand?post=12574"},{"taxonomy":"product_cat","embeddable":true,"href":"https:\/\/nature-et-developpement.com\/inova-terre-distribution\/wp-json\/wp\/v2\/product_cat?post=12574"},{"taxonomy":"product_tag","embeddable":true,"href":"https:\/\/nature-et-developpement.com\/inova-terre-distribution\/wp-json\/wp\/v2\/product_tag?post=12574"}],"curies":[{"name":"wp","href":"https:\/\/api.w.org\/{rel}","templated":true}]}}