{"id":7531,"date":"2024-03-07T11:26:04","date_gmt":"2024-03-07T10:26:04","guid":{"rendered":"https:\/\/nature-et-developpement.com\/inova-terre-distribution\/produit\/chapeau-de-toit-comfoedge-de-zehnder\/"},"modified":"2025-06-17T15:56:57","modified_gmt":"2025-06-17T13:56:57","slug":"chapeau-de-toit-comfoedge-de-zehnder","status":"publish","type":"product","link":"https:\/\/nature-et-developpement.com\/inova-terre-distribution\/produit\/chapeau-de-toit-comfoedge-de-zehnder\/","title":{"rendered":"Chapeau de toit ComfoEdge de Zehnder"},"content":{"rendered":"<h2>Chapeau de toit ComfoEdge de Zehnder<\/h2>\n<p>Le chapeau de toit de Zehnder convient aux conduits d\u2019air rejet\u00e9 et d\u2019air ext\u00e9rieur pour des syst\u00e8mes destin\u00e9s \u00e0 la ventilation ambiante de confort. Le chapeau de toit est install\u00e9 sur le toit avec la tuile de toiture universelle ou la couverture d\u2019origine. Le rev\u00eatement r\u00e9sistant \u00e0 la corrosion, l\u2019inclinaison du cadre de 6\u00b0 \u00e0 60\u00b0 et l\u2019ex\u00e9cution isol\u00e9e garantissent un large champ d\u2019application. Des collerettes d\u2019\u00e9tanch\u00e9it\u00e9 permettent de raccorder le chapeau de toit directement \u00e0 l\u2019\u00e9cran de sous-toiture. L&#8217;embout flexible et le conduit du condensat au-dessus du toit garantissent une installation simple et s\u00fbre. Disponible en rouge (RAL 8004) et noir (RAL 9005), dans DN 125, 160 et 200.<\/p>\n<h3>Avantage<\/h3>\n<ul>\n<li class=\"\">Montage simple universel car l\u2019inclinaison est r\u00e9gl\u00e9e depuis l\u2019ext\u00e9rieur<\/li>\n<li class=\"\">Champ d\u2019application universel pour des syst\u00e8mes de ventilation de confort car elle convient aux conduits d\u2019air extrait et d\u2019air ext\u00e9rieur<\/li>\n<li class=\"\">Nombreuses possibilit\u00e9s de montage gr\u00e2ce \u00e0 l\u2019angle de r\u00e9glage plus grand qui s\u2019adapte facilement \u00e0 n\u2019importe quelle inclinaison de toit<\/li>\n<li class=\"\">Installation s\u00fbre gr\u00e2ce \u00e0 l\u2019isolation contre la formation de condensat et \u00e0 l\u2019\u00e9vacuation de condensat au-dessus du toit<\/li>\n<li class=\"\">Fonctionnement s\u00fbr gr\u00e2ce \u00e0 l\u2019int\u00e9gration stable dans les lattes de toit et protection fiable, m\u00eame en cas de fortes pr\u00e9cipitations<\/li>\n<li class=\"\">Des accessoires utiles comme le joint en n\u00e9opr\u00e8ne et la bande adh\u00e9sive sont compris dans l\u2019ensemble de la fourniture et garantissent un plus grand confort<\/li>\n<li class=\"\">Diam\u00e8tre harmonis\u00e9 pour un raccordement simple aux composants de distribution d\u2019air<\/li>\n<li class=\"\">La fixation du recouvrement des entretoises sur les poutres permet d\u2019emp\u00eacher les infiltrations d\u2019eau<\/li>\n<\/ul>\n<p>Couleur OCRE RAL 8004<\/p>\n<p>Couleur NOIR RAL 9005<\/p>\n","protected":false},"excerpt":{"rendered":"<p>Chapeau de toit isol\u00e9s et dot\u00e9s d&rsquo;un rev\u00eatement anti-corrosion. Son montage facile gr\u00e2ce \u00e0 un solin avec un large angle d&rsquo;inclinaison (de 6 \u00e0 60\u00b0)<br \/>\nInstallation performante avec tr\u00e8s peu de risques de condensation dans le syst\u00e8me de ventilation.<\/p>\n","protected":false},"featured_media":1000000174894,"template":"","meta":[],"product_brand":[2616],"product_cat":[81,37],"product_tag":[2615],"class_list":{"0":"post-7531","1":"product","2":"type-product","3":"status-publish","4":"has-post-thumbnail","6":"product_brand-zehnder","7":"product_cat-accessoires","8":"product_cat-demande-de-devis-uniquement-avec-prix","9":"product_tag-zehnder","10":"product_shipping_class-petit-equipement-outil-eclairage","12":"first","13":"instock","14":"taxable","15":"shipping-taxable","16":"purchasable","17":"product-type-variable"},"yoast_head":"<!-- This site is optimized with the Yoast SEO plugin v27.5 - https:\/\/yoast.com\/product\/yoast-seo-wordpress\/ -->\n<title>Chapeau de toit ComfoEdge de Zehnder - ECOBRIVA<\/title>\n<meta name=\"robots\" content=\"noindex, nofollow\" \/>\n<meta property=\"og:locale\" content=\"fr_FR\" \/>\n<meta property=\"og:type\" content=\"article\" \/>\n<meta property=\"og:title\" content=\"Chapeau de toit ComfoEdge de Zehnder - ECOBRIVA\" \/>\n<meta property=\"og:description\" content=\"Chapeau de toit isol\u00e9s et dot\u00e9s d&#039;un rev\u00eatement anti-corrosion. Son montage facile gr\u00e2ce \u00e0 un solin avec un large angle d&#039;inclinaison (de 6 \u00e0 60\u00b0) Installation performante avec tr\u00e8s peu de risques de condensation dans le syst\u00e8me de ventilation.\" \/>\n<meta property=\"og:url\" content=\"https:\/\/nature-et-developpement.com\/inova-terre-distribution\/produit\/chapeau-de-toit-comfoedge-de-zehnder\/\" \/>\n<meta property=\"og:site_name\" content=\"ECOBRIVA\" \/>\n<meta property=\"article:modified_time\" content=\"2025-06-17T13:56:57+00:00\" \/>\n<meta name=\"twitter:card\" content=\"summary_large_image\" \/>\n<meta name=\"twitter:label1\" content=\"Dur\u00e9e de lecture estim\u00e9e\" \/>\n\t<meta name=\"twitter:data1\" content=\"1 minute\" \/>\n<script type=\"application\/ld+json\" class=\"yoast-schema-graph\">{\"@context\":\"https:\\\/\\\/schema.org\",\"@graph\":[{\"@type\":\"WebPage\",\"@id\":\"https:\\\/\\\/nature-et-developpement.com\\\/inova-terre-distribution\\\/produit\\\/chapeau-de-toit-comfoedge-de-zehnder\\\/\",\"url\":\"https:\\\/\\\/nature-et-developpement.com\\\/inova-terre-distribution\\\/produit\\\/chapeau-de-toit-comfoedge-de-zehnder\\\/\",\"name\":\"Chapeau de toit ComfoEdge de Zehnder - ECOBRIVA\",\"isPartOf\":{\"@id\":\"https:\\\/\\\/nature-et-developpement.com\\\/inova-terre-distribution\\\/#website\"},\"primaryImageOfPage\":{\"@id\":\"https:\\\/\\\/nature-et-developpement.com\\\/inova-terre-distribution\\\/produit\\\/chapeau-de-toit-comfoedge-de-zehnder\\\/#primaryimage\"},\"image\":{\"@id\":\"https:\\\/\\\/nature-et-developpement.com\\\/inova-terre-distribution\\\/produit\\\/chapeau-de-toit-comfoedge-de-zehnder\\\/#primaryimage\"},\"thumbnailUrl\":\"https:\\\/\\\/nature-et-developpement.com\\\/inova-terre-distribution\\\/wp-content\\\/uploads\\\/Chapeau-de-toit-ComfoEdge-de-Zehnder-noir.jpg\",\"datePublished\":\"2024-03-07T10:26:04+00:00\",\"dateModified\":\"2025-06-17T13:56:57+00:00\",\"breadcrumb\":{\"@id\":\"https:\\\/\\\/nature-et-developpement.com\\\/inova-terre-distribution\\\/produit\\\/chapeau-de-toit-comfoedge-de-zehnder\\\/#breadcrumb\"},\"inLanguage\":\"fr-FR\",\"potentialAction\":[{\"@type\":\"ReadAction\",\"target\":[\"https:\\\/\\\/nature-et-developpement.com\\\/inova-terre-distribution\\\/produit\\\/chapeau-de-toit-comfoedge-de-zehnder\\\/\"]}]},{\"@type\":\"ImageObject\",\"inLanguage\":\"fr-FR\",\"@id\":\"https:\\\/\\\/nature-et-developpement.com\\\/inova-terre-distribution\\\/produit\\\/chapeau-de-toit-comfoedge-de-zehnder\\\/#primaryimage\",\"url\":\"https:\\\/\\\/nature-et-developpement.com\\\/inova-terre-distribution\\\/wp-content\\\/uploads\\\/Chapeau-de-toit-ComfoEdge-de-Zehnder-noir.jpg\",\"contentUrl\":\"https:\\\/\\\/nature-et-developpement.com\\\/inova-terre-distribution\\\/wp-content\\\/uploads\\\/Chapeau-de-toit-ComfoEdge-de-Zehnder-noir.jpg\"},{\"@type\":\"BreadcrumbList\",\"@id\":\"https:\\\/\\\/nature-et-developpement.com\\\/inova-terre-distribution\\\/produit\\\/chapeau-de-toit-comfoedge-de-zehnder\\\/#breadcrumb\",\"itemListElement\":[{\"@type\":\"ListItem\",\"position\":1,\"name\":\"Accueil\",\"item\":\"https:\\\/\\\/nature-et-developpement.com\\\/inova-terre-distribution\\\/\"},{\"@type\":\"ListItem\",\"position\":2,\"name\":\"Boutique\",\"item\":\"https:\\\/\\\/nature-et-developpement.com\\\/inova-terre-distribution\\\/boutique\\\/\"},{\"@type\":\"ListItem\",\"position\":3,\"name\":\"Chauffage, eau et \u00e9nergie\",\"item\":\"https:\\\/\\\/nature-et-developpement.com\\\/inova-terre-distribution\\\/categorie-produit\\\/energie-et-ventilation\\\/\"},{\"@type\":\"ListItem\",\"position\":4,\"name\":\"Accessoires\",\"item\":\"https:\\\/\\\/nature-et-developpement.com\\\/inova-terre-distribution\\\/categorie-produit\\\/energie-et-ventilation\\\/accessoires\\\/\"},{\"@type\":\"ListItem\",\"position\":5,\"name\":\"Chapeau de toit ComfoEdge de Zehnder\"}]},{\"@type\":\"WebSite\",\"@id\":\"https:\\\/\\\/nature-et-developpement.com\\\/inova-terre-distribution\\\/#website\",\"url\":\"https:\\\/\\\/nature-et-developpement.com\\\/inova-terre-distribution\\\/\",\"name\":\"ECOBRIVA\",\"description\":\"ECOBRIVA est membre du groupement Nature &amp; D\u00e9veloppement\",\"publisher\":{\"@id\":\"https:\\\/\\\/nature-et-developpement.com\\\/inova-terre-distribution\\\/#organization\"},\"potentialAction\":[{\"@type\":\"SearchAction\",\"target\":{\"@type\":\"EntryPoint\",\"urlTemplate\":\"https:\\\/\\\/nature-et-developpement.com\\\/inova-terre-distribution\\\/?s={search_term_string}\"},\"query-input\":{\"@type\":\"PropertyValueSpecification\",\"valueRequired\":true,\"valueName\":\"search_term_string\"}}],\"inLanguage\":\"fr-FR\"},{\"@type\":\"Organization\",\"@id\":\"https:\\\/\\\/nature-et-developpement.com\\\/inova-terre-distribution\\\/#organization\",\"name\":\"ECOBRIVA\",\"url\":\"https:\\\/\\\/nature-et-developpement.com\\\/inova-terre-distribution\\\/\",\"logo\":{\"@type\":\"ImageObject\",\"inLanguage\":\"fr-FR\",\"@id\":\"https:\\\/\\\/nature-et-developpement.com\\\/inova-terre-distribution\\\/#\\\/schema\\\/logo\\\/image\\\/\",\"url\":\"https:\\\/\\\/nature-et-developpement.com\\\/inova-terre-distribution\\\/wp-content\\\/uploads\\\/sites\\\/29\\\/2026\\\/03\\\/logo-29.png\",\"contentUrl\":\"https:\\\/\\\/nature-et-developpement.com\\\/inova-terre-distribution\\\/wp-content\\\/uploads\\\/sites\\\/29\\\/2026\\\/03\\\/logo-29.png\",\"width\":250,\"height\":250,\"caption\":\"ECOBRIVA\"},\"image\":{\"@id\":\"https:\\\/\\\/nature-et-developpement.com\\\/inova-terre-distribution\\\/#\\\/schema\\\/logo\\\/image\\\/\"}}]}<\/script>\n<!-- \/ Yoast SEO plugin. -->","yoast_head_json":{"title":"Chapeau de toit ComfoEdge de Zehnder - ECOBRIVA","robots":{"index":"noindex","follow":"nofollow"},"og_locale":"fr_FR","og_type":"article","og_title":"Chapeau de toit ComfoEdge de Zehnder - ECOBRIVA","og_description":"Chapeau de toit isol\u00e9s et dot\u00e9s d'un rev\u00eatement anti-corrosion. Son montage facile gr\u00e2ce \u00e0 un solin avec un large angle d'inclinaison (de 6 \u00e0 60\u00b0) Installation performante avec tr\u00e8s peu de risques de condensation dans le syst\u00e8me de ventilation.","og_url":"https:\/\/nature-et-developpement.com\/inova-terre-distribution\/produit\/chapeau-de-toit-comfoedge-de-zehnder\/","og_site_name":"ECOBRIVA","article_modified_time":"2025-06-17T13:56:57+00:00","twitter_card":"summary_large_image","twitter_misc":{"Dur\u00e9e de lecture estim\u00e9e":"1 minute"},"schema":{"@context":"https:\/\/schema.org","@graph":[{"@type":"WebPage","@id":"https:\/\/nature-et-developpement.com\/inova-terre-distribution\/produit\/chapeau-de-toit-comfoedge-de-zehnder\/","url":"https:\/\/nature-et-developpement.com\/inova-terre-distribution\/produit\/chapeau-de-toit-comfoedge-de-zehnder\/","name":"Chapeau de toit ComfoEdge de Zehnder - ECOBRIVA","isPartOf":{"@id":"https:\/\/nature-et-developpement.com\/inova-terre-distribution\/#website"},"primaryImageOfPage":{"@id":"https:\/\/nature-et-developpement.com\/inova-terre-distribution\/produit\/chapeau-de-toit-comfoedge-de-zehnder\/#primaryimage"},"image":{"@id":"https:\/\/nature-et-developpement.com\/inova-terre-distribution\/produit\/chapeau-de-toit-comfoedge-de-zehnder\/#primaryimage"},"thumbnailUrl":"https:\/\/nature-et-developpement.com\/inova-terre-distribution\/wp-content\/uploads\/Chapeau-de-toit-ComfoEdge-de-Zehnder-noir.jpg","datePublished":"2024-03-07T10:26:04+00:00","dateModified":"2025-06-17T13:56:57+00:00","breadcrumb":{"@id":"https:\/\/nature-et-developpement.com\/inova-terre-distribution\/produit\/chapeau-de-toit-comfoedge-de-zehnder\/#breadcrumb"},"inLanguage":"fr-FR","potentialAction":[{"@type":"ReadAction","target":["https:\/\/nature-et-developpement.com\/inova-terre-distribution\/produit\/chapeau-de-toit-comfoedge-de-zehnder\/"]}]},{"@type":"ImageObject","inLanguage":"fr-FR","@id":"https:\/\/nature-et-developpement.com\/inova-terre-distribution\/produit\/chapeau-de-toit-comfoedge-de-zehnder\/#primaryimage","url":"https:\/\/nature-et-developpement.com\/inova-terre-distribution\/wp-content\/uploads\/Chapeau-de-toit-ComfoEdge-de-Zehnder-noir.jpg","contentUrl":"https:\/\/nature-et-developpement.com\/inova-terre-distribution\/wp-content\/uploads\/Chapeau-de-toit-ComfoEdge-de-Zehnder-noir.jpg"},{"@type":"BreadcrumbList","@id":"https:\/\/nature-et-developpement.com\/inova-terre-distribution\/produit\/chapeau-de-toit-comfoedge-de-zehnder\/#breadcrumb","itemListElement":[{"@type":"ListItem","position":1,"name":"Accueil","item":"https:\/\/nature-et-developpement.com\/inova-terre-distribution\/"},{"@type":"ListItem","position":2,"name":"Boutique","item":"https:\/\/nature-et-developpement.com\/inova-terre-distribution\/boutique\/"},{"@type":"ListItem","position":3,"name":"Chauffage, eau et \u00e9nergie","item":"https:\/\/nature-et-developpement.com\/inova-terre-distribution\/categorie-produit\/energie-et-ventilation\/"},{"@type":"ListItem","position":4,"name":"Accessoires","item":"https:\/\/nature-et-developpement.com\/inova-terre-distribution\/categorie-produit\/energie-et-ventilation\/accessoires\/"},{"@type":"ListItem","position":5,"name":"Chapeau de toit ComfoEdge de Zehnder"}]},{"@type":"WebSite","@id":"https:\/\/nature-et-developpement.com\/inova-terre-distribution\/#website","url":"https:\/\/nature-et-developpement.com\/inova-terre-distribution\/","name":"ECOBRIVA","description":"ECOBRIVA est membre du groupement Nature &amp; D\u00e9veloppement","publisher":{"@id":"https:\/\/nature-et-developpement.com\/inova-terre-distribution\/#organization"},"potentialAction":[{"@type":"SearchAction","target":{"@type":"EntryPoint","urlTemplate":"https:\/\/nature-et-developpement.com\/inova-terre-distribution\/?s={search_term_string}"},"query-input":{"@type":"PropertyValueSpecification","valueRequired":true,"valueName":"search_term_string"}}],"inLanguage":"fr-FR"},{"@type":"Organization","@id":"https:\/\/nature-et-developpement.com\/inova-terre-distribution\/#organization","name":"ECOBRIVA","url":"https:\/\/nature-et-developpement.com\/inova-terre-distribution\/","logo":{"@type":"ImageObject","inLanguage":"fr-FR","@id":"https:\/\/nature-et-developpement.com\/inova-terre-distribution\/#\/schema\/logo\/image\/","url":"https:\/\/nature-et-developpement.com\/inova-terre-distribution\/wp-content\/uploads\/sites\/29\/2026\/03\/logo-29.png","contentUrl":"https:\/\/nature-et-developpement.com\/inova-terre-distribution\/wp-content\/uploads\/sites\/29\/2026\/03\/logo-29.png","width":250,"height":250,"caption":"ECOBRIVA"},"image":{"@id":"https:\/\/nature-et-developpement.com\/inova-terre-distribution\/#\/schema\/logo\/image\/"}}]}},"distributor_meta":false,"distributor_terms":false,"distributor_media":false,"distributor_original_site_name":"ECOBRIVA","distributor_original_site_url":"https:\/\/nature-et-developpement.com\/inova-terre-distribution","push-errors":false,"_links":{"self":[{"href":"https:\/\/nature-et-developpement.com\/inova-terre-distribution\/wp-json\/wp\/v2\/product\/7531","targetHints":{"allow":["GET"]}}],"collection":[{"href":"https:\/\/nature-et-developpement.com\/inova-terre-distribution\/wp-json\/wp\/v2\/product"}],"about":[{"href":"https:\/\/nature-et-developpement.com\/inova-terre-distribution\/wp-json\/wp\/v2\/types\/product"}],"wp:featuredmedia":[{"embeddable":true,"href":"https:\/\/nature-et-developpement.com\/inova-terre-distribution\/wp-json\/"}],"wp:attachment":[{"href":"https:\/\/nature-et-developpement.com\/inova-terre-distribution\/wp-json\/wp\/v2\/media?parent=7531"}],"wp:term":[{"taxonomy":"product_brand","embeddable":true,"href":"https:\/\/nature-et-developpement.com\/inova-terre-distribution\/wp-json\/wp\/v2\/product_brand?post=7531"},{"taxonomy":"product_cat","embeddable":true,"href":"https:\/\/nature-et-developpement.com\/inova-terre-distribution\/wp-json\/wp\/v2\/product_cat?post=7531"},{"taxonomy":"product_tag","embeddable":true,"href":"https:\/\/nature-et-developpement.com\/inova-terre-distribution\/wp-json\/wp\/v2\/product_tag?post=7531"}],"curies":[{"name":"wp","href":"https:\/\/api.w.org\/{rel}","templated":true}]}}