{"id":14633,"date":"2021-10-07T12:51:54","date_gmt":"2021-10-07T10:51:54","guid":{"rendered":"https:\/\/nature-et-developpement.com\/logibio\/?post_type=product&#038;p=14633"},"modified":"2026-04-30T19:05:49","modified_gmt":"2026-04-30T17:05:49","slug":"concentres-de-teintes-keim","status":"publish","type":"product","link":"https:\/\/nature-et-developpement.com\/logibio\/produit\/concentres-de-teintes-keim\/","title":{"rendered":"Concentr\u00e9s de Teintes KEIM"},"content":{"rendered":"<div class=\"col-lg-12\">\n<h2 class=\"product-title inverse\">KEIM Concentr\u00e9s de Teintes<\/h2>\n<\/div>\n<div class=\"col-lg-12 inverse\">\n<p>Gamme de 10 concentr\u00e9s de teintes \u00e0 base de silicate de potassium et de pigments min\u00e9raux.<\/p>\n<p>Conforme \u00e0 la norme NFT 36-005 Famille I, Cat\u00e9gorie 1b1 (produits contenant au plus 5% de compos\u00e9s organiques selon le fascicule de documentation FD T 30-808.).<\/p>\n<p>Les concentr\u00e9s de teintes KEIM permettent une mise \u00e0 la teinte ais\u00e9e des peintures des syst\u00e8mes KEIM Granital, KEIM Ecosil-ME et KEIM Mycal-Top.<\/p>\n<p>Ils peuvent \u00e9galement \u00eatre appliqu\u00e9s comme peinture de finition pour l\u2019ex\u00e9cution de rev\u00eatements min\u00e9raux de teinte tr\u00e8s soutenue.<\/p>\n<p><strong>Attention : ne pas confondre les num\u00e9ros de teintes avec les r\u00e9f\u00e9rences RAL de teintes.<\/strong><\/p>\n<p>&nbsp;<\/p>\n<\/div>\n<div class=\"col-lg-6 inverse\">\n<p><strong>Teintes<\/strong><br \/>\nDisponible uniquement dans les teintes 9001 \u00e0 9010 du nuancier KEIM Exclusiv.<\/p>\n<\/div>\n<div class=\"col-lg-6 inverse\">\n<p><strong>Conditionnement<\/strong><br \/>\nBidon de 1 kg, seau plastique 5 kg et 25 kg.<\/p>\n<p>&nbsp;<\/p>\n<\/div>\n<p><strong>Commande<\/strong><br \/>\nAjoutez le chiffre de la couleur choisie dans la case \u00ab\u00a0Compl\u00e9ments\u00a0\u00bb.<\/p>\n","protected":false},"excerpt":{"rendered":"<p><strong><a class=\"btn btn-default\" href=\"https:\/\/nature-et-developpement.com\/wp-content\/uploads\/cms\/KEIM\/Spektrum_KEIM.pdf\" target=\"_blank\" rel=\"noopener\"><img loading=\"lazy\" decoding=\"async\" class=\"alignleft wp-image-108482\" src=\"https:\/\/nature-et-developpement.com\/wp-content\/uploads\/cms\/NATURA\/COULEURS_2020-450x450.jpg\" alt=\"\" width=\"30\" height=\"30\" \/><\/a><a href=\"https:\/\/nature-et-developpement.com\/wp-content\/uploads\/Spektrum_KEIM-ND.pdf\" target=\"_blank\" rel=\"noopener\">Choisissez votre couleur<\/a><\/strong><\/p>\n<p>&nbsp;<\/p>\n<p>Disponible uniquement dans les teintes 9001 \u00e0 9010 du nuancier KEIM Exclusiv.<\/p>\n<p>Gamme de 10 concentr\u00e9s de teintes \u00e0 base de silicate de potassium et de pigments min\u00e9raux permettant une mise \u00e0 la teinte ais\u00e9e des peintures KEIM Granital, KEIM Ecosil-ME et KEIM Mycal-Top ou\u00a0comme peinture de finition pour l\u2019ex\u00e9cution de rev\u00eatements min\u00e9raux de teinte tr\u00e8s soutenue.<\/p>\n","protected":false},"featured_media":1000000201191,"template":"","meta":[],"product_brand":[2730],"product_cat":[195,64],"product_tag":[4079],"class_list":{"0":"post-14633","1":"product","2":"type-product","3":"status-publish","4":"has-post-thumbnail","6":"product_brand-keim","7":"product_cat-colorants-et-pigments","8":"product_cat-peinture-ecologique","9":"product_tag-peinture","10":"product_shipping_class-peintures-accessoires-peintures","12":"first","13":"instock","14":"taxable","15":"shipping-taxable","16":"purchasable","17":"product-type-variable"},"yoast_head":"<!-- This site is optimized with the Yoast SEO plugin v27.5 - https:\/\/yoast.com\/product\/yoast-seo-wordpress\/ -->\n<title>Concentr\u00e9s de Teintes KEIM<\/title>\n<meta name=\"description\" content=\"Gamme de 10 concentr\u00e9s de teintes pour les peintures KEIM ou\u00a0comme peinture de finition pour l\u2019ex\u00e9cution de rev\u00eatements min\u00e9raux de teinte tr\u00e8s soutenue.\" \/>\n<meta name=\"robots\" content=\"noindex, nofollow\" \/>\n<meta property=\"og:locale\" content=\"fr_FR\" \/>\n<meta property=\"og:type\" content=\"article\" \/>\n<meta property=\"og:title\" content=\"Concentr\u00e9s de Teintes KEIM\" \/>\n<meta property=\"og:description\" content=\"Gamme de 10 concentr\u00e9s de teintes pour les peintures KEIM ou\u00a0comme peinture de finition pour l\u2019ex\u00e9cution de rev\u00eatements min\u00e9raux de teinte tr\u00e8s soutenue.\" \/>\n<meta property=\"og:url\" content=\"https:\/\/nature-et-developpement.com\/logibio\/produit\/concentres-de-teintes-keim\/\" \/>\n<meta property=\"og:site_name\" content=\"LogiBio\" \/>\n<meta property=\"article:publisher\" content=\"https:\/\/www.facebook.com\/LogiBio-104633131528471\" \/>\n<meta property=\"article:modified_time\" content=\"2026-04-30T17:05:49+00:00\" \/>\n<meta name=\"twitter:card\" content=\"summary_large_image\" \/>\n<meta name=\"twitter:label1\" content=\"Dur\u00e9e de lecture estim\u00e9e\" \/>\n\t<meta name=\"twitter:data1\" content=\"1 minute\" \/>\n<script type=\"application\/ld+json\" class=\"yoast-schema-graph\">{\"@context\":\"https:\\\/\\\/schema.org\",\"@graph\":[{\"@type\":\"WebPage\",\"@id\":\"https:\\\/\\\/nature-et-developpement.com\\\/logibio\\\/produit\\\/concentres-de-teintes-keim\\\/\",\"url\":\"https:\\\/\\\/nature-et-developpement.com\\\/logibio\\\/produit\\\/concentres-de-teintes-keim\\\/\",\"name\":\"Concentr\u00e9s de Teintes KEIM\",\"isPartOf\":{\"@id\":\"https:\\\/\\\/nature-et-developpement.com\\\/logibio\\\/#website\"},\"primaryImageOfPage\":{\"@id\":\"https:\\\/\\\/nature-et-developpement.com\\\/logibio\\\/produit\\\/concentres-de-teintes-keim\\\/#primaryimage\"},\"image\":{\"@id\":\"https:\\\/\\\/nature-et-developpement.com\\\/logibio\\\/produit\\\/concentres-de-teintes-keim\\\/#primaryimage\"},\"thumbnailUrl\":\"https:\\\/\\\/nature-et-developpement.com\\\/logibio\\\/wp-content\\\/uploads\\\/Concentres-de-Teintes-KEIM-1Kg.jpg\",\"datePublished\":\"2021-10-07T10:51:54+00:00\",\"dateModified\":\"2026-04-30T17:05:49+00:00\",\"description\":\"Gamme de 10 concentr\u00e9s de teintes pour les peintures KEIM ou\u00a0comme peinture de finition pour l\u2019ex\u00e9cution de rev\u00eatements min\u00e9raux de teinte tr\u00e8s soutenue.\",\"breadcrumb\":{\"@id\":\"https:\\\/\\\/nature-et-developpement.com\\\/logibio\\\/produit\\\/concentres-de-teintes-keim\\\/#breadcrumb\"},\"inLanguage\":\"fr-FR\",\"potentialAction\":[{\"@type\":\"ReadAction\",\"target\":[\"https:\\\/\\\/nature-et-developpement.com\\\/logibio\\\/produit\\\/concentres-de-teintes-keim\\\/\"]}]},{\"@type\":\"ImageObject\",\"inLanguage\":\"fr-FR\",\"@id\":\"https:\\\/\\\/nature-et-developpement.com\\\/logibio\\\/produit\\\/concentres-de-teintes-keim\\\/#primaryimage\",\"url\":\"https:\\\/\\\/nature-et-developpement.com\\\/logibio\\\/wp-content\\\/uploads\\\/Concentres-de-Teintes-KEIM-1Kg.jpg\",\"contentUrl\":\"https:\\\/\\\/nature-et-developpement.com\\\/logibio\\\/wp-content\\\/uploads\\\/Concentres-de-Teintes-KEIM-1Kg.jpg\"},{\"@type\":\"BreadcrumbList\",\"@id\":\"https:\\\/\\\/nature-et-developpement.com\\\/logibio\\\/produit\\\/concentres-de-teintes-keim\\\/#breadcrumb\",\"itemListElement\":[{\"@type\":\"ListItem\",\"position\":1,\"name\":\"Accueil\",\"item\":\"https:\\\/\\\/nature-et-developpement.com\\\/logibio\\\/\"},{\"@type\":\"ListItem\",\"position\":2,\"name\":\"Contacter LogiBio\",\"item\":\"https:\\\/\\\/nature-et-developpement.com\\\/logibio\\\/contact\\\/\"},{\"@type\":\"ListItem\",\"position\":3,\"name\":\"Peinture, pigment et enduit\",\"item\":\"https:\\\/\\\/nature-et-developpement.com\\\/logibio\\\/produits\\\/peinture-et-enduit\\\/\"},{\"@type\":\"ListItem\",\"position\":4,\"name\":\"Peintures\",\"item\":\"https:\\\/\\\/nature-et-developpement.com\\\/logibio\\\/produits\\\/peinture-et-enduit\\\/peinture-ecologique\\\/\"},{\"@type\":\"ListItem\",\"position\":5,\"name\":\"Concentr\u00e9s de Teintes KEIM\"}]},{\"@type\":\"WebSite\",\"@id\":\"https:\\\/\\\/nature-et-developpement.com\\\/logibio\\\/#website\",\"url\":\"https:\\\/\\\/nature-et-developpement.com\\\/logibio\\\/\",\"name\":\"LogiBio\",\"description\":\"LogiBio fait partie du groupement Nature &amp; D\u00e9veloppement.\",\"publisher\":{\"@id\":\"https:\\\/\\\/nature-et-developpement.com\\\/logibio\\\/#organization\"},\"potentialAction\":[{\"@type\":\"SearchAction\",\"target\":{\"@type\":\"EntryPoint\",\"urlTemplate\":\"https:\\\/\\\/nature-et-developpement.com\\\/logibio\\\/?s={search_term_string}\"},\"query-input\":{\"@type\":\"PropertyValueSpecification\",\"valueRequired\":true,\"valueName\":\"search_term_string\"}}],\"inLanguage\":\"fr-FR\"},{\"@type\":\"Organization\",\"@id\":\"https:\\\/\\\/nature-et-developpement.com\\\/logibio\\\/#organization\",\"name\":\"LogiBio\",\"url\":\"https:\\\/\\\/nature-et-developpement.com\\\/logibio\\\/\",\"logo\":{\"@type\":\"ImageObject\",\"inLanguage\":\"fr-FR\",\"@id\":\"https:\\\/\\\/nature-et-developpement.com\\\/logibio\\\/#\\\/schema\\\/logo\\\/image\\\/\",\"url\":\"https:\\\/\\\/nature-et-developpement.com\\\/logibio\\\/wp-content\\\/uploads\\\/sites\\\/20\\\/2021\\\/09\\\/cropped-Logo_LogiBio_150-150-1.jpg\",\"contentUrl\":\"https:\\\/\\\/nature-et-developpement.com\\\/logibio\\\/wp-content\\\/uploads\\\/sites\\\/20\\\/2021\\\/09\\\/cropped-Logo_LogiBio_150-150-1.jpg\",\"width\":150,\"height\":112,\"caption\":\"LogiBio\"},\"image\":{\"@id\":\"https:\\\/\\\/nature-et-developpement.com\\\/logibio\\\/#\\\/schema\\\/logo\\\/image\\\/\"},\"sameAs\":[\"https:\\\/\\\/www.facebook.com\\\/LogiBio-104633131528471\",\"https:\\\/\\\/www.instagram.com\\\/logibio\\\/\"]}]}<\/script>\n<!-- \/ Yoast SEO plugin. -->","yoast_head_json":{"title":"Concentr\u00e9s de Teintes KEIM","description":"Gamme de 10 concentr\u00e9s de teintes pour les peintures KEIM ou\u00a0comme peinture de finition pour l\u2019ex\u00e9cution de rev\u00eatements min\u00e9raux de teinte tr\u00e8s soutenue.","robots":{"index":"noindex","follow":"nofollow"},"og_locale":"fr_FR","og_type":"article","og_title":"Concentr\u00e9s de Teintes KEIM","og_description":"Gamme de 10 concentr\u00e9s de teintes pour les peintures KEIM ou\u00a0comme peinture de finition pour l\u2019ex\u00e9cution de rev\u00eatements min\u00e9raux de teinte tr\u00e8s soutenue.","og_url":"https:\/\/nature-et-developpement.com\/logibio\/produit\/concentres-de-teintes-keim\/","og_site_name":"LogiBio","article_publisher":"https:\/\/www.facebook.com\/LogiBio-104633131528471","article_modified_time":"2026-04-30T17:05:49+00:00","twitter_card":"summary_large_image","twitter_misc":{"Dur\u00e9e de lecture estim\u00e9e":"1 minute"},"schema":{"@context":"https:\/\/schema.org","@graph":[{"@type":"WebPage","@id":"https:\/\/nature-et-developpement.com\/logibio\/produit\/concentres-de-teintes-keim\/","url":"https:\/\/nature-et-developpement.com\/logibio\/produit\/concentres-de-teintes-keim\/","name":"Concentr\u00e9s de Teintes KEIM","isPartOf":{"@id":"https:\/\/nature-et-developpement.com\/logibio\/#website"},"primaryImageOfPage":{"@id":"https:\/\/nature-et-developpement.com\/logibio\/produit\/concentres-de-teintes-keim\/#primaryimage"},"image":{"@id":"https:\/\/nature-et-developpement.com\/logibio\/produit\/concentres-de-teintes-keim\/#primaryimage"},"thumbnailUrl":"https:\/\/nature-et-developpement.com\/logibio\/wp-content\/uploads\/Concentres-de-Teintes-KEIM-1Kg.jpg","datePublished":"2021-10-07T10:51:54+00:00","dateModified":"2026-04-30T17:05:49+00:00","description":"Gamme de 10 concentr\u00e9s de teintes pour les peintures KEIM ou\u00a0comme peinture de finition pour l\u2019ex\u00e9cution de rev\u00eatements min\u00e9raux de teinte tr\u00e8s soutenue.","breadcrumb":{"@id":"https:\/\/nature-et-developpement.com\/logibio\/produit\/concentres-de-teintes-keim\/#breadcrumb"},"inLanguage":"fr-FR","potentialAction":[{"@type":"ReadAction","target":["https:\/\/nature-et-developpement.com\/logibio\/produit\/concentres-de-teintes-keim\/"]}]},{"@type":"ImageObject","inLanguage":"fr-FR","@id":"https:\/\/nature-et-developpement.com\/logibio\/produit\/concentres-de-teintes-keim\/#primaryimage","url":"https:\/\/nature-et-developpement.com\/logibio\/wp-content\/uploads\/Concentres-de-Teintes-KEIM-1Kg.jpg","contentUrl":"https:\/\/nature-et-developpement.com\/logibio\/wp-content\/uploads\/Concentres-de-Teintes-KEIM-1Kg.jpg"},{"@type":"BreadcrumbList","@id":"https:\/\/nature-et-developpement.com\/logibio\/produit\/concentres-de-teintes-keim\/#breadcrumb","itemListElement":[{"@type":"ListItem","position":1,"name":"Accueil","item":"https:\/\/nature-et-developpement.com\/logibio\/"},{"@type":"ListItem","position":2,"name":"Contacter LogiBio","item":"https:\/\/nature-et-developpement.com\/logibio\/contact\/"},{"@type":"ListItem","position":3,"name":"Peinture, pigment et enduit","item":"https:\/\/nature-et-developpement.com\/logibio\/produits\/peinture-et-enduit\/"},{"@type":"ListItem","position":4,"name":"Peintures","item":"https:\/\/nature-et-developpement.com\/logibio\/produits\/peinture-et-enduit\/peinture-ecologique\/"},{"@type":"ListItem","position":5,"name":"Concentr\u00e9s de Teintes KEIM"}]},{"@type":"WebSite","@id":"https:\/\/nature-et-developpement.com\/logibio\/#website","url":"https:\/\/nature-et-developpement.com\/logibio\/","name":"LogiBio","description":"LogiBio fait partie du groupement Nature &amp; D\u00e9veloppement.","publisher":{"@id":"https:\/\/nature-et-developpement.com\/logibio\/#organization"},"potentialAction":[{"@type":"SearchAction","target":{"@type":"EntryPoint","urlTemplate":"https:\/\/nature-et-developpement.com\/logibio\/?s={search_term_string}"},"query-input":{"@type":"PropertyValueSpecification","valueRequired":true,"valueName":"search_term_string"}}],"inLanguage":"fr-FR"},{"@type":"Organization","@id":"https:\/\/nature-et-developpement.com\/logibio\/#organization","name":"LogiBio","url":"https:\/\/nature-et-developpement.com\/logibio\/","logo":{"@type":"ImageObject","inLanguage":"fr-FR","@id":"https:\/\/nature-et-developpement.com\/logibio\/#\/schema\/logo\/image\/","url":"https:\/\/nature-et-developpement.com\/logibio\/wp-content\/uploads\/sites\/20\/2021\/09\/cropped-Logo_LogiBio_150-150-1.jpg","contentUrl":"https:\/\/nature-et-developpement.com\/logibio\/wp-content\/uploads\/sites\/20\/2021\/09\/cropped-Logo_LogiBio_150-150-1.jpg","width":150,"height":112,"caption":"LogiBio"},"image":{"@id":"https:\/\/nature-et-developpement.com\/logibio\/#\/schema\/logo\/image\/"},"sameAs":["https:\/\/www.facebook.com\/LogiBio-104633131528471","https:\/\/www.instagram.com\/logibio\/"]}]}},"distributor_meta":false,"distributor_terms":false,"distributor_media":false,"distributor_original_site_name":"LogiBio","distributor_original_site_url":"https:\/\/nature-et-developpement.com\/logibio","push-errors":false,"_links":{"self":[{"href":"https:\/\/nature-et-developpement.com\/logibio\/wp-json\/wp\/v2\/product\/14633","targetHints":{"allow":["GET"]}}],"collection":[{"href":"https:\/\/nature-et-developpement.com\/logibio\/wp-json\/wp\/v2\/product"}],"about":[{"href":"https:\/\/nature-et-developpement.com\/logibio\/wp-json\/wp\/v2\/types\/product"}],"wp:featuredmedia":[{"embeddable":true,"href":"https:\/\/nature-et-developpement.com\/logibio\/wp-json\/"}],"wp:attachment":[{"href":"https:\/\/nature-et-developpement.com\/logibio\/wp-json\/wp\/v2\/media?parent=14633"}],"wp:term":[{"taxonomy":"product_brand","embeddable":true,"href":"https:\/\/nature-et-developpement.com\/logibio\/wp-json\/wp\/v2\/product_brand?post=14633"},{"taxonomy":"product_cat","embeddable":true,"href":"https:\/\/nature-et-developpement.com\/logibio\/wp-json\/wp\/v2\/product_cat?post=14633"},{"taxonomy":"product_tag","embeddable":true,"href":"https:\/\/nature-et-developpement.com\/logibio\/wp-json\/wp\/v2\/product_tag?post=14633"}],"curies":[{"name":"wp","href":"https:\/\/api.w.org\/{rel}","templated":true}]}}