{"id":34153,"date":"2022-07-22T11:52:43","date_gmt":"2022-07-22T09:52:43","guid":{"rendered":"https:\/\/nature-et-developpement.com\/logisain-44\/produit\/raccord-pour-couvertures-ondulees-ehv-a-adapte-aux-fenetres-de-toit-fakro\/"},"modified":"2025-09-02T12:50:09","modified_gmt":"2025-09-02T10:50:09","slug":"raccord-pour-couvertures-ondulees-ehv-a-adapte-aux-fenetres-de-toit-fakro","status":"publish","type":"product","link":"https:\/\/nature-et-developpement.com\/logisain-44\/produit\/raccord-pour-couvertures-ondulees-ehv-a-adapte-aux-fenetres-de-toit-fakro\/","title":{"rendered":"Raccord pour couvertures ondul\u00e9es EHV-A adapt\u00e9 aux fen\u00eatres de toit Fakro"},"content":{"rendered":"<h2>Raccordements pour les couvertures en tuiles et \u00e0 fort relief<\/h2>\n<p>Le raccord conduit l\u2019eau pluviale et la neige au del\u00e0 de la fen\u00eatre, et la prot\u00e8ge \u00e9galement contre le vent.<\/p>\n<p><strong>Le raccordement EH<\/strong>\u00a0permet le montage \u00e9tanche de la fen\u00eatre dans un toit \u00e0 couverture \u00e0 fort relief : tuile canal, t\u00f4le ondul\u00e9e grandes ondes. Il peut \u00eatre mont\u00e9 dans les couvertures jusqu&rsquo;\u00e0 90 mm de hauteur d&rsquo;onde.<\/p>\n<p>En version standard, il est destin\u00e9 au montage d&rsquo;une fen\u00eatre dans le toit. Il existe aussi en version modulable pour combiner plusieurs fen\u00eatres.<\/p>\n<p>Montage possible dans un toit \u00e0 pente entre 15\u00ba et 90\u00ba<\/p>\n","protected":false},"excerpt":{"rendered":"<p>Gr\u00e2ce \u00e0 sa conception, les fen\u00eatres de toit s\u2019adaptent et s\u2019int\u00e8grent parfaitement aux couvertures ondul\u00e9es (compatible avec tuiles \u00e0 embo\u00eetement \u00e0 relief, bac acier, etc\u2026).<br \/>\nLes raccords sont indispensables pour installer les fen\u00eatres de mani\u00e8re \u00e9tanche et correcte dans le toit.<\/p>\n","protected":false},"featured_media":1000000168566,"template":"","meta":[],"product_brand":[10222],"product_cat":[7388],"product_tag":[11766],"class_list":{"0":"post-34153","1":"product","2":"type-product","3":"status-publish","4":"has-post-thumbnail","6":"product_brand-fakro","7":"product_cat-accessoires-construction","8":"product_tag-fakro","9":"product_shipping_class-petit-equipement-outil-eclairage","11":"first","12":"instock","13":"taxable","14":"shipping-taxable","15":"purchasable","16":"product-type-variable"},"yoast_head":"<!-- This site is optimized with the Yoast SEO plugin v27.5 - https:\/\/yoast.com\/product\/yoast-seo-wordpress\/ -->\n<title>Raccord pour couvertures ondul\u00e9es EHV-A adapt\u00e9 aux fen\u00eatres de toit Fakro - Logisain 44<\/title>\n<meta name=\"description\" content=\"Gr\u00e2ce \u00e0 sa conception, les fen\u00eatres de toit s\u2019adaptent et s\u2019int\u00e8grent parfaitement aux couvertures ondul\u00e9es (compatible avec tuiles \u00e0 embo\u00eetement \u00e0 relief, bac acier, etc\u2026). Les raccords sont indispensables pour installer les fen\u00eatres de mani\u00e8re \u00e9tanche et correcte dans le toit. Loire-Atlantique\" \/>\n<meta name=\"robots\" content=\"noindex, nofollow\" \/>\n<meta property=\"og:locale\" content=\"fr_FR\" \/>\n<meta property=\"og:type\" content=\"article\" \/>\n<meta property=\"og:title\" content=\"Raccord pour couvertures ondul\u00e9es EHV-A adapt\u00e9 aux fen\u00eatres de toit Fakro - Logisain 44\" \/>\n<meta property=\"og:description\" content=\"Gr\u00e2ce \u00e0 sa conception, les fen\u00eatres de toit s\u2019adaptent et s\u2019int\u00e8grent parfaitement aux couvertures ondul\u00e9es (compatible avec tuiles \u00e0 embo\u00eetement \u00e0 relief, bac acier, etc\u2026). Les raccords sont indispensables pour installer les fen\u00eatres de mani\u00e8re \u00e9tanche et correcte dans le toit. Loire-Atlantique\" \/>\n<meta property=\"og:url\" content=\"https:\/\/nature-et-developpement.com\/logisain-44\/produit\/raccord-pour-couvertures-ondulees-ehv-a-adapte-aux-fenetres-de-toit-fakro\/\" \/>\n<meta property=\"og:site_name\" content=\"Logisain 44\" \/>\n<meta property=\"article:modified_time\" content=\"2025-09-02T10:50:09+00:00\" \/>\n<meta name=\"twitter:card\" content=\"summary_large_image\" \/>\n<meta name=\"twitter:label1\" content=\"Dur\u00e9e de lecture estim\u00e9e\" \/>\n\t<meta name=\"twitter:data1\" content=\"1 minute\" \/>\n<script type=\"application\/ld+json\" class=\"yoast-schema-graph\">{\"@context\":\"https:\\\/\\\/schema.org\",\"@graph\":[{\"@type\":\"WebPage\",\"@id\":\"https:\\\/\\\/nature-et-developpement.com\\\/logisain-44\\\/produit\\\/raccord-pour-couvertures-ondulees-ehv-a-adapte-aux-fenetres-de-toit-fakro\\\/\",\"url\":\"https:\\\/\\\/nature-et-developpement.com\\\/logisain-44\\\/produit\\\/raccord-pour-couvertures-ondulees-ehv-a-adapte-aux-fenetres-de-toit-fakro\\\/\",\"name\":\"Raccord pour couvertures ondul\u00e9es EHV-A adapt\u00e9 aux fen\u00eatres de toit Fakro - Logisain 44\",\"isPartOf\":{\"@id\":\"https:\\\/\\\/nature-et-developpement.com\\\/logisain-44\\\/#website\"},\"primaryImageOfPage\":{\"@id\":\"https:\\\/\\\/nature-et-developpement.com\\\/logisain-44\\\/produit\\\/raccord-pour-couvertures-ondulees-ehv-a-adapte-aux-fenetres-de-toit-fakro\\\/#primaryimage\"},\"image\":{\"@id\":\"https:\\\/\\\/nature-et-developpement.com\\\/logisain-44\\\/produit\\\/raccord-pour-couvertures-ondulees-ehv-a-adapte-aux-fenetres-de-toit-fakro\\\/#primaryimage\"},\"thumbnailUrl\":\"https:\\\/\\\/nature-et-developpement.com\\\/logisain-44\\\/wp-content\\\/uploads\\\/Raccord-EHV-A-Fakro.jpg\",\"datePublished\":\"2022-07-22T09:52:43+00:00\",\"dateModified\":\"2025-09-02T10:50:09+00:00\",\"description\":\"Gr\u00e2ce \u00e0 sa conception, les fen\u00eatres de toit s\u2019adaptent et s\u2019int\u00e8grent parfaitement aux couvertures ondul\u00e9es (compatible avec tuiles \u00e0 embo\u00eetement \u00e0 relief, bac acier, etc\u2026). Les raccords sont indispensables pour installer les fen\u00eatres de mani\u00e8re \u00e9tanche et correcte dans le toit. Loire-Atlantique\",\"breadcrumb\":{\"@id\":\"https:\\\/\\\/nature-et-developpement.com\\\/logisain-44\\\/produit\\\/raccord-pour-couvertures-ondulees-ehv-a-adapte-aux-fenetres-de-toit-fakro\\\/#breadcrumb\"},\"inLanguage\":\"fr-FR\",\"potentialAction\":[{\"@type\":\"ReadAction\",\"target\":[\"https:\\\/\\\/nature-et-developpement.com\\\/logisain-44\\\/produit\\\/raccord-pour-couvertures-ondulees-ehv-a-adapte-aux-fenetres-de-toit-fakro\\\/\"]}]},{\"@type\":\"ImageObject\",\"inLanguage\":\"fr-FR\",\"@id\":\"https:\\\/\\\/nature-et-developpement.com\\\/logisain-44\\\/produit\\\/raccord-pour-couvertures-ondulees-ehv-a-adapte-aux-fenetres-de-toit-fakro\\\/#primaryimage\",\"url\":\"https:\\\/\\\/nature-et-developpement.com\\\/logisain-44\\\/wp-content\\\/uploads\\\/Raccord-EHV-A-Fakro.jpg\",\"contentUrl\":\"https:\\\/\\\/nature-et-developpement.com\\\/logisain-44\\\/wp-content\\\/uploads\\\/Raccord-EHV-A-Fakro.jpg\"},{\"@type\":\"BreadcrumbList\",\"@id\":\"https:\\\/\\\/nature-et-developpement.com\\\/logisain-44\\\/produit\\\/raccord-pour-couvertures-ondulees-ehv-a-adapte-aux-fenetres-de-toit-fakro\\\/#breadcrumb\",\"itemListElement\":[{\"@type\":\"ListItem\",\"position\":1,\"name\":\"Accueil\",\"item\":\"https:\\\/\\\/nature-et-developpement.com\\\/logisain-44\\\/\"},{\"@type\":\"ListItem\",\"position\":2,\"name\":\"Produits\",\"item\":\"https:\\\/\\\/nature-et-developpement.com\\\/logisain-44\\\/shop\\\/\"},{\"@type\":\"ListItem\",\"position\":3,\"name\":\"Construction, cloison et fen\u00eatres\",\"item\":\"https:\\\/\\\/nature-et-developpement.com\\\/logisain-44\\\/produits\\\/construction\\\/\"},{\"@type\":\"ListItem\",\"position\":4,\"name\":\"Accessoires construction\",\"item\":\"https:\\\/\\\/nature-et-developpement.com\\\/logisain-44\\\/produits\\\/construction\\\/accessoires-construction\\\/\"},{\"@type\":\"ListItem\",\"position\":5,\"name\":\"Raccord pour couvertures ondul\u00e9es EHV-A adapt\u00e9 aux fen\u00eatres de toit Fakro\"}]},{\"@type\":\"WebSite\",\"@id\":\"https:\\\/\\\/nature-et-developpement.com\\\/logisain-44\\\/#website\",\"url\":\"https:\\\/\\\/nature-et-developpement.com\\\/logisain-44\\\/\",\"name\":\"Logisain 44\",\"description\":\"Logisain 44 est membre du groupement Nature &amp; D\u00e9veloppement\",\"publisher\":{\"@id\":\"https:\\\/\\\/nature-et-developpement.com\\\/logisain-44\\\/#organization\"},\"potentialAction\":[{\"@type\":\"SearchAction\",\"target\":{\"@type\":\"EntryPoint\",\"urlTemplate\":\"https:\\\/\\\/nature-et-developpement.com\\\/logisain-44\\\/?s={search_term_string}\"},\"query-input\":{\"@type\":\"PropertyValueSpecification\",\"valueRequired\":true,\"valueName\":\"search_term_string\"}}],\"inLanguage\":\"fr-FR\"},{\"@type\":\"Organization\",\"@id\":\"https:\\\/\\\/nature-et-developpement.com\\\/logisain-44\\\/#organization\",\"name\":\"Logisain 44\",\"url\":\"https:\\\/\\\/nature-et-developpement.com\\\/logisain-44\\\/\",\"logo\":{\"@type\":\"ImageObject\",\"inLanguage\":\"fr-FR\",\"@id\":\"https:\\\/\\\/nature-et-developpement.com\\\/logisain-44\\\/#\\\/schema\\\/logo\\\/image\\\/\",\"url\":\"https:\\\/\\\/nature-et-developpement.com\\\/logisain-44\\\/wp-content\\\/uploads\\\/sites\\\/4\\\/2021\\\/08\\\/logo-logisain.jpg\",\"contentUrl\":\"https:\\\/\\\/nature-et-developpement.com\\\/logisain-44\\\/wp-content\\\/uploads\\\/sites\\\/4\\\/2021\\\/08\\\/logo-logisain.jpg\",\"width\":672,\"height\":455,\"caption\":\"Logisain 44\"},\"image\":{\"@id\":\"https:\\\/\\\/nature-et-developpement.com\\\/logisain-44\\\/#\\\/schema\\\/logo\\\/image\\\/\"}}]}<\/script>\n<!-- \/ Yoast SEO plugin. -->","yoast_head_json":{"title":"Raccord pour couvertures ondul\u00e9es EHV-A adapt\u00e9 aux fen\u00eatres de toit Fakro - Logisain 44","description":"Gr\u00e2ce \u00e0 sa conception, les fen\u00eatres de toit s\u2019adaptent et s\u2019int\u00e8grent parfaitement aux couvertures ondul\u00e9es (compatible avec tuiles \u00e0 embo\u00eetement \u00e0 relief, bac acier, etc\u2026). Les raccords sont indispensables pour installer les fen\u00eatres de mani\u00e8re \u00e9tanche et correcte dans le toit. Loire-Atlantique","robots":{"index":"noindex","follow":"nofollow"},"og_locale":"fr_FR","og_type":"article","og_title":"Raccord pour couvertures ondul\u00e9es EHV-A adapt\u00e9 aux fen\u00eatres de toit Fakro - Logisain 44","og_description":"Gr\u00e2ce \u00e0 sa conception, les fen\u00eatres de toit s\u2019adaptent et s\u2019int\u00e8grent parfaitement aux couvertures ondul\u00e9es (compatible avec tuiles \u00e0 embo\u00eetement \u00e0 relief, bac acier, etc\u2026). Les raccords sont indispensables pour installer les fen\u00eatres de mani\u00e8re \u00e9tanche et correcte dans le toit. Loire-Atlantique","og_url":"https:\/\/nature-et-developpement.com\/logisain-44\/produit\/raccord-pour-couvertures-ondulees-ehv-a-adapte-aux-fenetres-de-toit-fakro\/","og_site_name":"Logisain 44","article_modified_time":"2025-09-02T10:50:09+00:00","twitter_card":"summary_large_image","twitter_misc":{"Dur\u00e9e de lecture estim\u00e9e":"1 minute"},"schema":{"@context":"https:\/\/schema.org","@graph":[{"@type":"WebPage","@id":"https:\/\/nature-et-developpement.com\/logisain-44\/produit\/raccord-pour-couvertures-ondulees-ehv-a-adapte-aux-fenetres-de-toit-fakro\/","url":"https:\/\/nature-et-developpement.com\/logisain-44\/produit\/raccord-pour-couvertures-ondulees-ehv-a-adapte-aux-fenetres-de-toit-fakro\/","name":"Raccord pour couvertures ondul\u00e9es EHV-A adapt\u00e9 aux fen\u00eatres de toit Fakro - Logisain 44","isPartOf":{"@id":"https:\/\/nature-et-developpement.com\/logisain-44\/#website"},"primaryImageOfPage":{"@id":"https:\/\/nature-et-developpement.com\/logisain-44\/produit\/raccord-pour-couvertures-ondulees-ehv-a-adapte-aux-fenetres-de-toit-fakro\/#primaryimage"},"image":{"@id":"https:\/\/nature-et-developpement.com\/logisain-44\/produit\/raccord-pour-couvertures-ondulees-ehv-a-adapte-aux-fenetres-de-toit-fakro\/#primaryimage"},"thumbnailUrl":"https:\/\/nature-et-developpement.com\/logisain-44\/wp-content\/uploads\/Raccord-EHV-A-Fakro.jpg","datePublished":"2022-07-22T09:52:43+00:00","dateModified":"2025-09-02T10:50:09+00:00","description":"Gr\u00e2ce \u00e0 sa conception, les fen\u00eatres de toit s\u2019adaptent et s\u2019int\u00e8grent parfaitement aux couvertures ondul\u00e9es (compatible avec tuiles \u00e0 embo\u00eetement \u00e0 relief, bac acier, etc\u2026). Les raccords sont indispensables pour installer les fen\u00eatres de mani\u00e8re \u00e9tanche et correcte dans le toit. Loire-Atlantique","breadcrumb":{"@id":"https:\/\/nature-et-developpement.com\/logisain-44\/produit\/raccord-pour-couvertures-ondulees-ehv-a-adapte-aux-fenetres-de-toit-fakro\/#breadcrumb"},"inLanguage":"fr-FR","potentialAction":[{"@type":"ReadAction","target":["https:\/\/nature-et-developpement.com\/logisain-44\/produit\/raccord-pour-couvertures-ondulees-ehv-a-adapte-aux-fenetres-de-toit-fakro\/"]}]},{"@type":"ImageObject","inLanguage":"fr-FR","@id":"https:\/\/nature-et-developpement.com\/logisain-44\/produit\/raccord-pour-couvertures-ondulees-ehv-a-adapte-aux-fenetres-de-toit-fakro\/#primaryimage","url":"https:\/\/nature-et-developpement.com\/logisain-44\/wp-content\/uploads\/Raccord-EHV-A-Fakro.jpg","contentUrl":"https:\/\/nature-et-developpement.com\/logisain-44\/wp-content\/uploads\/Raccord-EHV-A-Fakro.jpg"},{"@type":"BreadcrumbList","@id":"https:\/\/nature-et-developpement.com\/logisain-44\/produit\/raccord-pour-couvertures-ondulees-ehv-a-adapte-aux-fenetres-de-toit-fakro\/#breadcrumb","itemListElement":[{"@type":"ListItem","position":1,"name":"Accueil","item":"https:\/\/nature-et-developpement.com\/logisain-44\/"},{"@type":"ListItem","position":2,"name":"Produits","item":"https:\/\/nature-et-developpement.com\/logisain-44\/shop\/"},{"@type":"ListItem","position":3,"name":"Construction, cloison et fen\u00eatres","item":"https:\/\/nature-et-developpement.com\/logisain-44\/produits\/construction\/"},{"@type":"ListItem","position":4,"name":"Accessoires construction","item":"https:\/\/nature-et-developpement.com\/logisain-44\/produits\/construction\/accessoires-construction\/"},{"@type":"ListItem","position":5,"name":"Raccord pour couvertures ondul\u00e9es EHV-A adapt\u00e9 aux fen\u00eatres de toit Fakro"}]},{"@type":"WebSite","@id":"https:\/\/nature-et-developpement.com\/logisain-44\/#website","url":"https:\/\/nature-et-developpement.com\/logisain-44\/","name":"Logisain 44","description":"Logisain 44 est membre du groupement Nature &amp; D\u00e9veloppement","publisher":{"@id":"https:\/\/nature-et-developpement.com\/logisain-44\/#organization"},"potentialAction":[{"@type":"SearchAction","target":{"@type":"EntryPoint","urlTemplate":"https:\/\/nature-et-developpement.com\/logisain-44\/?s={search_term_string}"},"query-input":{"@type":"PropertyValueSpecification","valueRequired":true,"valueName":"search_term_string"}}],"inLanguage":"fr-FR"},{"@type":"Organization","@id":"https:\/\/nature-et-developpement.com\/logisain-44\/#organization","name":"Logisain 44","url":"https:\/\/nature-et-developpement.com\/logisain-44\/","logo":{"@type":"ImageObject","inLanguage":"fr-FR","@id":"https:\/\/nature-et-developpement.com\/logisain-44\/#\/schema\/logo\/image\/","url":"https:\/\/nature-et-developpement.com\/logisain-44\/wp-content\/uploads\/sites\/4\/2021\/08\/logo-logisain.jpg","contentUrl":"https:\/\/nature-et-developpement.com\/logisain-44\/wp-content\/uploads\/sites\/4\/2021\/08\/logo-logisain.jpg","width":672,"height":455,"caption":"Logisain 44"},"image":{"@id":"https:\/\/nature-et-developpement.com\/logisain-44\/#\/schema\/logo\/image\/"}}]}},"distributor_meta":false,"distributor_terms":false,"distributor_media":false,"distributor_original_site_name":"Logisain 44","distributor_original_site_url":"https:\/\/nature-et-developpement.com\/logisain-44","push-errors":false,"_links":{"self":[{"href":"https:\/\/nature-et-developpement.com\/logisain-44\/wp-json\/wp\/v2\/product\/34153","targetHints":{"allow":["GET"]}}],"collection":[{"href":"https:\/\/nature-et-developpement.com\/logisain-44\/wp-json\/wp\/v2\/product"}],"about":[{"href":"https:\/\/nature-et-developpement.com\/logisain-44\/wp-json\/wp\/v2\/types\/product"}],"wp:featuredmedia":[{"embeddable":true,"href":"https:\/\/nature-et-developpement.com\/logisain-44\/wp-json\/"}],"wp:attachment":[{"href":"https:\/\/nature-et-developpement.com\/logisain-44\/wp-json\/wp\/v2\/media?parent=34153"}],"wp:term":[{"taxonomy":"product_brand","embeddable":true,"href":"https:\/\/nature-et-developpement.com\/logisain-44\/wp-json\/wp\/v2\/product_brand?post=34153"},{"taxonomy":"product_cat","embeddable":true,"href":"https:\/\/nature-et-developpement.com\/logisain-44\/wp-json\/wp\/v2\/product_cat?post=34153"},{"taxonomy":"product_tag","embeddable":true,"href":"https:\/\/nature-et-developpement.com\/logisain-44\/wp-json\/wp\/v2\/product_tag?post=34153"}],"curies":[{"name":"wp","href":"https:\/\/api.w.org\/{rel}","templated":true}]}}