{"id":1692,"date":"2022-07-22T11:52:43","date_gmt":"2022-07-22T09:52:43","guid":{"rendered":"https:\/\/nature-et-developpement.com\/macabane-materiaux\/produit\/raccord-pour-systeme-en-acier-ebv-p-adapte-aux-fenetres-de-toit-fakro\/"},"modified":"2025-09-02T14:52:07","modified_gmt":"2025-09-02T12:52:07","slug":"raccord-pour-systeme-en-acier-ebv-p-adapte-aux-fenetres-de-toit-fakro","status":"publish","type":"product","link":"https:\/\/nature-et-developpement.com\/macabane-materiaux\/produit\/raccord-pour-systeme-en-acier-ebv-p-adapte-aux-fenetres-de-toit-fakro\/","title":{"rendered":"Raccord pour syst\u00e8me en acier EBV-P adapt\u00e9 aux fen\u00eatres de toit Fakro"},"content":{"rendered":"<h2>Raccordement pour couvertures en acier galvanis\u00e9 laqu\u00e9<\/h2>\n<p>Le raccord conduit l\u2019eau pluviale et la neige au del\u00e0 de la fen\u00eatre, et la prot\u00e8ge \u00e9galement contre le vent.<\/p>\n<p><strong>EBV-P raccordement<\/strong>\u00a0permet le montage \u00e9tanche de la fen\u00eatre dans un toit \u00e0 couverture en acier galvanis\u00e9 laqu\u00e9.<\/p>\n<p>Les \u00e9l\u00e9ments sp\u00e9ciaux du raccordement permet le montage rapide et facile de la fen\u00eatre.<\/p>\n<p><span id=\"result_box\">Le besoin pr\u00e9c\u00e9dent pour le couvreur d&rsquo;effectuer un traitement de fen\u00eatre de toit compliqu\u00e9 et fastidieux a \u00e9t\u00e9 \u00e9limin\u00e9<\/span>.<\/p>\n<p><span id=\"result_box\"><span class=\"hps\">La fen\u00eatre<\/span>\u00a0<span class=\"hps\">est install\u00e9e<\/span>\u00a0<span class=\"hps\">\u00e0 une profondeur<\/span>\u00a0<span class=\"hps\">V,<\/span>\u00a0<span class=\"hps\">ne<\/span>\u00a0<span class=\"hps alt-edited\">d\u00e9passe pas<\/span>\u00a0<span class=\"hps\">au-dessus de<\/span>\u00a0<span class=\"hps\">la surface du toit<\/span>\u00a0<span class=\"hps\">ce qui offre une grande<\/span>\u00a0<span class=\"hps\">esth\u00e9tisme<\/span>.<\/span><\/p>\n<p><span id=\"result_box\"><span class=\"hps\">Le raccordement pour la couverture en acier\u00a0 galvanis\u00e9 laqu\u00e9 est \u00e9galement disponible<\/span>\u00a0<span class=\"hps\">dans les versions<\/span>\u00a0<span class=\"hps\">EBS<\/span><span class=\"atn\">&#8211;<\/span>P\u00a0<span class=\"hps\">pour les fen\u00eatres de d\u00e9senfumage<\/span><span class=\"hps\">\u00a0et<\/span>\u00a0<span class=\"hps\">EBW<\/span><span class=\"atn\">&#8211;<\/span>P\u00a0<span class=\"hps\">pour les fen\u00eatres<\/span>\u00a0d&rsquo;acc\u00e8s au toit.<\/span><\/p>\n<p>Montage possible dans le toit \u00e0 pente entre 15 \u2013 90\u00b0.<\/p>\n","protected":false},"excerpt":{"rendered":"<p>Gr\u00e2ce \u00e0 sa conception, les fen\u00eatres de toit s\u2019adaptent et s\u2019int\u00e8grent parfaitement aux syst\u00e8mes en acier galvanis\u00e9 laqu\u00e9 standard ou nervur\u00e9 \u00e0 joint debout.<br \/>\nLes raccords sont indispensables pour installer les fen\u00eatres de mani\u00e8re \u00e9tanche et correcte dans le toit.<\/p>\n","protected":false},"featured_media":1000000168560,"template":"","meta":[],"product_brand":[143],"product_cat":[2342],"product_tag":[2717],"class_list":{"0":"post-1692","1":"product","2":"type-product","3":"status-publish","4":"has-post-thumbnail","6":"product_brand-fakro","7":"product_cat-accessoires-construction","8":"product_tag-fakro","9":"product_shipping_class-petit-equipement-outil-eclairage","11":"first","12":"instock","13":"taxable","14":"shipping-taxable","15":"purchasable","16":"product-type-variable"},"yoast_head":"<!-- This site is optimized with the Yoast SEO plugin v27.5 - https:\/\/yoast.com\/product\/yoast-seo-wordpress\/ -->\n<title>Raccord pour syst\u00e8me en acier EBV-P adapt\u00e9 aux fen\u00eatres de toit Fakro - Ma Cabane mat\u00e9riaux naturels<\/title>\n<meta name=\"description\" content=\"Gr\u00e2ce \u00e0 sa conception, les fen\u00eatres de toit s\u2019adaptent et s\u2019int\u00e8grent parfaitement aux syst\u00e8mes en acier galvanis\u00e9 laqu\u00e9 standard ou nervur\u00e9 \u00e0 joint debout. Les raccords sont indispensables pour installer les fen\u00eatres de mani\u00e8re \u00e9tanche et correcte dans le toit.\" \/>\n<meta name=\"robots\" content=\"noindex, nofollow\" \/>\n<meta property=\"og:locale\" content=\"fr_FR\" \/>\n<meta property=\"og:type\" content=\"article\" \/>\n<meta property=\"og:title\" content=\"Raccord pour syst\u00e8me en acier EBV-P adapt\u00e9 aux fen\u00eatres de toit Fakro - Ma Cabane mat\u00e9riaux naturels\" \/>\n<meta property=\"og:description\" content=\"Gr\u00e2ce \u00e0 sa conception, les fen\u00eatres de toit s\u2019adaptent et s\u2019int\u00e8grent parfaitement aux syst\u00e8mes en acier galvanis\u00e9 laqu\u00e9 standard ou nervur\u00e9 \u00e0 joint debout. Les raccords sont indispensables pour installer les fen\u00eatres de mani\u00e8re \u00e9tanche et correcte dans le toit.\" \/>\n<meta property=\"og:url\" content=\"https:\/\/nature-et-developpement.com\/macabane-materiaux\/produit\/raccord-pour-systeme-en-acier-ebv-p-adapte-aux-fenetres-de-toit-fakro\/\" \/>\n<meta property=\"og:site_name\" content=\"Ma Cabane mat\u00e9riaux naturels\" \/>\n<meta property=\"article:modified_time\" content=\"2025-09-02T12:52:07+00:00\" \/>\n<meta name=\"twitter:card\" content=\"summary_large_image\" \/>\n<meta name=\"twitter:label1\" content=\"Dur\u00e9e de lecture estim\u00e9e\" \/>\n\t<meta name=\"twitter:data1\" content=\"1 minute\" \/>\n<script type=\"application\/ld+json\" class=\"yoast-schema-graph\">{\"@context\":\"https:\\\/\\\/schema.org\",\"@graph\":[{\"@type\":\"WebPage\",\"@id\":\"https:\\\/\\\/nature-et-developpement.com\\\/macabane-materiaux\\\/produit\\\/raccord-pour-systeme-en-acier-ebv-p-adapte-aux-fenetres-de-toit-fakro\\\/\",\"url\":\"https:\\\/\\\/nature-et-developpement.com\\\/macabane-materiaux\\\/produit\\\/raccord-pour-systeme-en-acier-ebv-p-adapte-aux-fenetres-de-toit-fakro\\\/\",\"name\":\"Raccord pour syst\u00e8me en acier EBV-P adapt\u00e9 aux fen\u00eatres de toit Fakro - Ma Cabane mat\u00e9riaux naturels\",\"isPartOf\":{\"@id\":\"https:\\\/\\\/nature-et-developpement.com\\\/macabane-materiaux\\\/#website\"},\"primaryImageOfPage\":{\"@id\":\"https:\\\/\\\/nature-et-developpement.com\\\/macabane-materiaux\\\/produit\\\/raccord-pour-systeme-en-acier-ebv-p-adapte-aux-fenetres-de-toit-fakro\\\/#primaryimage\"},\"image\":{\"@id\":\"https:\\\/\\\/nature-et-developpement.com\\\/macabane-materiaux\\\/produit\\\/raccord-pour-systeme-en-acier-ebv-p-adapte-aux-fenetres-de-toit-fakro\\\/#primaryimage\"},\"thumbnailUrl\":\"https:\\\/\\\/nature-et-developpement.com\\\/macabane-materiaux\\\/wp-content\\\/uploads\\\/Raccord-EBV-P-Fakro.jpg\",\"datePublished\":\"2022-07-22T09:52:43+00:00\",\"dateModified\":\"2025-09-02T12:52:07+00:00\",\"description\":\"Gr\u00e2ce \u00e0 sa conception, les fen\u00eatres de toit s\u2019adaptent et s\u2019int\u00e8grent parfaitement aux syst\u00e8mes en acier galvanis\u00e9 laqu\u00e9 standard ou nervur\u00e9 \u00e0 joint debout. Les raccords sont indispensables pour installer les fen\u00eatres de mani\u00e8re \u00e9tanche et correcte dans le toit.\",\"breadcrumb\":{\"@id\":\"https:\\\/\\\/nature-et-developpement.com\\\/macabane-materiaux\\\/produit\\\/raccord-pour-systeme-en-acier-ebv-p-adapte-aux-fenetres-de-toit-fakro\\\/#breadcrumb\"},\"inLanguage\":\"fr-FR\",\"potentialAction\":[{\"@type\":\"ReadAction\",\"target\":[\"https:\\\/\\\/nature-et-developpement.com\\\/macabane-materiaux\\\/produit\\\/raccord-pour-systeme-en-acier-ebv-p-adapte-aux-fenetres-de-toit-fakro\\\/\"]}]},{\"@type\":\"ImageObject\",\"inLanguage\":\"fr-FR\",\"@id\":\"https:\\\/\\\/nature-et-developpement.com\\\/macabane-materiaux\\\/produit\\\/raccord-pour-systeme-en-acier-ebv-p-adapte-aux-fenetres-de-toit-fakro\\\/#primaryimage\",\"url\":\"https:\\\/\\\/nature-et-developpement.com\\\/macabane-materiaux\\\/wp-content\\\/uploads\\\/Raccord-EBV-P-Fakro.jpg\",\"contentUrl\":\"https:\\\/\\\/nature-et-developpement.com\\\/macabane-materiaux\\\/wp-content\\\/uploads\\\/Raccord-EBV-P-Fakro.jpg\"},{\"@type\":\"BreadcrumbList\",\"@id\":\"https:\\\/\\\/nature-et-developpement.com\\\/macabane-materiaux\\\/produit\\\/raccord-pour-systeme-en-acier-ebv-p-adapte-aux-fenetres-de-toit-fakro\\\/#breadcrumb\",\"itemListElement\":[{\"@type\":\"ListItem\",\"position\":1,\"name\":\"Accueil\",\"item\":\"https:\\\/\\\/nature-et-developpement.com\\\/macabane-materiaux\\\/\"},{\"@type\":\"ListItem\",\"position\":2,\"name\":\"Boutique\",\"item\":\"https:\\\/\\\/nature-et-developpement.com\\\/macabane-materiaux\\\/boutique\\\/\"},{\"@type\":\"ListItem\",\"position\":3,\"name\":\"Construction, cloison et fen\u00eatres\",\"item\":\"https:\\\/\\\/nature-et-developpement.com\\\/macabane-materiaux\\\/produits\\\/construction\\\/\"},{\"@type\":\"ListItem\",\"position\":4,\"name\":\"Accessoires construction\",\"item\":\"https:\\\/\\\/nature-et-developpement.com\\\/macabane-materiaux\\\/produits\\\/construction\\\/accessoires-construction\\\/\"},{\"@type\":\"ListItem\",\"position\":5,\"name\":\"Raccord pour syst\u00e8me en acier EBV-P adapt\u00e9 aux fen\u00eatres de toit Fakro\"}]},{\"@type\":\"WebSite\",\"@id\":\"https:\\\/\\\/nature-et-developpement.com\\\/macabane-materiaux\\\/#website\",\"url\":\"https:\\\/\\\/nature-et-developpement.com\\\/macabane-materiaux\\\/\",\"name\":\"Ma Cabane mat\u00e9riaux naturels\",\"description\":\"Ma Cabane est membre du groupement Nature &amp; D\u00e9veloppement\",\"potentialAction\":[{\"@type\":\"SearchAction\",\"target\":{\"@type\":\"EntryPoint\",\"urlTemplate\":\"https:\\\/\\\/nature-et-developpement.com\\\/macabane-materiaux\\\/?s={search_term_string}\"},\"query-input\":{\"@type\":\"PropertyValueSpecification\",\"valueRequired\":true,\"valueName\":\"search_term_string\"}}],\"inLanguage\":\"fr-FR\"}]}<\/script>\n<!-- \/ Yoast SEO plugin. -->","yoast_head_json":{"title":"Raccord pour syst\u00e8me en acier EBV-P adapt\u00e9 aux fen\u00eatres de toit Fakro - Ma Cabane mat\u00e9riaux naturels","description":"Gr\u00e2ce \u00e0 sa conception, les fen\u00eatres de toit s\u2019adaptent et s\u2019int\u00e8grent parfaitement aux syst\u00e8mes en acier galvanis\u00e9 laqu\u00e9 standard ou nervur\u00e9 \u00e0 joint debout. Les raccords sont indispensables pour installer les fen\u00eatres de mani\u00e8re \u00e9tanche et correcte dans le toit.","robots":{"index":"noindex","follow":"nofollow"},"og_locale":"fr_FR","og_type":"article","og_title":"Raccord pour syst\u00e8me en acier EBV-P adapt\u00e9 aux fen\u00eatres de toit Fakro - Ma Cabane mat\u00e9riaux naturels","og_description":"Gr\u00e2ce \u00e0 sa conception, les fen\u00eatres de toit s\u2019adaptent et s\u2019int\u00e8grent parfaitement aux syst\u00e8mes en acier galvanis\u00e9 laqu\u00e9 standard ou nervur\u00e9 \u00e0 joint debout. Les raccords sont indispensables pour installer les fen\u00eatres de mani\u00e8re \u00e9tanche et correcte dans le toit.","og_url":"https:\/\/nature-et-developpement.com\/macabane-materiaux\/produit\/raccord-pour-systeme-en-acier-ebv-p-adapte-aux-fenetres-de-toit-fakro\/","og_site_name":"Ma Cabane mat\u00e9riaux naturels","article_modified_time":"2025-09-02T12:52:07+00:00","twitter_card":"summary_large_image","twitter_misc":{"Dur\u00e9e de lecture estim\u00e9e":"1 minute"},"schema":{"@context":"https:\/\/schema.org","@graph":[{"@type":"WebPage","@id":"https:\/\/nature-et-developpement.com\/macabane-materiaux\/produit\/raccord-pour-systeme-en-acier-ebv-p-adapte-aux-fenetres-de-toit-fakro\/","url":"https:\/\/nature-et-developpement.com\/macabane-materiaux\/produit\/raccord-pour-systeme-en-acier-ebv-p-adapte-aux-fenetres-de-toit-fakro\/","name":"Raccord pour syst\u00e8me en acier EBV-P adapt\u00e9 aux fen\u00eatres de toit Fakro - Ma Cabane mat\u00e9riaux naturels","isPartOf":{"@id":"https:\/\/nature-et-developpement.com\/macabane-materiaux\/#website"},"primaryImageOfPage":{"@id":"https:\/\/nature-et-developpement.com\/macabane-materiaux\/produit\/raccord-pour-systeme-en-acier-ebv-p-adapte-aux-fenetres-de-toit-fakro\/#primaryimage"},"image":{"@id":"https:\/\/nature-et-developpement.com\/macabane-materiaux\/produit\/raccord-pour-systeme-en-acier-ebv-p-adapte-aux-fenetres-de-toit-fakro\/#primaryimage"},"thumbnailUrl":"https:\/\/nature-et-developpement.com\/macabane-materiaux\/wp-content\/uploads\/Raccord-EBV-P-Fakro.jpg","datePublished":"2022-07-22T09:52:43+00:00","dateModified":"2025-09-02T12:52:07+00:00","description":"Gr\u00e2ce \u00e0 sa conception, les fen\u00eatres de toit s\u2019adaptent et s\u2019int\u00e8grent parfaitement aux syst\u00e8mes en acier galvanis\u00e9 laqu\u00e9 standard ou nervur\u00e9 \u00e0 joint debout. Les raccords sont indispensables pour installer les fen\u00eatres de mani\u00e8re \u00e9tanche et correcte dans le toit.","breadcrumb":{"@id":"https:\/\/nature-et-developpement.com\/macabane-materiaux\/produit\/raccord-pour-systeme-en-acier-ebv-p-adapte-aux-fenetres-de-toit-fakro\/#breadcrumb"},"inLanguage":"fr-FR","potentialAction":[{"@type":"ReadAction","target":["https:\/\/nature-et-developpement.com\/macabane-materiaux\/produit\/raccord-pour-systeme-en-acier-ebv-p-adapte-aux-fenetres-de-toit-fakro\/"]}]},{"@type":"ImageObject","inLanguage":"fr-FR","@id":"https:\/\/nature-et-developpement.com\/macabane-materiaux\/produit\/raccord-pour-systeme-en-acier-ebv-p-adapte-aux-fenetres-de-toit-fakro\/#primaryimage","url":"https:\/\/nature-et-developpement.com\/macabane-materiaux\/wp-content\/uploads\/Raccord-EBV-P-Fakro.jpg","contentUrl":"https:\/\/nature-et-developpement.com\/macabane-materiaux\/wp-content\/uploads\/Raccord-EBV-P-Fakro.jpg"},{"@type":"BreadcrumbList","@id":"https:\/\/nature-et-developpement.com\/macabane-materiaux\/produit\/raccord-pour-systeme-en-acier-ebv-p-adapte-aux-fenetres-de-toit-fakro\/#breadcrumb","itemListElement":[{"@type":"ListItem","position":1,"name":"Accueil","item":"https:\/\/nature-et-developpement.com\/macabane-materiaux\/"},{"@type":"ListItem","position":2,"name":"Boutique","item":"https:\/\/nature-et-developpement.com\/macabane-materiaux\/boutique\/"},{"@type":"ListItem","position":3,"name":"Construction, cloison et fen\u00eatres","item":"https:\/\/nature-et-developpement.com\/macabane-materiaux\/produits\/construction\/"},{"@type":"ListItem","position":4,"name":"Accessoires construction","item":"https:\/\/nature-et-developpement.com\/macabane-materiaux\/produits\/construction\/accessoires-construction\/"},{"@type":"ListItem","position":5,"name":"Raccord pour syst\u00e8me en acier EBV-P adapt\u00e9 aux fen\u00eatres de toit Fakro"}]},{"@type":"WebSite","@id":"https:\/\/nature-et-developpement.com\/macabane-materiaux\/#website","url":"https:\/\/nature-et-developpement.com\/macabane-materiaux\/","name":"Ma Cabane mat\u00e9riaux naturels","description":"Ma Cabane est membre du groupement Nature &amp; D\u00e9veloppement","potentialAction":[{"@type":"SearchAction","target":{"@type":"EntryPoint","urlTemplate":"https:\/\/nature-et-developpement.com\/macabane-materiaux\/?s={search_term_string}"},"query-input":{"@type":"PropertyValueSpecification","valueRequired":true,"valueName":"search_term_string"}}],"inLanguage":"fr-FR"}]}},"distributor_meta":false,"distributor_terms":false,"distributor_media":false,"distributor_original_site_name":"Ma Cabane mat\u00e9riaux naturels","distributor_original_site_url":"https:\/\/nature-et-developpement.com\/macabane-materiaux","push-errors":false,"_links":{"self":[{"href":"https:\/\/nature-et-developpement.com\/macabane-materiaux\/wp-json\/wp\/v2\/product\/1692","targetHints":{"allow":["GET"]}}],"collection":[{"href":"https:\/\/nature-et-developpement.com\/macabane-materiaux\/wp-json\/wp\/v2\/product"}],"about":[{"href":"https:\/\/nature-et-developpement.com\/macabane-materiaux\/wp-json\/wp\/v2\/types\/product"}],"wp:featuredmedia":[{"embeddable":true,"href":"https:\/\/nature-et-developpement.com\/macabane-materiaux\/wp-json\/"}],"wp:attachment":[{"href":"https:\/\/nature-et-developpement.com\/macabane-materiaux\/wp-json\/wp\/v2\/media?parent=1692"}],"wp:term":[{"taxonomy":"product_brand","embeddable":true,"href":"https:\/\/nature-et-developpement.com\/macabane-materiaux\/wp-json\/wp\/v2\/product_brand?post=1692"},{"taxonomy":"product_cat","embeddable":true,"href":"https:\/\/nature-et-developpement.com\/macabane-materiaux\/wp-json\/wp\/v2\/product_cat?post=1692"},{"taxonomy":"product_tag","embeddable":true,"href":"https:\/\/nature-et-developpement.com\/macabane-materiaux\/wp-json\/wp\/v2\/product_tag?post=1692"}],"curies":[{"name":"wp","href":"https:\/\/api.w.org\/{rel}","templated":true}]}}