{"id":1737,"date":"2022-07-22T11:52:43","date_gmt":"2022-07-22T09:52:43","guid":{"rendered":"https:\/\/nature-et-developpement.com\/macabane-materiaux\/produit\/raccord-pour-petites-tuiles-plates-sans-emboitement-egv-f-fakro\/"},"modified":"2026-01-27T15:34:03","modified_gmt":"2026-01-27T14:34:03","slug":"raccord-pour-petites-tuiles-plates-sans-emboitement-egv-f-fakro","status":"publish","type":"product","link":"https:\/\/nature-et-developpement.com\/macabane-materiaux\/produit\/raccord-pour-petites-tuiles-plates-sans-emboitement-egv-f-fakro\/","title":{"rendered":"Raccord pour petites tuiles plates sans embo\u00eetement EGV-F Fakro"},"content":{"rendered":"<h2>Raccordements pour les couvertures plates et plus \u00e9paisses EGV-F<\/h2>\n<p>Le raccord conduit l\u2019eau pluviale et la neige au del\u00e0 de la fen\u00eatre, et la prot\u00e8ge \u00e9galement contre le vent.<\/p>\n<p><strong>Le raccordement EGV-F<\/strong>\u00a0permet le montage \u00e9tanche de la fen\u00eatre dans un toit \u00e0 couverture plate \u00e9paisse (tuile plate, ardoise).<\/p>\n<p>Le raccordement EGV-F peut \u00eatre mont\u00e9 dans une couverture jusqu&rsquo;\u00e0 24-32 mm d&rsquo;\u00e9paisseur (2 couches 12&#215;16 mm)<\/p>\n<p>En version standard, il est destin\u00e9 au montage d&rsquo;une fen\u00eatre dans le toit.<\/p>\n<p>Il existe aussi en version modulable pour combiner plusieurs fen\u00eatres horizontalement, verticalement ou en bloc.<\/p>\n<p>Ce raccordement est disponible en un seul type pour un niveau d&rsquo;encastrement : V (0\u00a0cm), raccordement EGV<\/p>\n<p>&nbsp;<\/p>\n<p>Montage possible dans le toit \u00e0 pente entre 25\u00ba et 90\u00ba.<\/p>\n","protected":false},"excerpt":{"rendered":"<p>Gr\u00e2ce \u00e0 sa conception, les fen\u00eatres de toit s\u2019adaptent et s\u2019int\u00e8grent parfaitement aux petites tuiles plates du pays sans embo\u00eetement EGV-F : longueur tuile &lt; 30cm.<br \/>\nLes raccords sont indispensables pour installer les fen\u00eatres de mani\u00e8re \u00e9tanche et correcte dans le toit.<\/p>\n","protected":false},"featured_media":1000000168564,"template":"","meta":[],"product_brand":[143],"product_cat":[2342],"product_tag":[2717],"class_list":{"0":"post-1737","1":"product","2":"type-product","3":"status-publish","4":"has-post-thumbnail","6":"product_brand-fakro","7":"product_cat-accessoires-construction","8":"product_tag-fakro","9":"product_shipping_class-petit-equipement-outil-eclairage","11":"first","12":"instock","13":"taxable","14":"shipping-taxable","15":"purchasable","16":"product-type-variable"},"yoast_head":"<!-- This site is optimized with the Yoast SEO plugin v27.5 - https:\/\/yoast.com\/product\/yoast-seo-wordpress\/ -->\n<title>Raccord pour petites tuiles plates sans embo\u00eetement EGV-F Fakro - Ma Cabane mat\u00e9riaux naturels<\/title>\n<meta name=\"description\" content=\"Gr\u00e2ce \u00e0 sa conception, les fen\u00eatres de toit s\u2019adaptent et s\u2019int\u00e8grent parfaitement aux petites tuiles plates du pays sans embo\u00eetement EGV-F : longueur tuile &lt; 30cm. Les raccords sont indispensables pour installer les fen\u00eatres de mani\u00e8re \u00e9tanche et correcte dans le toit.\" \/>\n<meta name=\"robots\" content=\"noindex, nofollow\" \/>\n<meta property=\"og:locale\" content=\"fr_FR\" \/>\n<meta property=\"og:type\" content=\"article\" \/>\n<meta property=\"og:title\" content=\"Raccord pour petites tuiles plates sans embo\u00eetement EGV-F Fakro - Ma Cabane mat\u00e9riaux naturels\" \/>\n<meta property=\"og:description\" content=\"Gr\u00e2ce \u00e0 sa conception, les fen\u00eatres de toit s\u2019adaptent et s\u2019int\u00e8grent parfaitement aux petites tuiles plates du pays sans embo\u00eetement EGV-F : longueur tuile &lt; 30cm. Les raccords sont indispensables pour installer les fen\u00eatres de mani\u00e8re \u00e9tanche et correcte dans le toit.\" \/>\n<meta property=\"og:url\" content=\"https:\/\/nature-et-developpement.com\/macabane-materiaux\/produit\/raccord-pour-petites-tuiles-plates-sans-emboitement-egv-f-fakro\/\" \/>\n<meta property=\"og:site_name\" content=\"Ma Cabane mat\u00e9riaux naturels\" \/>\n<meta property=\"article:modified_time\" content=\"2026-01-27T14:34:03+00:00\" \/>\n<meta name=\"twitter:card\" content=\"summary_large_image\" \/>\n<meta name=\"twitter:label1\" content=\"Dur\u00e9e de lecture estim\u00e9e\" \/>\n\t<meta name=\"twitter:data1\" content=\"1 minute\" \/>\n<script type=\"application\/ld+json\" class=\"yoast-schema-graph\">{\"@context\":\"https:\\\/\\\/schema.org\",\"@graph\":[{\"@type\":\"WebPage\",\"@id\":\"https:\\\/\\\/nature-et-developpement.com\\\/macabane-materiaux\\\/produit\\\/raccord-pour-petites-tuiles-plates-sans-emboitement-egv-f-fakro\\\/\",\"url\":\"https:\\\/\\\/nature-et-developpement.com\\\/macabane-materiaux\\\/produit\\\/raccord-pour-petites-tuiles-plates-sans-emboitement-egv-f-fakro\\\/\",\"name\":\"Raccord pour petites tuiles plates sans embo\u00eetement EGV-F Fakro - Ma Cabane mat\u00e9riaux naturels\",\"isPartOf\":{\"@id\":\"https:\\\/\\\/nature-et-developpement.com\\\/macabane-materiaux\\\/#website\"},\"primaryImageOfPage\":{\"@id\":\"https:\\\/\\\/nature-et-developpement.com\\\/macabane-materiaux\\\/produit\\\/raccord-pour-petites-tuiles-plates-sans-emboitement-egv-f-fakro\\\/#primaryimage\"},\"image\":{\"@id\":\"https:\\\/\\\/nature-et-developpement.com\\\/macabane-materiaux\\\/produit\\\/raccord-pour-petites-tuiles-plates-sans-emboitement-egv-f-fakro\\\/#primaryimage\"},\"thumbnailUrl\":\"https:\\\/\\\/nature-et-developpement.com\\\/macabane-materiaux\\\/wp-content\\\/uploads\\\/Raccord-EGV-Fakro.jpg\",\"datePublished\":\"2022-07-22T09:52:43+00:00\",\"dateModified\":\"2026-01-27T14:34:03+00:00\",\"description\":\"Gr\u00e2ce \u00e0 sa conception, les fen\u00eatres de toit s\u2019adaptent et s\u2019int\u00e8grent parfaitement aux petites tuiles plates du pays sans embo\u00eetement EGV-F : longueur tuile &lt; 30cm. Les raccords sont indispensables pour installer les fen\u00eatres de mani\u00e8re \u00e9tanche et correcte dans le toit.\",\"breadcrumb\":{\"@id\":\"https:\\\/\\\/nature-et-developpement.com\\\/macabane-materiaux\\\/produit\\\/raccord-pour-petites-tuiles-plates-sans-emboitement-egv-f-fakro\\\/#breadcrumb\"},\"inLanguage\":\"fr-FR\",\"potentialAction\":[{\"@type\":\"ReadAction\",\"target\":[\"https:\\\/\\\/nature-et-developpement.com\\\/macabane-materiaux\\\/produit\\\/raccord-pour-petites-tuiles-plates-sans-emboitement-egv-f-fakro\\\/\"]}]},{\"@type\":\"ImageObject\",\"inLanguage\":\"fr-FR\",\"@id\":\"https:\\\/\\\/nature-et-developpement.com\\\/macabane-materiaux\\\/produit\\\/raccord-pour-petites-tuiles-plates-sans-emboitement-egv-f-fakro\\\/#primaryimage\",\"url\":\"https:\\\/\\\/nature-et-developpement.com\\\/macabane-materiaux\\\/wp-content\\\/uploads\\\/Raccord-EGV-Fakro.jpg\",\"contentUrl\":\"https:\\\/\\\/nature-et-developpement.com\\\/macabane-materiaux\\\/wp-content\\\/uploads\\\/Raccord-EGV-Fakro.jpg\"},{\"@type\":\"BreadcrumbList\",\"@id\":\"https:\\\/\\\/nature-et-developpement.com\\\/macabane-materiaux\\\/produit\\\/raccord-pour-petites-tuiles-plates-sans-emboitement-egv-f-fakro\\\/#breadcrumb\",\"itemListElement\":[{\"@type\":\"ListItem\",\"position\":1,\"name\":\"Accueil\",\"item\":\"https:\\\/\\\/nature-et-developpement.com\\\/macabane-materiaux\\\/\"},{\"@type\":\"ListItem\",\"position\":2,\"name\":\"Boutique\",\"item\":\"https:\\\/\\\/nature-et-developpement.com\\\/macabane-materiaux\\\/boutique\\\/\"},{\"@type\":\"ListItem\",\"position\":3,\"name\":\"Construction, cloison et fen\u00eatres\",\"item\":\"https:\\\/\\\/nature-et-developpement.com\\\/macabane-materiaux\\\/produits\\\/construction\\\/\"},{\"@type\":\"ListItem\",\"position\":4,\"name\":\"Accessoires construction\",\"item\":\"https:\\\/\\\/nature-et-developpement.com\\\/macabane-materiaux\\\/produits\\\/construction\\\/accessoires-construction\\\/\"},{\"@type\":\"ListItem\",\"position\":5,\"name\":\"Raccord pour petites tuiles plates sans embo\u00eetement EGV-F Fakro\"}]},{\"@type\":\"WebSite\",\"@id\":\"https:\\\/\\\/nature-et-developpement.com\\\/macabane-materiaux\\\/#website\",\"url\":\"https:\\\/\\\/nature-et-developpement.com\\\/macabane-materiaux\\\/\",\"name\":\"Ma Cabane mat\u00e9riaux naturels\",\"description\":\"Ma Cabane est membre du groupement Nature &amp; D\u00e9veloppement\",\"potentialAction\":[{\"@type\":\"SearchAction\",\"target\":{\"@type\":\"EntryPoint\",\"urlTemplate\":\"https:\\\/\\\/nature-et-developpement.com\\\/macabane-materiaux\\\/?s={search_term_string}\"},\"query-input\":{\"@type\":\"PropertyValueSpecification\",\"valueRequired\":true,\"valueName\":\"search_term_string\"}}],\"inLanguage\":\"fr-FR\"}]}<\/script>\n<!-- \/ Yoast SEO plugin. -->","yoast_head_json":{"title":"Raccord pour petites tuiles plates sans embo\u00eetement EGV-F Fakro - Ma Cabane mat\u00e9riaux naturels","description":"Gr\u00e2ce \u00e0 sa conception, les fen\u00eatres de toit s\u2019adaptent et s\u2019int\u00e8grent parfaitement aux petites tuiles plates du pays sans embo\u00eetement EGV-F : longueur tuile &lt; 30cm. Les raccords sont indispensables pour installer les fen\u00eatres de mani\u00e8re \u00e9tanche et correcte dans le toit.","robots":{"index":"noindex","follow":"nofollow"},"og_locale":"fr_FR","og_type":"article","og_title":"Raccord pour petites tuiles plates sans embo\u00eetement EGV-F Fakro - Ma Cabane mat\u00e9riaux naturels","og_description":"Gr\u00e2ce \u00e0 sa conception, les fen\u00eatres de toit s\u2019adaptent et s\u2019int\u00e8grent parfaitement aux petites tuiles plates du pays sans embo\u00eetement EGV-F : longueur tuile &lt; 30cm. Les raccords sont indispensables pour installer les fen\u00eatres de mani\u00e8re \u00e9tanche et correcte dans le toit.","og_url":"https:\/\/nature-et-developpement.com\/macabane-materiaux\/produit\/raccord-pour-petites-tuiles-plates-sans-emboitement-egv-f-fakro\/","og_site_name":"Ma Cabane mat\u00e9riaux naturels","article_modified_time":"2026-01-27T14:34:03+00:00","twitter_card":"summary_large_image","twitter_misc":{"Dur\u00e9e de lecture estim\u00e9e":"1 minute"},"schema":{"@context":"https:\/\/schema.org","@graph":[{"@type":"WebPage","@id":"https:\/\/nature-et-developpement.com\/macabane-materiaux\/produit\/raccord-pour-petites-tuiles-plates-sans-emboitement-egv-f-fakro\/","url":"https:\/\/nature-et-developpement.com\/macabane-materiaux\/produit\/raccord-pour-petites-tuiles-plates-sans-emboitement-egv-f-fakro\/","name":"Raccord pour petites tuiles plates sans embo\u00eetement EGV-F Fakro - Ma Cabane mat\u00e9riaux naturels","isPartOf":{"@id":"https:\/\/nature-et-developpement.com\/macabane-materiaux\/#website"},"primaryImageOfPage":{"@id":"https:\/\/nature-et-developpement.com\/macabane-materiaux\/produit\/raccord-pour-petites-tuiles-plates-sans-emboitement-egv-f-fakro\/#primaryimage"},"image":{"@id":"https:\/\/nature-et-developpement.com\/macabane-materiaux\/produit\/raccord-pour-petites-tuiles-plates-sans-emboitement-egv-f-fakro\/#primaryimage"},"thumbnailUrl":"https:\/\/nature-et-developpement.com\/macabane-materiaux\/wp-content\/uploads\/Raccord-EGV-Fakro.jpg","datePublished":"2022-07-22T09:52:43+00:00","dateModified":"2026-01-27T14:34:03+00:00","description":"Gr\u00e2ce \u00e0 sa conception, les fen\u00eatres de toit s\u2019adaptent et s\u2019int\u00e8grent parfaitement aux petites tuiles plates du pays sans embo\u00eetement EGV-F : longueur tuile &lt; 30cm. Les raccords sont indispensables pour installer les fen\u00eatres de mani\u00e8re \u00e9tanche et correcte dans le toit.","breadcrumb":{"@id":"https:\/\/nature-et-developpement.com\/macabane-materiaux\/produit\/raccord-pour-petites-tuiles-plates-sans-emboitement-egv-f-fakro\/#breadcrumb"},"inLanguage":"fr-FR","potentialAction":[{"@type":"ReadAction","target":["https:\/\/nature-et-developpement.com\/macabane-materiaux\/produit\/raccord-pour-petites-tuiles-plates-sans-emboitement-egv-f-fakro\/"]}]},{"@type":"ImageObject","inLanguage":"fr-FR","@id":"https:\/\/nature-et-developpement.com\/macabane-materiaux\/produit\/raccord-pour-petites-tuiles-plates-sans-emboitement-egv-f-fakro\/#primaryimage","url":"https:\/\/nature-et-developpement.com\/macabane-materiaux\/wp-content\/uploads\/Raccord-EGV-Fakro.jpg","contentUrl":"https:\/\/nature-et-developpement.com\/macabane-materiaux\/wp-content\/uploads\/Raccord-EGV-Fakro.jpg"},{"@type":"BreadcrumbList","@id":"https:\/\/nature-et-developpement.com\/macabane-materiaux\/produit\/raccord-pour-petites-tuiles-plates-sans-emboitement-egv-f-fakro\/#breadcrumb","itemListElement":[{"@type":"ListItem","position":1,"name":"Accueil","item":"https:\/\/nature-et-developpement.com\/macabane-materiaux\/"},{"@type":"ListItem","position":2,"name":"Boutique","item":"https:\/\/nature-et-developpement.com\/macabane-materiaux\/boutique\/"},{"@type":"ListItem","position":3,"name":"Construction, cloison et fen\u00eatres","item":"https:\/\/nature-et-developpement.com\/macabane-materiaux\/produits\/construction\/"},{"@type":"ListItem","position":4,"name":"Accessoires construction","item":"https:\/\/nature-et-developpement.com\/macabane-materiaux\/produits\/construction\/accessoires-construction\/"},{"@type":"ListItem","position":5,"name":"Raccord pour petites tuiles plates sans embo\u00eetement EGV-F Fakro"}]},{"@type":"WebSite","@id":"https:\/\/nature-et-developpement.com\/macabane-materiaux\/#website","url":"https:\/\/nature-et-developpement.com\/macabane-materiaux\/","name":"Ma Cabane mat\u00e9riaux naturels","description":"Ma Cabane est membre du groupement Nature &amp; D\u00e9veloppement","potentialAction":[{"@type":"SearchAction","target":{"@type":"EntryPoint","urlTemplate":"https:\/\/nature-et-developpement.com\/macabane-materiaux\/?s={search_term_string}"},"query-input":{"@type":"PropertyValueSpecification","valueRequired":true,"valueName":"search_term_string"}}],"inLanguage":"fr-FR"}]}},"distributor_meta":false,"distributor_terms":false,"distributor_media":false,"distributor_original_site_name":"Ma Cabane mat\u00e9riaux naturels","distributor_original_site_url":"https:\/\/nature-et-developpement.com\/macabane-materiaux","push-errors":false,"_links":{"self":[{"href":"https:\/\/nature-et-developpement.com\/macabane-materiaux\/wp-json\/wp\/v2\/product\/1737","targetHints":{"allow":["GET"]}}],"collection":[{"href":"https:\/\/nature-et-developpement.com\/macabane-materiaux\/wp-json\/wp\/v2\/product"}],"about":[{"href":"https:\/\/nature-et-developpement.com\/macabane-materiaux\/wp-json\/wp\/v2\/types\/product"}],"wp:featuredmedia":[{"embeddable":true,"href":"https:\/\/nature-et-developpement.com\/macabane-materiaux\/wp-json\/"}],"wp:attachment":[{"href":"https:\/\/nature-et-developpement.com\/macabane-materiaux\/wp-json\/wp\/v2\/media?parent=1737"}],"wp:term":[{"taxonomy":"product_brand","embeddable":true,"href":"https:\/\/nature-et-developpement.com\/macabane-materiaux\/wp-json\/wp\/v2\/product_brand?post=1737"},{"taxonomy":"product_cat","embeddable":true,"href":"https:\/\/nature-et-developpement.com\/macabane-materiaux\/wp-json\/wp\/v2\/product_cat?post=1737"},{"taxonomy":"product_tag","embeddable":true,"href":"https:\/\/nature-et-developpement.com\/macabane-materiaux\/wp-json\/wp\/v2\/product_tag?post=1737"}],"curies":[{"name":"wp","href":"https:\/\/api.w.org\/{rel}","templated":true}]}}