{"id":3801,"date":"2017-01-01T00:00:00","date_gmt":"2016-12-31T23:00:00","guid":{"rendered":"https:\/\/nature-et-developpement.com\/macabane-materiaux\/produit\/ruban-adhesif-raccord-interieur-contega-solido-sl-pro-clima\/"},"modified":"2026-03-24T21:56:40","modified_gmt":"2026-03-24T20:56:40","slug":"ruban-adhesif-raccord-interieur-contega-solido-sl-pro-clima","status":"publish","type":"product","link":"https:\/\/nature-et-developpement.com\/macabane-materiaux\/produit\/ruban-adhesif-raccord-interieur-contega-solido-sl-pro-clima\/","title":{"rendered":"Ruban adh\u00e9sif raccord int\u00e9rieur CONTEGA SOLIDO SL Pro clima"},"content":{"rendered":"<p>Le CON\u00adTEGA SOLIDO SL garantit le rac\u00adcord des menuis\u00ader\u00adies, des freins-va\u00adpeur et\/ou des perce\u00adments de poutres aux \u00e9brase\u00adments en bois ou min\u00e9raux (tels le b\u00e9ton, les blocs en terre cuites ou le gr\u00e8s&#8230;) ou en\u00adcore les rac\u00adcords (\u00e0 re\u00adcouv\u00adrir d\u2018en\u00adduit ou non) entre sup\u00adports min\u00e9raux entre eux. Id\u00e9al aus\u00adsi pour un rac\u00adcord \u00e9tanche \u00e0 l\u2019air entre plaques de b\u00e9ton et pla\u00adfon\u00adnage ou parois de con\u00adstruc\u00adtions \u00e0 ossat\u00adure bois. La colle modi\u00adfi\u00e9e SOL\u00adID r\u00e9sist\u00adante \u00e0 l\u2018eau as\u00adsure une li\u00adais\u00adon rap\u00adide et dur\u00adable avec le sup\u00adport.<\/p>\n<p>L\u2019as\u00adsemblage coll\u00e9 est im\u00adm\u00e9\u00addi\u00adate\u00adment \u00e9tanche \u00e0 l\u2019air et la li\u00adais\u00adon est r\u00e9sist\u00adante. Le non-tis\u00ads\u00e9 peut \u00eatre fa\u00adcile\u00adment re\u00adcouvert d\u2019en\u00adduit, en re\u00adspect\u00adant nos con\u00adsignes de poses.<br \/>\nLes col\u00adlages sont con\u00adformes aux ex\u00adi\u00adgences des normes DIN 4108-7, SIA 180 et OENORM B 8110-2.<\/p>\n<table class=\"table table-striped\">\n<thead>\n<tr>\n<td><strong>Propri\u00e9t\u00e9<\/strong><\/td>\n<td class=\"hidden-xs\"><strong>R\u00e9glementation<\/strong><\/td>\n<td><strong>Valeur<\/strong><\/td>\n<\/tr>\n<\/thead>\n<tbody>\n<tr>\n<td>Couleur<\/td>\n<td class=\"hidden-xs\"><\/td>\n<td>blanc<\/td>\n<\/tr>\n<tr>\n<td>Valeur sd<\/td>\n<td class=\"hidden-xs\">NF EN 1931<\/td>\n<td>2,8 m<\/td>\n<\/tr>\n<tr>\n<td>Enduisible<\/td>\n<td class=\"hidden-xs\"><\/td>\n<td>oui<\/td>\n<\/tr>\n<tr>\n<td>Test\u00e9 par l&rsquo;ift Rosenheim (DE)<\/td>\n<td class=\"hidden-xs\">MO-01\/1:2007-01, Abs. 5<\/td>\n<td>existe, sur tout le pourtour<\/td>\n<\/tr>\n<tr>\n<td>Temp\u00e9rature de mise en \u0153uvre<\/td>\n<td class=\"hidden-xs\"><\/td>\n<td>\u00e0 partir de -10 \u00b0C<\/td>\n<\/tr>\n<tr>\n<td>R\u00e9sistance \u00e0 la temp\u00e9rature<\/td>\n<td class=\"hidden-xs\"><\/td>\n<td>stable entre -40 \u00b0C et  90 \u00b0C<\/td>\n<\/tr>\n<tr>\n<td>Stockage<\/td>\n<td class=\"hidden-xs\"><\/td>\n<td>dans un endroit frais et sec<\/td>\n<\/tr>\n<\/tbody>\n<\/table>\n","protected":false},"excerpt":{"rendered":"<p>Ce\u00a0ruban de raccord adh\u00e9sif et enduisable permet la r\u00e9alisation de raccords \u00e9tanches \u00e0 l\u2019air et r\u00e9gulants la vapeur d\u2019eau c\u00f4t\u00e9 int\u00e9rieur des menuiseries et des couches d\u2019\u00e9tanch\u00e9it\u00e9 \u00e0 l\u2018air \u00e0 des \u00e9l\u00e9ments adjacents en bois ou min\u00e9raux (exemple: b\u00e9ton, ma\u00e7onnerie).<\/p>\n","protected":false},"featured_media":1000000166745,"template":"","meta":[],"product_brand":[175],"product_cat":[2342,2341,2676,84],"product_tag":[2685],"class_list":{"0":"post-3801","1":"product","2":"type-product","3":"status-publish","4":"has-post-thumbnail","6":"product_brand-proclima","7":"product_cat-accessoires-construction","8":"product_cat-accessoires-isolation-et-etancheite","9":"product_cat-etancheite-a-lair","10":"product_cat-menuiseries-exterieures","11":"product_tag-pro-clima","12":"product_shipping_class-petit-equipement-outil-eclairage","14":"first","15":"instock","16":"taxable","17":"shipping-taxable","18":"purchasable","19":"product-type-variable"},"yoast_head":"<!-- This site is optimized with the Yoast SEO plugin v27.5 - https:\/\/yoast.com\/product\/yoast-seo-wordpress\/ -->\n<title>Ruban adh\u00e9sif raccord int\u00e9rieur CONTEGA SOLIDO SL Pro clima - Ma Cabane mat\u00e9riaux naturels<\/title>\n<meta name=\"description\" content=\"Ce\u00a0ruban de raccord adh\u00e9sif et enduisable permet la r\u00e9alisation de raccords \u00e9tanches \u00e0 l\u2019air et r\u00e9gulants la vapeur d\u2019eau c\u00f4t\u00e9 int\u00e9rieur des menuiseries et des couches d\u2019\u00e9tanch\u00e9it\u00e9 \u00e0 l\u2018air \u00e0 des \u00e9l\u00e9ments adjacents en bois ou min\u00e9raux (exemple: b\u00e9ton, ma\u00e7onnerie).\" \/>\n<meta name=\"robots\" content=\"noindex, nofollow\" \/>\n<meta property=\"og:locale\" content=\"fr_FR\" \/>\n<meta property=\"og:type\" content=\"article\" \/>\n<meta property=\"og:title\" content=\"Ruban adh\u00e9sif raccord int\u00e9rieur CONTEGA SOLIDO SL Pro clima - Ma Cabane mat\u00e9riaux naturels\" \/>\n<meta property=\"og:description\" content=\"Ce\u00a0ruban de raccord adh\u00e9sif et enduisable permet la r\u00e9alisation de raccords \u00e9tanches \u00e0 l\u2019air et r\u00e9gulants la vapeur d\u2019eau c\u00f4t\u00e9 int\u00e9rieur des menuiseries et des couches d\u2019\u00e9tanch\u00e9it\u00e9 \u00e0 l\u2018air \u00e0 des \u00e9l\u00e9ments adjacents en bois ou min\u00e9raux (exemple: b\u00e9ton, ma\u00e7onnerie).\" \/>\n<meta property=\"og:url\" content=\"https:\/\/nature-et-developpement.com\/macabane-materiaux\/produit\/ruban-adhesif-raccord-interieur-contega-solido-sl-pro-clima\/\" \/>\n<meta property=\"og:site_name\" content=\"Ma Cabane mat\u00e9riaux naturels\" \/>\n<meta property=\"article:modified_time\" content=\"2026-03-24T20:56:40+00:00\" \/>\n<meta name=\"twitter:card\" content=\"summary_large_image\" \/>\n<meta name=\"twitter:label1\" content=\"Dur\u00e9e de lecture estim\u00e9e\" \/>\n\t<meta name=\"twitter:data1\" content=\"1 minute\" \/>\n<script type=\"application\/ld+json\" class=\"yoast-schema-graph\">{\"@context\":\"https:\\\/\\\/schema.org\",\"@graph\":[{\"@type\":\"WebPage\",\"@id\":\"https:\\\/\\\/nature-et-developpement.com\\\/macabane-materiaux\\\/produit\\\/ruban-adhesif-raccord-interieur-contega-solido-sl-pro-clima\\\/\",\"url\":\"https:\\\/\\\/nature-et-developpement.com\\\/macabane-materiaux\\\/produit\\\/ruban-adhesif-raccord-interieur-contega-solido-sl-pro-clima\\\/\",\"name\":\"Ruban adh\u00e9sif raccord int\u00e9rieur CONTEGA SOLIDO SL Pro clima - Ma Cabane mat\u00e9riaux naturels\",\"isPartOf\":{\"@id\":\"https:\\\/\\\/nature-et-developpement.com\\\/macabane-materiaux\\\/#website\"},\"primaryImageOfPage\":{\"@id\":\"https:\\\/\\\/nature-et-developpement.com\\\/macabane-materiaux\\\/produit\\\/ruban-adhesif-raccord-interieur-contega-solido-sl-pro-clima\\\/#primaryimage\"},\"image\":{\"@id\":\"https:\\\/\\\/nature-et-developpement.com\\\/macabane-materiaux\\\/produit\\\/ruban-adhesif-raccord-interieur-contega-solido-sl-pro-clima\\\/#primaryimage\"},\"thumbnailUrl\":\"https:\\\/\\\/nature-et-developpement.com\\\/macabane-materiaux\\\/wp-content\\\/uploads\\\/Ruban-adhesif-raccord-interieur-CONTEGA-SOLIDO-SL-Pro-clima.jpg\",\"datePublished\":\"2016-12-31T23:00:00+00:00\",\"dateModified\":\"2026-03-24T20:56:40+00:00\",\"description\":\"Ce\u00a0ruban de raccord adh\u00e9sif et enduisable permet la r\u00e9alisation de raccords \u00e9tanches \u00e0 l\u2019air et r\u00e9gulants la vapeur d\u2019eau c\u00f4t\u00e9 int\u00e9rieur des menuiseries et des couches d\u2019\u00e9tanch\u00e9it\u00e9 \u00e0 l\u2018air \u00e0 des \u00e9l\u00e9ments adjacents en bois ou min\u00e9raux (exemple: b\u00e9ton, ma\u00e7onnerie).\",\"breadcrumb\":{\"@id\":\"https:\\\/\\\/nature-et-developpement.com\\\/macabane-materiaux\\\/produit\\\/ruban-adhesif-raccord-interieur-contega-solido-sl-pro-clima\\\/#breadcrumb\"},\"inLanguage\":\"fr-FR\",\"potentialAction\":[{\"@type\":\"ReadAction\",\"target\":[\"https:\\\/\\\/nature-et-developpement.com\\\/macabane-materiaux\\\/produit\\\/ruban-adhesif-raccord-interieur-contega-solido-sl-pro-clima\\\/\"]}]},{\"@type\":\"ImageObject\",\"inLanguage\":\"fr-FR\",\"@id\":\"https:\\\/\\\/nature-et-developpement.com\\\/macabane-materiaux\\\/produit\\\/ruban-adhesif-raccord-interieur-contega-solido-sl-pro-clima\\\/#primaryimage\",\"url\":\"https:\\\/\\\/nature-et-developpement.com\\\/macabane-materiaux\\\/wp-content\\\/uploads\\\/Ruban-adhesif-raccord-interieur-CONTEGA-SOLIDO-SL-Pro-clima.jpg\",\"contentUrl\":\"https:\\\/\\\/nature-et-developpement.com\\\/macabane-materiaux\\\/wp-content\\\/uploads\\\/Ruban-adhesif-raccord-interieur-CONTEGA-SOLIDO-SL-Pro-clima.jpg\"},{\"@type\":\"BreadcrumbList\",\"@id\":\"https:\\\/\\\/nature-et-developpement.com\\\/macabane-materiaux\\\/produit\\\/ruban-adhesif-raccord-interieur-contega-solido-sl-pro-clima\\\/#breadcrumb\",\"itemListElement\":[{\"@type\":\"ListItem\",\"position\":1,\"name\":\"Accueil\",\"item\":\"https:\\\/\\\/nature-et-developpement.com\\\/macabane-materiaux\\\/\"},{\"@type\":\"ListItem\",\"position\":2,\"name\":\"Boutique\",\"item\":\"https:\\\/\\\/nature-et-developpement.com\\\/macabane-materiaux\\\/boutique\\\/\"},{\"@type\":\"ListItem\",\"position\":3,\"name\":\"Construction, cloison et fen\u00eatres\",\"item\":\"https:\\\/\\\/nature-et-developpement.com\\\/macabane-materiaux\\\/produits\\\/construction\\\/\"},{\"@type\":\"ListItem\",\"position\":4,\"name\":\"Menuiserie ext\u00e9rieure\",\"item\":\"https:\\\/\\\/nature-et-developpement.com\\\/macabane-materiaux\\\/produits\\\/construction\\\/menuiseries-exterieures\\\/\"},{\"@type\":\"ListItem\",\"position\":5,\"name\":\"Ruban adh\u00e9sif raccord int\u00e9rieur CONTEGA SOLIDO SL Pro clima\"}]},{\"@type\":\"WebSite\",\"@id\":\"https:\\\/\\\/nature-et-developpement.com\\\/macabane-materiaux\\\/#website\",\"url\":\"https:\\\/\\\/nature-et-developpement.com\\\/macabane-materiaux\\\/\",\"name\":\"Ma Cabane mat\u00e9riaux naturels\",\"description\":\"Ma Cabane est membre du groupement Nature &amp; D\u00e9veloppement\",\"potentialAction\":[{\"@type\":\"SearchAction\",\"target\":{\"@type\":\"EntryPoint\",\"urlTemplate\":\"https:\\\/\\\/nature-et-developpement.com\\\/macabane-materiaux\\\/?s={search_term_string}\"},\"query-input\":{\"@type\":\"PropertyValueSpecification\",\"valueRequired\":true,\"valueName\":\"search_term_string\"}}],\"inLanguage\":\"fr-FR\"}]}<\/script>\n<!-- \/ Yoast SEO plugin. -->","yoast_head_json":{"title":"Ruban adh\u00e9sif raccord int\u00e9rieur CONTEGA SOLIDO SL Pro clima - Ma Cabane mat\u00e9riaux naturels","description":"Ce\u00a0ruban de raccord adh\u00e9sif et enduisable permet la r\u00e9alisation de raccords \u00e9tanches \u00e0 l\u2019air et r\u00e9gulants la vapeur d\u2019eau c\u00f4t\u00e9 int\u00e9rieur des menuiseries et des couches d\u2019\u00e9tanch\u00e9it\u00e9 \u00e0 l\u2018air \u00e0 des \u00e9l\u00e9ments adjacents en bois ou min\u00e9raux (exemple: b\u00e9ton, ma\u00e7onnerie).","robots":{"index":"noindex","follow":"nofollow"},"og_locale":"fr_FR","og_type":"article","og_title":"Ruban adh\u00e9sif raccord int\u00e9rieur CONTEGA SOLIDO SL Pro clima - Ma Cabane mat\u00e9riaux naturels","og_description":"Ce\u00a0ruban de raccord adh\u00e9sif et enduisable permet la r\u00e9alisation de raccords \u00e9tanches \u00e0 l\u2019air et r\u00e9gulants la vapeur d\u2019eau c\u00f4t\u00e9 int\u00e9rieur des menuiseries et des couches d\u2019\u00e9tanch\u00e9it\u00e9 \u00e0 l\u2018air \u00e0 des \u00e9l\u00e9ments adjacents en bois ou min\u00e9raux (exemple: b\u00e9ton, ma\u00e7onnerie).","og_url":"https:\/\/nature-et-developpement.com\/macabane-materiaux\/produit\/ruban-adhesif-raccord-interieur-contega-solido-sl-pro-clima\/","og_site_name":"Ma Cabane mat\u00e9riaux naturels","article_modified_time":"2026-03-24T20:56:40+00:00","twitter_card":"summary_large_image","twitter_misc":{"Dur\u00e9e de lecture estim\u00e9e":"1 minute"},"schema":{"@context":"https:\/\/schema.org","@graph":[{"@type":"WebPage","@id":"https:\/\/nature-et-developpement.com\/macabane-materiaux\/produit\/ruban-adhesif-raccord-interieur-contega-solido-sl-pro-clima\/","url":"https:\/\/nature-et-developpement.com\/macabane-materiaux\/produit\/ruban-adhesif-raccord-interieur-contega-solido-sl-pro-clima\/","name":"Ruban adh\u00e9sif raccord int\u00e9rieur CONTEGA SOLIDO SL Pro clima - Ma Cabane mat\u00e9riaux naturels","isPartOf":{"@id":"https:\/\/nature-et-developpement.com\/macabane-materiaux\/#website"},"primaryImageOfPage":{"@id":"https:\/\/nature-et-developpement.com\/macabane-materiaux\/produit\/ruban-adhesif-raccord-interieur-contega-solido-sl-pro-clima\/#primaryimage"},"image":{"@id":"https:\/\/nature-et-developpement.com\/macabane-materiaux\/produit\/ruban-adhesif-raccord-interieur-contega-solido-sl-pro-clima\/#primaryimage"},"thumbnailUrl":"https:\/\/nature-et-developpement.com\/macabane-materiaux\/wp-content\/uploads\/Ruban-adhesif-raccord-interieur-CONTEGA-SOLIDO-SL-Pro-clima.jpg","datePublished":"2016-12-31T23:00:00+00:00","dateModified":"2026-03-24T20:56:40+00:00","description":"Ce\u00a0ruban de raccord adh\u00e9sif et enduisable permet la r\u00e9alisation de raccords \u00e9tanches \u00e0 l\u2019air et r\u00e9gulants la vapeur d\u2019eau c\u00f4t\u00e9 int\u00e9rieur des menuiseries et des couches d\u2019\u00e9tanch\u00e9it\u00e9 \u00e0 l\u2018air \u00e0 des \u00e9l\u00e9ments adjacents en bois ou min\u00e9raux (exemple: b\u00e9ton, ma\u00e7onnerie).","breadcrumb":{"@id":"https:\/\/nature-et-developpement.com\/macabane-materiaux\/produit\/ruban-adhesif-raccord-interieur-contega-solido-sl-pro-clima\/#breadcrumb"},"inLanguage":"fr-FR","potentialAction":[{"@type":"ReadAction","target":["https:\/\/nature-et-developpement.com\/macabane-materiaux\/produit\/ruban-adhesif-raccord-interieur-contega-solido-sl-pro-clima\/"]}]},{"@type":"ImageObject","inLanguage":"fr-FR","@id":"https:\/\/nature-et-developpement.com\/macabane-materiaux\/produit\/ruban-adhesif-raccord-interieur-contega-solido-sl-pro-clima\/#primaryimage","url":"https:\/\/nature-et-developpement.com\/macabane-materiaux\/wp-content\/uploads\/Ruban-adhesif-raccord-interieur-CONTEGA-SOLIDO-SL-Pro-clima.jpg","contentUrl":"https:\/\/nature-et-developpement.com\/macabane-materiaux\/wp-content\/uploads\/Ruban-adhesif-raccord-interieur-CONTEGA-SOLIDO-SL-Pro-clima.jpg"},{"@type":"BreadcrumbList","@id":"https:\/\/nature-et-developpement.com\/macabane-materiaux\/produit\/ruban-adhesif-raccord-interieur-contega-solido-sl-pro-clima\/#breadcrumb","itemListElement":[{"@type":"ListItem","position":1,"name":"Accueil","item":"https:\/\/nature-et-developpement.com\/macabane-materiaux\/"},{"@type":"ListItem","position":2,"name":"Boutique","item":"https:\/\/nature-et-developpement.com\/macabane-materiaux\/boutique\/"},{"@type":"ListItem","position":3,"name":"Construction, cloison et fen\u00eatres","item":"https:\/\/nature-et-developpement.com\/macabane-materiaux\/produits\/construction\/"},{"@type":"ListItem","position":4,"name":"Menuiserie ext\u00e9rieure","item":"https:\/\/nature-et-developpement.com\/macabane-materiaux\/produits\/construction\/menuiseries-exterieures\/"},{"@type":"ListItem","position":5,"name":"Ruban adh\u00e9sif raccord int\u00e9rieur CONTEGA SOLIDO SL Pro clima"}]},{"@type":"WebSite","@id":"https:\/\/nature-et-developpement.com\/macabane-materiaux\/#website","url":"https:\/\/nature-et-developpement.com\/macabane-materiaux\/","name":"Ma Cabane mat\u00e9riaux naturels","description":"Ma Cabane est membre du groupement Nature &amp; D\u00e9veloppement","potentialAction":[{"@type":"SearchAction","target":{"@type":"EntryPoint","urlTemplate":"https:\/\/nature-et-developpement.com\/macabane-materiaux\/?s={search_term_string}"},"query-input":{"@type":"PropertyValueSpecification","valueRequired":true,"valueName":"search_term_string"}}],"inLanguage":"fr-FR"}]}},"distributor_meta":false,"distributor_terms":false,"distributor_media":false,"distributor_original_site_name":"Ma Cabane mat\u00e9riaux naturels","distributor_original_site_url":"https:\/\/nature-et-developpement.com\/macabane-materiaux","push-errors":false,"_links":{"self":[{"href":"https:\/\/nature-et-developpement.com\/macabane-materiaux\/wp-json\/wp\/v2\/product\/3801","targetHints":{"allow":["GET"]}}],"collection":[{"href":"https:\/\/nature-et-developpement.com\/macabane-materiaux\/wp-json\/wp\/v2\/product"}],"about":[{"href":"https:\/\/nature-et-developpement.com\/macabane-materiaux\/wp-json\/wp\/v2\/types\/product"}],"wp:featuredmedia":[{"embeddable":true,"href":"https:\/\/nature-et-developpement.com\/macabane-materiaux\/wp-json\/"}],"wp:attachment":[{"href":"https:\/\/nature-et-developpement.com\/macabane-materiaux\/wp-json\/wp\/v2\/media?parent=3801"}],"wp:term":[{"taxonomy":"product_brand","embeddable":true,"href":"https:\/\/nature-et-developpement.com\/macabane-materiaux\/wp-json\/wp\/v2\/product_brand?post=3801"},{"taxonomy":"product_cat","embeddable":true,"href":"https:\/\/nature-et-developpement.com\/macabane-materiaux\/wp-json\/wp\/v2\/product_cat?post=3801"},{"taxonomy":"product_tag","embeddable":true,"href":"https:\/\/nature-et-developpement.com\/macabane-materiaux\/wp-json\/wp\/v2\/product_tag?post=3801"}],"curies":[{"name":"wp","href":"https:\/\/api.w.org\/{rel}","templated":true}]}}