{"id":3867,"date":"2017-01-01T00:00:00","date_gmt":"2016-12-31T23:00:00","guid":{"rendered":"https:\/\/nature-et-developpement.com\/macabane-materiaux\/produit\/frein-vapeur-en-carton-db-pro-clima\/"},"modified":"2026-03-25T00:07:01","modified_gmt":"2026-03-24T23:07:01","slug":"frein-vapeur-en-carton-db-pro-clima","status":"publish","type":"product","link":"https:\/\/nature-et-developpement.com\/macabane-materiaux\/produit\/frein-vapeur-en-carton-db-pro-clima\/","title":{"rendered":"Frein-vapeur en carton DB+ Pro clima"},"content":{"rendered":"<p>S\u2019util\u00adise comme frein-va\u00adpeur et mem\u00adbrane d&rsquo;\u00e9tanch\u00e9it\u00e9 \u00e0 l&rsquo;air dans toutes les con\u00adstruc\u00adtions ouvertes \u00e0 la dif\u00adfu\u00adsion \u00e0 l\u2019ex\u00adt\u00e9rieur pour les toits, pla\u00adfonds ou murs, par ex\u00ademple en com\u00adbinais\u00adon avec des \u00e9crans de sous-toit\u00adure pro clima SOLI\u00adTEX ou pan\u00adneaux en fibres de bois et MDF. Con\u00advi\u00adent aux toit\u00adures plates et aux toit\u00adure in\u00adclin\u00e9es ouvertes \u00e0 la dif\u00adfu\u00adsion c\u00f4t\u00e9 ex\u00adt\u00e9rieur.<\/p>\n<p>Pour les toit\u00adures v\u00e9g\u00e9tal\u00adis\u00e9es, les mem\u00adbranes IN\u00adTES\u00adANA et IN\u00adTELLO of\u00adfrent un plus grand po\u00adten\u00adtiel de pr\u00e9ven\u00adtion des d\u00e9g\u00e2ts au b\u00e2\u00adti\u00adment.<br \/>\nPour des in\u00adform\u00ada\u00adtions plus d\u00e9\u00adtaill\u00e9es, con\u00adsul\u00adter le document d\u2019\u00e9tude \u00ab Cal\u00adcul du po\u00adten\u00adtiel de pr\u00e9ven\u00adtion des d\u00e9g\u00e2ts au b\u00e2\u00adti\u00adment de struc\u00adtures d&rsquo;isol\u00ada\u00adtion ther\u00admique dans la con\u00adstruc\u00adtion en bois et en aci\u00ader \u00bb.<\/p>\n<table class=\"table table-striped\">\n<thead>\n<tr>\n<td><strong>Propri\u00e9t\u00e9<\/strong><\/td>\n<td class=\"hidden-xs\"><strong>R\u00e9glementation<\/strong><\/td>\n<td><strong>Valeur<\/strong><\/td>\n<\/tr>\n<\/thead>\n<tbody>\n<tr>\n<td>Couleur<\/td>\n<td class=\"hidden-xs\"><\/td>\n<td>bleu<\/td>\n<\/tr>\n<tr>\n<td>Grammage<\/td>\n<td class=\"hidden-xs\">NF EN 1849-2<\/td>\n<td>190 \u00b110 g\/m\u00b2<\/td>\n<\/tr>\n<tr>\n<td>Epaisseur<\/td>\n<td class=\"hidden-xs\">NF EN 1849-2<\/td>\n<td>0,23 \u00b10,1 mm<\/td>\n<\/tr>\n<tr>\n<td>Coeff. de r\u00e9sistance diffusion vapeur \u03bc<\/td>\n<td class=\"hidden-xs\">NF EN 1931<\/td>\n<td>10 000<\/td>\n<\/tr>\n<tr>\n<td>Valeur sd<\/td>\n<td class=\"hidden-xs\">NF EN 1931<\/td>\n<td>2,30 \u00b10,25 m<\/td>\n<\/tr>\n<tr>\n<td>Valeur sd hygrovariable<\/td>\n<td class=\"hidden-xs\">NF EN ISO 12572<\/td>\n<td>0,40 &#8211; 4 m<\/td>\n<\/tr>\n<tr>\n<td>Valeur Hydrosafe<\/td>\n<td class=\"hidden-xs\">DIN 68800-2<\/td>\n<td>2,00 m<\/td>\n<\/tr>\n<tr>\n<td>R\u00e9action au feu<\/td>\n<td class=\"hidden-xs\">NF EN 13501-1<\/td>\n<td>Euroclasse E<\/td>\n<\/tr>\n<tr>\n<td>Force de traction max. longit.\/transv.<\/td>\n<td class=\"hidden-xs\">NF EN 13859-1<\/td>\n<td>550 N\/5 cm \/ 420 N\/5 cm<\/td>\n<\/tr>\n<tr>\n<td>Allongement en traction longit.\/transv.<\/td>\n<td class=\"hidden-xs\">NF EN 13859-1<\/td>\n<td>5 % \/ 5 %<\/td>\n<\/tr>\n<tr>\n<td>R\u00e9sistance \u00e0 la d\u00e9chirure longitud.\/transv.<\/td>\n<td class=\"hidden-xs\">NF EN 13859-1<\/td>\n<td>70 N \/ 70 N<\/td>\n<\/tr>\n<tr>\n<td>Durabilit\u00e9 apr\u00e8s vieillissement artificiel<\/td>\n<td class=\"hidden-xs\">NF EN 1296 \/ NF EN 1931<\/td>\n<td>r\u00e9ussi<\/td>\n<\/tr>\n<tr>\n<td>R\u00e9sistance \u00e0 la temp\u00e9rature<\/td>\n<td class=\"hidden-xs\"><\/td>\n<td>stable jusque +40 \u00b0C<\/td>\n<\/tr>\n<tr>\n<td>Coefficient thermique<\/td>\n<td class=\"hidden-xs\"><\/td>\n<td>0,13 W\/(m\u00b7K)<\/td>\n<\/tr>\n<tr>\n<td>Etanch\u00e9it\u00e9 \u00e0 l&rsquo;air<\/td>\n<td class=\"hidden-xs\">NF EN 12114<\/td>\n<td>effectu\u00e9<\/td>\n<\/tr>\n<tr>\n<td>Agr\u00e9ment technique g\u00e9n\u00e9ral du DIBt (DE)<\/td>\n<td class=\"hidden-xs\">DIN 68800-2<\/td>\n<td>Z-9.1-852<\/td>\n<\/tr>\n<tr>\n<td>Marquage CE<\/td>\n<td class=\"hidden-xs\">NF EN 13984<\/td>\n<td>existe<\/td>\n<\/tr>\n<\/tbody>\n<\/table>\n","protected":false},"excerpt":{"rendered":"<p>Frein-va\u00adpeur et mem\u00adbrane d&rsquo;\u00e9tanch\u00e9it\u00e9 \u00e0 l&rsquo;air en car\u00adton, \u00e0 ges\u00adtion act\u00adive de l&rsquo;hu\u00admid\u00adit\u00e9 avec arma\u00adture<\/p>\n","protected":false},"featured_media":1000000166696,"template":"","meta":[],"product_brand":[175],"product_cat":[2676],"product_tag":[2685],"class_list":{"0":"post-3867","1":"product","2":"type-product","3":"status-publish","4":"has-post-thumbnail","6":"product_brand-proclima","7":"product_cat-etancheite-a-lair","8":"product_tag-pro-clima","9":"product_shipping_class-petit-equipement-outil-eclairage","11":"first","12":"instock","13":"taxable","14":"shipping-taxable","15":"purchasable","16":"product-type-variable"},"yoast_head":"<!-- This site is optimized with the Yoast SEO plugin v27.5 - https:\/\/yoast.com\/product\/yoast-seo-wordpress\/ -->\n<title>Frein-vapeur en carton DB+ Pro clima - Ma Cabane mat\u00e9riaux naturels<\/title>\n<meta name=\"description\" content=\"Frein-va\u00adpeur et mem\u00adbrane d&#039;\u00e9tanch\u00e9it\u00e9 \u00e0 l&#039;air en car\u00adton, \u00e0 ges\u00adtion act\u00adive de l&#039;hu\u00admid\u00adit\u00e9 avec arma\u00adture\" \/>\n<meta name=\"robots\" content=\"noindex, nofollow\" \/>\n<meta property=\"og:locale\" content=\"fr_FR\" \/>\n<meta property=\"og:type\" content=\"article\" \/>\n<meta property=\"og:title\" content=\"Frein-vapeur en carton DB+ Pro clima - Ma Cabane mat\u00e9riaux naturels\" \/>\n<meta property=\"og:description\" content=\"Frein-va\u00adpeur et mem\u00adbrane d&#039;\u00e9tanch\u00e9it\u00e9 \u00e0 l&#039;air en car\u00adton, \u00e0 ges\u00adtion act\u00adive de l&#039;hu\u00admid\u00adit\u00e9 avec arma\u00adture\" \/>\n<meta property=\"og:url\" content=\"https:\/\/nature-et-developpement.com\/macabane-materiaux\/produit\/frein-vapeur-en-carton-db-pro-clima\/\" \/>\n<meta property=\"og:site_name\" content=\"Ma Cabane mat\u00e9riaux naturels\" \/>\n<meta property=\"article:modified_time\" content=\"2026-03-24T23:07:01+00:00\" \/>\n<meta name=\"twitter:card\" content=\"summary_large_image\" \/>\n<meta name=\"twitter:label1\" content=\"Dur\u00e9e de lecture estim\u00e9e\" \/>\n\t<meta name=\"twitter:data1\" content=\"1 minute\" \/>\n<script type=\"application\/ld+json\" class=\"yoast-schema-graph\">{\"@context\":\"https:\\\/\\\/schema.org\",\"@graph\":[{\"@type\":\"WebPage\",\"@id\":\"https:\\\/\\\/nature-et-developpement.com\\\/macabane-materiaux\\\/produit\\\/frein-vapeur-en-carton-db-pro-clima\\\/\",\"url\":\"https:\\\/\\\/nature-et-developpement.com\\\/macabane-materiaux\\\/produit\\\/frein-vapeur-en-carton-db-pro-clima\\\/\",\"name\":\"Frein-vapeur en carton DB+ Pro clima - Ma Cabane mat\u00e9riaux naturels\",\"isPartOf\":{\"@id\":\"https:\\\/\\\/nature-et-developpement.com\\\/macabane-materiaux\\\/#website\"},\"primaryImageOfPage\":{\"@id\":\"https:\\\/\\\/nature-et-developpement.com\\\/macabane-materiaux\\\/produit\\\/frein-vapeur-en-carton-db-pro-clima\\\/#primaryimage\"},\"image\":{\"@id\":\"https:\\\/\\\/nature-et-developpement.com\\\/macabane-materiaux\\\/produit\\\/frein-vapeur-en-carton-db-pro-clima\\\/#primaryimage\"},\"thumbnailUrl\":\"https:\\\/\\\/nature-et-developpement.com\\\/macabane-materiaux\\\/wp-content\\\/uploads\\\/Frein-vapeur-en-carton-DB-plus-Pro-clima.jpg\",\"datePublished\":\"2016-12-31T23:00:00+00:00\",\"dateModified\":\"2026-03-24T23:07:01+00:00\",\"description\":\"Frein-va\u00adpeur et mem\u00adbrane d'\u00e9tanch\u00e9it\u00e9 \u00e0 l'air en car\u00adton, \u00e0 ges\u00adtion act\u00adive de l'hu\u00admid\u00adit\u00e9 avec arma\u00adture\",\"breadcrumb\":{\"@id\":\"https:\\\/\\\/nature-et-developpement.com\\\/macabane-materiaux\\\/produit\\\/frein-vapeur-en-carton-db-pro-clima\\\/#breadcrumb\"},\"inLanguage\":\"fr-FR\",\"potentialAction\":[{\"@type\":\"ReadAction\",\"target\":[\"https:\\\/\\\/nature-et-developpement.com\\\/macabane-materiaux\\\/produit\\\/frein-vapeur-en-carton-db-pro-clima\\\/\"]}]},{\"@type\":\"ImageObject\",\"inLanguage\":\"fr-FR\",\"@id\":\"https:\\\/\\\/nature-et-developpement.com\\\/macabane-materiaux\\\/produit\\\/frein-vapeur-en-carton-db-pro-clima\\\/#primaryimage\",\"url\":\"https:\\\/\\\/nature-et-developpement.com\\\/macabane-materiaux\\\/wp-content\\\/uploads\\\/Frein-vapeur-en-carton-DB-plus-Pro-clima.jpg\",\"contentUrl\":\"https:\\\/\\\/nature-et-developpement.com\\\/macabane-materiaux\\\/wp-content\\\/uploads\\\/Frein-vapeur-en-carton-DB-plus-Pro-clima.jpg\"},{\"@type\":\"BreadcrumbList\",\"@id\":\"https:\\\/\\\/nature-et-developpement.com\\\/macabane-materiaux\\\/produit\\\/frein-vapeur-en-carton-db-pro-clima\\\/#breadcrumb\",\"itemListElement\":[{\"@type\":\"ListItem\",\"position\":1,\"name\":\"Accueil\",\"item\":\"https:\\\/\\\/nature-et-developpement.com\\\/macabane-materiaux\\\/\"},{\"@type\":\"ListItem\",\"position\":2,\"name\":\"Boutique\",\"item\":\"https:\\\/\\\/nature-et-developpement.com\\\/macabane-materiaux\\\/boutique\\\/\"},{\"@type\":\"ListItem\",\"position\":3,\"name\":\"Isolation et \u00e9tanch\u00e9it\u00e9\",\"item\":\"https:\\\/\\\/nature-et-developpement.com\\\/macabane-materiaux\\\/produits\\\/isolation-et-etancheite\\\/\"},{\"@type\":\"ListItem\",\"position\":4,\"name\":\"Etanch\u00e9it\u00e9 \u00e0 l'air\",\"item\":\"https:\\\/\\\/nature-et-developpement.com\\\/macabane-materiaux\\\/produits\\\/isolation-et-etancheite\\\/etancheite-a-lair\\\/\"},{\"@type\":\"ListItem\",\"position\":5,\"name\":\"Frein-vapeur en carton DB+ Pro clima\"}]},{\"@type\":\"WebSite\",\"@id\":\"https:\\\/\\\/nature-et-developpement.com\\\/macabane-materiaux\\\/#website\",\"url\":\"https:\\\/\\\/nature-et-developpement.com\\\/macabane-materiaux\\\/\",\"name\":\"Ma Cabane mat\u00e9riaux naturels\",\"description\":\"Ma Cabane est membre du groupement Nature &amp; D\u00e9veloppement\",\"potentialAction\":[{\"@type\":\"SearchAction\",\"target\":{\"@type\":\"EntryPoint\",\"urlTemplate\":\"https:\\\/\\\/nature-et-developpement.com\\\/macabane-materiaux\\\/?s={search_term_string}\"},\"query-input\":{\"@type\":\"PropertyValueSpecification\",\"valueRequired\":true,\"valueName\":\"search_term_string\"}}],\"inLanguage\":\"fr-FR\"}]}<\/script>\n<!-- \/ Yoast SEO plugin. -->","yoast_head_json":{"title":"Frein-vapeur en carton DB+ Pro clima - Ma Cabane mat\u00e9riaux naturels","description":"Frein-va\u00adpeur et mem\u00adbrane d'\u00e9tanch\u00e9it\u00e9 \u00e0 l'air en car\u00adton, \u00e0 ges\u00adtion act\u00adive de l'hu\u00admid\u00adit\u00e9 avec arma\u00adture","robots":{"index":"noindex","follow":"nofollow"},"og_locale":"fr_FR","og_type":"article","og_title":"Frein-vapeur en carton DB+ Pro clima - Ma Cabane mat\u00e9riaux naturels","og_description":"Frein-va\u00adpeur et mem\u00adbrane d'\u00e9tanch\u00e9it\u00e9 \u00e0 l'air en car\u00adton, \u00e0 ges\u00adtion act\u00adive de l'hu\u00admid\u00adit\u00e9 avec arma\u00adture","og_url":"https:\/\/nature-et-developpement.com\/macabane-materiaux\/produit\/frein-vapeur-en-carton-db-pro-clima\/","og_site_name":"Ma Cabane mat\u00e9riaux naturels","article_modified_time":"2026-03-24T23:07:01+00:00","twitter_card":"summary_large_image","twitter_misc":{"Dur\u00e9e de lecture estim\u00e9e":"1 minute"},"schema":{"@context":"https:\/\/schema.org","@graph":[{"@type":"WebPage","@id":"https:\/\/nature-et-developpement.com\/macabane-materiaux\/produit\/frein-vapeur-en-carton-db-pro-clima\/","url":"https:\/\/nature-et-developpement.com\/macabane-materiaux\/produit\/frein-vapeur-en-carton-db-pro-clima\/","name":"Frein-vapeur en carton DB+ Pro clima - Ma Cabane mat\u00e9riaux naturels","isPartOf":{"@id":"https:\/\/nature-et-developpement.com\/macabane-materiaux\/#website"},"primaryImageOfPage":{"@id":"https:\/\/nature-et-developpement.com\/macabane-materiaux\/produit\/frein-vapeur-en-carton-db-pro-clima\/#primaryimage"},"image":{"@id":"https:\/\/nature-et-developpement.com\/macabane-materiaux\/produit\/frein-vapeur-en-carton-db-pro-clima\/#primaryimage"},"thumbnailUrl":"https:\/\/nature-et-developpement.com\/macabane-materiaux\/wp-content\/uploads\/Frein-vapeur-en-carton-DB-plus-Pro-clima.jpg","datePublished":"2016-12-31T23:00:00+00:00","dateModified":"2026-03-24T23:07:01+00:00","description":"Frein-va\u00adpeur et mem\u00adbrane d'\u00e9tanch\u00e9it\u00e9 \u00e0 l'air en car\u00adton, \u00e0 ges\u00adtion act\u00adive de l'hu\u00admid\u00adit\u00e9 avec arma\u00adture","breadcrumb":{"@id":"https:\/\/nature-et-developpement.com\/macabane-materiaux\/produit\/frein-vapeur-en-carton-db-pro-clima\/#breadcrumb"},"inLanguage":"fr-FR","potentialAction":[{"@type":"ReadAction","target":["https:\/\/nature-et-developpement.com\/macabane-materiaux\/produit\/frein-vapeur-en-carton-db-pro-clima\/"]}]},{"@type":"ImageObject","inLanguage":"fr-FR","@id":"https:\/\/nature-et-developpement.com\/macabane-materiaux\/produit\/frein-vapeur-en-carton-db-pro-clima\/#primaryimage","url":"https:\/\/nature-et-developpement.com\/macabane-materiaux\/wp-content\/uploads\/Frein-vapeur-en-carton-DB-plus-Pro-clima.jpg","contentUrl":"https:\/\/nature-et-developpement.com\/macabane-materiaux\/wp-content\/uploads\/Frein-vapeur-en-carton-DB-plus-Pro-clima.jpg"},{"@type":"BreadcrumbList","@id":"https:\/\/nature-et-developpement.com\/macabane-materiaux\/produit\/frein-vapeur-en-carton-db-pro-clima\/#breadcrumb","itemListElement":[{"@type":"ListItem","position":1,"name":"Accueil","item":"https:\/\/nature-et-developpement.com\/macabane-materiaux\/"},{"@type":"ListItem","position":2,"name":"Boutique","item":"https:\/\/nature-et-developpement.com\/macabane-materiaux\/boutique\/"},{"@type":"ListItem","position":3,"name":"Isolation et \u00e9tanch\u00e9it\u00e9","item":"https:\/\/nature-et-developpement.com\/macabane-materiaux\/produits\/isolation-et-etancheite\/"},{"@type":"ListItem","position":4,"name":"Etanch\u00e9it\u00e9 \u00e0 l'air","item":"https:\/\/nature-et-developpement.com\/macabane-materiaux\/produits\/isolation-et-etancheite\/etancheite-a-lair\/"},{"@type":"ListItem","position":5,"name":"Frein-vapeur en carton DB+ Pro clima"}]},{"@type":"WebSite","@id":"https:\/\/nature-et-developpement.com\/macabane-materiaux\/#website","url":"https:\/\/nature-et-developpement.com\/macabane-materiaux\/","name":"Ma Cabane mat\u00e9riaux naturels","description":"Ma Cabane est membre du groupement Nature &amp; D\u00e9veloppement","potentialAction":[{"@type":"SearchAction","target":{"@type":"EntryPoint","urlTemplate":"https:\/\/nature-et-developpement.com\/macabane-materiaux\/?s={search_term_string}"},"query-input":{"@type":"PropertyValueSpecification","valueRequired":true,"valueName":"search_term_string"}}],"inLanguage":"fr-FR"}]}},"distributor_meta":false,"distributor_terms":false,"distributor_media":false,"distributor_original_site_name":"Ma Cabane mat\u00e9riaux naturels","distributor_original_site_url":"https:\/\/nature-et-developpement.com\/macabane-materiaux","push-errors":false,"_links":{"self":[{"href":"https:\/\/nature-et-developpement.com\/macabane-materiaux\/wp-json\/wp\/v2\/product\/3867","targetHints":{"allow":["GET"]}}],"collection":[{"href":"https:\/\/nature-et-developpement.com\/macabane-materiaux\/wp-json\/wp\/v2\/product"}],"about":[{"href":"https:\/\/nature-et-developpement.com\/macabane-materiaux\/wp-json\/wp\/v2\/types\/product"}],"wp:featuredmedia":[{"embeddable":true,"href":"https:\/\/nature-et-developpement.com\/macabane-materiaux\/wp-json\/"}],"wp:attachment":[{"href":"https:\/\/nature-et-developpement.com\/macabane-materiaux\/wp-json\/wp\/v2\/media?parent=3867"}],"wp:term":[{"taxonomy":"product_brand","embeddable":true,"href":"https:\/\/nature-et-developpement.com\/macabane-materiaux\/wp-json\/wp\/v2\/product_brand?post=3867"},{"taxonomy":"product_cat","embeddable":true,"href":"https:\/\/nature-et-developpement.com\/macabane-materiaux\/wp-json\/wp\/v2\/product_cat?post=3867"},{"taxonomy":"product_tag","embeddable":true,"href":"https:\/\/nature-et-developpement.com\/macabane-materiaux\/wp-json\/wp\/v2\/product_tag?post=3867"}],"curies":[{"name":"wp","href":"https:\/\/api.w.org\/{rel}","templated":true}]}}