{"id":3899,"date":"2017-01-01T00:00:00","date_gmt":"2016-12-31T23:00:00","guid":{"rendered":"https:\/\/nature-et-developpement.com\/macabane-materiaux\/produit\/manchette-d-etancheite-a-lair-de-2-cables-kaflex-multi-pro-clima\/"},"modified":"2026-03-24T22:26:27","modified_gmt":"2026-03-24T21:26:27","slug":"manchette-d-etancheite-a-lair-de-2-cables-kaflex-multi-pro-clima","status":"publish","type":"product","link":"https:\/\/nature-et-developpement.com\/macabane-materiaux\/produit\/manchette-d-etancheite-a-lair-de-2-cables-kaflex-multi-pro-clima\/","title":{"rendered":"Manchette d&rsquo;\u00e9tanch\u00e9it\u00e9 \u00e0 l&rsquo;air + de 2 c\u00e2bles KAFLEX multi Pro clima"},"content":{"rendered":"<p>Manchette pour fais\u00adceau de c\u00e2bles en EP\u00adDM solide et ex\u00adtr\u00eam\u00adement flex\u00adible, pour la r\u00e9al\u00adisa\u00adtion fa\u00adcile, rap\u00adide et dur\u00adable\u00adment \u00e9tanche des pas\u00adsages de c\u00e2bles (jusqu\u2019\u00e0 16 c\u00e2bles) \u00e0 tra\u00advers la couche d&rsquo;\u00e9tanch\u00e9it\u00e9 \u00e0 l&rsquo;air ou la sous-toit\u00adure.<\/p>\n<p>Kit de mont\u00adage com\u00adplet pour une util\u00adisa\u00adtion ais\u00e9e. Col\u00adlage \u00e0 l\u2019aide du ruban ad\u00adh\u00e9sif TESCON VANA (8 bouts con\u00adtenus dans l\u2019art. n\u00b0 10728).<\/p>\n<table class=\"table table-striped\">\n<thead>\n<tr>\n<td><strong>Propri\u00e9t\u00e9<\/strong><\/td>\n<td class=\"hidden-xs\"><strong>R\u00e9glementation<\/strong><\/td>\n<td><strong>Valeur<\/strong><\/td>\n<\/tr>\n<\/thead>\n<tbody>\n<tr>\n<td>Couleur<\/td>\n<td class=\"hidden-xs\"><\/td>\n<td>noir<\/td>\n<\/tr>\n<tr>\n<td>Exposition aux intemp\u00e9ries<\/td>\n<td class=\"hidden-xs\"><\/td>\n<td>6 mois<\/td>\n<\/tr>\n<tr>\n<td>Temp\u00e9rature de mise en \u0153uvre<\/td>\n<td class=\"hidden-xs\"><\/td>\n<td>\u00e0 partir de -10 \u00b0C<\/td>\n<\/tr>\n<tr>\n<td>R\u00e9sistance \u00e0 la temp\u00e9rature<\/td>\n<td class=\"hidden-xs\"><\/td>\n<td>stable entre -40 \u00b0C et  150 \u00b0C<\/td>\n<\/tr>\n<tr>\n<td>Stockage<\/td>\n<td class=\"hidden-xs\"><\/td>\n<td>dans un endroit frais et sec<\/td>\n<\/tr>\n<\/tbody>\n<\/table>\n","protected":false},"excerpt":{"rendered":"<p>Manchettes pour fais\u00adceau de c\u00e2bles (jusqu\u2019\u00e0 16 c\u00e2bles), \u00d8 6 \u00e0 12 mm<\/p>\n","protected":false},"featured_media":1000000166711,"template":"","meta":[],"product_brand":[175],"product_cat":[2341,2676],"product_tag":[2685],"class_list":{"0":"post-3899","1":"product","2":"type-product","3":"status-publish","4":"has-post-thumbnail","6":"product_brand-proclima","7":"product_cat-accessoires-isolation-et-etancheite","8":"product_cat-etancheite-a-lair","9":"product_tag-pro-clima","10":"product_shipping_class-petit-equipement-outil-eclairage","12":"first","13":"instock","14":"taxable","15":"shipping-taxable","16":"purchasable","17":"product-type-variable"},"yoast_head":"<!-- This site is optimized with the Yoast SEO plugin v27.5 - https:\/\/yoast.com\/product\/yoast-seo-wordpress\/ -->\n<title>Manchette d&#039;\u00e9tanch\u00e9it\u00e9 \u00e0 l&#039;air + de 2 c\u00e2bles KAFLEX multi Pro clima - Ma Cabane mat\u00e9riaux naturels<\/title>\n<meta name=\"description\" content=\"Manchettes pour fais\u00adceau de c\u00e2bles (jusqu\u2019\u00e0 16 c\u00e2bles), \u00d8 6 \u00e0 12 mm\" \/>\n<meta name=\"robots\" content=\"noindex, nofollow\" \/>\n<meta property=\"og:locale\" content=\"fr_FR\" \/>\n<meta property=\"og:type\" content=\"article\" \/>\n<meta property=\"og:title\" content=\"Manchette d&#039;\u00e9tanch\u00e9it\u00e9 \u00e0 l&#039;air + de 2 c\u00e2bles KAFLEX multi Pro clima - Ma Cabane mat\u00e9riaux naturels\" \/>\n<meta property=\"og:description\" content=\"Manchettes pour fais\u00adceau de c\u00e2bles (jusqu\u2019\u00e0 16 c\u00e2bles), \u00d8 6 \u00e0 12 mm\" \/>\n<meta property=\"og:url\" content=\"https:\/\/nature-et-developpement.com\/macabane-materiaux\/produit\/manchette-d-etancheite-a-lair-de-2-cables-kaflex-multi-pro-clima\/\" \/>\n<meta property=\"og:site_name\" content=\"Ma Cabane mat\u00e9riaux naturels\" \/>\n<meta property=\"article:modified_time\" content=\"2026-03-24T21:26:27+00:00\" \/>\n<meta name=\"twitter:card\" content=\"summary_large_image\" \/>\n<meta name=\"twitter:label1\" content=\"Dur\u00e9e de lecture estim\u00e9e\" \/>\n\t<meta name=\"twitter:data1\" content=\"1 minute\" \/>\n<script type=\"application\/ld+json\" class=\"yoast-schema-graph\">{\"@context\":\"https:\\\/\\\/schema.org\",\"@graph\":[{\"@type\":\"WebPage\",\"@id\":\"https:\\\/\\\/nature-et-developpement.com\\\/macabane-materiaux\\\/produit\\\/manchette-d-etancheite-a-lair-de-2-cables-kaflex-multi-pro-clima\\\/\",\"url\":\"https:\\\/\\\/nature-et-developpement.com\\\/macabane-materiaux\\\/produit\\\/manchette-d-etancheite-a-lair-de-2-cables-kaflex-multi-pro-clima\\\/\",\"name\":\"Manchette d'\u00e9tanch\u00e9it\u00e9 \u00e0 l'air + de 2 c\u00e2bles KAFLEX multi Pro clima - Ma Cabane mat\u00e9riaux naturels\",\"isPartOf\":{\"@id\":\"https:\\\/\\\/nature-et-developpement.com\\\/macabane-materiaux\\\/#website\"},\"primaryImageOfPage\":{\"@id\":\"https:\\\/\\\/nature-et-developpement.com\\\/macabane-materiaux\\\/produit\\\/manchette-d-etancheite-a-lair-de-2-cables-kaflex-multi-pro-clima\\\/#primaryimage\"},\"image\":{\"@id\":\"https:\\\/\\\/nature-et-developpement.com\\\/macabane-materiaux\\\/produit\\\/manchette-d-etancheite-a-lair-de-2-cables-kaflex-multi-pro-clima\\\/#primaryimage\"},\"thumbnailUrl\":\"https:\\\/\\\/nature-et-developpement.com\\\/macabane-materiaux\\\/wp-content\\\/uploads\\\/Manchette-detancheite-a-lair-plus-de-2-cables-KAFLEX-multi-Pro-clima.jpg\",\"datePublished\":\"2016-12-31T23:00:00+00:00\",\"dateModified\":\"2026-03-24T21:26:27+00:00\",\"description\":\"Manchettes pour fais\u00adceau de c\u00e2bles (jusqu\u2019\u00e0 16 c\u00e2bles), \u00d8 6 \u00e0 12 mm\",\"breadcrumb\":{\"@id\":\"https:\\\/\\\/nature-et-developpement.com\\\/macabane-materiaux\\\/produit\\\/manchette-d-etancheite-a-lair-de-2-cables-kaflex-multi-pro-clima\\\/#breadcrumb\"},\"inLanguage\":\"fr-FR\",\"potentialAction\":[{\"@type\":\"ReadAction\",\"target\":[\"https:\\\/\\\/nature-et-developpement.com\\\/macabane-materiaux\\\/produit\\\/manchette-d-etancheite-a-lair-de-2-cables-kaflex-multi-pro-clima\\\/\"]}]},{\"@type\":\"ImageObject\",\"inLanguage\":\"fr-FR\",\"@id\":\"https:\\\/\\\/nature-et-developpement.com\\\/macabane-materiaux\\\/produit\\\/manchette-d-etancheite-a-lair-de-2-cables-kaflex-multi-pro-clima\\\/#primaryimage\",\"url\":\"https:\\\/\\\/nature-et-developpement.com\\\/macabane-materiaux\\\/wp-content\\\/uploads\\\/Manchette-detancheite-a-lair-plus-de-2-cables-KAFLEX-multi-Pro-clima.jpg\",\"contentUrl\":\"https:\\\/\\\/nature-et-developpement.com\\\/macabane-materiaux\\\/wp-content\\\/uploads\\\/Manchette-detancheite-a-lair-plus-de-2-cables-KAFLEX-multi-Pro-clima.jpg\"},{\"@type\":\"BreadcrumbList\",\"@id\":\"https:\\\/\\\/nature-et-developpement.com\\\/macabane-materiaux\\\/produit\\\/manchette-d-etancheite-a-lair-de-2-cables-kaflex-multi-pro-clima\\\/#breadcrumb\",\"itemListElement\":[{\"@type\":\"ListItem\",\"position\":1,\"name\":\"Accueil\",\"item\":\"https:\\\/\\\/nature-et-developpement.com\\\/macabane-materiaux\\\/\"},{\"@type\":\"ListItem\",\"position\":2,\"name\":\"Boutique\",\"item\":\"https:\\\/\\\/nature-et-developpement.com\\\/macabane-materiaux\\\/boutique\\\/\"},{\"@type\":\"ListItem\",\"position\":3,\"name\":\"Isolation et \u00e9tanch\u00e9it\u00e9\",\"item\":\"https:\\\/\\\/nature-et-developpement.com\\\/macabane-materiaux\\\/produits\\\/isolation-et-etancheite\\\/\"},{\"@type\":\"ListItem\",\"position\":4,\"name\":\"Etanch\u00e9it\u00e9 \u00e0 l'air\",\"item\":\"https:\\\/\\\/nature-et-developpement.com\\\/macabane-materiaux\\\/produits\\\/isolation-et-etancheite\\\/etancheite-a-lair\\\/\"},{\"@type\":\"ListItem\",\"position\":5,\"name\":\"Manchette d&rsquo;\u00e9tanch\u00e9it\u00e9 \u00e0 l&rsquo;air + de 2 c\u00e2bles KAFLEX multi Pro clima\"}]},{\"@type\":\"WebSite\",\"@id\":\"https:\\\/\\\/nature-et-developpement.com\\\/macabane-materiaux\\\/#website\",\"url\":\"https:\\\/\\\/nature-et-developpement.com\\\/macabane-materiaux\\\/\",\"name\":\"Ma Cabane mat\u00e9riaux naturels\",\"description\":\"Ma Cabane est membre du groupement Nature &amp; D\u00e9veloppement\",\"potentialAction\":[{\"@type\":\"SearchAction\",\"target\":{\"@type\":\"EntryPoint\",\"urlTemplate\":\"https:\\\/\\\/nature-et-developpement.com\\\/macabane-materiaux\\\/?s={search_term_string}\"},\"query-input\":{\"@type\":\"PropertyValueSpecification\",\"valueRequired\":true,\"valueName\":\"search_term_string\"}}],\"inLanguage\":\"fr-FR\"}]}<\/script>\n<!-- \/ Yoast SEO plugin. -->","yoast_head_json":{"title":"Manchette d'\u00e9tanch\u00e9it\u00e9 \u00e0 l'air + de 2 c\u00e2bles KAFLEX multi Pro clima - Ma Cabane mat\u00e9riaux naturels","description":"Manchettes pour fais\u00adceau de c\u00e2bles (jusqu\u2019\u00e0 16 c\u00e2bles), \u00d8 6 \u00e0 12 mm","robots":{"index":"noindex","follow":"nofollow"},"og_locale":"fr_FR","og_type":"article","og_title":"Manchette d'\u00e9tanch\u00e9it\u00e9 \u00e0 l'air + de 2 c\u00e2bles KAFLEX multi Pro clima - Ma Cabane mat\u00e9riaux naturels","og_description":"Manchettes pour fais\u00adceau de c\u00e2bles (jusqu\u2019\u00e0 16 c\u00e2bles), \u00d8 6 \u00e0 12 mm","og_url":"https:\/\/nature-et-developpement.com\/macabane-materiaux\/produit\/manchette-d-etancheite-a-lair-de-2-cables-kaflex-multi-pro-clima\/","og_site_name":"Ma Cabane mat\u00e9riaux naturels","article_modified_time":"2026-03-24T21:26:27+00:00","twitter_card":"summary_large_image","twitter_misc":{"Dur\u00e9e de lecture estim\u00e9e":"1 minute"},"schema":{"@context":"https:\/\/schema.org","@graph":[{"@type":"WebPage","@id":"https:\/\/nature-et-developpement.com\/macabane-materiaux\/produit\/manchette-d-etancheite-a-lair-de-2-cables-kaflex-multi-pro-clima\/","url":"https:\/\/nature-et-developpement.com\/macabane-materiaux\/produit\/manchette-d-etancheite-a-lair-de-2-cables-kaflex-multi-pro-clima\/","name":"Manchette d'\u00e9tanch\u00e9it\u00e9 \u00e0 l'air + de 2 c\u00e2bles KAFLEX multi Pro clima - Ma Cabane mat\u00e9riaux naturels","isPartOf":{"@id":"https:\/\/nature-et-developpement.com\/macabane-materiaux\/#website"},"primaryImageOfPage":{"@id":"https:\/\/nature-et-developpement.com\/macabane-materiaux\/produit\/manchette-d-etancheite-a-lair-de-2-cables-kaflex-multi-pro-clima\/#primaryimage"},"image":{"@id":"https:\/\/nature-et-developpement.com\/macabane-materiaux\/produit\/manchette-d-etancheite-a-lair-de-2-cables-kaflex-multi-pro-clima\/#primaryimage"},"thumbnailUrl":"https:\/\/nature-et-developpement.com\/macabane-materiaux\/wp-content\/uploads\/Manchette-detancheite-a-lair-plus-de-2-cables-KAFLEX-multi-Pro-clima.jpg","datePublished":"2016-12-31T23:00:00+00:00","dateModified":"2026-03-24T21:26:27+00:00","description":"Manchettes pour fais\u00adceau de c\u00e2bles (jusqu\u2019\u00e0 16 c\u00e2bles), \u00d8 6 \u00e0 12 mm","breadcrumb":{"@id":"https:\/\/nature-et-developpement.com\/macabane-materiaux\/produit\/manchette-d-etancheite-a-lair-de-2-cables-kaflex-multi-pro-clima\/#breadcrumb"},"inLanguage":"fr-FR","potentialAction":[{"@type":"ReadAction","target":["https:\/\/nature-et-developpement.com\/macabane-materiaux\/produit\/manchette-d-etancheite-a-lair-de-2-cables-kaflex-multi-pro-clima\/"]}]},{"@type":"ImageObject","inLanguage":"fr-FR","@id":"https:\/\/nature-et-developpement.com\/macabane-materiaux\/produit\/manchette-d-etancheite-a-lair-de-2-cables-kaflex-multi-pro-clima\/#primaryimage","url":"https:\/\/nature-et-developpement.com\/macabane-materiaux\/wp-content\/uploads\/Manchette-detancheite-a-lair-plus-de-2-cables-KAFLEX-multi-Pro-clima.jpg","contentUrl":"https:\/\/nature-et-developpement.com\/macabane-materiaux\/wp-content\/uploads\/Manchette-detancheite-a-lair-plus-de-2-cables-KAFLEX-multi-Pro-clima.jpg"},{"@type":"BreadcrumbList","@id":"https:\/\/nature-et-developpement.com\/macabane-materiaux\/produit\/manchette-d-etancheite-a-lair-de-2-cables-kaflex-multi-pro-clima\/#breadcrumb","itemListElement":[{"@type":"ListItem","position":1,"name":"Accueil","item":"https:\/\/nature-et-developpement.com\/macabane-materiaux\/"},{"@type":"ListItem","position":2,"name":"Boutique","item":"https:\/\/nature-et-developpement.com\/macabane-materiaux\/boutique\/"},{"@type":"ListItem","position":3,"name":"Isolation et \u00e9tanch\u00e9it\u00e9","item":"https:\/\/nature-et-developpement.com\/macabane-materiaux\/produits\/isolation-et-etancheite\/"},{"@type":"ListItem","position":4,"name":"Etanch\u00e9it\u00e9 \u00e0 l'air","item":"https:\/\/nature-et-developpement.com\/macabane-materiaux\/produits\/isolation-et-etancheite\/etancheite-a-lair\/"},{"@type":"ListItem","position":5,"name":"Manchette d&rsquo;\u00e9tanch\u00e9it\u00e9 \u00e0 l&rsquo;air + de 2 c\u00e2bles KAFLEX multi Pro clima"}]},{"@type":"WebSite","@id":"https:\/\/nature-et-developpement.com\/macabane-materiaux\/#website","url":"https:\/\/nature-et-developpement.com\/macabane-materiaux\/","name":"Ma Cabane mat\u00e9riaux naturels","description":"Ma Cabane est membre du groupement Nature &amp; D\u00e9veloppement","potentialAction":[{"@type":"SearchAction","target":{"@type":"EntryPoint","urlTemplate":"https:\/\/nature-et-developpement.com\/macabane-materiaux\/?s={search_term_string}"},"query-input":{"@type":"PropertyValueSpecification","valueRequired":true,"valueName":"search_term_string"}}],"inLanguage":"fr-FR"}]}},"distributor_meta":false,"distributor_terms":false,"distributor_media":false,"distributor_original_site_name":"Ma Cabane mat\u00e9riaux naturels","distributor_original_site_url":"https:\/\/nature-et-developpement.com\/macabane-materiaux","push-errors":false,"_links":{"self":[{"href":"https:\/\/nature-et-developpement.com\/macabane-materiaux\/wp-json\/wp\/v2\/product\/3899","targetHints":{"allow":["GET"]}}],"collection":[{"href":"https:\/\/nature-et-developpement.com\/macabane-materiaux\/wp-json\/wp\/v2\/product"}],"about":[{"href":"https:\/\/nature-et-developpement.com\/macabane-materiaux\/wp-json\/wp\/v2\/types\/product"}],"wp:featuredmedia":[{"embeddable":true,"href":"https:\/\/nature-et-developpement.com\/macabane-materiaux\/wp-json\/"}],"wp:attachment":[{"href":"https:\/\/nature-et-developpement.com\/macabane-materiaux\/wp-json\/wp\/v2\/media?parent=3899"}],"wp:term":[{"taxonomy":"product_brand","embeddable":true,"href":"https:\/\/nature-et-developpement.com\/macabane-materiaux\/wp-json\/wp\/v2\/product_brand?post=3899"},{"taxonomy":"product_cat","embeddable":true,"href":"https:\/\/nature-et-developpement.com\/macabane-materiaux\/wp-json\/wp\/v2\/product_cat?post=3899"},{"taxonomy":"product_tag","embeddable":true,"href":"https:\/\/nature-et-developpement.com\/macabane-materiaux\/wp-json\/wp\/v2\/product_tag?post=3899"}],"curies":[{"name":"wp","href":"https:\/\/api.w.org\/{rel}","templated":true}]}}