{"id":34587,"date":"2024-04-19T12:37:28","date_gmt":"2024-04-19T10:37:28","guid":{"rendered":"https:\/\/nature-et-developpement.com\/mbc\/produit\/mortier-colle-exterieur-pour-liege-et-fibre-de-bois-com-cal-adherecal\/"},"modified":"2025-06-17T09:18:44","modified_gmt":"2025-06-17T07:18:44","slug":"mortier-colle-exterieur-pour-liege-et-fibre-de-bois-com-cal-adherecal","status":"publish","type":"product","link":"https:\/\/nature-et-developpement.com\/mbc\/produit\/mortier-colle-exterieur-pour-liege-et-fibre-de-bois-com-cal-adherecal\/","title":{"rendered":"Mortier colle ext\u00e9rieur pour li\u00e8ge et fibre de bois COM-CAL ADHERECAL \u00e0 la chaux"},"content":{"rendered":"<h2>Mortier Colle \u00e0 la chaux, pour Li\u00e8ge et Fibre de Bois &#8211; COM-CAL ADHERECAL | Id\u00e9al pour ITE et ITI<\/h2>\n<p>Le Mortier Colle COM-CAL ADHERECAL offre une solution de <strong>collage <\/strong>et de<strong> sous-enduit<\/strong> id\u00e9ale pour les projets utilisant des <strong>isolants biosourc\u00e9s\u00a0<\/strong>pour une <strong>Isolation Thermique par l&rsquo;Ext\u00e9rieur<\/strong> (ITE), mais aussi de sous-enduit sur une <strong>Isolation Thermique par l&rsquo;Int\u00e9rieur<\/strong> (ITI). Sp\u00e9cialement con\u00e7u pour les panneaux isolants. Il est perspirants comme le li\u00e8ge et la fibre de bois. De plus ce mortier pr\u00e9sente des propri\u00e9t\u00e9s techniques remarquables.<\/p>\n<p><strong>Caract\u00e9ristiques et Composition<\/strong><\/p>\n<p>Ce mortier se compose de <strong>chaux hydraulique naturelle<\/strong> (<strong>NHL5<\/strong>), de poudre de marbre, de <strong>pouzzolane<\/strong>, d&rsquo;hydrofuge, de r\u00e9sine et de fibres. Ces \u00e9l\u00e9ments garantissent une adh\u00e9rence optimale. Mais aussi, une perspirance accrue, un temps ouvert prolong\u00e9, une r\u00e9sistance \u00e0 l&rsquo;humidit\u00e9, aux intemp\u00e9ries et aux rayons UV du soleil.<\/p>\n<p><strong>Utilisation Recommand\u00e9e<\/strong><\/p>\n<p>Id\u00e9al pour le <strong>collage d&rsquo;isolants<\/strong>, ce mortier est compatible avec des supports tels que les briques et les mortiers de chaux. Mais d\u00e9conseill\u00e9 pour les panneaux d&rsquo;OSB. Il est \u00e9galement parfait pour la r\u00e9alisation de la premi\u00e8re couche d&rsquo;<strong>enduit tram\u00e9<\/strong> sur les panneaux d&rsquo;isolant comme les <strong>fibres de bois rigides,<\/strong>\u00a0le <strong>li\u00e8ge <\/strong>ou les<strong> blocs de chaux-chanvre<\/strong>.<\/p>\n<p><strong>Pr\u00e9paration du Support et du Produit<\/strong><\/p>\n<p>Pour assurer une adh\u00e9rence optimale, assurez-vous que le support est propre et humidifi\u00e9. La pr\u00e9paration du produit n\u00e9cessite environ 4,5 L d&rsquo;eau propre et un malaxage de 3 \u00e0 5 minutes. Le m\u00e9lange reste utilisable pendant 60 minutes apr\u00e8s malaxage.<\/p>\n<h3><strong>Application facile<\/strong><\/h3>\n<p>Pour le collage des panneaux, appliquez le mortier sur le support et les panneaux isolants \u00e0 l&rsquo;aide d&rsquo;une lisseuse crant\u00e9e.<\/p>\n<p>Pour la r\u00e9alisation de l&rsquo;enduit tram\u00e9, utilisez une lisseuse crant\u00e9e pour appliquer le mortier sur les panneaux. En suite, marouflez une trame adapt\u00e9e.<\/p>\n<p>Vous pouvez aussi l&rsquo;utiliser pour des sous enduits sur des murs int\u00e9rieur. Ils seront alors seront recouverts d&rsquo;un <strong>enduit \u00e0 la chaux<\/strong> ou \u00e0 la terre, pos\u00e9 \u00e0 la taloche, ou m\u00eame un <strong>badigeon<\/strong> de chaux.<\/p>\n<p>Optez pour le Mortier Colle COM-CAL ADHERECAL pour des projets d&rsquo;enduit sur une isolation thermique performants et respectueux de l&rsquo;environnement.<\/p>\n","protected":false},"excerpt":{"rendered":"<p>D\u00e9couvrez le Mortier Colle pour li\u00e8ge et fibre de bois \u00e0 base de Chaux NHL5 pour ITE\/ITI. Adh\u00e9rence optimale, perspirance et r\u00e9sistance aux intemp\u00e9ries!<\/p>\n","protected":false},"featured_media":1000000175369,"template":"","meta":[],"product_brand":[2738],"product_cat":[242,243,162,143],"product_tag":[4240,4209],"class_list":{"0":"post-34587","1":"product","2":"type-product","3":"status-publish","4":"has-post-thumbnail","6":"product_brand-pozzo-nuovo","7":"product_cat-accessoires-construction","8":"product_cat-accessoires-isolation-et-etancheite","9":"product_cat-enduits-naturels","10":"product_cat-preparation-du-support","11":"product_tag-isocor","12":"product_tag-steico","13":"product_shipping_class-sac-de-25kg","15":"first","16":"instock","17":"sale","18":"featured","19":"taxable","20":"shipping-taxable","21":"purchasable","22":"product-type-variable"},"yoast_head":"<!-- This site is optimized with the Yoast SEO plugin v27.5 - https:\/\/yoast.com\/product\/yoast-seo-wordpress\/ -->\n<title>Mortier colle pour li\u00e8ge et fibre de bois COM-CAL ADHERECAL<\/title>\n<meta name=\"description\" content=\"D\u00e9couvrez le Mortier Colle pour li\u00e8ge et fibre de bois \u00e0 base de Chaux NHL5 pour ITE\/ITI. Adh\u00e9rence optimale, perspirance et r\u00e9sistance aux intemp\u00e9ries!\" \/>\n<meta name=\"robots\" content=\"noindex, follow\" \/>\n<meta property=\"og:locale\" content=\"fr_FR\" \/>\n<meta property=\"og:type\" content=\"article\" \/>\n<meta property=\"og:title\" content=\"Mortier colle pour li\u00e8ge et fibre de bois COM-CAL ADHERECAL\" \/>\n<meta property=\"og:description\" content=\"D\u00e9couvrez le Mortier Colle pour li\u00e8ge et fibre de bois \u00e0 base de Chaux NHL5 pour ITE\/ITI. Adh\u00e9rence optimale, perspirance et r\u00e9sistance aux intemp\u00e9ries!\" \/>\n<meta property=\"og:url\" content=\"https:\/\/nature-et-developpement.com\/mbc\/produit\/mortier-colle-exterieur-pour-liege-et-fibre-de-bois-com-cal-adherecal\/\" \/>\n<meta property=\"og:site_name\" content=\"MBC\" \/>\n<meta property=\"article:modified_time\" content=\"2025-06-17T07:18:44+00:00\" \/>\n<meta name=\"twitter:card\" content=\"summary_large_image\" \/>\n<meta name=\"twitter:label1\" content=\"Dur\u00e9e de lecture estim\u00e9e\" \/>\n\t<meta name=\"twitter:data1\" content=\"2 minutes\" \/>\n<script type=\"application\/ld+json\" class=\"yoast-schema-graph\">{\"@context\":\"https:\\\/\\\/schema.org\",\"@graph\":[{\"@type\":\"WebPage\",\"@id\":\"https:\\\/\\\/nature-et-developpement.com\\\/mbc\\\/produit\\\/mortier-colle-exterieur-pour-liege-et-fibre-de-bois-com-cal-adherecal\\\/\",\"url\":\"https:\\\/\\\/nature-et-developpement.com\\\/mbc\\\/produit\\\/mortier-colle-exterieur-pour-liege-et-fibre-de-bois-com-cal-adherecal\\\/\",\"name\":\"Mortier colle pour li\u00e8ge et fibre de bois COM-CAL ADHERECAL\",\"isPartOf\":{\"@id\":\"https:\\\/\\\/nature-et-developpement.com\\\/mbc\\\/#website\"},\"primaryImageOfPage\":{\"@id\":\"https:\\\/\\\/nature-et-developpement.com\\\/mbc\\\/produit\\\/mortier-colle-exterieur-pour-liege-et-fibre-de-bois-com-cal-adherecal\\\/#primaryimage\"},\"image\":{\"@id\":\"https:\\\/\\\/nature-et-developpement.com\\\/mbc\\\/produit\\\/mortier-colle-exterieur-pour-liege-et-fibre-de-bois-com-cal-adherecal\\\/#primaryimage\"},\"thumbnailUrl\":\"https:\\\/\\\/nature-et-developpement.com\\\/mbc\\\/wp-content\\\/uploads\\\/Mortier-colle-exterieur-pour-liege-et-fibre-de-bois-COM-CAL-ADHERECAL.png\",\"datePublished\":\"2024-04-19T10:37:28+00:00\",\"dateModified\":\"2025-06-17T07:18:44+00:00\",\"description\":\"D\u00e9couvrez le Mortier Colle pour li\u00e8ge et fibre de bois \u00e0 base de Chaux NHL5 pour ITE\\\/ITI. Adh\u00e9rence optimale, perspirance et r\u00e9sistance aux intemp\u00e9ries!\",\"breadcrumb\":{\"@id\":\"https:\\\/\\\/nature-et-developpement.com\\\/mbc\\\/produit\\\/mortier-colle-exterieur-pour-liege-et-fibre-de-bois-com-cal-adherecal\\\/#breadcrumb\"},\"inLanguage\":\"fr-FR\",\"potentialAction\":[{\"@type\":\"ReadAction\",\"target\":[\"https:\\\/\\\/nature-et-developpement.com\\\/mbc\\\/produit\\\/mortier-colle-exterieur-pour-liege-et-fibre-de-bois-com-cal-adherecal\\\/\"]}]},{\"@type\":\"ImageObject\",\"inLanguage\":\"fr-FR\",\"@id\":\"https:\\\/\\\/nature-et-developpement.com\\\/mbc\\\/produit\\\/mortier-colle-exterieur-pour-liege-et-fibre-de-bois-com-cal-adherecal\\\/#primaryimage\",\"url\":\"https:\\\/\\\/nature-et-developpement.com\\\/mbc\\\/wp-content\\\/uploads\\\/Mortier-colle-exterieur-pour-liege-et-fibre-de-bois-COM-CAL-ADHERECAL.png\",\"contentUrl\":\"https:\\\/\\\/nature-et-developpement.com\\\/mbc\\\/wp-content\\\/uploads\\\/Mortier-colle-exterieur-pour-liege-et-fibre-de-bois-COM-CAL-ADHERECAL.png\"},{\"@type\":\"BreadcrumbList\",\"@id\":\"https:\\\/\\\/nature-et-developpement.com\\\/mbc\\\/produit\\\/mortier-colle-exterieur-pour-liege-et-fibre-de-bois-com-cal-adherecal\\\/#breadcrumb\",\"itemListElement\":[{\"@type\":\"ListItem\",\"position\":1,\"name\":\"Accueil\",\"item\":\"https:\\\/\\\/nature-et-developpement.com\\\/mbc\\\/\"},{\"@type\":\"ListItem\",\"position\":2,\"name\":\"Produits\",\"item\":\"https:\\\/\\\/nature-et-developpement.com\\\/mbc\\\/shop\\\/\"},{\"@type\":\"ListItem\",\"position\":3,\"name\":\"Construction, cloison et fen\u00eatres\",\"item\":\"https:\\\/\\\/nature-et-developpement.com\\\/mbc\\\/produits\\\/construction\\\/\"},{\"@type\":\"ListItem\",\"position\":4,\"name\":\"Accessoires construction\",\"item\":\"https:\\\/\\\/nature-et-developpement.com\\\/mbc\\\/produits\\\/construction\\\/accessoires-construction\\\/\"},{\"@type\":\"ListItem\",\"position\":5,\"name\":\"Mortier colle ext\u00e9rieur pour li\u00e8ge et fibre de bois COM-CAL ADHERECAL \u00e0 la chaux\"}]},{\"@type\":\"WebSite\",\"@id\":\"https:\\\/\\\/nature-et-developpement.com\\\/mbc\\\/#website\",\"url\":\"https:\\\/\\\/nature-et-developpement.com\\\/mbc\\\/\",\"name\":\"MBC\",\"description\":\"MBC est membre du groupement Nature &amp; D\u00e9veloppement\",\"publisher\":{\"@id\":\"https:\\\/\\\/nature-et-developpement.com\\\/mbc\\\/#organization\"},\"potentialAction\":[{\"@type\":\"SearchAction\",\"target\":{\"@type\":\"EntryPoint\",\"urlTemplate\":\"https:\\\/\\\/nature-et-developpement.com\\\/mbc\\\/?s={search_term_string}\"},\"query-input\":{\"@type\":\"PropertyValueSpecification\",\"valueRequired\":true,\"valueName\":\"search_term_string\"}}],\"inLanguage\":\"fr-FR\"},{\"@type\":\"Organization\",\"@id\":\"https:\\\/\\\/nature-et-developpement.com\\\/mbc\\\/#organization\",\"name\":\"MBC Mat\u00e9riaux Biosourc\u00e9s de Construction\",\"url\":\"https:\\\/\\\/nature-et-developpement.com\\\/mbc\\\/\",\"logo\":{\"@type\":\"ImageObject\",\"inLanguage\":\"fr-FR\",\"@id\":\"https:\\\/\\\/nature-et-developpement.com\\\/mbc\\\/#\\\/schema\\\/logo\\\/image\\\/\",\"url\":\"https:\\\/\\\/nature-et-developpement.com\\\/mbc\\\/wp-content\\\/uploads\\\/sites\\\/18\\\/2021\\\/09\\\/cropped-MBC-2019-03.jpg\",\"contentUrl\":\"https:\\\/\\\/nature-et-developpement.com\\\/mbc\\\/wp-content\\\/uploads\\\/sites\\\/18\\\/2021\\\/09\\\/cropped-MBC-2019-03.jpg\",\"width\":512,\"height\":512,\"caption\":\"MBC Mat\u00e9riaux Biosourc\u00e9s de Construction\"},\"image\":{\"@id\":\"https:\\\/\\\/nature-et-developpement.com\\\/mbc\\\/#\\\/schema\\\/logo\\\/image\\\/\"}}]}<\/script>\n<!-- \/ Yoast SEO plugin. -->","yoast_head_json":{"title":"Mortier colle pour li\u00e8ge et fibre de bois COM-CAL ADHERECAL","description":"D\u00e9couvrez le Mortier Colle pour li\u00e8ge et fibre de bois \u00e0 base de Chaux NHL5 pour ITE\/ITI. Adh\u00e9rence optimale, perspirance et r\u00e9sistance aux intemp\u00e9ries!","robots":{"index":"noindex","follow":"follow"},"og_locale":"fr_FR","og_type":"article","og_title":"Mortier colle pour li\u00e8ge et fibre de bois COM-CAL ADHERECAL","og_description":"D\u00e9couvrez le Mortier Colle pour li\u00e8ge et fibre de bois \u00e0 base de Chaux NHL5 pour ITE\/ITI. Adh\u00e9rence optimale, perspirance et r\u00e9sistance aux intemp\u00e9ries!","og_url":"https:\/\/nature-et-developpement.com\/mbc\/produit\/mortier-colle-exterieur-pour-liege-et-fibre-de-bois-com-cal-adherecal\/","og_site_name":"MBC","article_modified_time":"2025-06-17T07:18:44+00:00","twitter_card":"summary_large_image","twitter_misc":{"Dur\u00e9e de lecture estim\u00e9e":"2 minutes"},"schema":{"@context":"https:\/\/schema.org","@graph":[{"@type":"WebPage","@id":"https:\/\/nature-et-developpement.com\/mbc\/produit\/mortier-colle-exterieur-pour-liege-et-fibre-de-bois-com-cal-adherecal\/","url":"https:\/\/nature-et-developpement.com\/mbc\/produit\/mortier-colle-exterieur-pour-liege-et-fibre-de-bois-com-cal-adherecal\/","name":"Mortier colle pour li\u00e8ge et fibre de bois COM-CAL ADHERECAL","isPartOf":{"@id":"https:\/\/nature-et-developpement.com\/mbc\/#website"},"primaryImageOfPage":{"@id":"https:\/\/nature-et-developpement.com\/mbc\/produit\/mortier-colle-exterieur-pour-liege-et-fibre-de-bois-com-cal-adherecal\/#primaryimage"},"image":{"@id":"https:\/\/nature-et-developpement.com\/mbc\/produit\/mortier-colle-exterieur-pour-liege-et-fibre-de-bois-com-cal-adherecal\/#primaryimage"},"thumbnailUrl":"https:\/\/nature-et-developpement.com\/mbc\/wp-content\/uploads\/Mortier-colle-exterieur-pour-liege-et-fibre-de-bois-COM-CAL-ADHERECAL.png","datePublished":"2024-04-19T10:37:28+00:00","dateModified":"2025-06-17T07:18:44+00:00","description":"D\u00e9couvrez le Mortier Colle pour li\u00e8ge et fibre de bois \u00e0 base de Chaux NHL5 pour ITE\/ITI. Adh\u00e9rence optimale, perspirance et r\u00e9sistance aux intemp\u00e9ries!","breadcrumb":{"@id":"https:\/\/nature-et-developpement.com\/mbc\/produit\/mortier-colle-exterieur-pour-liege-et-fibre-de-bois-com-cal-adherecal\/#breadcrumb"},"inLanguage":"fr-FR","potentialAction":[{"@type":"ReadAction","target":["https:\/\/nature-et-developpement.com\/mbc\/produit\/mortier-colle-exterieur-pour-liege-et-fibre-de-bois-com-cal-adherecal\/"]}]},{"@type":"ImageObject","inLanguage":"fr-FR","@id":"https:\/\/nature-et-developpement.com\/mbc\/produit\/mortier-colle-exterieur-pour-liege-et-fibre-de-bois-com-cal-adherecal\/#primaryimage","url":"https:\/\/nature-et-developpement.com\/mbc\/wp-content\/uploads\/Mortier-colle-exterieur-pour-liege-et-fibre-de-bois-COM-CAL-ADHERECAL.png","contentUrl":"https:\/\/nature-et-developpement.com\/mbc\/wp-content\/uploads\/Mortier-colle-exterieur-pour-liege-et-fibre-de-bois-COM-CAL-ADHERECAL.png"},{"@type":"BreadcrumbList","@id":"https:\/\/nature-et-developpement.com\/mbc\/produit\/mortier-colle-exterieur-pour-liege-et-fibre-de-bois-com-cal-adherecal\/#breadcrumb","itemListElement":[{"@type":"ListItem","position":1,"name":"Accueil","item":"https:\/\/nature-et-developpement.com\/mbc\/"},{"@type":"ListItem","position":2,"name":"Produits","item":"https:\/\/nature-et-developpement.com\/mbc\/shop\/"},{"@type":"ListItem","position":3,"name":"Construction, cloison et fen\u00eatres","item":"https:\/\/nature-et-developpement.com\/mbc\/produits\/construction\/"},{"@type":"ListItem","position":4,"name":"Accessoires construction","item":"https:\/\/nature-et-developpement.com\/mbc\/produits\/construction\/accessoires-construction\/"},{"@type":"ListItem","position":5,"name":"Mortier colle ext\u00e9rieur pour li\u00e8ge et fibre de bois COM-CAL ADHERECAL \u00e0 la chaux"}]},{"@type":"WebSite","@id":"https:\/\/nature-et-developpement.com\/mbc\/#website","url":"https:\/\/nature-et-developpement.com\/mbc\/","name":"MBC","description":"MBC est membre du groupement Nature &amp; D\u00e9veloppement","publisher":{"@id":"https:\/\/nature-et-developpement.com\/mbc\/#organization"},"potentialAction":[{"@type":"SearchAction","target":{"@type":"EntryPoint","urlTemplate":"https:\/\/nature-et-developpement.com\/mbc\/?s={search_term_string}"},"query-input":{"@type":"PropertyValueSpecification","valueRequired":true,"valueName":"search_term_string"}}],"inLanguage":"fr-FR"},{"@type":"Organization","@id":"https:\/\/nature-et-developpement.com\/mbc\/#organization","name":"MBC Mat\u00e9riaux Biosourc\u00e9s de Construction","url":"https:\/\/nature-et-developpement.com\/mbc\/","logo":{"@type":"ImageObject","inLanguage":"fr-FR","@id":"https:\/\/nature-et-developpement.com\/mbc\/#\/schema\/logo\/image\/","url":"https:\/\/nature-et-developpement.com\/mbc\/wp-content\/uploads\/sites\/18\/2021\/09\/cropped-MBC-2019-03.jpg","contentUrl":"https:\/\/nature-et-developpement.com\/mbc\/wp-content\/uploads\/sites\/18\/2021\/09\/cropped-MBC-2019-03.jpg","width":512,"height":512,"caption":"MBC Mat\u00e9riaux Biosourc\u00e9s de Construction"},"image":{"@id":"https:\/\/nature-et-developpement.com\/mbc\/#\/schema\/logo\/image\/"}}]}},"distributor_meta":false,"distributor_terms":false,"distributor_media":false,"distributor_original_site_name":"MBC","distributor_original_site_url":"https:\/\/nature-et-developpement.com\/mbc","push-errors":false,"_links":{"self":[{"href":"https:\/\/nature-et-developpement.com\/mbc\/wp-json\/wp\/v2\/product\/34587","targetHints":{"allow":["GET"]}}],"collection":[{"href":"https:\/\/nature-et-developpement.com\/mbc\/wp-json\/wp\/v2\/product"}],"about":[{"href":"https:\/\/nature-et-developpement.com\/mbc\/wp-json\/wp\/v2\/types\/product"}],"wp:featuredmedia":[{"embeddable":true,"href":"https:\/\/nature-et-developpement.com\/mbc\/wp-json\/"}],"wp:attachment":[{"href":"https:\/\/nature-et-developpement.com\/mbc\/wp-json\/wp\/v2\/media?parent=34587"}],"wp:term":[{"taxonomy":"product_brand","embeddable":true,"href":"https:\/\/nature-et-developpement.com\/mbc\/wp-json\/wp\/v2\/product_brand?post=34587"},{"taxonomy":"product_cat","embeddable":true,"href":"https:\/\/nature-et-developpement.com\/mbc\/wp-json\/wp\/v2\/product_cat?post=34587"},{"taxonomy":"product_tag","embeddable":true,"href":"https:\/\/nature-et-developpement.com\/mbc\/wp-json\/wp\/v2\/product_tag?post=34587"}],"curies":[{"name":"wp","href":"https:\/\/api.w.org\/{rel}","templated":true}]}}