{"id":11566,"date":"2023-11-01T00:00:00","date_gmt":"2023-10-31T23:00:00","guid":{"rendered":"https:\/\/nature-et-developpement.com\/mndl\/produit\/frein-vapeur-hygrovariable-intello-pro-clima\/"},"modified":"2026-03-25T00:10:26","modified_gmt":"2026-03-24T23:10:26","slug":"frein-vapeur-hygrovariable-intello-pro-clima","status":"publish","type":"product","link":"https:\/\/nature-et-developpement.com\/mndl\/produit\/frein-vapeur-hygrovariable-intello-pro-clima\/","title":{"rendered":"Frein-vapeur Hygrovariable INTELLO Pro clima"},"content":{"rendered":"<h2>Frein Vapeur Hygrovariable Intello de Proclima &#8211; Une isolation \u00e9cologique pour des b\u00e2timents sains<\/h2>\n<p>Le frein vapeur hygrovariable Intello de Proclima est le produit incontournable.<\/p>\n<p>Il garantit une protection maximale et durable de votre b\u00e2timent tout en pr\u00e9servant l&rsquo;environnement.<\/p>\n<p>Son incroyable facteur d&rsquo;hygrovariabilit\u00e9 sup\u00e9rieur \u00e0 100 assure une d\u00e9fense in\u00e9gal\u00e9e contre les d\u00e9g\u00e2ts au b\u00e2timent et les moisissures, tout en permettant une r\u00e9gulation optimale de l&rsquo;humidit\u00e9.<\/p>\n<p>Compatibilit\u00e9 avec tous les isolants fibreux, y compris les isolants insuffl\u00e9s, rend ce frein vapeur hygrovariable Intello polyvalent et adaptable \u00e0 toutes les configurations.<\/p>\n<p>Qu&rsquo;il s&rsquo;agisse de toitures, de murs, de plafonds ou de planchers, ce produit \u00e9cologique convient parfaitement aux parois ouvertes \u00e0 la diffusion.<\/p>\n<p>Sa r\u00e9sistance au vieillissement et <strong>sa durabilit\u00e9 \u00e0 long terme sont prouv\u00e9es et certifi\u00e9es<\/strong> par des organismes ind\u00e9pendants tels que ETA-18\/1146, garantissant ainsi des parois p\u00e9rennes et fiables.<\/p>\n<h3>Vous pouvez avoir l&rsquo;esprit tranquille<\/h3>\n<p>En sachant que votre investissement dans ce frein vapeur est soutenu par des normes rigoureuses.<\/p>\n<p>S\u00e9curisez vos chantiers hivernaux gr\u00e2ce \u00e0 la fonction Hydrosafe\u00ae, qui \u00e9vite les probl\u00e8mes li\u00e9s \u00e0 l&rsquo;humidit\u00e9 pendant la pose.<\/p>\n<p>Sa stabilit\u00e9 dimensionnelle facilite le travail en \u00e9liminant les fentes et les d\u00e9chirures, offrant une installation ais\u00e9e et sans accroc.<\/p>\n<p>Outre ses performances exceptionnelles, le frein vapeur hygrovariable Intello est \u00e9galement respectueux de l&rsquo;environnement.<\/p>\n<h4>En ce qui concerne l&rsquo;impact environnemental<\/h4>\n<p>Il a pass\u00e9 avec succ\u00e8s le test de nocivit\u00e9 selon la norme ISO 16000.<\/p>\n<p>Ce que r\u00e9v\u00e8le un impact r\u00e9duit sur la qualit\u00e9 de l&rsquo;air int\u00e9rieur et sur l&rsquo;\u00e9cosyst\u00e8me.<\/p>\n<p>Pour les parois ferm\u00e9es apr\u00e8s mod\u00e9lisation, telles que les toitures \u00e0 faible pente et\/ou v\u00e9g\u00e9talis\u00e9es<\/p>\n<p>Ce produit reste \u00e9galement une option id\u00e9ale, vous permettant de b\u00e9n\u00e9ficier de ses avantages, m\u00eame dans des configurations plus sp\u00e9cifiques.<\/p>\n<p>Choisir le frein vapeur hygrovariable Intello de Proclima, c&rsquo;est opter pour une protection optimale de votre b\u00e2timent.<\/p>\n<p>Gr\u00e2ce \u00e0 sa polyvalence, sa durabilit\u00e9, sa facilit\u00e9 de pose et son impact environnemental r\u00e9duit en font le choix id\u00e9al.<\/p>\n<p>En conclusion, le frein vapeur hygrovariable Intello de Proclima assure une protection maximale et une durabilit\u00e9 certifi\u00e9e \u00e0 votre b\u00e2timent.<\/p>\n<h4>Optez pour la qualit\u00e9, la performance et le respect de l&rsquo;environnement.<\/h4>\n<p>Profitez d&rsquo;une pose facile et des avantages in\u00e9gal\u00e9s de ce produit \u00e9cologique de premier choix.<\/p>\n<p>&nbsp;<\/p>\n<table class=\"table table-striped\">\n<thead>\n<tr>\n<td><strong>Propri\u00e9t\u00e9<\/strong><\/td>\n<td class=\"hidden-xs\"><strong>R\u00e9glementation<\/strong><\/td>\n<td><strong>Valeur<\/strong><\/td>\n<\/tr>\n<\/thead>\n<tbody>\n<tr>\n<td>Couleur<\/td>\n<td class=\"hidden-xs\"><\/td>\n<td>blanc-transparent<\/td>\n<\/tr>\n<tr>\n<td>Grammage<\/td>\n<td class=\"hidden-xs\">NF EN 1849-2<\/td>\n<td>85 \u00b110 g\/m\u00b2<\/td>\n<\/tr>\n<tr>\n<td>Epaisseur<\/td>\n<td class=\"hidden-xs\">NF EN 1849-2<\/td>\n<td>0,25 \u00b10,05 mm<\/td>\n<\/tr>\n<tr>\n<td>Coeff. de r\u00e9sistance diffusion vapeur \u03bc<\/td>\n<td class=\"hidden-xs\">NF EN 1931<\/td>\n<td>30 000<\/td>\n<\/tr>\n<tr>\n<td>Valeur sd<\/td>\n<td class=\"hidden-xs\">NF EN 1931<\/td>\n<td>7,50 \u00b10,25 m<\/td>\n<\/tr>\n<tr>\n<td>Valeur sd hygrovariable<\/td>\n<td class=\"hidden-xs\">NF EN ISO 12572<\/td>\n<td>0,25 &#8211; &gt;25 m<\/td>\n<\/tr>\n<tr>\n<td>Valeur Hydrosafe<\/td>\n<td class=\"hidden-xs\">DIN 68800-2<\/td>\n<td>2,00 m<\/td>\n<\/tr>\n<tr>\n<td>R\u00e9action au feu<\/td>\n<td class=\"hidden-xs\">NF EN 13501-1<\/td>\n<td>Euroclasse E<\/td>\n<\/tr>\n<tr>\n<td>Force de traction max. longit.\/transv.<\/td>\n<td class=\"hidden-xs\">NF EN 12311-2<\/td>\n<td>130 N\/5 cm \/ 105 N\/5 cm<\/td>\n<\/tr>\n<tr>\n<td>Allongement en traction longit.\/transv.<\/td>\n<td class=\"hidden-xs\">NF EN 12311-2<\/td>\n<td>90 % \/ 90 %<\/td>\n<\/tr>\n<tr>\n<td>R\u00e9sistance \u00e0 la d\u00e9chirure longitud.\/transv.<\/td>\n<td class=\"hidden-xs\">NF EN 12310-1<\/td>\n<td>70 N \/ 70 N<\/td>\n<\/tr>\n<tr>\n<td>Durabilit\u00e9 apr\u00e8s vieillissement artificiel<\/td>\n<td class=\"hidden-xs\">NF EN 1296 \/ NF EN 1931<\/td>\n<td>r\u00e9ussi<\/td>\n<\/tr>\n<tr>\n<td>R\u00e9sistance \u00e0 la temp\u00e9rature<\/td>\n<td class=\"hidden-xs\"><\/td>\n<td>stable entre -40 \u00b0C et +80 \u00b0C<\/td>\n<\/tr>\n<tr>\n<td>Coefficient thermique<\/td>\n<td class=\"hidden-xs\"><\/td>\n<td>0,17 W\/(m\u00b7K)<\/td>\n<\/tr>\n<tr>\n<td>Etanch\u00e9it\u00e9 \u00e0 l&rsquo;air<\/td>\n<td class=\"hidden-xs\">NF EN 12114<\/td>\n<td>effectu\u00e9<\/td>\n<\/tr>\n<tr>\n<td>Garantie mat\u00e9riel, d\u00e9pos\u00e9e<\/td>\n<td class=\"hidden-xs\">ZVDH<\/td>\n<td>oui<\/td>\n<\/tr>\n<tr>\n<td>Agr\u00e9ment technique g\u00e9n\u00e9ral du DIBt (DE)<\/td>\n<td class=\"hidden-xs\">DIN 68800-2<\/td>\n<td>Z-9.1-853<\/td>\n<\/tr>\n<tr>\n<td>Marquage CE<\/td>\n<td class=\"hidden-xs\">NF EN 13984<\/td>\n<td>existe<\/td>\n<\/tr>\n<\/tbody>\n<\/table>\n","protected":false},"excerpt":{"rendered":"<p>D\u00e9couvrez le frein vapeur hygrovariable Intello de Proclima pour une protection maximale contre les d\u00e9g\u00e2ts au b\u00e2timent.<br \/>\nSa compatibilit\u00e9 avec tous les isolants fibreux et sa durabilit\u00e9 certifi\u00e9e en font un choix id\u00e9al pour votre projet \u00e9cologique.<br \/>\nOptez pour la pose facile et les r\u00e9sultats exceptionnels lors du test de nocivit\u00e9.<\/p>\n","protected":false},"featured_media":1000000166699,"template":"","meta":[],"product_brand":[2745],"product_cat":[4157],"product_tag":[4165],"class_list":{"0":"post-11566","1":"product","2":"type-product","3":"status-publish","4":"has-post-thumbnail","6":"product_brand-proclima","7":"product_cat-etancheite-a-lair","8":"product_tag-pro-clima","9":"product_shipping_class-petit-equipement-outil-eclairage","11":"first","12":"instock","13":"sale","14":"taxable","15":"shipping-taxable","16":"purchasable","17":"product-type-variable"},"yoast_head":"<!-- This site is optimized with the Yoast SEO plugin v27.5 - https:\/\/yoast.com\/product\/yoast-seo-wordpress\/ -->\n<title>Frein-vapeur Hygrovariable INTELLO Pro clima<\/title>\n<meta name=\"description\" content=\"Une protection maximale contre les d\u00e9g\u00e2ts au b\u00e2timent. Sa compatibilit\u00e9 avec les isolants fibreux, sa durabilit\u00e9 et sa pose facile en font un choix id\u00e9al.\" \/>\n<meta name=\"robots\" content=\"noindex, nofollow\" \/>\n<meta property=\"og:locale\" content=\"fr_FR\" \/>\n<meta property=\"og:type\" content=\"article\" \/>\n<meta property=\"og:title\" content=\"Frein-vapeur Hygrovariable INTELLO Pro clima\" \/>\n<meta property=\"og:description\" content=\"Une protection maximale contre les d\u00e9g\u00e2ts au b\u00e2timent. Sa compatibilit\u00e9 avec les isolants fibreux, sa durabilit\u00e9 et sa pose facile en font un choix id\u00e9al.\" \/>\n<meta property=\"og:url\" content=\"https:\/\/nature-et-developpement.com\/mndl\/produit\/frein-vapeur-hygrovariable-intello-pro-clima\/\" \/>\n<meta property=\"og:site_name\" content=\"Mat\u00e9riaux Naturels de Lorraine\" \/>\n<meta property=\"article:modified_time\" content=\"2026-03-24T23:10:26+00:00\" \/>\n<meta name=\"twitter:card\" content=\"summary_large_image\" \/>\n<meta name=\"twitter:label1\" content=\"Dur\u00e9e de lecture estim\u00e9e\" \/>\n\t<meta name=\"twitter:data1\" content=\"2 minutes\" \/>\n<script type=\"application\/ld+json\" class=\"yoast-schema-graph\">{\"@context\":\"https:\\\/\\\/schema.org\",\"@graph\":[{\"@type\":\"WebPage\",\"@id\":\"https:\\\/\\\/nature-et-developpement.com\\\/mndl\\\/produit\\\/frein-vapeur-hygrovariable-intello-pro-clima\\\/\",\"url\":\"https:\\\/\\\/nature-et-developpement.com\\\/mndl\\\/produit\\\/frein-vapeur-hygrovariable-intello-pro-clima\\\/\",\"name\":\"Frein-vapeur Hygrovariable INTELLO Pro clima\",\"isPartOf\":{\"@id\":\"https:\\\/\\\/nature-et-developpement.com\\\/mndl\\\/#website\"},\"primaryImageOfPage\":{\"@id\":\"https:\\\/\\\/nature-et-developpement.com\\\/mndl\\\/produit\\\/frein-vapeur-hygrovariable-intello-pro-clima\\\/#primaryimage\"},\"image\":{\"@id\":\"https:\\\/\\\/nature-et-developpement.com\\\/mndl\\\/produit\\\/frein-vapeur-hygrovariable-intello-pro-clima\\\/#primaryimage\"},\"thumbnailUrl\":\"https:\\\/\\\/nature-et-developpement.com\\\/mndl\\\/wp-content\\\/uploads\\\/Frein-vapeur-hygrovariable-INTELLO-Pro-clima.jpg\",\"datePublished\":\"2023-10-31T23:00:00+00:00\",\"dateModified\":\"2026-03-24T23:10:26+00:00\",\"description\":\"Une protection maximale contre les d\u00e9g\u00e2ts au b\u00e2timent. Sa compatibilit\u00e9 avec les isolants fibreux, sa durabilit\u00e9 et sa pose facile en font un choix id\u00e9al.\",\"breadcrumb\":{\"@id\":\"https:\\\/\\\/nature-et-developpement.com\\\/mndl\\\/produit\\\/frein-vapeur-hygrovariable-intello-pro-clima\\\/#breadcrumb\"},\"inLanguage\":\"fr-FR\",\"potentialAction\":[{\"@type\":\"ReadAction\",\"target\":[\"https:\\\/\\\/nature-et-developpement.com\\\/mndl\\\/produit\\\/frein-vapeur-hygrovariable-intello-pro-clima\\\/\"]}]},{\"@type\":\"ImageObject\",\"inLanguage\":\"fr-FR\",\"@id\":\"https:\\\/\\\/nature-et-developpement.com\\\/mndl\\\/produit\\\/frein-vapeur-hygrovariable-intello-pro-clima\\\/#primaryimage\",\"url\":\"https:\\\/\\\/nature-et-developpement.com\\\/mndl\\\/wp-content\\\/uploads\\\/Frein-vapeur-hygrovariable-INTELLO-Pro-clima.jpg\",\"contentUrl\":\"https:\\\/\\\/nature-et-developpement.com\\\/mndl\\\/wp-content\\\/uploads\\\/Frein-vapeur-hygrovariable-INTELLO-Pro-clima.jpg\"},{\"@type\":\"BreadcrumbList\",\"@id\":\"https:\\\/\\\/nature-et-developpement.com\\\/mndl\\\/produit\\\/frein-vapeur-hygrovariable-intello-pro-clima\\\/#breadcrumb\",\"itemListElement\":[{\"@type\":\"ListItem\",\"position\":1,\"name\":\"Accueil\",\"item\":\"https:\\\/\\\/nature-et-developpement.com\\\/mndl\\\/\"},{\"@type\":\"ListItem\",\"position\":2,\"name\":\"Produits\",\"item\":\"https:\\\/\\\/nature-et-developpement.com\\\/mndl\\\/shop\\\/\"},{\"@type\":\"ListItem\",\"position\":3,\"name\":\"Isolation et \u00e9tanch\u00e9it\u00e9\",\"item\":\"https:\\\/\\\/nature-et-developpement.com\\\/mndl\\\/produits\\\/isolation-et-etancheite\\\/\"},{\"@type\":\"ListItem\",\"position\":4,\"name\":\"Etanch\u00e9it\u00e9 \u00e0 l'air\",\"item\":\"https:\\\/\\\/nature-et-developpement.com\\\/mndl\\\/produits\\\/isolation-et-etancheite\\\/etancheite-a-lair\\\/\"},{\"@type\":\"ListItem\",\"position\":5,\"name\":\"Frein-vapeur Hygrovariable INTELLO Pro clima\"}]},{\"@type\":\"WebSite\",\"@id\":\"https:\\\/\\\/nature-et-developpement.com\\\/mndl\\\/#website\",\"url\":\"https:\\\/\\\/nature-et-developpement.com\\\/mndl\\\/\",\"name\":\"Mat\u00e9riaux Naturels de Lorraine\",\"description\":\"Mat\u00e9riaux Naturels de Lorraine est membre du groupement Nature &amp; D\u00e9veloppement\",\"publisher\":{\"@id\":\"https:\\\/\\\/nature-et-developpement.com\\\/mndl\\\/#organization\"},\"potentialAction\":[{\"@type\":\"SearchAction\",\"target\":{\"@type\":\"EntryPoint\",\"urlTemplate\":\"https:\\\/\\\/nature-et-developpement.com\\\/mndl\\\/?s={search_term_string}\"},\"query-input\":{\"@type\":\"PropertyValueSpecification\",\"valueRequired\":true,\"valueName\":\"search_term_string\"}}],\"inLanguage\":\"fr-FR\"},{\"@type\":\"Organization\",\"@id\":\"https:\\\/\\\/nature-et-developpement.com\\\/mndl\\\/#organization\",\"name\":\"Mat\u00e9riaux Naturels de Lorraine\",\"url\":\"https:\\\/\\\/nature-et-developpement.com\\\/mndl\\\/\",\"logo\":{\"@type\":\"ImageObject\",\"inLanguage\":\"fr-FR\",\"@id\":\"https:\\\/\\\/nature-et-developpement.com\\\/mndl\\\/#\\\/schema\\\/logo\\\/image\\\/\",\"url\":\"https:\\\/\\\/nature-et-developpement.com\\\/mndl\\\/wp-content\\\/uploads\\\/sites\\\/7\\\/2021\\\/09\\\/logo-materiaux-naturels-de-lorraine.png\",\"contentUrl\":\"https:\\\/\\\/nature-et-developpement.com\\\/mndl\\\/wp-content\\\/uploads\\\/sites\\\/7\\\/2021\\\/09\\\/logo-materiaux-naturels-de-lorraine.png\",\"width\":1924,\"height\":1668,\"caption\":\"Mat\u00e9riaux Naturels de Lorraine\"},\"image\":{\"@id\":\"https:\\\/\\\/nature-et-developpement.com\\\/mndl\\\/#\\\/schema\\\/logo\\\/image\\\/\"}}]}<\/script>\n<!-- \/ Yoast SEO plugin. -->","yoast_head_json":{"title":"Frein-vapeur Hygrovariable INTELLO Pro clima","description":"Une protection maximale contre les d\u00e9g\u00e2ts au b\u00e2timent. Sa compatibilit\u00e9 avec les isolants fibreux, sa durabilit\u00e9 et sa pose facile en font un choix id\u00e9al.","robots":{"index":"noindex","follow":"nofollow"},"og_locale":"fr_FR","og_type":"article","og_title":"Frein-vapeur Hygrovariable INTELLO Pro clima","og_description":"Une protection maximale contre les d\u00e9g\u00e2ts au b\u00e2timent. Sa compatibilit\u00e9 avec les isolants fibreux, sa durabilit\u00e9 et sa pose facile en font un choix id\u00e9al.","og_url":"https:\/\/nature-et-developpement.com\/mndl\/produit\/frein-vapeur-hygrovariable-intello-pro-clima\/","og_site_name":"Mat\u00e9riaux Naturels de Lorraine","article_modified_time":"2026-03-24T23:10:26+00:00","twitter_card":"summary_large_image","twitter_misc":{"Dur\u00e9e de lecture estim\u00e9e":"2 minutes"},"schema":{"@context":"https:\/\/schema.org","@graph":[{"@type":"WebPage","@id":"https:\/\/nature-et-developpement.com\/mndl\/produit\/frein-vapeur-hygrovariable-intello-pro-clima\/","url":"https:\/\/nature-et-developpement.com\/mndl\/produit\/frein-vapeur-hygrovariable-intello-pro-clima\/","name":"Frein-vapeur Hygrovariable INTELLO Pro clima","isPartOf":{"@id":"https:\/\/nature-et-developpement.com\/mndl\/#website"},"primaryImageOfPage":{"@id":"https:\/\/nature-et-developpement.com\/mndl\/produit\/frein-vapeur-hygrovariable-intello-pro-clima\/#primaryimage"},"image":{"@id":"https:\/\/nature-et-developpement.com\/mndl\/produit\/frein-vapeur-hygrovariable-intello-pro-clima\/#primaryimage"},"thumbnailUrl":"https:\/\/nature-et-developpement.com\/mndl\/wp-content\/uploads\/Frein-vapeur-hygrovariable-INTELLO-Pro-clima.jpg","datePublished":"2023-10-31T23:00:00+00:00","dateModified":"2026-03-24T23:10:26+00:00","description":"Une protection maximale contre les d\u00e9g\u00e2ts au b\u00e2timent. Sa compatibilit\u00e9 avec les isolants fibreux, sa durabilit\u00e9 et sa pose facile en font un choix id\u00e9al.","breadcrumb":{"@id":"https:\/\/nature-et-developpement.com\/mndl\/produit\/frein-vapeur-hygrovariable-intello-pro-clima\/#breadcrumb"},"inLanguage":"fr-FR","potentialAction":[{"@type":"ReadAction","target":["https:\/\/nature-et-developpement.com\/mndl\/produit\/frein-vapeur-hygrovariable-intello-pro-clima\/"]}]},{"@type":"ImageObject","inLanguage":"fr-FR","@id":"https:\/\/nature-et-developpement.com\/mndl\/produit\/frein-vapeur-hygrovariable-intello-pro-clima\/#primaryimage","url":"https:\/\/nature-et-developpement.com\/mndl\/wp-content\/uploads\/Frein-vapeur-hygrovariable-INTELLO-Pro-clima.jpg","contentUrl":"https:\/\/nature-et-developpement.com\/mndl\/wp-content\/uploads\/Frein-vapeur-hygrovariable-INTELLO-Pro-clima.jpg"},{"@type":"BreadcrumbList","@id":"https:\/\/nature-et-developpement.com\/mndl\/produit\/frein-vapeur-hygrovariable-intello-pro-clima\/#breadcrumb","itemListElement":[{"@type":"ListItem","position":1,"name":"Accueil","item":"https:\/\/nature-et-developpement.com\/mndl\/"},{"@type":"ListItem","position":2,"name":"Produits","item":"https:\/\/nature-et-developpement.com\/mndl\/shop\/"},{"@type":"ListItem","position":3,"name":"Isolation et \u00e9tanch\u00e9it\u00e9","item":"https:\/\/nature-et-developpement.com\/mndl\/produits\/isolation-et-etancheite\/"},{"@type":"ListItem","position":4,"name":"Etanch\u00e9it\u00e9 \u00e0 l'air","item":"https:\/\/nature-et-developpement.com\/mndl\/produits\/isolation-et-etancheite\/etancheite-a-lair\/"},{"@type":"ListItem","position":5,"name":"Frein-vapeur Hygrovariable INTELLO Pro clima"}]},{"@type":"WebSite","@id":"https:\/\/nature-et-developpement.com\/mndl\/#website","url":"https:\/\/nature-et-developpement.com\/mndl\/","name":"Mat\u00e9riaux Naturels de Lorraine","description":"Mat\u00e9riaux Naturels de Lorraine est membre du groupement Nature &amp; D\u00e9veloppement","publisher":{"@id":"https:\/\/nature-et-developpement.com\/mndl\/#organization"},"potentialAction":[{"@type":"SearchAction","target":{"@type":"EntryPoint","urlTemplate":"https:\/\/nature-et-developpement.com\/mndl\/?s={search_term_string}"},"query-input":{"@type":"PropertyValueSpecification","valueRequired":true,"valueName":"search_term_string"}}],"inLanguage":"fr-FR"},{"@type":"Organization","@id":"https:\/\/nature-et-developpement.com\/mndl\/#organization","name":"Mat\u00e9riaux Naturels de Lorraine","url":"https:\/\/nature-et-developpement.com\/mndl\/","logo":{"@type":"ImageObject","inLanguage":"fr-FR","@id":"https:\/\/nature-et-developpement.com\/mndl\/#\/schema\/logo\/image\/","url":"https:\/\/nature-et-developpement.com\/mndl\/wp-content\/uploads\/sites\/7\/2021\/09\/logo-materiaux-naturels-de-lorraine.png","contentUrl":"https:\/\/nature-et-developpement.com\/mndl\/wp-content\/uploads\/sites\/7\/2021\/09\/logo-materiaux-naturels-de-lorraine.png","width":1924,"height":1668,"caption":"Mat\u00e9riaux Naturels de Lorraine"},"image":{"@id":"https:\/\/nature-et-developpement.com\/mndl\/#\/schema\/logo\/image\/"}}]}},"distributor_meta":false,"distributor_terms":false,"distributor_media":false,"distributor_original_site_name":"Mat\u00e9riaux Naturels de Lorraine","distributor_original_site_url":"https:\/\/nature-et-developpement.com\/mndl","push-errors":false,"_links":{"self":[{"href":"https:\/\/nature-et-developpement.com\/mndl\/wp-json\/wp\/v2\/product\/11566","targetHints":{"allow":["GET"]}}],"collection":[{"href":"https:\/\/nature-et-developpement.com\/mndl\/wp-json\/wp\/v2\/product"}],"about":[{"href":"https:\/\/nature-et-developpement.com\/mndl\/wp-json\/wp\/v2\/types\/product"}],"wp:featuredmedia":[{"embeddable":true,"href":"https:\/\/nature-et-developpement.com\/mndl\/wp-json\/"}],"wp:attachment":[{"href":"https:\/\/nature-et-developpement.com\/mndl\/wp-json\/wp\/v2\/media?parent=11566"}],"wp:term":[{"taxonomy":"product_brand","embeddable":true,"href":"https:\/\/nature-et-developpement.com\/mndl\/wp-json\/wp\/v2\/product_brand?post=11566"},{"taxonomy":"product_cat","embeddable":true,"href":"https:\/\/nature-et-developpement.com\/mndl\/wp-json\/wp\/v2\/product_cat?post=11566"},{"taxonomy":"product_tag","embeddable":true,"href":"https:\/\/nature-et-developpement.com\/mndl\/wp-json\/wp\/v2\/product_tag?post=11566"}],"curies":[{"name":"wp","href":"https:\/\/api.w.org\/{rel}","templated":true}]}}