{"id":11651,"date":"2017-01-01T00:00:00","date_gmt":"2016-12-31T23:00:00","guid":{"rendered":"https:\/\/nature-et-developpement.com\/mndl\/produit\/ruban-adhesif-en-intisse-tescon-vana-pro-clima\/"},"modified":"2026-03-24T23:40:24","modified_gmt":"2026-03-24T22:40:24","slug":"ruban-adhesif-en-intisse-tescon-vana-pro-clima","status":"publish","type":"product","link":"https:\/\/nature-et-developpement.com\/mndl\/produit\/ruban-adhesif-en-intisse-tescon-vana-pro-clima\/","title":{"rendered":"Ruban adh\u00e9sif en intiss\u00e9 TESCON VANA Pro clima"},"content":{"rendered":"<p>In\u00adt\u00e9rieur: Col\u00adlage \u00e9tanche \u00e0 l\u2019air de frein-va\u00adpeurs et mem\u00adbranes d\u2019\u00e9tanch\u00e9it\u00e9 \u00e0 l\u2019air ain\u00adsi que de pan\u00adneaux d\u00e9riv\u00e9s du bois \u00e9tanches \u00e0 l\u2019air en neuf et r\u00e9nova\u00adtion (toit\u00adure et mur).<\/p>\n<p>Ex\u00adt\u00e9rieur: R\u00e9al\u00adisa\u00adtion de l\u2019\u00e9tanch\u00e9it\u00e9 au vent d\u2019\u00e9crans de sous-toit\u00adure et d\u2019\u00e9cran pare-plu\u00adie de fa\u00e7ade (pro clima SOLI\u00adTEX par ex\u00ademple). Col\u00adlages \u00e9tanches au vent de pan\u00adneaux de sous-toit\u00adure en mat\u00e9riau d\u00e9riv\u00e9 du bois.<\/p>\n<p>Pour tous les col\u00adlages, \u00e0 l\u2019in\u00adt\u00e9rieur et \u00e0 l\u2019ex\u00adt\u00e9rieur, de mem\u00adbranes et \u00e9crans et pan\u00adneaux \u00e9tanches entre eux et pour les rac\u00adcords aux \u00e9l\u00e9\u00adments de con\u00adstruc\u00adtion ad\u00adja\u00adcents, non min\u00e9raux et lisses (pas\u00adsages de con\u00adduits, fen\u00eatres de toit).<\/p>\n<table class=\"table table-striped\">\n<thead>\n<tr>\n<td><strong>Propri\u00e9t\u00e9<\/strong><\/td>\n<td class=\"hidden-xs\"><strong>R\u00e9glementation<\/strong><\/td>\n<td><strong>Valeur<\/strong><\/td>\n<\/tr>\n<\/thead>\n<tbody>\n<tr>\n<td>Couleur<\/td>\n<td class=\"hidden-xs\"><\/td>\n<td>bleu fonc\u00e9<\/td>\n<\/tr>\n<tr>\n<td>Exposition aux intemp\u00e9ries<\/td>\n<td class=\"hidden-xs\"><\/td>\n<td>6 mois<\/td>\n<\/tr>\n<tr>\n<td>Temp\u00e9rature de mise en \u0153uvre<\/td>\n<td class=\"hidden-xs\"><\/td>\n<td>\u00e0 partir de -10 \u00b0C<\/td>\n<\/tr>\n<tr>\n<td>R\u00e9sistance \u00e0 la temp\u00e9rature<\/td>\n<td class=\"hidden-xs\"><\/td>\n<td>stable entre -40 \u00b0C et +90 \u00b0C<\/td>\n<\/tr>\n<tr>\n<td>Stockage<\/td>\n<td class=\"hidden-xs\"><\/td>\n<td>dans un endroit frais et sec<\/td>\n<\/tr>\n<\/tbody>\n<\/table>\n","protected":false},"excerpt":{"rendered":"<p>Ruban ad\u00adh\u00e9sif tout us\u00adage avec sup\u00adport en non-tis\u00ads\u00e9<\/p>\n<h4><img loading=\"lazy\" decoding=\"async\" class=\" size-full wp-image-103216\" src=\"https:\/\/nature-et-developpement.com\/wp-content\/uploads\/cms\/PROCLIMA\/garantie-100-ans.jpg\" alt=\"\" width=\"100\" height=\"84\" \/><\/h4>\n","protected":false},"featured_media":1000000166727,"template":"","meta":[],"product_brand":[2745],"product_cat":[283,4157,4155],"product_tag":[4165],"class_list":{"0":"post-11651","1":"product","2":"type-product","3":"status-publish","4":"has-post-thumbnail","6":"product_brand-proclima","7":"product_cat-accessoires-isolation-et-etancheite","8":"product_cat-etancheite-a-lair","9":"product_cat-pare-pluie","10":"product_tag-pro-clima","11":"product_shipping_class-petit-equipement-outil-eclairage","13":"first","14":"instock","15":"sale","16":"taxable","17":"shipping-taxable","18":"purchasable","19":"product-type-variable"},"yoast_head":"<!-- This site is optimized with the Yoast SEO plugin v27.5 - https:\/\/yoast.com\/product\/yoast-seo-wordpress\/ -->\n<title>Ruban adh\u00e9sif en intiss\u00e9 TESCON VANA Pro clima<\/title>\n<meta name=\"description\" content=\"Ruban ad\u00adh\u00e9sif tout us\u00adage avec sup\u00adport en non-tis\u00ads\u00e9\" \/>\n<meta name=\"robots\" content=\"noindex, nofollow\" \/>\n<meta property=\"og:locale\" content=\"fr_FR\" \/>\n<meta property=\"og:type\" content=\"article\" \/>\n<meta property=\"og:title\" content=\"Ruban adh\u00e9sif en intiss\u00e9 TESCON VANA Pro clima\" \/>\n<meta property=\"og:description\" content=\"Ruban ad\u00adh\u00e9sif tout us\u00adage avec sup\u00adport en non-tis\u00ads\u00e9\" \/>\n<meta property=\"og:url\" content=\"https:\/\/nature-et-developpement.com\/mndl\/produit\/ruban-adhesif-en-intisse-tescon-vana-pro-clima\/\" \/>\n<meta property=\"og:site_name\" content=\"Mat\u00e9riaux Naturels de Lorraine\" \/>\n<meta property=\"article:modified_time\" content=\"2026-03-24T22:40:24+00:00\" \/>\n<meta name=\"twitter:card\" content=\"summary_large_image\" \/>\n<meta name=\"twitter:label1\" content=\"Dur\u00e9e de lecture estim\u00e9e\" \/>\n\t<meta name=\"twitter:data1\" content=\"1 minute\" \/>\n<script type=\"application\/ld+json\" class=\"yoast-schema-graph\">{\"@context\":\"https:\\\/\\\/schema.org\",\"@graph\":[{\"@type\":\"WebPage\",\"@id\":\"https:\\\/\\\/nature-et-developpement.com\\\/mndl\\\/produit\\\/ruban-adhesif-en-intisse-tescon-vana-pro-clima\\\/\",\"url\":\"https:\\\/\\\/nature-et-developpement.com\\\/mndl\\\/produit\\\/ruban-adhesif-en-intisse-tescon-vana-pro-clima\\\/\",\"name\":\"Ruban adh\u00e9sif en intiss\u00e9 TESCON VANA Pro clima\",\"isPartOf\":{\"@id\":\"https:\\\/\\\/nature-et-developpement.com\\\/mndl\\\/#website\"},\"primaryImageOfPage\":{\"@id\":\"https:\\\/\\\/nature-et-developpement.com\\\/mndl\\\/produit\\\/ruban-adhesif-en-intisse-tescon-vana-pro-clima\\\/#primaryimage\"},\"image\":{\"@id\":\"https:\\\/\\\/nature-et-developpement.com\\\/mndl\\\/produit\\\/ruban-adhesif-en-intisse-tescon-vana-pro-clima\\\/#primaryimage\"},\"thumbnailUrl\":\"https:\\\/\\\/nature-et-developpement.com\\\/mndl\\\/wp-content\\\/uploads\\\/Ruban-adhesif-en-intisse-TESCON-VANA-Pro-clima-60mm.jpg\",\"datePublished\":\"2016-12-31T23:00:00+00:00\",\"dateModified\":\"2026-03-24T22:40:24+00:00\",\"description\":\"Ruban ad\u00adh\u00e9sif tout us\u00adage avec sup\u00adport en non-tis\u00ads\u00e9\",\"breadcrumb\":{\"@id\":\"https:\\\/\\\/nature-et-developpement.com\\\/mndl\\\/produit\\\/ruban-adhesif-en-intisse-tescon-vana-pro-clima\\\/#breadcrumb\"},\"inLanguage\":\"fr-FR\",\"potentialAction\":[{\"@type\":\"ReadAction\",\"target\":[\"https:\\\/\\\/nature-et-developpement.com\\\/mndl\\\/produit\\\/ruban-adhesif-en-intisse-tescon-vana-pro-clima\\\/\"]}]},{\"@type\":\"ImageObject\",\"inLanguage\":\"fr-FR\",\"@id\":\"https:\\\/\\\/nature-et-developpement.com\\\/mndl\\\/produit\\\/ruban-adhesif-en-intisse-tescon-vana-pro-clima\\\/#primaryimage\",\"url\":\"https:\\\/\\\/nature-et-developpement.com\\\/mndl\\\/wp-content\\\/uploads\\\/Ruban-adhesif-en-intisse-TESCON-VANA-Pro-clima-60mm.jpg\",\"contentUrl\":\"https:\\\/\\\/nature-et-developpement.com\\\/mndl\\\/wp-content\\\/uploads\\\/Ruban-adhesif-en-intisse-TESCON-VANA-Pro-clima-60mm.jpg\"},{\"@type\":\"BreadcrumbList\",\"@id\":\"https:\\\/\\\/nature-et-developpement.com\\\/mndl\\\/produit\\\/ruban-adhesif-en-intisse-tescon-vana-pro-clima\\\/#breadcrumb\",\"itemListElement\":[{\"@type\":\"ListItem\",\"position\":1,\"name\":\"Accueil\",\"item\":\"https:\\\/\\\/nature-et-developpement.com\\\/mndl\\\/\"},{\"@type\":\"ListItem\",\"position\":2,\"name\":\"Produits\",\"item\":\"https:\\\/\\\/nature-et-developpement.com\\\/mndl\\\/shop\\\/\"},{\"@type\":\"ListItem\",\"position\":3,\"name\":\"Isolation et \u00e9tanch\u00e9it\u00e9\",\"item\":\"https:\\\/\\\/nature-et-developpement.com\\\/mndl\\\/produits\\\/isolation-et-etancheite\\\/\"},{\"@type\":\"ListItem\",\"position\":4,\"name\":\"Pare pluie\",\"item\":\"https:\\\/\\\/nature-et-developpement.com\\\/mndl\\\/produits\\\/isolation-et-etancheite\\\/pare-pluie\\\/\"},{\"@type\":\"ListItem\",\"position\":5,\"name\":\"Ruban adh\u00e9sif en intiss\u00e9 TESCON VANA Pro clima\"}]},{\"@type\":\"WebSite\",\"@id\":\"https:\\\/\\\/nature-et-developpement.com\\\/mndl\\\/#website\",\"url\":\"https:\\\/\\\/nature-et-developpement.com\\\/mndl\\\/\",\"name\":\"Mat\u00e9riaux Naturels de Lorraine\",\"description\":\"Mat\u00e9riaux Naturels de Lorraine est membre du groupement Nature &amp; D\u00e9veloppement\",\"publisher\":{\"@id\":\"https:\\\/\\\/nature-et-developpement.com\\\/mndl\\\/#organization\"},\"potentialAction\":[{\"@type\":\"SearchAction\",\"target\":{\"@type\":\"EntryPoint\",\"urlTemplate\":\"https:\\\/\\\/nature-et-developpement.com\\\/mndl\\\/?s={search_term_string}\"},\"query-input\":{\"@type\":\"PropertyValueSpecification\",\"valueRequired\":true,\"valueName\":\"search_term_string\"}}],\"inLanguage\":\"fr-FR\"},{\"@type\":\"Organization\",\"@id\":\"https:\\\/\\\/nature-et-developpement.com\\\/mndl\\\/#organization\",\"name\":\"Mat\u00e9riaux Naturels de Lorraine\",\"url\":\"https:\\\/\\\/nature-et-developpement.com\\\/mndl\\\/\",\"logo\":{\"@type\":\"ImageObject\",\"inLanguage\":\"fr-FR\",\"@id\":\"https:\\\/\\\/nature-et-developpement.com\\\/mndl\\\/#\\\/schema\\\/logo\\\/image\\\/\",\"url\":\"https:\\\/\\\/nature-et-developpement.com\\\/mndl\\\/wp-content\\\/uploads\\\/sites\\\/7\\\/2021\\\/09\\\/logo-materiaux-naturels-de-lorraine.png\",\"contentUrl\":\"https:\\\/\\\/nature-et-developpement.com\\\/mndl\\\/wp-content\\\/uploads\\\/sites\\\/7\\\/2021\\\/09\\\/logo-materiaux-naturels-de-lorraine.png\",\"width\":1924,\"height\":1668,\"caption\":\"Mat\u00e9riaux Naturels de Lorraine\"},\"image\":{\"@id\":\"https:\\\/\\\/nature-et-developpement.com\\\/mndl\\\/#\\\/schema\\\/logo\\\/image\\\/\"}}]}<\/script>\n<!-- \/ Yoast SEO plugin. -->","yoast_head_json":{"title":"Ruban adh\u00e9sif en intiss\u00e9 TESCON VANA Pro clima","description":"Ruban ad\u00adh\u00e9sif tout us\u00adage avec sup\u00adport en non-tis\u00ads\u00e9","robots":{"index":"noindex","follow":"nofollow"},"og_locale":"fr_FR","og_type":"article","og_title":"Ruban adh\u00e9sif en intiss\u00e9 TESCON VANA Pro clima","og_description":"Ruban ad\u00adh\u00e9sif tout us\u00adage avec sup\u00adport en non-tis\u00ads\u00e9","og_url":"https:\/\/nature-et-developpement.com\/mndl\/produit\/ruban-adhesif-en-intisse-tescon-vana-pro-clima\/","og_site_name":"Mat\u00e9riaux Naturels de Lorraine","article_modified_time":"2026-03-24T22:40:24+00:00","twitter_card":"summary_large_image","twitter_misc":{"Dur\u00e9e de lecture estim\u00e9e":"1 minute"},"schema":{"@context":"https:\/\/schema.org","@graph":[{"@type":"WebPage","@id":"https:\/\/nature-et-developpement.com\/mndl\/produit\/ruban-adhesif-en-intisse-tescon-vana-pro-clima\/","url":"https:\/\/nature-et-developpement.com\/mndl\/produit\/ruban-adhesif-en-intisse-tescon-vana-pro-clima\/","name":"Ruban adh\u00e9sif en intiss\u00e9 TESCON VANA Pro clima","isPartOf":{"@id":"https:\/\/nature-et-developpement.com\/mndl\/#website"},"primaryImageOfPage":{"@id":"https:\/\/nature-et-developpement.com\/mndl\/produit\/ruban-adhesif-en-intisse-tescon-vana-pro-clima\/#primaryimage"},"image":{"@id":"https:\/\/nature-et-developpement.com\/mndl\/produit\/ruban-adhesif-en-intisse-tescon-vana-pro-clima\/#primaryimage"},"thumbnailUrl":"https:\/\/nature-et-developpement.com\/mndl\/wp-content\/uploads\/Ruban-adhesif-en-intisse-TESCON-VANA-Pro-clima-60mm.jpg","datePublished":"2016-12-31T23:00:00+00:00","dateModified":"2026-03-24T22:40:24+00:00","description":"Ruban ad\u00adh\u00e9sif tout us\u00adage avec sup\u00adport en non-tis\u00ads\u00e9","breadcrumb":{"@id":"https:\/\/nature-et-developpement.com\/mndl\/produit\/ruban-adhesif-en-intisse-tescon-vana-pro-clima\/#breadcrumb"},"inLanguage":"fr-FR","potentialAction":[{"@type":"ReadAction","target":["https:\/\/nature-et-developpement.com\/mndl\/produit\/ruban-adhesif-en-intisse-tescon-vana-pro-clima\/"]}]},{"@type":"ImageObject","inLanguage":"fr-FR","@id":"https:\/\/nature-et-developpement.com\/mndl\/produit\/ruban-adhesif-en-intisse-tescon-vana-pro-clima\/#primaryimage","url":"https:\/\/nature-et-developpement.com\/mndl\/wp-content\/uploads\/Ruban-adhesif-en-intisse-TESCON-VANA-Pro-clima-60mm.jpg","contentUrl":"https:\/\/nature-et-developpement.com\/mndl\/wp-content\/uploads\/Ruban-adhesif-en-intisse-TESCON-VANA-Pro-clima-60mm.jpg"},{"@type":"BreadcrumbList","@id":"https:\/\/nature-et-developpement.com\/mndl\/produit\/ruban-adhesif-en-intisse-tescon-vana-pro-clima\/#breadcrumb","itemListElement":[{"@type":"ListItem","position":1,"name":"Accueil","item":"https:\/\/nature-et-developpement.com\/mndl\/"},{"@type":"ListItem","position":2,"name":"Produits","item":"https:\/\/nature-et-developpement.com\/mndl\/shop\/"},{"@type":"ListItem","position":3,"name":"Isolation et \u00e9tanch\u00e9it\u00e9","item":"https:\/\/nature-et-developpement.com\/mndl\/produits\/isolation-et-etancheite\/"},{"@type":"ListItem","position":4,"name":"Pare pluie","item":"https:\/\/nature-et-developpement.com\/mndl\/produits\/isolation-et-etancheite\/pare-pluie\/"},{"@type":"ListItem","position":5,"name":"Ruban adh\u00e9sif en intiss\u00e9 TESCON VANA Pro clima"}]},{"@type":"WebSite","@id":"https:\/\/nature-et-developpement.com\/mndl\/#website","url":"https:\/\/nature-et-developpement.com\/mndl\/","name":"Mat\u00e9riaux Naturels de Lorraine","description":"Mat\u00e9riaux Naturels de Lorraine est membre du groupement Nature &amp; D\u00e9veloppement","publisher":{"@id":"https:\/\/nature-et-developpement.com\/mndl\/#organization"},"potentialAction":[{"@type":"SearchAction","target":{"@type":"EntryPoint","urlTemplate":"https:\/\/nature-et-developpement.com\/mndl\/?s={search_term_string}"},"query-input":{"@type":"PropertyValueSpecification","valueRequired":true,"valueName":"search_term_string"}}],"inLanguage":"fr-FR"},{"@type":"Organization","@id":"https:\/\/nature-et-developpement.com\/mndl\/#organization","name":"Mat\u00e9riaux Naturels de Lorraine","url":"https:\/\/nature-et-developpement.com\/mndl\/","logo":{"@type":"ImageObject","inLanguage":"fr-FR","@id":"https:\/\/nature-et-developpement.com\/mndl\/#\/schema\/logo\/image\/","url":"https:\/\/nature-et-developpement.com\/mndl\/wp-content\/uploads\/sites\/7\/2021\/09\/logo-materiaux-naturels-de-lorraine.png","contentUrl":"https:\/\/nature-et-developpement.com\/mndl\/wp-content\/uploads\/sites\/7\/2021\/09\/logo-materiaux-naturels-de-lorraine.png","width":1924,"height":1668,"caption":"Mat\u00e9riaux Naturels de Lorraine"},"image":{"@id":"https:\/\/nature-et-developpement.com\/mndl\/#\/schema\/logo\/image\/"}}]}},"distributor_meta":false,"distributor_terms":false,"distributor_media":false,"distributor_original_site_name":"Mat\u00e9riaux Naturels de Lorraine","distributor_original_site_url":"https:\/\/nature-et-developpement.com\/mndl","push-errors":false,"_links":{"self":[{"href":"https:\/\/nature-et-developpement.com\/mndl\/wp-json\/wp\/v2\/product\/11651","targetHints":{"allow":["GET"]}}],"collection":[{"href":"https:\/\/nature-et-developpement.com\/mndl\/wp-json\/wp\/v2\/product"}],"about":[{"href":"https:\/\/nature-et-developpement.com\/mndl\/wp-json\/wp\/v2\/types\/product"}],"wp:featuredmedia":[{"embeddable":true,"href":"https:\/\/nature-et-developpement.com\/mndl\/wp-json\/"}],"wp:attachment":[{"href":"https:\/\/nature-et-developpement.com\/mndl\/wp-json\/wp\/v2\/media?parent=11651"}],"wp:term":[{"taxonomy":"product_brand","embeddable":true,"href":"https:\/\/nature-et-developpement.com\/mndl\/wp-json\/wp\/v2\/product_brand?post=11651"},{"taxonomy":"product_cat","embeddable":true,"href":"https:\/\/nature-et-developpement.com\/mndl\/wp-json\/wp\/v2\/product_cat?post=11651"},{"taxonomy":"product_tag","embeddable":true,"href":"https:\/\/nature-et-developpement.com\/mndl\/wp-json\/wp\/v2\/product_tag?post=11651"}],"curies":[{"name":"wp","href":"https:\/\/api.w.org\/{rel}","templated":true}]}}