{"id":29955,"date":"2025-03-18T10:12:35","date_gmt":"2025-03-18T09:12:35","guid":{"rendered":"https:\/\/nature-et-developpement.com\/mndl\/produit\/isolant-rigide-steico-integral\/"},"modified":"2026-03-03T21:30:49","modified_gmt":"2026-03-03T20:30:49","slug":"isolant-rigide-steico-integral","status":"publish","type":"product","link":"https:\/\/nature-et-developpement.com\/mndl\/produit\/isolant-rigide-steico-integral\/","title":{"rendered":"STEICO int\u00e9gral &#8211; Isolant rigide fibre de bois"},"content":{"rendered":"<h2>Isolant Rigide Fibre de Bois STEICO Int\u00e9gral &#8211; Pare-Pluie, Support d&rsquo;Enduit, Coupe-Vent<\/h2>\n<p>D\u00e9couvrez l&rsquo;Isolant Rigide Fibre de Bois STEICO Int\u00e9gral, un produit polyvalent qui r\u00e9volutionnera vos projets de construction et de r\u00e9novation. Gr\u00e2ce \u00e0 ses multiples fonctions, ce panneau isolant vous offre bien plus qu&rsquo;une simple isolation. Il agit comme un pare-pluie, un support d&rsquo;enduit, et un coupe-vent, optimisant ainsi votre espace de travail de mani\u00e8re efficace.<\/p>\n<p><strong>Des Caract\u00e9ristiques Exceptionnelles :<\/strong><\/p>\n<p>Confort Hygrothermique Am\u00e9lior\u00e9<\/p>\n<p>L&rsquo;Isolant Rigide Fibre de Bois STEICO Int\u00e9gral est con\u00e7u pour offrir une diffusion optimale de la vapeur d&rsquo;eau, am\u00e9liorant ainsi le confort hygrothermique lors de travaux de r\u00e9novation.<\/p>\n<p>Votre espace restera toujours agr\u00e9able et sain.<\/p>\n<p>Isolation Toute Saison<\/p>\n<p>Ce panneau vous assure une isolation performante aussi bien en hiver qu&rsquo;en \u00e9t\u00e9, vous permettant de maintenir une temp\u00e9rature id\u00e9ale tout au long de l&rsquo;ann\u00e9e.<\/p>\n<p>Fabrication Responsable<\/p>\n<p>Fabriqu\u00e9 selon un processus sec, cet isolant est respectueux de l&rsquo;environnement.<\/p>\n<p>Il est recyclable et contribue \u00e0 r\u00e9duire l&rsquo;impact sur la plan\u00e8te.<\/p>\n<h3><strong>Caract\u00e9ristiques Techniques<\/strong><\/h3>\n<ul>\n<li><strong>Marquage<\/strong> : WF-EN13171-T5-WS1,0-MU3-CS(10\/Y)100-DS(70,90)3-TR20, EN-14964-IL<\/li>\n<li><strong>Profil<\/strong> : R L<\/li>\n<li><strong>R\u00e9action au feu (RTF)<\/strong> : Classe E selon la norme EN 13501-1<\/li>\n<li><strong>Conductivit\u00e9 thermique \u03bb ACERMI<\/strong> : 0,042 W\/(m*K)<\/li>\n<li><strong>R\u00e9sistance thermique R ACERMI<\/strong> : 0,95(40) \/ 1,40(60) \/ 1,90(80) \/ 2,35(100) \/ 2,85(120) \/ 3,30(140) \/ 3,80(160) \/ 4,25(180) \/ 4,75(200) (m\u00b2*K)\/W<\/li>\n<li><strong>Masse volumique<\/strong> : Environ 140 kg\/m\u00b3<\/li>\n<li><strong>Facteur de r\u00e9sistance \u00e0 la diffusion de vapeur d&rsquo;eau \u03bc<\/strong> : 3,00<\/li>\n<li><strong>Valeur sd<\/strong> : 0,12(40) \/ 0,18(60) \/ 0,24(80) \/ 0,30(100) \/ 0,36(120) \/ 0,42(140) \/ 0,48(160) \/ 0,54(180) \/ 0,60(200) (m)<\/li>\n<li><strong>Absorption d&rsquo;eau \u00e0 court terme<\/strong> : \u2264 1,0 kg\/m\u00b2<\/li>\n<li><strong>Druckspannung bei 10% Stauchung \u03b410<\/strong> : 0,1 N\/mm2<\/li>\n<li><strong>R\u00e9sistance \u00e0 la compression<\/strong> : 100 kPa<\/li>\n<li><strong>Composants<\/strong> : Fibre de bois, r\u00e9sine polyur\u00e9thane, paraffine<\/li>\n<li><strong>Code de recyclage (EAK)<\/strong> : 030105 \/ 170201<\/li>\n<\/ul>\n<p>&nbsp;<\/p>\n<h4><strong>Optimisez Votre Projet \u00c9cologique avec STEICO Int\u00e9gral<\/strong><\/h4>\n<p>Faite le bon choix d\u00e8s aujourd&rsquo;hui pour un environnement plus sain et plus durable.<\/p>\n<p>STEICO Int\u00e9gral est votre alli\u00e9 pour des projets de construction respectueux de l&rsquo;environnement.<\/p>\n<p>Faites le choix de la qualit\u00e9 et de la performance avec cet isolant rigide en fibre de bois.<\/p>\n","protected":false},"excerpt":{"rendered":"<p>Isolant Fibre de Bois STEICO Int\u00e9gral\u00a0pare-pluie <strong><span style=\"text-decoration: underline\">ET<\/span><\/strong> support d&rsquo;enduit \u00e0 base de fibre de bois<\/p>\n<p>Panneaux rainure languette\u00a0(le 40mm n\u00e9cessite un support continu)<\/p>\n<p><strong>Certification ACERMI<\/strong><br \/>\n<span style=\"color: #2aa4a9\"><em><strong>\u00c9ligible aux aides gouvernementales<\/strong><\/em><\/span><\/p>\n","protected":false},"featured_media":1000000166595,"template":"","meta":[],"product_brand":[2754],"product_cat":[4152,4153,4154],"product_tag":[4149],"class_list":{"0":"post-29955","1":"product","2":"type-product","3":"status-publish","4":"has-post-thumbnail","6":"product_brand-steico","7":"product_cat-isolation-exterieure","8":"product_cat-isolation-interieure","9":"product_cat-isolation-phonique","10":"product_tag-steico","12":"first","13":"instock","14":"taxable","15":"shipping-taxable","16":"purchasable","17":"product-type-variable"},"yoast_head":"<!-- This site is optimized with the Yoast SEO plugin v27.5 - https:\/\/yoast.com\/product\/yoast-seo-wordpress\/ -->\n<title>STEICO int\u00e9gral - Isolant rigide fibre de bois<\/title>\n<meta name=\"description\" content=\"Isolant Fibre de Bois STEICO Int\u00e9gral pare-pluie ET support d&#039;enduit \u00e0 base de fibre de bois. Panneaux rainure languette. Certification ACERMI\" \/>\n<meta name=\"robots\" content=\"noindex, nofollow\" \/>\n<meta property=\"og:locale\" content=\"fr_FR\" \/>\n<meta property=\"og:type\" content=\"article\" \/>\n<meta property=\"og:title\" content=\"STEICO int\u00e9gral - Isolant rigide fibre de bois\" \/>\n<meta property=\"og:description\" content=\"Isolant Fibre de Bois STEICO Int\u00e9gral pare-pluie ET support d&#039;enduit \u00e0 base de fibre de bois. Panneaux rainure languette. Certification ACERMI\" \/>\n<meta property=\"og:url\" content=\"https:\/\/nature-et-developpement.com\/mndl\/produit\/isolant-rigide-steico-integral\/\" \/>\n<meta property=\"og:site_name\" content=\"Mat\u00e9riaux Naturels de Lorraine\" \/>\n<meta property=\"article:modified_time\" content=\"2026-03-03T20:30:49+00:00\" \/>\n<meta name=\"twitter:card\" content=\"summary_large_image\" \/>\n<meta name=\"twitter:label1\" content=\"Dur\u00e9e de lecture estim\u00e9e\" \/>\n\t<meta name=\"twitter:data1\" content=\"1 minute\" \/>\n<script type=\"application\/ld+json\" class=\"yoast-schema-graph\">{\"@context\":\"https:\\\/\\\/schema.org\",\"@graph\":[{\"@type\":\"WebPage\",\"@id\":\"https:\\\/\\\/nature-et-developpement.com\\\/mndl\\\/produit\\\/isolant-rigide-steico-integral\\\/\",\"url\":\"https:\\\/\\\/nature-et-developpement.com\\\/mndl\\\/produit\\\/isolant-rigide-steico-integral\\\/\",\"name\":\"STEICO int\u00e9gral - Isolant rigide fibre de bois\",\"isPartOf\":{\"@id\":\"https:\\\/\\\/nature-et-developpement.com\\\/mndl\\\/#website\"},\"primaryImageOfPage\":{\"@id\":\"https:\\\/\\\/nature-et-developpement.com\\\/mndl\\\/produit\\\/isolant-rigide-steico-integral\\\/#primaryimage\"},\"image\":{\"@id\":\"https:\\\/\\\/nature-et-developpement.com\\\/mndl\\\/produit\\\/isolant-rigide-steico-integral\\\/#primaryimage\"},\"thumbnailUrl\":\"https:\\\/\\\/nature-et-developpement.com\\\/mndl\\\/wp-content\\\/uploads\\\/Isolant-ecologique-rigide-fibre-de-bois-STEICO-integral.jpg\",\"datePublished\":\"2025-03-18T09:12:35+00:00\",\"dateModified\":\"2026-03-03T20:30:49+00:00\",\"description\":\"Isolant Fibre de Bois STEICO Int\u00e9gral pare-pluie ET support d'enduit \u00e0 base de fibre de bois. Panneaux rainure languette. Certification ACERMI\",\"breadcrumb\":{\"@id\":\"https:\\\/\\\/nature-et-developpement.com\\\/mndl\\\/produit\\\/isolant-rigide-steico-integral\\\/#breadcrumb\"},\"inLanguage\":\"fr-FR\",\"potentialAction\":[{\"@type\":\"ReadAction\",\"target\":[\"https:\\\/\\\/nature-et-developpement.com\\\/mndl\\\/produit\\\/isolant-rigide-steico-integral\\\/\"]}]},{\"@type\":\"ImageObject\",\"inLanguage\":\"fr-FR\",\"@id\":\"https:\\\/\\\/nature-et-developpement.com\\\/mndl\\\/produit\\\/isolant-rigide-steico-integral\\\/#primaryimage\",\"url\":\"https:\\\/\\\/nature-et-developpement.com\\\/mndl\\\/wp-content\\\/uploads\\\/Isolant-ecologique-rigide-fibre-de-bois-STEICO-integral.jpg\",\"contentUrl\":\"https:\\\/\\\/nature-et-developpement.com\\\/mndl\\\/wp-content\\\/uploads\\\/Isolant-ecologique-rigide-fibre-de-bois-STEICO-integral.jpg\"},{\"@type\":\"BreadcrumbList\",\"@id\":\"https:\\\/\\\/nature-et-developpement.com\\\/mndl\\\/produit\\\/isolant-rigide-steico-integral\\\/#breadcrumb\",\"itemListElement\":[{\"@type\":\"ListItem\",\"position\":1,\"name\":\"Accueil\",\"item\":\"https:\\\/\\\/nature-et-developpement.com\\\/mndl\\\/\"},{\"@type\":\"ListItem\",\"position\":2,\"name\":\"Produits\",\"item\":\"https:\\\/\\\/nature-et-developpement.com\\\/mndl\\\/shop\\\/\"},{\"@type\":\"ListItem\",\"position\":3,\"name\":\"Isolation et \u00e9tanch\u00e9it\u00e9\",\"item\":\"https:\\\/\\\/nature-et-developpement.com\\\/mndl\\\/produits\\\/isolation-et-etancheite\\\/\"},{\"@type\":\"ListItem\",\"position\":4,\"name\":\"Isolation ext\u00e9rieure\",\"item\":\"https:\\\/\\\/nature-et-developpement.com\\\/mndl\\\/produits\\\/isolation-et-etancheite\\\/isolation-exterieure\\\/\"},{\"@type\":\"ListItem\",\"position\":5,\"name\":\"STEICO int\u00e9gral &#8211; Isolant rigide fibre de bois\"}]},{\"@type\":\"WebSite\",\"@id\":\"https:\\\/\\\/nature-et-developpement.com\\\/mndl\\\/#website\",\"url\":\"https:\\\/\\\/nature-et-developpement.com\\\/mndl\\\/\",\"name\":\"Mat\u00e9riaux Naturels de Lorraine\",\"description\":\"Mat\u00e9riaux Naturels de Lorraine est membre du groupement Nature &amp; D\u00e9veloppement\",\"publisher\":{\"@id\":\"https:\\\/\\\/nature-et-developpement.com\\\/mndl\\\/#organization\"},\"potentialAction\":[{\"@type\":\"SearchAction\",\"target\":{\"@type\":\"EntryPoint\",\"urlTemplate\":\"https:\\\/\\\/nature-et-developpement.com\\\/mndl\\\/?s={search_term_string}\"},\"query-input\":{\"@type\":\"PropertyValueSpecification\",\"valueRequired\":true,\"valueName\":\"search_term_string\"}}],\"inLanguage\":\"fr-FR\"},{\"@type\":\"Organization\",\"@id\":\"https:\\\/\\\/nature-et-developpement.com\\\/mndl\\\/#organization\",\"name\":\"Mat\u00e9riaux Naturels de Lorraine\",\"url\":\"https:\\\/\\\/nature-et-developpement.com\\\/mndl\\\/\",\"logo\":{\"@type\":\"ImageObject\",\"inLanguage\":\"fr-FR\",\"@id\":\"https:\\\/\\\/nature-et-developpement.com\\\/mndl\\\/#\\\/schema\\\/logo\\\/image\\\/\",\"url\":\"https:\\\/\\\/nature-et-developpement.com\\\/mndl\\\/wp-content\\\/uploads\\\/sites\\\/7\\\/2021\\\/09\\\/logo-materiaux-naturels-de-lorraine.png\",\"contentUrl\":\"https:\\\/\\\/nature-et-developpement.com\\\/mndl\\\/wp-content\\\/uploads\\\/sites\\\/7\\\/2021\\\/09\\\/logo-materiaux-naturels-de-lorraine.png\",\"width\":1924,\"height\":1668,\"caption\":\"Mat\u00e9riaux Naturels de Lorraine\"},\"image\":{\"@id\":\"https:\\\/\\\/nature-et-developpement.com\\\/mndl\\\/#\\\/schema\\\/logo\\\/image\\\/\"}}]}<\/script>\n<!-- \/ Yoast SEO plugin. -->","yoast_head_json":{"title":"STEICO int\u00e9gral - Isolant rigide fibre de bois","description":"Isolant Fibre de Bois STEICO Int\u00e9gral pare-pluie ET support d'enduit \u00e0 base de fibre de bois. Panneaux rainure languette. Certification ACERMI","robots":{"index":"noindex","follow":"nofollow"},"og_locale":"fr_FR","og_type":"article","og_title":"STEICO int\u00e9gral - Isolant rigide fibre de bois","og_description":"Isolant Fibre de Bois STEICO Int\u00e9gral pare-pluie ET support d'enduit \u00e0 base de fibre de bois. Panneaux rainure languette. Certification ACERMI","og_url":"https:\/\/nature-et-developpement.com\/mndl\/produit\/isolant-rigide-steico-integral\/","og_site_name":"Mat\u00e9riaux Naturels de Lorraine","article_modified_time":"2026-03-03T20:30:49+00:00","twitter_card":"summary_large_image","twitter_misc":{"Dur\u00e9e de lecture estim\u00e9e":"1 minute"},"schema":{"@context":"https:\/\/schema.org","@graph":[{"@type":"WebPage","@id":"https:\/\/nature-et-developpement.com\/mndl\/produit\/isolant-rigide-steico-integral\/","url":"https:\/\/nature-et-developpement.com\/mndl\/produit\/isolant-rigide-steico-integral\/","name":"STEICO int\u00e9gral - Isolant rigide fibre de bois","isPartOf":{"@id":"https:\/\/nature-et-developpement.com\/mndl\/#website"},"primaryImageOfPage":{"@id":"https:\/\/nature-et-developpement.com\/mndl\/produit\/isolant-rigide-steico-integral\/#primaryimage"},"image":{"@id":"https:\/\/nature-et-developpement.com\/mndl\/produit\/isolant-rigide-steico-integral\/#primaryimage"},"thumbnailUrl":"https:\/\/nature-et-developpement.com\/mndl\/wp-content\/uploads\/Isolant-ecologique-rigide-fibre-de-bois-STEICO-integral.jpg","datePublished":"2025-03-18T09:12:35+00:00","dateModified":"2026-03-03T20:30:49+00:00","description":"Isolant Fibre de Bois STEICO Int\u00e9gral pare-pluie ET support d'enduit \u00e0 base de fibre de bois. Panneaux rainure languette. Certification ACERMI","breadcrumb":{"@id":"https:\/\/nature-et-developpement.com\/mndl\/produit\/isolant-rigide-steico-integral\/#breadcrumb"},"inLanguage":"fr-FR","potentialAction":[{"@type":"ReadAction","target":["https:\/\/nature-et-developpement.com\/mndl\/produit\/isolant-rigide-steico-integral\/"]}]},{"@type":"ImageObject","inLanguage":"fr-FR","@id":"https:\/\/nature-et-developpement.com\/mndl\/produit\/isolant-rigide-steico-integral\/#primaryimage","url":"https:\/\/nature-et-developpement.com\/mndl\/wp-content\/uploads\/Isolant-ecologique-rigide-fibre-de-bois-STEICO-integral.jpg","contentUrl":"https:\/\/nature-et-developpement.com\/mndl\/wp-content\/uploads\/Isolant-ecologique-rigide-fibre-de-bois-STEICO-integral.jpg"},{"@type":"BreadcrumbList","@id":"https:\/\/nature-et-developpement.com\/mndl\/produit\/isolant-rigide-steico-integral\/#breadcrumb","itemListElement":[{"@type":"ListItem","position":1,"name":"Accueil","item":"https:\/\/nature-et-developpement.com\/mndl\/"},{"@type":"ListItem","position":2,"name":"Produits","item":"https:\/\/nature-et-developpement.com\/mndl\/shop\/"},{"@type":"ListItem","position":3,"name":"Isolation et \u00e9tanch\u00e9it\u00e9","item":"https:\/\/nature-et-developpement.com\/mndl\/produits\/isolation-et-etancheite\/"},{"@type":"ListItem","position":4,"name":"Isolation ext\u00e9rieure","item":"https:\/\/nature-et-developpement.com\/mndl\/produits\/isolation-et-etancheite\/isolation-exterieure\/"},{"@type":"ListItem","position":5,"name":"STEICO int\u00e9gral &#8211; Isolant rigide fibre de bois"}]},{"@type":"WebSite","@id":"https:\/\/nature-et-developpement.com\/mndl\/#website","url":"https:\/\/nature-et-developpement.com\/mndl\/","name":"Mat\u00e9riaux Naturels de Lorraine","description":"Mat\u00e9riaux Naturels de Lorraine est membre du groupement Nature &amp; D\u00e9veloppement","publisher":{"@id":"https:\/\/nature-et-developpement.com\/mndl\/#organization"},"potentialAction":[{"@type":"SearchAction","target":{"@type":"EntryPoint","urlTemplate":"https:\/\/nature-et-developpement.com\/mndl\/?s={search_term_string}"},"query-input":{"@type":"PropertyValueSpecification","valueRequired":true,"valueName":"search_term_string"}}],"inLanguage":"fr-FR"},{"@type":"Organization","@id":"https:\/\/nature-et-developpement.com\/mndl\/#organization","name":"Mat\u00e9riaux Naturels de Lorraine","url":"https:\/\/nature-et-developpement.com\/mndl\/","logo":{"@type":"ImageObject","inLanguage":"fr-FR","@id":"https:\/\/nature-et-developpement.com\/mndl\/#\/schema\/logo\/image\/","url":"https:\/\/nature-et-developpement.com\/mndl\/wp-content\/uploads\/sites\/7\/2021\/09\/logo-materiaux-naturels-de-lorraine.png","contentUrl":"https:\/\/nature-et-developpement.com\/mndl\/wp-content\/uploads\/sites\/7\/2021\/09\/logo-materiaux-naturels-de-lorraine.png","width":1924,"height":1668,"caption":"Mat\u00e9riaux Naturels de Lorraine"},"image":{"@id":"https:\/\/nature-et-developpement.com\/mndl\/#\/schema\/logo\/image\/"}}]}},"distributor_meta":false,"distributor_terms":false,"distributor_media":false,"distributor_original_site_name":"Mat\u00e9riaux Naturels de Lorraine","distributor_original_site_url":"https:\/\/nature-et-developpement.com\/mndl","push-errors":false,"_links":{"self":[{"href":"https:\/\/nature-et-developpement.com\/mndl\/wp-json\/wp\/v2\/product\/29955","targetHints":{"allow":["GET"]}}],"collection":[{"href":"https:\/\/nature-et-developpement.com\/mndl\/wp-json\/wp\/v2\/product"}],"about":[{"href":"https:\/\/nature-et-developpement.com\/mndl\/wp-json\/wp\/v2\/types\/product"}],"wp:featuredmedia":[{"embeddable":true,"href":"https:\/\/nature-et-developpement.com\/mndl\/wp-json\/"}],"wp:attachment":[{"href":"https:\/\/nature-et-developpement.com\/mndl\/wp-json\/wp\/v2\/media?parent=29955"}],"wp:term":[{"taxonomy":"product_brand","embeddable":true,"href":"https:\/\/nature-et-developpement.com\/mndl\/wp-json\/wp\/v2\/product_brand?post=29955"},{"taxonomy":"product_cat","embeddable":true,"href":"https:\/\/nature-et-developpement.com\/mndl\/wp-json\/wp\/v2\/product_cat?post=29955"},{"taxonomy":"product_tag","embeddable":true,"href":"https:\/\/nature-et-developpement.com\/mndl\/wp-json\/wp\/v2\/product_tag?post=29955"}],"curies":[{"name":"wp","href":"https:\/\/api.w.org\/{rel}","templated":true}]}}