{"id":30141,"date":"2017-01-01T00:00:00","date_gmt":"2016-12-31T23:00:00","guid":{"rendered":"https:\/\/nature-et-developpement.com\/mndl\/produit\/isolant-thermique-en-vrac-thermofibre-gutex\/"},"modified":"2025-06-13T09:41:44","modified_gmt":"2025-06-13T07:41:44","slug":"isolant-thermique-en-vrac-thermofibre-gutex","status":"publish","type":"product","link":"https:\/\/nature-et-developpement.com\/mndl\/produit\/isolant-thermique-en-vrac-thermofibre-gutex\/","title":{"rendered":"Isolant thermique en vrac Thermofibre Gutex"},"content":{"rendered":"<h2>GUTEX Thermofibre\u00ae<\/h2>\n<p>&nbsp;<\/p>\n<h3>REMARQUE:<\/h3>\n<div class=\"row\">\n<div class=\"column medium-up-column-count-2\">\n<div class=\"instruction\">\n<p>pour proc\u00e9der \u00e0 l&rsquo;isolation par insufflation dans les r\u00e8gles de l&rsquo;art et garantir ainsi une isolation de qualit\u00e9 sup\u00e9rieure, nous proposons des formations de certification pour les poseurs et les conseillers. Ces mesures de formation sont pr\u00e9suppos\u00e9es dans l&rsquo;agr\u00e9ment Thermofibre pour la mise en \u0153uvre.<\/p>\n<ul>\n<li>Flexible en termes de forme, de format variable<\/li>\n<li>R\u00e9sistance au tassement \u00e0 partir de 29 kg\/m3<\/li>\n<li>Grande adaptabilit\u00e9 gr\u00e2ce \u00e0 son \u00e9lasticit\u00e9<\/li>\n<li>Qualit\u00e9 de fibre \u00e9lev\u00e9e et constante<\/li>\n<li>Mise en \u0153uvre ais\u00e9e<\/li>\n<li>Excellente isolation thermique<\/li>\n<li>Excellente capacit\u00e9 de stockage de la chaleur, bonne protection contre la chaleur en \u00e9t\u00e9 et contre le froid en hiver<\/li>\n<li>Am\u00e9liore l&rsquo;isolation phonique<\/li>\n<li>Ouvert \u00e0 la diffusion et r\u00e9gule l&rsquo;humidit\u00e9<\/li>\n<li>En bois, mati\u00e8re premi\u00e8re renouvelable<\/li>\n<li>Recyclable<\/li>\n<li>Sans risque suivant les principes de l\u2019\u00e9coconstruction (certifi\u00e9 natureplus\u00a9)<\/li>\n<li>fabriqu\u00e9 en Allemagne (For\u00eat-Noire)<\/li>\n<\/ul>\n<\/div>\n<\/div>\n<\/div>\n","protected":false},"excerpt":{"rendered":"<p><strong>GUTEX Thermofibre<\/strong> est une fibre de bois d&rsquo;isolation en vrac, souffl\u00e9e pour remplir des cavit\u00e9s ferm\u00e9es et des espaces ouverts horizontaux.<\/p>\n","protected":false},"featured_media":1000000169700,"template":"","meta":[],"product_brand":[2768],"product_cat":[4152,4153,4154],"product_tag":[],"class_list":{"0":"post-30141","1":"product","2":"type-product","3":"status-publish","4":"has-post-thumbnail","6":"product_brand-gutex","7":"product_cat-isolation-exterieure","8":"product_cat-isolation-interieure","9":"product_cat-isolation-phonique","11":"first","12":"instock","13":"taxable","14":"shipping-taxable","15":"purchasable","16":"product-type-variable"},"yoast_head":"<!-- This site is optimized with the Yoast SEO plugin v27.5 - https:\/\/yoast.com\/product\/yoast-seo-wordpress\/ -->\n<title>Isolant thermique en vrac Thermofibre Gutex<\/title>\n<meta name=\"description\" content=\"GUTEX Thermofibre est une fibre de bois d&#039;isolation en vrac, souffl\u00e9e pour remplir des cavit\u00e9s ferm\u00e9es et des espaces ouverts horizontaux.\" \/>\n<meta name=\"robots\" content=\"noindex, follow\" \/>\n<meta property=\"og:locale\" content=\"fr_FR\" \/>\n<meta property=\"og:type\" content=\"article\" \/>\n<meta property=\"og:title\" content=\"Isolant thermique en vrac Thermofibre Gutex\" \/>\n<meta property=\"og:description\" content=\"GUTEX Thermofibre est une fibre de bois d&#039;isolation en vrac, souffl\u00e9e pour remplir des cavit\u00e9s ferm\u00e9es et des espaces ouverts horizontaux.\" \/>\n<meta property=\"og:url\" content=\"https:\/\/nature-et-developpement.com\/mndl\/produit\/isolant-thermique-en-vrac-thermofibre-gutex\/\" \/>\n<meta property=\"og:site_name\" content=\"Mat\u00e9riaux Naturels de Lorraine\" \/>\n<meta property=\"article:modified_time\" content=\"2025-06-13T07:41:44+00:00\" \/>\n<meta name=\"twitter:card\" content=\"summary_large_image\" \/>\n<meta name=\"twitter:label1\" content=\"Dur\u00e9e de lecture estim\u00e9e\" \/>\n\t<meta name=\"twitter:data1\" content=\"1 minute\" \/>\n<script type=\"application\/ld+json\" class=\"yoast-schema-graph\">{\"@context\":\"https:\\\/\\\/schema.org\",\"@graph\":[{\"@type\":\"WebPage\",\"@id\":\"https:\\\/\\\/nature-et-developpement.com\\\/mndl\\\/produit\\\/isolant-thermique-en-vrac-thermofibre-gutex\\\/\",\"url\":\"https:\\\/\\\/nature-et-developpement.com\\\/mndl\\\/produit\\\/isolant-thermique-en-vrac-thermofibre-gutex\\\/\",\"name\":\"Isolant thermique en vrac Thermofibre Gutex\",\"isPartOf\":{\"@id\":\"https:\\\/\\\/nature-et-developpement.com\\\/mndl\\\/#website\"},\"primaryImageOfPage\":{\"@id\":\"https:\\\/\\\/nature-et-developpement.com\\\/mndl\\\/produit\\\/isolant-thermique-en-vrac-thermofibre-gutex\\\/#primaryimage\"},\"image\":{\"@id\":\"https:\\\/\\\/nature-et-developpement.com\\\/mndl\\\/produit\\\/isolant-thermique-en-vrac-thermofibre-gutex\\\/#primaryimage\"},\"thumbnailUrl\":\"https:\\\/\\\/nature-et-developpement.com\\\/mndl\\\/wp-content\\\/uploads\\\/Isolant-thermique-en-vrac-Thermofibre-Gutex.jpg\",\"datePublished\":\"2016-12-31T23:00:00+00:00\",\"dateModified\":\"2025-06-13T07:41:44+00:00\",\"description\":\"GUTEX Thermofibre est une fibre de bois d'isolation en vrac, souffl\u00e9e pour remplir des cavit\u00e9s ferm\u00e9es et des espaces ouverts horizontaux.\",\"breadcrumb\":{\"@id\":\"https:\\\/\\\/nature-et-developpement.com\\\/mndl\\\/produit\\\/isolant-thermique-en-vrac-thermofibre-gutex\\\/#breadcrumb\"},\"inLanguage\":\"fr-FR\",\"potentialAction\":[{\"@type\":\"ReadAction\",\"target\":[\"https:\\\/\\\/nature-et-developpement.com\\\/mndl\\\/produit\\\/isolant-thermique-en-vrac-thermofibre-gutex\\\/\"]}]},{\"@type\":\"ImageObject\",\"inLanguage\":\"fr-FR\",\"@id\":\"https:\\\/\\\/nature-et-developpement.com\\\/mndl\\\/produit\\\/isolant-thermique-en-vrac-thermofibre-gutex\\\/#primaryimage\",\"url\":\"https:\\\/\\\/nature-et-developpement.com\\\/mndl\\\/wp-content\\\/uploads\\\/Isolant-thermique-en-vrac-Thermofibre-Gutex.jpg\",\"contentUrl\":\"https:\\\/\\\/nature-et-developpement.com\\\/mndl\\\/wp-content\\\/uploads\\\/Isolant-thermique-en-vrac-Thermofibre-Gutex.jpg\"},{\"@type\":\"BreadcrumbList\",\"@id\":\"https:\\\/\\\/nature-et-developpement.com\\\/mndl\\\/produit\\\/isolant-thermique-en-vrac-thermofibre-gutex\\\/#breadcrumb\",\"itemListElement\":[{\"@type\":\"ListItem\",\"position\":1,\"name\":\"Accueil\",\"item\":\"https:\\\/\\\/nature-et-developpement.com\\\/mndl\\\/\"},{\"@type\":\"ListItem\",\"position\":2,\"name\":\"Produits\",\"item\":\"https:\\\/\\\/nature-et-developpement.com\\\/mndl\\\/shop\\\/\"},{\"@type\":\"ListItem\",\"position\":3,\"name\":\"Isolation et \u00e9tanch\u00e9it\u00e9\",\"item\":\"https:\\\/\\\/nature-et-developpement.com\\\/mndl\\\/produits\\\/isolation-et-etancheite\\\/\"},{\"@type\":\"ListItem\",\"position\":4,\"name\":\"Isolation ext\u00e9rieure\",\"item\":\"https:\\\/\\\/nature-et-developpement.com\\\/mndl\\\/produits\\\/isolation-et-etancheite\\\/isolation-exterieure\\\/\"},{\"@type\":\"ListItem\",\"position\":5,\"name\":\"Isolant thermique en vrac Thermofibre Gutex\"}]},{\"@type\":\"WebSite\",\"@id\":\"https:\\\/\\\/nature-et-developpement.com\\\/mndl\\\/#website\",\"url\":\"https:\\\/\\\/nature-et-developpement.com\\\/mndl\\\/\",\"name\":\"Mat\u00e9riaux Naturels de Lorraine\",\"description\":\"Mat\u00e9riaux Naturels de Lorraine est membre du groupement Nature &amp; D\u00e9veloppement\",\"publisher\":{\"@id\":\"https:\\\/\\\/nature-et-developpement.com\\\/mndl\\\/#organization\"},\"potentialAction\":[{\"@type\":\"SearchAction\",\"target\":{\"@type\":\"EntryPoint\",\"urlTemplate\":\"https:\\\/\\\/nature-et-developpement.com\\\/mndl\\\/?s={search_term_string}\"},\"query-input\":{\"@type\":\"PropertyValueSpecification\",\"valueRequired\":true,\"valueName\":\"search_term_string\"}}],\"inLanguage\":\"fr-FR\"},{\"@type\":\"Organization\",\"@id\":\"https:\\\/\\\/nature-et-developpement.com\\\/mndl\\\/#organization\",\"name\":\"Mat\u00e9riaux Naturels de Lorraine\",\"url\":\"https:\\\/\\\/nature-et-developpement.com\\\/mndl\\\/\",\"logo\":{\"@type\":\"ImageObject\",\"inLanguage\":\"fr-FR\",\"@id\":\"https:\\\/\\\/nature-et-developpement.com\\\/mndl\\\/#\\\/schema\\\/logo\\\/image\\\/\",\"url\":\"https:\\\/\\\/nature-et-developpement.com\\\/mndl\\\/wp-content\\\/uploads\\\/sites\\\/7\\\/2021\\\/09\\\/logo-materiaux-naturels-de-lorraine.png\",\"contentUrl\":\"https:\\\/\\\/nature-et-developpement.com\\\/mndl\\\/wp-content\\\/uploads\\\/sites\\\/7\\\/2021\\\/09\\\/logo-materiaux-naturels-de-lorraine.png\",\"width\":1924,\"height\":1668,\"caption\":\"Mat\u00e9riaux Naturels de Lorraine\"},\"image\":{\"@id\":\"https:\\\/\\\/nature-et-developpement.com\\\/mndl\\\/#\\\/schema\\\/logo\\\/image\\\/\"}}]}<\/script>\n<!-- \/ Yoast SEO plugin. -->","yoast_head_json":{"title":"Isolant thermique en vrac Thermofibre Gutex","description":"GUTEX Thermofibre est une fibre de bois d'isolation en vrac, souffl\u00e9e pour remplir des cavit\u00e9s ferm\u00e9es et des espaces ouverts horizontaux.","robots":{"index":"noindex","follow":"follow"},"og_locale":"fr_FR","og_type":"article","og_title":"Isolant thermique en vrac Thermofibre Gutex","og_description":"GUTEX Thermofibre est une fibre de bois d'isolation en vrac, souffl\u00e9e pour remplir des cavit\u00e9s ferm\u00e9es et des espaces ouverts horizontaux.","og_url":"https:\/\/nature-et-developpement.com\/mndl\/produit\/isolant-thermique-en-vrac-thermofibre-gutex\/","og_site_name":"Mat\u00e9riaux Naturels de Lorraine","article_modified_time":"2025-06-13T07:41:44+00:00","twitter_card":"summary_large_image","twitter_misc":{"Dur\u00e9e de lecture estim\u00e9e":"1 minute"},"schema":{"@context":"https:\/\/schema.org","@graph":[{"@type":"WebPage","@id":"https:\/\/nature-et-developpement.com\/mndl\/produit\/isolant-thermique-en-vrac-thermofibre-gutex\/","url":"https:\/\/nature-et-developpement.com\/mndl\/produit\/isolant-thermique-en-vrac-thermofibre-gutex\/","name":"Isolant thermique en vrac Thermofibre Gutex","isPartOf":{"@id":"https:\/\/nature-et-developpement.com\/mndl\/#website"},"primaryImageOfPage":{"@id":"https:\/\/nature-et-developpement.com\/mndl\/produit\/isolant-thermique-en-vrac-thermofibre-gutex\/#primaryimage"},"image":{"@id":"https:\/\/nature-et-developpement.com\/mndl\/produit\/isolant-thermique-en-vrac-thermofibre-gutex\/#primaryimage"},"thumbnailUrl":"https:\/\/nature-et-developpement.com\/mndl\/wp-content\/uploads\/Isolant-thermique-en-vrac-Thermofibre-Gutex.jpg","datePublished":"2016-12-31T23:00:00+00:00","dateModified":"2025-06-13T07:41:44+00:00","description":"GUTEX Thermofibre est une fibre de bois d'isolation en vrac, souffl\u00e9e pour remplir des cavit\u00e9s ferm\u00e9es et des espaces ouverts horizontaux.","breadcrumb":{"@id":"https:\/\/nature-et-developpement.com\/mndl\/produit\/isolant-thermique-en-vrac-thermofibre-gutex\/#breadcrumb"},"inLanguage":"fr-FR","potentialAction":[{"@type":"ReadAction","target":["https:\/\/nature-et-developpement.com\/mndl\/produit\/isolant-thermique-en-vrac-thermofibre-gutex\/"]}]},{"@type":"ImageObject","inLanguage":"fr-FR","@id":"https:\/\/nature-et-developpement.com\/mndl\/produit\/isolant-thermique-en-vrac-thermofibre-gutex\/#primaryimage","url":"https:\/\/nature-et-developpement.com\/mndl\/wp-content\/uploads\/Isolant-thermique-en-vrac-Thermofibre-Gutex.jpg","contentUrl":"https:\/\/nature-et-developpement.com\/mndl\/wp-content\/uploads\/Isolant-thermique-en-vrac-Thermofibre-Gutex.jpg"},{"@type":"BreadcrumbList","@id":"https:\/\/nature-et-developpement.com\/mndl\/produit\/isolant-thermique-en-vrac-thermofibre-gutex\/#breadcrumb","itemListElement":[{"@type":"ListItem","position":1,"name":"Accueil","item":"https:\/\/nature-et-developpement.com\/mndl\/"},{"@type":"ListItem","position":2,"name":"Produits","item":"https:\/\/nature-et-developpement.com\/mndl\/shop\/"},{"@type":"ListItem","position":3,"name":"Isolation et \u00e9tanch\u00e9it\u00e9","item":"https:\/\/nature-et-developpement.com\/mndl\/produits\/isolation-et-etancheite\/"},{"@type":"ListItem","position":4,"name":"Isolation ext\u00e9rieure","item":"https:\/\/nature-et-developpement.com\/mndl\/produits\/isolation-et-etancheite\/isolation-exterieure\/"},{"@type":"ListItem","position":5,"name":"Isolant thermique en vrac Thermofibre Gutex"}]},{"@type":"WebSite","@id":"https:\/\/nature-et-developpement.com\/mndl\/#website","url":"https:\/\/nature-et-developpement.com\/mndl\/","name":"Mat\u00e9riaux Naturels de Lorraine","description":"Mat\u00e9riaux Naturels de Lorraine est membre du groupement Nature &amp; D\u00e9veloppement","publisher":{"@id":"https:\/\/nature-et-developpement.com\/mndl\/#organization"},"potentialAction":[{"@type":"SearchAction","target":{"@type":"EntryPoint","urlTemplate":"https:\/\/nature-et-developpement.com\/mndl\/?s={search_term_string}"},"query-input":{"@type":"PropertyValueSpecification","valueRequired":true,"valueName":"search_term_string"}}],"inLanguage":"fr-FR"},{"@type":"Organization","@id":"https:\/\/nature-et-developpement.com\/mndl\/#organization","name":"Mat\u00e9riaux Naturels de Lorraine","url":"https:\/\/nature-et-developpement.com\/mndl\/","logo":{"@type":"ImageObject","inLanguage":"fr-FR","@id":"https:\/\/nature-et-developpement.com\/mndl\/#\/schema\/logo\/image\/","url":"https:\/\/nature-et-developpement.com\/mndl\/wp-content\/uploads\/sites\/7\/2021\/09\/logo-materiaux-naturels-de-lorraine.png","contentUrl":"https:\/\/nature-et-developpement.com\/mndl\/wp-content\/uploads\/sites\/7\/2021\/09\/logo-materiaux-naturels-de-lorraine.png","width":1924,"height":1668,"caption":"Mat\u00e9riaux Naturels de Lorraine"},"image":{"@id":"https:\/\/nature-et-developpement.com\/mndl\/#\/schema\/logo\/image\/"}}]}},"distributor_meta":false,"distributor_terms":false,"distributor_media":false,"distributor_original_site_name":"Mat\u00e9riaux Naturels de Lorraine","distributor_original_site_url":"https:\/\/nature-et-developpement.com\/mndl","push-errors":false,"_links":{"self":[{"href":"https:\/\/nature-et-developpement.com\/mndl\/wp-json\/wp\/v2\/product\/30141","targetHints":{"allow":["GET"]}}],"collection":[{"href":"https:\/\/nature-et-developpement.com\/mndl\/wp-json\/wp\/v2\/product"}],"about":[{"href":"https:\/\/nature-et-developpement.com\/mndl\/wp-json\/wp\/v2\/types\/product"}],"wp:featuredmedia":[{"embeddable":true,"href":"https:\/\/nature-et-developpement.com\/mndl\/wp-json\/"}],"wp:attachment":[{"href":"https:\/\/nature-et-developpement.com\/mndl\/wp-json\/wp\/v2\/media?parent=30141"}],"wp:term":[{"taxonomy":"product_brand","embeddable":true,"href":"https:\/\/nature-et-developpement.com\/mndl\/wp-json\/wp\/v2\/product_brand?post=30141"},{"taxonomy":"product_cat","embeddable":true,"href":"https:\/\/nature-et-developpement.com\/mndl\/wp-json\/wp\/v2\/product_cat?post=30141"},{"taxonomy":"product_tag","embeddable":true,"href":"https:\/\/nature-et-developpement.com\/mndl\/wp-json\/wp\/v2\/product_tag?post=30141"}],"curies":[{"name":"wp","href":"https:\/\/api.w.org\/{rel}","templated":true}]}}