{"id":30321,"date":"2024-09-02T00:00:05","date_gmt":"2024-09-01T22:00:05","guid":{"rendered":"https:\/\/nature-et-developpement.com\/mndl\/produit\/revetement-de-facades-liege-mi-bois\/"},"modified":"2025-06-19T17:05:23","modified_gmt":"2025-06-19T15:05:23","slug":"revetement-de-facades-liege-mi-bois","status":"publish","type":"product","link":"https:\/\/nature-et-developpement.com\/mndl\/produit\/revetement-de-facades-liege-mi-bois\/","title":{"rendered":"Isolant rigide en li\u00e8ge, mi-bois, sp\u00e9cial fa\u00e7ade"},"content":{"rendered":"<h2>Un rev\u00eatement de fa\u00e7ades en li\u00e8ge<\/h2>\n<h4>C&rsquo;est possible<\/h4>\n<p>Avec les dalles de rev\u00eatement de fa\u00e7ades ext\u00e9rieures avec li\u00e8ge expans\u00e9, du type REV.<\/p>\n<p>Ce rev\u00eatement de fa\u00e7ades en li\u00e8ge est fabriqu\u00e9 \u00e0 partir de une s\u00e9lection rigoureuse des mati\u00e8res premi\u00e8res.<\/p>\n<p>Avec une densit\u00e9 particuli\u00e8re, comme un moyen d\u2019am\u00e9liorer sa r\u00e9sistance m\u00e9canique, ainsi que la r\u00e9duction de l&rsquo;absorption de l\u2019eau.<\/p>\n<p>Ses caract\u00e9ristiques uniques permettent une excellente tenue, m\u00eame dans des conditions m\u00e9t\u00e9orologiques les plus d\u00e9favorables.<\/p>\n<h3>L&rsquo;agglom\u00e9r\u00e9 de li\u00e8ge expans\u00e9 est un produit naturel<\/h3>\n<h4>Ses atouts environnementaux<\/h4>\n<p>100% v\u00e9g\u00e9tal, issu du li\u00e8ge extrait au cours des op\u00e9rations de nettoyage et entretien du ch\u00eane-li\u00e8ge.<\/p>\n<p>L\u2019entretien de la for\u00eat de ch\u00eane-li\u00e8ge, le \u00ab Montado \u00bb, contribue \u00e0 la pr\u00e9servation d\u2019un large et fragile \u00e9cosyst\u00e8me.<\/p>\n<p>Sachant que de ce dernier d\u00e9pendent plusieurs esp\u00e8ces animales et v\u00e9g\u00e9tales, y compris certaines esp\u00e8ces en risque d\u2019extinction.<\/p>\n<p>Il contribue \u00e9galement \u00e0 la r\u00e9duction de la survenue d\u2019incendies et constitue une source de revenus pour une importante population rurale ib\u00e9rique, combattant ainsi la d\u00e9sertification rurale.<\/p>\n<p>La sub\u00e9rine contribue \u00e0 la s\u00e9questration annuelle d\u2019un grand nombre de tonnes de CO2.<\/p>\n<p>Ce produit se r\u00e9v\u00e8le donc ami de l\u2019environnement et \u00e9cologiquement recommandable.<\/p>\n<p>Le li\u00e8ge maintient le carbone s\u00e9questr\u00e9, sa production n\u2019implique pas l\u2019utilisation d\u2019agents synth\u00e9tiques et polluants.<\/p>\n<p>Il contribue \u00e0 une r\u00e9duction importante de la consommation d\u2019\u00e9nergie.<\/p>\n<p>De plus il est recyclable \u00e0 la fin de son utilisation et est 100% biod\u00e9gradable.<\/p>\n<h4>Sa fabrication<\/h4>\n<p>La production et l\u2019utilisation du li\u00e8ge maintiennent le CO2 emprisonn\u00e9 pendant toute sa dur\u00e9e de vie, contribuant ainsi \u00e0 la r\u00e9duction de l\u2019effet de serre et du r\u00e9chauffement climatique.<\/p>\n<p>La fabrication de l\u2019agglom\u00e9r\u00e9 DE LI\u00c8GE EXPANS\u00c9 NOIR\u00a0 se fait \u00e0 partir de l\u2019expansion des grains de li\u00e8ge, par l\u2019action de la vapeur d\u2019eau, et en utilisant les propres r\u00e9sines du li\u00e8ge, sans avoir recours \u00e0 des agents synth\u00e9tiques, en particulier colles ou solvants.<\/p>\n<p>La production de chaleur n&rsquo;utilise pas de combustibles fossiles pour la g\u00e9n\u00e9ration de la vapeur d\u2019eau, .<\/p>\n<p>On utilise la biomasse issue du processus de fabrication, repr\u00e9sentant environ 95% de l\u2019\u00e9nergie consomm\u00e9e.<\/p>\n<p>Les propri\u00e9t\u00e9s m\u00e9caniques et physiques du li\u00e8ge permettent d\u2019\u00e9laborer un produit \u00e9lastique, perm\u00e9able \u00e0 la vapeur, de longue durabilit\u00e9 (sans que ses propri\u00e9t\u00e9s soient alt\u00e9r\u00e9es) mais aussi pr\u00e9sentant d\u2019excellentes caract\u00e9ristiques d\u2019isolation thermique, acoustique et d\u2019isolation anti-vibrations.<\/p>\n<p>&nbsp;<\/p>\n","protected":false},"excerpt":{"rendered":"<p>Le li\u00e8ge expans\u00e9 pur sp\u00e9cial fa\u00e7ade, en bord \u00ab\u00a0mi-bois\u00a0\u00bb, est un produit de finition ext\u00e9rieur <strong>ne n\u00e9cessitant ni enduit, ni bardage.<\/strong><\/p>\n","protected":false},"featured_media":1000000166512,"template":"","meta":[],"product_brand":[2780],"product_cat":[2835,4152,285,286],"product_tag":[4176],"class_list":{"0":"post-30321","1":"product","2":"type-product","3":"status-publish","4":"has-post-thumbnail","6":"product_brand-isocor","7":"product_cat-bardages","8":"product_cat-isolation-exterieure","9":"product_cat-revetements-muraux","10":"product_cat-revetement-muraux","11":"product_tag-isocor","13":"first","14":"instock","15":"sale","16":"taxable","17":"shipping-taxable","18":"purchasable","19":"product-type-variable"},"yoast_head":"<!-- This site is optimized with the Yoast SEO plugin v27.5 - https:\/\/yoast.com\/product\/yoast-seo-wordpress\/ -->\n<title>Rev\u00eatement de fa\u00e7ades li\u00e8ge rigide mi-bois<\/title>\n<meta name=\"description\" content=\"Le li\u00e8ge expans\u00e9 pur sp\u00e9cial fa\u00e7ade, en bord &quot;mi-bois&quot;, est un produit de finition ext\u00e9rieur ne n\u00e9cessitant ni enduit, ni bardage.\" \/>\n<meta name=\"robots\" content=\"noindex, nofollow\" \/>\n<meta property=\"og:locale\" content=\"fr_FR\" \/>\n<meta property=\"og:type\" content=\"article\" \/>\n<meta property=\"og:title\" content=\"Rev\u00eatement de fa\u00e7ades li\u00e8ge rigide mi-bois\" \/>\n<meta property=\"og:description\" content=\"Le li\u00e8ge expans\u00e9 pur sp\u00e9cial fa\u00e7ade, en bord &quot;mi-bois&quot;, est un produit de finition ext\u00e9rieur ne n\u00e9cessitant ni enduit, ni bardage.\" \/>\n<meta property=\"og:url\" content=\"https:\/\/nature-et-developpement.com\/mndl\/produit\/revetement-de-facades-liege-mi-bois\/\" \/>\n<meta property=\"og:site_name\" content=\"Mat\u00e9riaux Naturels de Lorraine\" \/>\n<meta property=\"article:modified_time\" content=\"2025-06-19T15:05:23+00:00\" \/>\n<meta name=\"twitter:card\" content=\"summary_large_image\" \/>\n<meta name=\"twitter:label1\" content=\"Dur\u00e9e de lecture estim\u00e9e\" \/>\n\t<meta name=\"twitter:data1\" content=\"2 minutes\" \/>\n<script type=\"application\/ld+json\" class=\"yoast-schema-graph\">{\"@context\":\"https:\\\/\\\/schema.org\",\"@graph\":[{\"@type\":\"WebPage\",\"@id\":\"https:\\\/\\\/nature-et-developpement.com\\\/mndl\\\/produit\\\/revetement-de-facades-liege-mi-bois\\\/\",\"url\":\"https:\\\/\\\/nature-et-developpement.com\\\/mndl\\\/produit\\\/revetement-de-facades-liege-mi-bois\\\/\",\"name\":\"Rev\u00eatement de fa\u00e7ades li\u00e8ge rigide mi-bois\",\"isPartOf\":{\"@id\":\"https:\\\/\\\/nature-et-developpement.com\\\/mndl\\\/#website\"},\"primaryImageOfPage\":{\"@id\":\"https:\\\/\\\/nature-et-developpement.com\\\/mndl\\\/produit\\\/revetement-de-facades-liege-mi-bois\\\/#primaryimage\"},\"image\":{\"@id\":\"https:\\\/\\\/nature-et-developpement.com\\\/mndl\\\/produit\\\/revetement-de-facades-liege-mi-bois\\\/#primaryimage\"},\"thumbnailUrl\":\"https:\\\/\\\/nature-et-developpement.com\\\/mndl\\\/wp-content\\\/uploads\\\/Plaque-de-liege-pour-facade-mi-bois-de-ISOCOR-1.jpg\",\"datePublished\":\"2024-09-01T22:00:05+00:00\",\"dateModified\":\"2025-06-19T15:05:23+00:00\",\"description\":\"Le li\u00e8ge expans\u00e9 pur sp\u00e9cial fa\u00e7ade, en bord \\\"mi-bois\\\", est un produit de finition ext\u00e9rieur ne n\u00e9cessitant ni enduit, ni bardage.\",\"breadcrumb\":{\"@id\":\"https:\\\/\\\/nature-et-developpement.com\\\/mndl\\\/produit\\\/revetement-de-facades-liege-mi-bois\\\/#breadcrumb\"},\"inLanguage\":\"fr-FR\",\"potentialAction\":[{\"@type\":\"ReadAction\",\"target\":[\"https:\\\/\\\/nature-et-developpement.com\\\/mndl\\\/produit\\\/revetement-de-facades-liege-mi-bois\\\/\"]}]},{\"@type\":\"ImageObject\",\"inLanguage\":\"fr-FR\",\"@id\":\"https:\\\/\\\/nature-et-developpement.com\\\/mndl\\\/produit\\\/revetement-de-facades-liege-mi-bois\\\/#primaryimage\",\"url\":\"https:\\\/\\\/nature-et-developpement.com\\\/mndl\\\/wp-content\\\/uploads\\\/Plaque-de-liege-pour-facade-mi-bois-de-ISOCOR-1.jpg\",\"contentUrl\":\"https:\\\/\\\/nature-et-developpement.com\\\/mndl\\\/wp-content\\\/uploads\\\/Plaque-de-liege-pour-facade-mi-bois-de-ISOCOR-1.jpg\"},{\"@type\":\"BreadcrumbList\",\"@id\":\"https:\\\/\\\/nature-et-developpement.com\\\/mndl\\\/produit\\\/revetement-de-facades-liege-mi-bois\\\/#breadcrumb\",\"itemListElement\":[{\"@type\":\"ListItem\",\"position\":1,\"name\":\"Accueil\",\"item\":\"https:\\\/\\\/nature-et-developpement.com\\\/mndl\\\/\"},{\"@type\":\"ListItem\",\"position\":2,\"name\":\"Produits\",\"item\":\"https:\\\/\\\/nature-et-developpement.com\\\/mndl\\\/shop\\\/\"},{\"@type\":\"ListItem\",\"position\":3,\"name\":\"Isolation et \u00e9tanch\u00e9it\u00e9\",\"item\":\"https:\\\/\\\/nature-et-developpement.com\\\/mndl\\\/produits\\\/isolation-et-etancheite\\\/\"},{\"@type\":\"ListItem\",\"position\":4,\"name\":\"Isolation ext\u00e9rieure\",\"item\":\"https:\\\/\\\/nature-et-developpement.com\\\/mndl\\\/produits\\\/isolation-et-etancheite\\\/isolation-exterieure\\\/\"},{\"@type\":\"ListItem\",\"position\":5,\"name\":\"Isolant rigide en li\u00e8ge, mi-bois, sp\u00e9cial fa\u00e7ade\"}]},{\"@type\":\"WebSite\",\"@id\":\"https:\\\/\\\/nature-et-developpement.com\\\/mndl\\\/#website\",\"url\":\"https:\\\/\\\/nature-et-developpement.com\\\/mndl\\\/\",\"name\":\"Mat\u00e9riaux Naturels de Lorraine\",\"description\":\"Mat\u00e9riaux Naturels de Lorraine est membre du groupement Nature &amp; D\u00e9veloppement\",\"publisher\":{\"@id\":\"https:\\\/\\\/nature-et-developpement.com\\\/mndl\\\/#organization\"},\"potentialAction\":[{\"@type\":\"SearchAction\",\"target\":{\"@type\":\"EntryPoint\",\"urlTemplate\":\"https:\\\/\\\/nature-et-developpement.com\\\/mndl\\\/?s={search_term_string}\"},\"query-input\":{\"@type\":\"PropertyValueSpecification\",\"valueRequired\":true,\"valueName\":\"search_term_string\"}}],\"inLanguage\":\"fr-FR\"},{\"@type\":\"Organization\",\"@id\":\"https:\\\/\\\/nature-et-developpement.com\\\/mndl\\\/#organization\",\"name\":\"Mat\u00e9riaux Naturels de Lorraine\",\"url\":\"https:\\\/\\\/nature-et-developpement.com\\\/mndl\\\/\",\"logo\":{\"@type\":\"ImageObject\",\"inLanguage\":\"fr-FR\",\"@id\":\"https:\\\/\\\/nature-et-developpement.com\\\/mndl\\\/#\\\/schema\\\/logo\\\/image\\\/\",\"url\":\"https:\\\/\\\/nature-et-developpement.com\\\/mndl\\\/wp-content\\\/uploads\\\/sites\\\/7\\\/2021\\\/09\\\/logo-materiaux-naturels-de-lorraine.png\",\"contentUrl\":\"https:\\\/\\\/nature-et-developpement.com\\\/mndl\\\/wp-content\\\/uploads\\\/sites\\\/7\\\/2021\\\/09\\\/logo-materiaux-naturels-de-lorraine.png\",\"width\":1924,\"height\":1668,\"caption\":\"Mat\u00e9riaux Naturels de Lorraine\"},\"image\":{\"@id\":\"https:\\\/\\\/nature-et-developpement.com\\\/mndl\\\/#\\\/schema\\\/logo\\\/image\\\/\"}}]}<\/script>\n<!-- \/ Yoast SEO plugin. -->","yoast_head_json":{"title":"Rev\u00eatement de fa\u00e7ades li\u00e8ge rigide mi-bois","description":"Le li\u00e8ge expans\u00e9 pur sp\u00e9cial fa\u00e7ade, en bord \"mi-bois\", est un produit de finition ext\u00e9rieur ne n\u00e9cessitant ni enduit, ni bardage.","robots":{"index":"noindex","follow":"nofollow"},"og_locale":"fr_FR","og_type":"article","og_title":"Rev\u00eatement de fa\u00e7ades li\u00e8ge rigide mi-bois","og_description":"Le li\u00e8ge expans\u00e9 pur sp\u00e9cial fa\u00e7ade, en bord \"mi-bois\", est un produit de finition ext\u00e9rieur ne n\u00e9cessitant ni enduit, ni bardage.","og_url":"https:\/\/nature-et-developpement.com\/mndl\/produit\/revetement-de-facades-liege-mi-bois\/","og_site_name":"Mat\u00e9riaux Naturels de Lorraine","article_modified_time":"2025-06-19T15:05:23+00:00","twitter_card":"summary_large_image","twitter_misc":{"Dur\u00e9e de lecture estim\u00e9e":"2 minutes"},"schema":{"@context":"https:\/\/schema.org","@graph":[{"@type":"WebPage","@id":"https:\/\/nature-et-developpement.com\/mndl\/produit\/revetement-de-facades-liege-mi-bois\/","url":"https:\/\/nature-et-developpement.com\/mndl\/produit\/revetement-de-facades-liege-mi-bois\/","name":"Rev\u00eatement de fa\u00e7ades li\u00e8ge rigide mi-bois","isPartOf":{"@id":"https:\/\/nature-et-developpement.com\/mndl\/#website"},"primaryImageOfPage":{"@id":"https:\/\/nature-et-developpement.com\/mndl\/produit\/revetement-de-facades-liege-mi-bois\/#primaryimage"},"image":{"@id":"https:\/\/nature-et-developpement.com\/mndl\/produit\/revetement-de-facades-liege-mi-bois\/#primaryimage"},"thumbnailUrl":"https:\/\/nature-et-developpement.com\/mndl\/wp-content\/uploads\/Plaque-de-liege-pour-facade-mi-bois-de-ISOCOR-1.jpg","datePublished":"2024-09-01T22:00:05+00:00","dateModified":"2025-06-19T15:05:23+00:00","description":"Le li\u00e8ge expans\u00e9 pur sp\u00e9cial fa\u00e7ade, en bord \"mi-bois\", est un produit de finition ext\u00e9rieur ne n\u00e9cessitant ni enduit, ni bardage.","breadcrumb":{"@id":"https:\/\/nature-et-developpement.com\/mndl\/produit\/revetement-de-facades-liege-mi-bois\/#breadcrumb"},"inLanguage":"fr-FR","potentialAction":[{"@type":"ReadAction","target":["https:\/\/nature-et-developpement.com\/mndl\/produit\/revetement-de-facades-liege-mi-bois\/"]}]},{"@type":"ImageObject","inLanguage":"fr-FR","@id":"https:\/\/nature-et-developpement.com\/mndl\/produit\/revetement-de-facades-liege-mi-bois\/#primaryimage","url":"https:\/\/nature-et-developpement.com\/mndl\/wp-content\/uploads\/Plaque-de-liege-pour-facade-mi-bois-de-ISOCOR-1.jpg","contentUrl":"https:\/\/nature-et-developpement.com\/mndl\/wp-content\/uploads\/Plaque-de-liege-pour-facade-mi-bois-de-ISOCOR-1.jpg"},{"@type":"BreadcrumbList","@id":"https:\/\/nature-et-developpement.com\/mndl\/produit\/revetement-de-facades-liege-mi-bois\/#breadcrumb","itemListElement":[{"@type":"ListItem","position":1,"name":"Accueil","item":"https:\/\/nature-et-developpement.com\/mndl\/"},{"@type":"ListItem","position":2,"name":"Produits","item":"https:\/\/nature-et-developpement.com\/mndl\/shop\/"},{"@type":"ListItem","position":3,"name":"Isolation et \u00e9tanch\u00e9it\u00e9","item":"https:\/\/nature-et-developpement.com\/mndl\/produits\/isolation-et-etancheite\/"},{"@type":"ListItem","position":4,"name":"Isolation ext\u00e9rieure","item":"https:\/\/nature-et-developpement.com\/mndl\/produits\/isolation-et-etancheite\/isolation-exterieure\/"},{"@type":"ListItem","position":5,"name":"Isolant rigide en li\u00e8ge, mi-bois, sp\u00e9cial fa\u00e7ade"}]},{"@type":"WebSite","@id":"https:\/\/nature-et-developpement.com\/mndl\/#website","url":"https:\/\/nature-et-developpement.com\/mndl\/","name":"Mat\u00e9riaux Naturels de Lorraine","description":"Mat\u00e9riaux Naturels de Lorraine est membre du groupement Nature &amp; D\u00e9veloppement","publisher":{"@id":"https:\/\/nature-et-developpement.com\/mndl\/#organization"},"potentialAction":[{"@type":"SearchAction","target":{"@type":"EntryPoint","urlTemplate":"https:\/\/nature-et-developpement.com\/mndl\/?s={search_term_string}"},"query-input":{"@type":"PropertyValueSpecification","valueRequired":true,"valueName":"search_term_string"}}],"inLanguage":"fr-FR"},{"@type":"Organization","@id":"https:\/\/nature-et-developpement.com\/mndl\/#organization","name":"Mat\u00e9riaux Naturels de Lorraine","url":"https:\/\/nature-et-developpement.com\/mndl\/","logo":{"@type":"ImageObject","inLanguage":"fr-FR","@id":"https:\/\/nature-et-developpement.com\/mndl\/#\/schema\/logo\/image\/","url":"https:\/\/nature-et-developpement.com\/mndl\/wp-content\/uploads\/sites\/7\/2021\/09\/logo-materiaux-naturels-de-lorraine.png","contentUrl":"https:\/\/nature-et-developpement.com\/mndl\/wp-content\/uploads\/sites\/7\/2021\/09\/logo-materiaux-naturels-de-lorraine.png","width":1924,"height":1668,"caption":"Mat\u00e9riaux Naturels de Lorraine"},"image":{"@id":"https:\/\/nature-et-developpement.com\/mndl\/#\/schema\/logo\/image\/"}}]}},"distributor_meta":false,"distributor_terms":false,"distributor_media":false,"distributor_original_site_name":"Mat\u00e9riaux Naturels de Lorraine","distributor_original_site_url":"https:\/\/nature-et-developpement.com\/mndl","push-errors":false,"_links":{"self":[{"href":"https:\/\/nature-et-developpement.com\/mndl\/wp-json\/wp\/v2\/product\/30321","targetHints":{"allow":["GET"]}}],"collection":[{"href":"https:\/\/nature-et-developpement.com\/mndl\/wp-json\/wp\/v2\/product"}],"about":[{"href":"https:\/\/nature-et-developpement.com\/mndl\/wp-json\/wp\/v2\/types\/product"}],"wp:featuredmedia":[{"embeddable":true,"href":"https:\/\/nature-et-developpement.com\/mndl\/wp-json\/"}],"wp:attachment":[{"href":"https:\/\/nature-et-developpement.com\/mndl\/wp-json\/wp\/v2\/media?parent=30321"}],"wp:term":[{"taxonomy":"product_brand","embeddable":true,"href":"https:\/\/nature-et-developpement.com\/mndl\/wp-json\/wp\/v2\/product_brand?post=30321"},{"taxonomy":"product_cat","embeddable":true,"href":"https:\/\/nature-et-developpement.com\/mndl\/wp-json\/wp\/v2\/product_cat?post=30321"},{"taxonomy":"product_tag","embeddable":true,"href":"https:\/\/nature-et-developpement.com\/mndl\/wp-json\/wp\/v2\/product_tag?post=30321"}],"curies":[{"name":"wp","href":"https:\/\/api.w.org\/{rel}","templated":true}]}}