{"id":3072,"date":"2017-06-23T12:07:46","date_gmt":"2017-06-23T10:07:46","guid":{"rendered":"https:\/\/nature-et-developpement.com\/mndl\/produit\/beton-chaux-chanvre-tradical\/"},"modified":"2025-06-13T09:40:54","modified_gmt":"2025-06-13T07:40:54","slug":"beton-chaux-chanvre-tradical","status":"publish","type":"product","link":"https:\/\/nature-et-developpement.com\/mndl\/produit\/beton-chaux-chanvre-tradical\/","title":{"rendered":"B\u00e9ton chaux et chanvre Tradical"},"content":{"rendered":"<p>Les B\u00e9tons de Chanvre Tradical\u00a0sont aujourd&rsquo;hui un mat\u00e9riau de r\u00e9f\u00e9rence, \u00e9labor\u00e9s avec les professionnels pour r\u00e9pondre \u00e0 leur cahier des charges.<\/p>\n<p style=\"margin: 0px 0px 12px;padding: 0px;border: 0px;vertical-align: baseline\">Conjuguant les qualit\u00e9s du chanvre et de la chaux, les B\u00e9tons de chanvre Tradical<span style=\"font-family: inherit\">\u00a0sont une v\u00e9ritable r\u00e9ponse qualitative aux attentes actuelles du B\u00e2timent pr\u00e9sentant toutes les garanties d&rsquo;utilisation pour des ouvrages conformes \u00e0 la\u00a0<\/span>RT 2012.<\/p>\n<p>La ch\u00e8nevotte choisie pour ce m\u00e9lange est labellis\u00e9e par la fili\u00e8re chanvre<\/p>\n<p><img loading=\"lazy\" decoding=\"async\" class=\"alignnone size-full wp-image-165881\" src=\"https:\/\/nature-et-developpement.com\/wp-content\/uploads\/CenC-logo.jpg\" alt=\"\" width=\"229\" height=\"217\" \/><\/p>\n<p>\u00c0 ce titre, 0,50\u20ac sont reverser \u00e0 la fili\u00e8re chanvre qui favorise les actions de recherche scientifiques et techniques et promeut les qualit\u00e9s environnementales du chanvre.<\/p>\n","protected":false},"excerpt":{"rendered":"<p>Les premiers b\u00e9tons de chanvre conformes aux R\u00e8gles Professionnelles<\/p>\n<p><span style=\"color: #008000\"><em><strong>La ch\u00e8nevotte choisie pour ce m\u00e9lange est labellis\u00e9e par la fili\u00e8re chanvre<\/strong><\/em><\/span><\/p>\n<p><img loading=\"lazy\" decoding=\"async\" class=\"alignnone wp-image-165881\" src=\"https:\/\/nature-et-developpement.com\/wp-content\/uploads\/CenC-logo.jpg\" alt=\"\" width=\"80\" height=\"76\" \/><\/p>\n","protected":false},"featured_media":1000000169887,"template":"","meta":[],"product_brand":[2756],"product_cat":[115,130,2848,4152,4153,159],"product_tag":[4175],"class_list":{"0":"post-3072","1":"product","2":"type-product","3":"status-publish","4":"has-post-thumbnail","6":"product_brand-tradical","7":"product_cat-accessoires-peinture-et-enduit","8":"product_cat-construction","9":"product_cat-demande-de-devis-uniquement-sans-prix","10":"product_cat-isolation-exterieure","11":"product_cat-isolation-interieure","12":"product_cat-maconnerie","13":"product_tag-chaux","14":"product_shipping_class-sac-de-25kg","16":"first","17":"instock","18":"taxable","19":"shipping-taxable","20":"purchasable","21":"product-type-variable"},"yoast_head":"<!-- This site is optimized with the Yoast SEO plugin v27.5 - https:\/\/yoast.com\/product\/yoast-seo-wordpress\/ -->\n<title>B\u00e9ton chaux et chanvre Tradical<\/title>\n<meta name=\"description\" content=\"Les premiers b\u00e9tons de chanvre conformes aux R\u00e8gles Professionnelles  La ch\u00e8nevotte choisie pour ce m\u00e9lange est labellis\u00e9e par la fili\u00e8re chanvre\" \/>\n<meta name=\"robots\" content=\"noindex, follow\" \/>\n<meta property=\"og:locale\" content=\"fr_FR\" \/>\n<meta property=\"og:type\" content=\"article\" \/>\n<meta property=\"og:title\" content=\"B\u00e9ton chaux et chanvre Tradical\" \/>\n<meta property=\"og:description\" content=\"Les premiers b\u00e9tons de chanvre conformes aux R\u00e8gles Professionnelles  La ch\u00e8nevotte choisie pour ce m\u00e9lange est labellis\u00e9e par la fili\u00e8re chanvre\" \/>\n<meta property=\"og:url\" content=\"https:\/\/nature-et-developpement.com\/mndl\/produit\/beton-chaux-chanvre-tradical\/\" \/>\n<meta property=\"og:site_name\" content=\"Mat\u00e9riaux Naturels de Lorraine\" \/>\n<meta property=\"article:modified_time\" content=\"2025-06-13T07:40:54+00:00\" \/>\n<meta name=\"twitter:card\" content=\"summary_large_image\" \/>\n<meta name=\"twitter:label1\" content=\"Dur\u00e9e de lecture estim\u00e9e\" \/>\n\t<meta name=\"twitter:data1\" content=\"1 minute\" \/>\n<script type=\"application\/ld+json\" class=\"yoast-schema-graph\">{\"@context\":\"https:\\\/\\\/schema.org\",\"@graph\":[{\"@type\":\"WebPage\",\"@id\":\"https:\\\/\\\/nature-et-developpement.com\\\/mndl\\\/produit\\\/beton-chaux-chanvre-tradical\\\/\",\"url\":\"https:\\\/\\\/nature-et-developpement.com\\\/mndl\\\/produit\\\/beton-chaux-chanvre-tradical\\\/\",\"name\":\"B\u00e9ton chaux et chanvre Tradical\",\"isPartOf\":{\"@id\":\"https:\\\/\\\/nature-et-developpement.com\\\/mndl\\\/#website\"},\"primaryImageOfPage\":{\"@id\":\"https:\\\/\\\/nature-et-developpement.com\\\/mndl\\\/produit\\\/beton-chaux-chanvre-tradical\\\/#primaryimage\"},\"image\":{\"@id\":\"https:\\\/\\\/nature-et-developpement.com\\\/mndl\\\/produit\\\/beton-chaux-chanvre-tradical\\\/#primaryimage\"},\"thumbnailUrl\":\"https:\\\/\\\/nature-et-developpement.com\\\/mndl\\\/wp-content\\\/uploads\\\/Beton-chaux-et-chanvre-Tradical.jpg\",\"datePublished\":\"2017-06-23T10:07:46+00:00\",\"dateModified\":\"2025-06-13T07:40:54+00:00\",\"description\":\"Les premiers b\u00e9tons de chanvre conformes aux R\u00e8gles Professionnelles La ch\u00e8nevotte choisie pour ce m\u00e9lange est labellis\u00e9e par la fili\u00e8re chanvre\",\"breadcrumb\":{\"@id\":\"https:\\\/\\\/nature-et-developpement.com\\\/mndl\\\/produit\\\/beton-chaux-chanvre-tradical\\\/#breadcrumb\"},\"inLanguage\":\"fr-FR\",\"potentialAction\":[{\"@type\":\"ReadAction\",\"target\":[\"https:\\\/\\\/nature-et-developpement.com\\\/mndl\\\/produit\\\/beton-chaux-chanvre-tradical\\\/\"]}]},{\"@type\":\"ImageObject\",\"inLanguage\":\"fr-FR\",\"@id\":\"https:\\\/\\\/nature-et-developpement.com\\\/mndl\\\/produit\\\/beton-chaux-chanvre-tradical\\\/#primaryimage\",\"url\":\"https:\\\/\\\/nature-et-developpement.com\\\/mndl\\\/wp-content\\\/uploads\\\/Beton-chaux-et-chanvre-Tradical.jpg\",\"contentUrl\":\"https:\\\/\\\/nature-et-developpement.com\\\/mndl\\\/wp-content\\\/uploads\\\/Beton-chaux-et-chanvre-Tradical.jpg\"},{\"@type\":\"BreadcrumbList\",\"@id\":\"https:\\\/\\\/nature-et-developpement.com\\\/mndl\\\/produit\\\/beton-chaux-chanvre-tradical\\\/#breadcrumb\",\"itemListElement\":[{\"@type\":\"ListItem\",\"position\":1,\"name\":\"Accueil\",\"item\":\"https:\\\/\\\/nature-et-developpement.com\\\/mndl\\\/\"},{\"@type\":\"ListItem\",\"position\":2,\"name\":\"Produits\",\"item\":\"https:\\\/\\\/nature-et-developpement.com\\\/mndl\\\/shop\\\/\"},{\"@type\":\"ListItem\",\"position\":3,\"name\":\"Construction, cloison et fen\u00eatres\",\"item\":\"https:\\\/\\\/nature-et-developpement.com\\\/mndl\\\/produits\\\/construction\\\/\"},{\"@type\":\"ListItem\",\"position\":4,\"name\":\"Ma\u00e7onnerie\",\"item\":\"https:\\\/\\\/nature-et-developpement.com\\\/mndl\\\/produits\\\/construction\\\/maconnerie\\\/\"},{\"@type\":\"ListItem\",\"position\":5,\"name\":\"B\u00e9ton chaux et chanvre Tradical\"}]},{\"@type\":\"WebSite\",\"@id\":\"https:\\\/\\\/nature-et-developpement.com\\\/mndl\\\/#website\",\"url\":\"https:\\\/\\\/nature-et-developpement.com\\\/mndl\\\/\",\"name\":\"Mat\u00e9riaux Naturels de Lorraine\",\"description\":\"Mat\u00e9riaux Naturels de Lorraine est membre du groupement Nature &amp; D\u00e9veloppement\",\"publisher\":{\"@id\":\"https:\\\/\\\/nature-et-developpement.com\\\/mndl\\\/#organization\"},\"potentialAction\":[{\"@type\":\"SearchAction\",\"target\":{\"@type\":\"EntryPoint\",\"urlTemplate\":\"https:\\\/\\\/nature-et-developpement.com\\\/mndl\\\/?s={search_term_string}\"},\"query-input\":{\"@type\":\"PropertyValueSpecification\",\"valueRequired\":true,\"valueName\":\"search_term_string\"}}],\"inLanguage\":\"fr-FR\"},{\"@type\":\"Organization\",\"@id\":\"https:\\\/\\\/nature-et-developpement.com\\\/mndl\\\/#organization\",\"name\":\"Mat\u00e9riaux Naturels de Lorraine\",\"url\":\"https:\\\/\\\/nature-et-developpement.com\\\/mndl\\\/\",\"logo\":{\"@type\":\"ImageObject\",\"inLanguage\":\"fr-FR\",\"@id\":\"https:\\\/\\\/nature-et-developpement.com\\\/mndl\\\/#\\\/schema\\\/logo\\\/image\\\/\",\"url\":\"https:\\\/\\\/nature-et-developpement.com\\\/mndl\\\/wp-content\\\/uploads\\\/sites\\\/7\\\/2021\\\/09\\\/logo-materiaux-naturels-de-lorraine.png\",\"contentUrl\":\"https:\\\/\\\/nature-et-developpement.com\\\/mndl\\\/wp-content\\\/uploads\\\/sites\\\/7\\\/2021\\\/09\\\/logo-materiaux-naturels-de-lorraine.png\",\"width\":1924,\"height\":1668,\"caption\":\"Mat\u00e9riaux Naturels de Lorraine\"},\"image\":{\"@id\":\"https:\\\/\\\/nature-et-developpement.com\\\/mndl\\\/#\\\/schema\\\/logo\\\/image\\\/\"}}]}<\/script>\n<!-- \/ Yoast SEO plugin. -->","yoast_head_json":{"title":"B\u00e9ton chaux et chanvre Tradical","description":"Les premiers b\u00e9tons de chanvre conformes aux R\u00e8gles Professionnelles  La ch\u00e8nevotte choisie pour ce m\u00e9lange est labellis\u00e9e par la fili\u00e8re chanvre","robots":{"index":"noindex","follow":"follow"},"og_locale":"fr_FR","og_type":"article","og_title":"B\u00e9ton chaux et chanvre Tradical","og_description":"Les premiers b\u00e9tons de chanvre conformes aux R\u00e8gles Professionnelles  La ch\u00e8nevotte choisie pour ce m\u00e9lange est labellis\u00e9e par la fili\u00e8re chanvre","og_url":"https:\/\/nature-et-developpement.com\/mndl\/produit\/beton-chaux-chanvre-tradical\/","og_site_name":"Mat\u00e9riaux Naturels de Lorraine","article_modified_time":"2025-06-13T07:40:54+00:00","twitter_card":"summary_large_image","twitter_misc":{"Dur\u00e9e de lecture estim\u00e9e":"1 minute"},"schema":{"@context":"https:\/\/schema.org","@graph":[{"@type":"WebPage","@id":"https:\/\/nature-et-developpement.com\/mndl\/produit\/beton-chaux-chanvre-tradical\/","url":"https:\/\/nature-et-developpement.com\/mndl\/produit\/beton-chaux-chanvre-tradical\/","name":"B\u00e9ton chaux et chanvre Tradical","isPartOf":{"@id":"https:\/\/nature-et-developpement.com\/mndl\/#website"},"primaryImageOfPage":{"@id":"https:\/\/nature-et-developpement.com\/mndl\/produit\/beton-chaux-chanvre-tradical\/#primaryimage"},"image":{"@id":"https:\/\/nature-et-developpement.com\/mndl\/produit\/beton-chaux-chanvre-tradical\/#primaryimage"},"thumbnailUrl":"https:\/\/nature-et-developpement.com\/mndl\/wp-content\/uploads\/Beton-chaux-et-chanvre-Tradical.jpg","datePublished":"2017-06-23T10:07:46+00:00","dateModified":"2025-06-13T07:40:54+00:00","description":"Les premiers b\u00e9tons de chanvre conformes aux R\u00e8gles Professionnelles La ch\u00e8nevotte choisie pour ce m\u00e9lange est labellis\u00e9e par la fili\u00e8re chanvre","breadcrumb":{"@id":"https:\/\/nature-et-developpement.com\/mndl\/produit\/beton-chaux-chanvre-tradical\/#breadcrumb"},"inLanguage":"fr-FR","potentialAction":[{"@type":"ReadAction","target":["https:\/\/nature-et-developpement.com\/mndl\/produit\/beton-chaux-chanvre-tradical\/"]}]},{"@type":"ImageObject","inLanguage":"fr-FR","@id":"https:\/\/nature-et-developpement.com\/mndl\/produit\/beton-chaux-chanvre-tradical\/#primaryimage","url":"https:\/\/nature-et-developpement.com\/mndl\/wp-content\/uploads\/Beton-chaux-et-chanvre-Tradical.jpg","contentUrl":"https:\/\/nature-et-developpement.com\/mndl\/wp-content\/uploads\/Beton-chaux-et-chanvre-Tradical.jpg"},{"@type":"BreadcrumbList","@id":"https:\/\/nature-et-developpement.com\/mndl\/produit\/beton-chaux-chanvre-tradical\/#breadcrumb","itemListElement":[{"@type":"ListItem","position":1,"name":"Accueil","item":"https:\/\/nature-et-developpement.com\/mndl\/"},{"@type":"ListItem","position":2,"name":"Produits","item":"https:\/\/nature-et-developpement.com\/mndl\/shop\/"},{"@type":"ListItem","position":3,"name":"Construction, cloison et fen\u00eatres","item":"https:\/\/nature-et-developpement.com\/mndl\/produits\/construction\/"},{"@type":"ListItem","position":4,"name":"Ma\u00e7onnerie","item":"https:\/\/nature-et-developpement.com\/mndl\/produits\/construction\/maconnerie\/"},{"@type":"ListItem","position":5,"name":"B\u00e9ton chaux et chanvre Tradical"}]},{"@type":"WebSite","@id":"https:\/\/nature-et-developpement.com\/mndl\/#website","url":"https:\/\/nature-et-developpement.com\/mndl\/","name":"Mat\u00e9riaux Naturels de Lorraine","description":"Mat\u00e9riaux Naturels de Lorraine est membre du groupement Nature &amp; D\u00e9veloppement","publisher":{"@id":"https:\/\/nature-et-developpement.com\/mndl\/#organization"},"potentialAction":[{"@type":"SearchAction","target":{"@type":"EntryPoint","urlTemplate":"https:\/\/nature-et-developpement.com\/mndl\/?s={search_term_string}"},"query-input":{"@type":"PropertyValueSpecification","valueRequired":true,"valueName":"search_term_string"}}],"inLanguage":"fr-FR"},{"@type":"Organization","@id":"https:\/\/nature-et-developpement.com\/mndl\/#organization","name":"Mat\u00e9riaux Naturels de Lorraine","url":"https:\/\/nature-et-developpement.com\/mndl\/","logo":{"@type":"ImageObject","inLanguage":"fr-FR","@id":"https:\/\/nature-et-developpement.com\/mndl\/#\/schema\/logo\/image\/","url":"https:\/\/nature-et-developpement.com\/mndl\/wp-content\/uploads\/sites\/7\/2021\/09\/logo-materiaux-naturels-de-lorraine.png","contentUrl":"https:\/\/nature-et-developpement.com\/mndl\/wp-content\/uploads\/sites\/7\/2021\/09\/logo-materiaux-naturels-de-lorraine.png","width":1924,"height":1668,"caption":"Mat\u00e9riaux Naturels de Lorraine"},"image":{"@id":"https:\/\/nature-et-developpement.com\/mndl\/#\/schema\/logo\/image\/"}}]}},"distributor_meta":false,"distributor_terms":false,"distributor_media":false,"distributor_original_site_name":"Mat\u00e9riaux Naturels de Lorraine","distributor_original_site_url":"https:\/\/nature-et-developpement.com\/mndl","push-errors":false,"_links":{"self":[{"href":"https:\/\/nature-et-developpement.com\/mndl\/wp-json\/wp\/v2\/product\/3072","targetHints":{"allow":["GET"]}}],"collection":[{"href":"https:\/\/nature-et-developpement.com\/mndl\/wp-json\/wp\/v2\/product"}],"about":[{"href":"https:\/\/nature-et-developpement.com\/mndl\/wp-json\/wp\/v2\/types\/product"}],"wp:featuredmedia":[{"embeddable":true,"href":"https:\/\/nature-et-developpement.com\/mndl\/wp-json\/"}],"wp:attachment":[{"href":"https:\/\/nature-et-developpement.com\/mndl\/wp-json\/wp\/v2\/media?parent=3072"}],"wp:term":[{"taxonomy":"product_brand","embeddable":true,"href":"https:\/\/nature-et-developpement.com\/mndl\/wp-json\/wp\/v2\/product_brand?post=3072"},{"taxonomy":"product_cat","embeddable":true,"href":"https:\/\/nature-et-developpement.com\/mndl\/wp-json\/wp\/v2\/product_cat?post=3072"},{"taxonomy":"product_tag","embeddable":true,"href":"https:\/\/nature-et-developpement.com\/mndl\/wp-json\/wp\/v2\/product_tag?post=3072"}],"curies":[{"name":"wp","href":"https:\/\/api.w.org\/{rel}","templated":true}]}}