{"id":3616,"date":"2023-06-23T12:16:46","date_gmt":"2023-06-23T10:16:46","guid":{"rendered":"https:\/\/nature-et-developpement.com\/mndl\/produit\/fenetre-passive-bois-et-aluminium-sur-mesure-futura-bieber\/"},"modified":"2025-10-22T10:30:13","modified_gmt":"2025-10-22T08:30:13","slug":"fenetre-passive-bois-alu-sur-mesure-futura-bieber","status":"publish","type":"product","link":"https:\/\/nature-et-developpement.com\/mndl\/produit\/fenetre-passive-bois-alu-sur-mesure-futura-bieber\/","title":{"rendered":"Fen\u00eatre PASSIVE Bois et Aluminium sur mesure FUTURA BIEBER"},"content":{"rendered":"<h2>Des fen\u00eatres mixes bois et aluminium, sur mesure pour les constructions passives.<\/h2>\n<p>Pionni\u00e8re sur le terrain des menuiseries bois et mixtes pour constructions passives.<\/p>\n<p>Bieber a su devancer les r\u00e9glementations thermiques et la n\u00e9cessaire transition \u00e9nerg\u00e9tique.<\/p>\n<p>Une d\u00e9marche d\u2019innovation salu\u00e9e notamment par l\u2019\u00e9tablissement faisant r\u00e9f\u00e9rence en la mati\u00e8re.<\/p>\n<p>Le PassivHaus Institut (Allemagne), qui a r\u00e9compens\u00e9 en 2014 la premi\u00e8re fen\u00eatre passive bois-aluminium du march\u00e9, sign\u00e9e Bieber.<\/p>\n<p>Depuis, les avanc\u00e9es du bureau d\u2019\u00e9tudes b\u00e9n\u00e9ficient \u00e0 toutes nos gammes tandis que l\u2019offre en passif ne cesse de s\u2019\u00e9toffer.<\/p>\n<p>La ligne Futura\u00ae se d\u00e9cline aussi aujourd\u2019hui en coulissant \u00e0 translation, compatible avec les constructions sous RT 2012 et de niveau passif.<\/p>\n<p>Sa grande r\u00e9sistance m\u00e9canique, ses performances AEV, sa maniabilit\u00e9 et son design offrant un notable gain de lumi\u00e8re.<\/p>\n<p>Ce qui en cons\u00e9quence, en font un produit id\u00e9al pour toutes les ouvertures en terrasse.<\/p>\n","protected":false},"excerpt":{"rendered":"<p>La ligne Futura se d\u00e9cline aussi aujourd\u2019hui en coulissant \u00e0 translation, compatible avec les constructions sous RT 2012 et de niveau passif.<\/p>\n","protected":false},"featured_media":1000000165825,"template":"","meta":[],"product_brand":[2776],"product_cat":[2848,131],"product_tag":[4173],"class_list":{"0":"post-3616","1":"product","2":"type-product","3":"status-publish","4":"has-post-thumbnail","6":"product_brand-bieber","7":"product_cat-demande-de-devis-uniquement-sans-prix","8":"product_cat-menuiseries-exterieures","9":"product_tag-bieber","10":"product_shipping_class-impact-transport-important","12":"first","13":"onbackorder","14":"taxable","15":"shipping-taxable","16":"purchasable","17":"product-type-variable"},"yoast_head":"<!-- This site is optimized with the Yoast SEO plugin v27.5 - https:\/\/yoast.com\/product\/yoast-seo-wordpress\/ -->\n<title>Fen\u00eatre PASSIVE Bois et Aluminium sur mesure FUTURA BIEBER<\/title>\n<meta name=\"description\" content=\"La ligne Futura se d\u00e9cline aussi aujourd\u2019hui en coulissant \u00e0 translation, compatible avec les constructions sous RT 2012 et de niveau passif.\" \/>\n<meta name=\"robots\" content=\"noindex, nofollow\" \/>\n<meta property=\"og:locale\" content=\"fr_FR\" \/>\n<meta property=\"og:type\" content=\"article\" \/>\n<meta property=\"og:title\" content=\"Fen\u00eatre PASSIVE Bois et Aluminium sur mesure FUTURA BIEBER\" \/>\n<meta property=\"og:description\" content=\"La ligne Futura se d\u00e9cline aussi aujourd\u2019hui en coulissant \u00e0 translation, compatible avec les constructions sous RT 2012 et de niveau passif.\" \/>\n<meta property=\"og:url\" content=\"https:\/\/nature-et-developpement.com\/mndl\/produit\/fenetre-passive-bois-alu-sur-mesure-futura-bieber\/\" \/>\n<meta property=\"og:site_name\" content=\"Mat\u00e9riaux Naturels de Lorraine\" \/>\n<meta property=\"article:modified_time\" content=\"2025-10-22T08:30:13+00:00\" \/>\n<meta name=\"twitter:card\" content=\"summary_large_image\" \/>\n<meta name=\"twitter:label1\" content=\"Dur\u00e9e de lecture estim\u00e9e\" \/>\n\t<meta name=\"twitter:data1\" content=\"1 minute\" \/>\n<script type=\"application\/ld+json\" class=\"yoast-schema-graph\">{\"@context\":\"https:\\\/\\\/schema.org\",\"@graph\":[{\"@type\":\"WebPage\",\"@id\":\"https:\\\/\\\/nature-et-developpement.com\\\/mndl\\\/produit\\\/fenetre-passive-bois-alu-sur-mesure-futura-bieber\\\/\",\"url\":\"https:\\\/\\\/nature-et-developpement.com\\\/mndl\\\/produit\\\/fenetre-passive-bois-alu-sur-mesure-futura-bieber\\\/\",\"name\":\"Fen\u00eatre PASSIVE Bois et Aluminium sur mesure FUTURA BIEBER\",\"isPartOf\":{\"@id\":\"https:\\\/\\\/nature-et-developpement.com\\\/mndl\\\/#website\"},\"primaryImageOfPage\":{\"@id\":\"https:\\\/\\\/nature-et-developpement.com\\\/mndl\\\/produit\\\/fenetre-passive-bois-alu-sur-mesure-futura-bieber\\\/#primaryimage\"},\"image\":{\"@id\":\"https:\\\/\\\/nature-et-developpement.com\\\/mndl\\\/produit\\\/fenetre-passive-bois-alu-sur-mesure-futura-bieber\\\/#primaryimage\"},\"thumbnailUrl\":\"https:\\\/\\\/nature-et-developpement.com\\\/mndl\\\/wp-content\\\/uploads\\\/Fenetre-PASSIVE-Bois-et-Aluminium-sur-mesure-FUTURA-de-BIEBER.jpg\",\"datePublished\":\"2023-06-23T10:16:46+00:00\",\"dateModified\":\"2025-10-22T08:30:13+00:00\",\"description\":\"La ligne Futura se d\u00e9cline aussi aujourd\u2019hui en coulissant \u00e0 translation, compatible avec les constructions sous RT 2012 et de niveau passif.\",\"breadcrumb\":{\"@id\":\"https:\\\/\\\/nature-et-developpement.com\\\/mndl\\\/produit\\\/fenetre-passive-bois-alu-sur-mesure-futura-bieber\\\/#breadcrumb\"},\"inLanguage\":\"fr-FR\",\"potentialAction\":[{\"@type\":\"ReadAction\",\"target\":[\"https:\\\/\\\/nature-et-developpement.com\\\/mndl\\\/produit\\\/fenetre-passive-bois-alu-sur-mesure-futura-bieber\\\/\"]}]},{\"@type\":\"ImageObject\",\"inLanguage\":\"fr-FR\",\"@id\":\"https:\\\/\\\/nature-et-developpement.com\\\/mndl\\\/produit\\\/fenetre-passive-bois-alu-sur-mesure-futura-bieber\\\/#primaryimage\",\"url\":\"https:\\\/\\\/nature-et-developpement.com\\\/mndl\\\/wp-content\\\/uploads\\\/Fenetre-PASSIVE-Bois-et-Aluminium-sur-mesure-FUTURA-de-BIEBER.jpg\",\"contentUrl\":\"https:\\\/\\\/nature-et-developpement.com\\\/mndl\\\/wp-content\\\/uploads\\\/Fenetre-PASSIVE-Bois-et-Aluminium-sur-mesure-FUTURA-de-BIEBER.jpg\"},{\"@type\":\"BreadcrumbList\",\"@id\":\"https:\\\/\\\/nature-et-developpement.com\\\/mndl\\\/produit\\\/fenetre-passive-bois-alu-sur-mesure-futura-bieber\\\/#breadcrumb\",\"itemListElement\":[{\"@type\":\"ListItem\",\"position\":1,\"name\":\"Accueil\",\"item\":\"https:\\\/\\\/nature-et-developpement.com\\\/mndl\\\/\"},{\"@type\":\"ListItem\",\"position\":2,\"name\":\"Produits\",\"item\":\"https:\\\/\\\/nature-et-developpement.com\\\/mndl\\\/shop\\\/\"},{\"@type\":\"ListItem\",\"position\":3,\"name\":\"Construction, cloison et fen\u00eatres\",\"item\":\"https:\\\/\\\/nature-et-developpement.com\\\/mndl\\\/produits\\\/construction\\\/\"},{\"@type\":\"ListItem\",\"position\":4,\"name\":\"Menuiserie ext\u00e9rieure\",\"item\":\"https:\\\/\\\/nature-et-developpement.com\\\/mndl\\\/produits\\\/construction\\\/menuiseries-exterieures\\\/\"},{\"@type\":\"ListItem\",\"position\":5,\"name\":\"Fen\u00eatre PASSIVE Bois et Aluminium sur mesure FUTURA BIEBER\"}]},{\"@type\":\"WebSite\",\"@id\":\"https:\\\/\\\/nature-et-developpement.com\\\/mndl\\\/#website\",\"url\":\"https:\\\/\\\/nature-et-developpement.com\\\/mndl\\\/\",\"name\":\"Mat\u00e9riaux Naturels de Lorraine\",\"description\":\"Mat\u00e9riaux Naturels de Lorraine est membre du groupement Nature &amp; D\u00e9veloppement\",\"publisher\":{\"@id\":\"https:\\\/\\\/nature-et-developpement.com\\\/mndl\\\/#organization\"},\"potentialAction\":[{\"@type\":\"SearchAction\",\"target\":{\"@type\":\"EntryPoint\",\"urlTemplate\":\"https:\\\/\\\/nature-et-developpement.com\\\/mndl\\\/?s={search_term_string}\"},\"query-input\":{\"@type\":\"PropertyValueSpecification\",\"valueRequired\":true,\"valueName\":\"search_term_string\"}}],\"inLanguage\":\"fr-FR\"},{\"@type\":\"Organization\",\"@id\":\"https:\\\/\\\/nature-et-developpement.com\\\/mndl\\\/#organization\",\"name\":\"Mat\u00e9riaux Naturels de Lorraine\",\"url\":\"https:\\\/\\\/nature-et-developpement.com\\\/mndl\\\/\",\"logo\":{\"@type\":\"ImageObject\",\"inLanguage\":\"fr-FR\",\"@id\":\"https:\\\/\\\/nature-et-developpement.com\\\/mndl\\\/#\\\/schema\\\/logo\\\/image\\\/\",\"url\":\"https:\\\/\\\/nature-et-developpement.com\\\/mndl\\\/wp-content\\\/uploads\\\/sites\\\/7\\\/2021\\\/09\\\/logo-materiaux-naturels-de-lorraine.png\",\"contentUrl\":\"https:\\\/\\\/nature-et-developpement.com\\\/mndl\\\/wp-content\\\/uploads\\\/sites\\\/7\\\/2021\\\/09\\\/logo-materiaux-naturels-de-lorraine.png\",\"width\":1924,\"height\":1668,\"caption\":\"Mat\u00e9riaux Naturels de Lorraine\"},\"image\":{\"@id\":\"https:\\\/\\\/nature-et-developpement.com\\\/mndl\\\/#\\\/schema\\\/logo\\\/image\\\/\"}}]}<\/script>\n<!-- \/ Yoast SEO plugin. -->","yoast_head_json":{"title":"Fen\u00eatre PASSIVE Bois et Aluminium sur mesure FUTURA BIEBER","description":"La ligne Futura se d\u00e9cline aussi aujourd\u2019hui en coulissant \u00e0 translation, compatible avec les constructions sous RT 2012 et de niveau passif.","robots":{"index":"noindex","follow":"nofollow"},"og_locale":"fr_FR","og_type":"article","og_title":"Fen\u00eatre PASSIVE Bois et Aluminium sur mesure FUTURA BIEBER","og_description":"La ligne Futura se d\u00e9cline aussi aujourd\u2019hui en coulissant \u00e0 translation, compatible avec les constructions sous RT 2012 et de niveau passif.","og_url":"https:\/\/nature-et-developpement.com\/mndl\/produit\/fenetre-passive-bois-alu-sur-mesure-futura-bieber\/","og_site_name":"Mat\u00e9riaux Naturels de Lorraine","article_modified_time":"2025-10-22T08:30:13+00:00","twitter_card":"summary_large_image","twitter_misc":{"Dur\u00e9e de lecture estim\u00e9e":"1 minute"},"schema":{"@context":"https:\/\/schema.org","@graph":[{"@type":"WebPage","@id":"https:\/\/nature-et-developpement.com\/mndl\/produit\/fenetre-passive-bois-alu-sur-mesure-futura-bieber\/","url":"https:\/\/nature-et-developpement.com\/mndl\/produit\/fenetre-passive-bois-alu-sur-mesure-futura-bieber\/","name":"Fen\u00eatre PASSIVE Bois et Aluminium sur mesure FUTURA BIEBER","isPartOf":{"@id":"https:\/\/nature-et-developpement.com\/mndl\/#website"},"primaryImageOfPage":{"@id":"https:\/\/nature-et-developpement.com\/mndl\/produit\/fenetre-passive-bois-alu-sur-mesure-futura-bieber\/#primaryimage"},"image":{"@id":"https:\/\/nature-et-developpement.com\/mndl\/produit\/fenetre-passive-bois-alu-sur-mesure-futura-bieber\/#primaryimage"},"thumbnailUrl":"https:\/\/nature-et-developpement.com\/mndl\/wp-content\/uploads\/Fenetre-PASSIVE-Bois-et-Aluminium-sur-mesure-FUTURA-de-BIEBER.jpg","datePublished":"2023-06-23T10:16:46+00:00","dateModified":"2025-10-22T08:30:13+00:00","description":"La ligne Futura se d\u00e9cline aussi aujourd\u2019hui en coulissant \u00e0 translation, compatible avec les constructions sous RT 2012 et de niveau passif.","breadcrumb":{"@id":"https:\/\/nature-et-developpement.com\/mndl\/produit\/fenetre-passive-bois-alu-sur-mesure-futura-bieber\/#breadcrumb"},"inLanguage":"fr-FR","potentialAction":[{"@type":"ReadAction","target":["https:\/\/nature-et-developpement.com\/mndl\/produit\/fenetre-passive-bois-alu-sur-mesure-futura-bieber\/"]}]},{"@type":"ImageObject","inLanguage":"fr-FR","@id":"https:\/\/nature-et-developpement.com\/mndl\/produit\/fenetre-passive-bois-alu-sur-mesure-futura-bieber\/#primaryimage","url":"https:\/\/nature-et-developpement.com\/mndl\/wp-content\/uploads\/Fenetre-PASSIVE-Bois-et-Aluminium-sur-mesure-FUTURA-de-BIEBER.jpg","contentUrl":"https:\/\/nature-et-developpement.com\/mndl\/wp-content\/uploads\/Fenetre-PASSIVE-Bois-et-Aluminium-sur-mesure-FUTURA-de-BIEBER.jpg"},{"@type":"BreadcrumbList","@id":"https:\/\/nature-et-developpement.com\/mndl\/produit\/fenetre-passive-bois-alu-sur-mesure-futura-bieber\/#breadcrumb","itemListElement":[{"@type":"ListItem","position":1,"name":"Accueil","item":"https:\/\/nature-et-developpement.com\/mndl\/"},{"@type":"ListItem","position":2,"name":"Produits","item":"https:\/\/nature-et-developpement.com\/mndl\/shop\/"},{"@type":"ListItem","position":3,"name":"Construction, cloison et fen\u00eatres","item":"https:\/\/nature-et-developpement.com\/mndl\/produits\/construction\/"},{"@type":"ListItem","position":4,"name":"Menuiserie ext\u00e9rieure","item":"https:\/\/nature-et-developpement.com\/mndl\/produits\/construction\/menuiseries-exterieures\/"},{"@type":"ListItem","position":5,"name":"Fen\u00eatre PASSIVE Bois et Aluminium sur mesure FUTURA BIEBER"}]},{"@type":"WebSite","@id":"https:\/\/nature-et-developpement.com\/mndl\/#website","url":"https:\/\/nature-et-developpement.com\/mndl\/","name":"Mat\u00e9riaux Naturels de Lorraine","description":"Mat\u00e9riaux Naturels de Lorraine est membre du groupement Nature &amp; D\u00e9veloppement","publisher":{"@id":"https:\/\/nature-et-developpement.com\/mndl\/#organization"},"potentialAction":[{"@type":"SearchAction","target":{"@type":"EntryPoint","urlTemplate":"https:\/\/nature-et-developpement.com\/mndl\/?s={search_term_string}"},"query-input":{"@type":"PropertyValueSpecification","valueRequired":true,"valueName":"search_term_string"}}],"inLanguage":"fr-FR"},{"@type":"Organization","@id":"https:\/\/nature-et-developpement.com\/mndl\/#organization","name":"Mat\u00e9riaux Naturels de Lorraine","url":"https:\/\/nature-et-developpement.com\/mndl\/","logo":{"@type":"ImageObject","inLanguage":"fr-FR","@id":"https:\/\/nature-et-developpement.com\/mndl\/#\/schema\/logo\/image\/","url":"https:\/\/nature-et-developpement.com\/mndl\/wp-content\/uploads\/sites\/7\/2021\/09\/logo-materiaux-naturels-de-lorraine.png","contentUrl":"https:\/\/nature-et-developpement.com\/mndl\/wp-content\/uploads\/sites\/7\/2021\/09\/logo-materiaux-naturels-de-lorraine.png","width":1924,"height":1668,"caption":"Mat\u00e9riaux Naturels de Lorraine"},"image":{"@id":"https:\/\/nature-et-developpement.com\/mndl\/#\/schema\/logo\/image\/"}}]}},"distributor_meta":false,"distributor_terms":false,"distributor_media":false,"distributor_original_site_name":"Mat\u00e9riaux Naturels de Lorraine","distributor_original_site_url":"https:\/\/nature-et-developpement.com\/mndl","push-errors":false,"_links":{"self":[{"href":"https:\/\/nature-et-developpement.com\/mndl\/wp-json\/wp\/v2\/product\/3616","targetHints":{"allow":["GET"]}}],"collection":[{"href":"https:\/\/nature-et-developpement.com\/mndl\/wp-json\/wp\/v2\/product"}],"about":[{"href":"https:\/\/nature-et-developpement.com\/mndl\/wp-json\/wp\/v2\/types\/product"}],"wp:featuredmedia":[{"embeddable":true,"href":"https:\/\/nature-et-developpement.com\/mndl\/wp-json\/"}],"wp:attachment":[{"href":"https:\/\/nature-et-developpement.com\/mndl\/wp-json\/wp\/v2\/media?parent=3616"}],"wp:term":[{"taxonomy":"product_brand","embeddable":true,"href":"https:\/\/nature-et-developpement.com\/mndl\/wp-json\/wp\/v2\/product_brand?post=3616"},{"taxonomy":"product_cat","embeddable":true,"href":"https:\/\/nature-et-developpement.com\/mndl\/wp-json\/wp\/v2\/product_cat?post=3616"},{"taxonomy":"product_tag","embeddable":true,"href":"https:\/\/nature-et-developpement.com\/mndl\/wp-json\/wp\/v2\/product_tag?post=3616"}],"curies":[{"name":"wp","href":"https:\/\/api.w.org\/{rel}","templated":true}]}}