{"id":3814,"date":"2024-04-01T00:00:00","date_gmt":"2024-03-31T22:00:00","guid":{"rendered":"https:\/\/nature-et-developpement.com\/mndl\/produit\/colle-greenline-pour-plaque-de-sol-fermacell\/"},"modified":"2026-03-17T12:00:21","modified_gmt":"2026-03-17T11:00:21","slug":"colle-greenline-pour-plaque-de-sol-fermacell","status":"publish","type":"product","link":"https:\/\/nature-et-developpement.com\/mndl\/produit\/colle-greenline-pour-plaque-de-sol-fermacell\/","title":{"rendered":"Fermacell &#8211; Colle pour plaque de sol Greenline"},"content":{"rendered":"<h2>Colle pour plaque sol fermacell<\/h2>\n<p>La colle pour plaques de sol fermacell greenline est pr\u00e9vue pour l\u2019assemblage des plaques de sol fermacell dans les domaines suivants :<\/p>\n<p>Pour le collage des plaques de sol entre elles en :<\/p>\n<ul>\n<li>habitat privatif<\/li>\n<li>locaux tertiaires (bureaux)<\/li>\n<\/ul>\n<p>Pour le collage d\u2019une troisi\u00e8me couche de plaques<\/p>\n<p>La colle pour plaques de sol fermacell greenline n\u2019est pas appropri\u00e9e au collage des plaques fermacell Powerpanel sol TE.<\/p>\n<h3><strong>Mise en \u0153uvre<\/strong><\/h3>\n<p>Agiter la bouteille de colle pour plaques de sol fermacell greenline avant l\u2019application.<\/p>\n<p>La colle est ensuite d\u00e9pos\u00e9e sur les battues d\u2019une premi\u00e8re plaque de sol au moyen de deux embouts formant ainsi deux cordons de colle (diam\u00e8tre : 5mm).<\/p>\n<p>Une seconde plaque de sol est ensuite dispos\u00e9e, par recouvrement des battues de plaques, contre la premi\u00e8re, ce qui permet \u00e0 la colle de remplir compl\u00e8tement le joint jusqu\u2019\u00e0 reflux complet.<\/p>\n<p>En se pla\u00e7ant sur les battues de plaques, cela permet \u00e0 ce que le poids propre du corps exerce la pression n\u00e9cessaire au droit des joints de plaques et permet \u00e9galement d\u2019\u00eatre correctement positionn\u00e9 pour effectuer l\u2019assemblage d\u00e9finitif des plaques entre elles par vissage ou par agrafage.<\/p>\n<p>L\u2019exc\u00e9dent de colle doit \u00eatre \u00f4ter au moyen d\u2019une spatule ou du couteau \u00e0 colle fermacell, apr\u00e8s 5 \u00e0 30 minutes suivant l\u2019application.<\/p>\n<p>Durant les premi\u00e8res 24 heures, la chape ne doit pas \u00eatre sollicit\u00e9e (\u00e9viter de marcher sur les plaques).<\/p>\n<p>La largeur d\u2019un joint entre plaques ne doit pas exc\u00e9der 2 mm au plus.<\/p>\n<p>Dans des conditions normales de temp\u00e9rature et d\u2019hygrom\u00e9trie (20\u00b0C \u2013 50% d\u2019humidit\u00e9), le rev\u00eatement peut \u00eatre appliqu\u00e9 sur les plaques de sol, 24 heures apr\u00e8s leur pose.<\/p>\n<p>La capacit\u00e9 m\u00e9canique compl\u00e8te (charge maximale admissible appliqu\u00e9e sur les plaques) est atteinte 72 heures apr\u00e8s la mise en \u0153uvre.<\/p>\n","protected":false},"excerpt":{"rendered":"<p>Colle ne pr\u00e9sentant aucune nocivit\u00e9 pr\u00e9vue pour l&rsquo;assemblage des plaques de sol fermacell.<\/p>\n","protected":false},"featured_media":1000000165951,"template":"","meta":[],"product_brand":[2747],"product_cat":[282,119],"product_tag":[4383],"class_list":{"0":"post-3814","1":"product","2":"type-product","3":"status-publish","4":"has-post-thumbnail","6":"product_brand-fermacell","7":"product_cat-accessoires-construction","8":"product_cat-colle","9":"product_tag-fermacell","10":"product_shipping_class-petit-equipement-outil-eclairage","12":"first","13":"instock","14":"taxable","15":"shipping-taxable","16":"purchasable","17":"product-type-variable"},"yoast_head":"<!-- This site is optimized with the Yoast SEO plugin v27.5 - https:\/\/yoast.com\/product\/yoast-seo-wordpress\/ -->\n<title>Fermacell - Colle pour plaque de sol Greenline<\/title>\n<meta name=\"description\" content=\"Colle ne pr\u00e9sentant aucune nocivit\u00e9 pr\u00e9vue pour l&#039;assemblage des plaques de sol fermacell.\" \/>\n<meta name=\"robots\" content=\"noindex, nofollow\" \/>\n<meta property=\"og:locale\" content=\"fr_FR\" \/>\n<meta property=\"og:type\" content=\"article\" \/>\n<meta property=\"og:title\" content=\"Fermacell - Colle pour plaque de sol Greenline\" \/>\n<meta property=\"og:description\" content=\"Colle ne pr\u00e9sentant aucune nocivit\u00e9 pr\u00e9vue pour l&#039;assemblage des plaques de sol fermacell.\" \/>\n<meta property=\"og:url\" content=\"https:\/\/nature-et-developpement.com\/mndl\/produit\/colle-greenline-pour-plaque-de-sol-fermacell\/\" \/>\n<meta property=\"og:site_name\" content=\"Mat\u00e9riaux Naturels de Lorraine\" \/>\n<meta property=\"article:modified_time\" content=\"2026-03-17T11:00:21+00:00\" \/>\n<meta name=\"twitter:card\" content=\"summary_large_image\" \/>\n<meta name=\"twitter:label1\" content=\"Dur\u00e9e de lecture estim\u00e9e\" \/>\n\t<meta name=\"twitter:data1\" content=\"2 minutes\" \/>\n<script type=\"application\/ld+json\" class=\"yoast-schema-graph\">{\"@context\":\"https:\\\/\\\/schema.org\",\"@graph\":[{\"@type\":\"WebPage\",\"@id\":\"https:\\\/\\\/nature-et-developpement.com\\\/mndl\\\/produit\\\/colle-greenline-pour-plaque-de-sol-fermacell\\\/\",\"url\":\"https:\\\/\\\/nature-et-developpement.com\\\/mndl\\\/produit\\\/colle-greenline-pour-plaque-de-sol-fermacell\\\/\",\"name\":\"Fermacell - Colle pour plaque de sol Greenline\",\"isPartOf\":{\"@id\":\"https:\\\/\\\/nature-et-developpement.com\\\/mndl\\\/#website\"},\"primaryImageOfPage\":{\"@id\":\"https:\\\/\\\/nature-et-developpement.com\\\/mndl\\\/produit\\\/colle-greenline-pour-plaque-de-sol-fermacell\\\/#primaryimage\"},\"image\":{\"@id\":\"https:\\\/\\\/nature-et-developpement.com\\\/mndl\\\/produit\\\/colle-greenline-pour-plaque-de-sol-fermacell\\\/#primaryimage\"},\"thumbnailUrl\":\"https:\\\/\\\/nature-et-developpement.com\\\/mndl\\\/wp-content\\\/uploads\\\/Colle-Greenline-pour-plaque-de-sol-fermacell-79225.jpg\",\"datePublished\":\"2024-03-31T22:00:00+00:00\",\"dateModified\":\"2026-03-17T11:00:21+00:00\",\"description\":\"Colle ne pr\u00e9sentant aucune nocivit\u00e9 pr\u00e9vue pour l'assemblage des plaques de sol fermacell.\",\"breadcrumb\":{\"@id\":\"https:\\\/\\\/nature-et-developpement.com\\\/mndl\\\/produit\\\/colle-greenline-pour-plaque-de-sol-fermacell\\\/#breadcrumb\"},\"inLanguage\":\"fr-FR\",\"potentialAction\":[{\"@type\":\"ReadAction\",\"target\":[\"https:\\\/\\\/nature-et-developpement.com\\\/mndl\\\/produit\\\/colle-greenline-pour-plaque-de-sol-fermacell\\\/\"]}]},{\"@type\":\"ImageObject\",\"inLanguage\":\"fr-FR\",\"@id\":\"https:\\\/\\\/nature-et-developpement.com\\\/mndl\\\/produit\\\/colle-greenline-pour-plaque-de-sol-fermacell\\\/#primaryimage\",\"url\":\"https:\\\/\\\/nature-et-developpement.com\\\/mndl\\\/wp-content\\\/uploads\\\/Colle-Greenline-pour-plaque-de-sol-fermacell-79225.jpg\",\"contentUrl\":\"https:\\\/\\\/nature-et-developpement.com\\\/mndl\\\/wp-content\\\/uploads\\\/Colle-Greenline-pour-plaque-de-sol-fermacell-79225.jpg\"},{\"@type\":\"BreadcrumbList\",\"@id\":\"https:\\\/\\\/nature-et-developpement.com\\\/mndl\\\/produit\\\/colle-greenline-pour-plaque-de-sol-fermacell\\\/#breadcrumb\",\"itemListElement\":[{\"@type\":\"ListItem\",\"position\":1,\"name\":\"Accueil\",\"item\":\"https:\\\/\\\/nature-et-developpement.com\\\/mndl\\\/\"},{\"@type\":\"ListItem\",\"position\":2,\"name\":\"Produits\",\"item\":\"https:\\\/\\\/nature-et-developpement.com\\\/mndl\\\/shop\\\/\"},{\"@type\":\"ListItem\",\"position\":3,\"name\":\"Construction, cloison et fen\u00eatres\",\"item\":\"https:\\\/\\\/nature-et-developpement.com\\\/mndl\\\/produits\\\/construction\\\/\"},{\"@type\":\"ListItem\",\"position\":4,\"name\":\"Accessoires construction\",\"item\":\"https:\\\/\\\/nature-et-developpement.com\\\/mndl\\\/produits\\\/construction\\\/accessoires-construction\\\/\"},{\"@type\":\"ListItem\",\"position\":5,\"name\":\"Fermacell &#8211; Colle pour plaque de sol Greenline\"}]},{\"@type\":\"WebSite\",\"@id\":\"https:\\\/\\\/nature-et-developpement.com\\\/mndl\\\/#website\",\"url\":\"https:\\\/\\\/nature-et-developpement.com\\\/mndl\\\/\",\"name\":\"Mat\u00e9riaux Naturels de Lorraine\",\"description\":\"Mat\u00e9riaux Naturels de Lorraine est membre du groupement Nature &amp; D\u00e9veloppement\",\"publisher\":{\"@id\":\"https:\\\/\\\/nature-et-developpement.com\\\/mndl\\\/#organization\"},\"potentialAction\":[{\"@type\":\"SearchAction\",\"target\":{\"@type\":\"EntryPoint\",\"urlTemplate\":\"https:\\\/\\\/nature-et-developpement.com\\\/mndl\\\/?s={search_term_string}\"},\"query-input\":{\"@type\":\"PropertyValueSpecification\",\"valueRequired\":true,\"valueName\":\"search_term_string\"}}],\"inLanguage\":\"fr-FR\"},{\"@type\":\"Organization\",\"@id\":\"https:\\\/\\\/nature-et-developpement.com\\\/mndl\\\/#organization\",\"name\":\"Mat\u00e9riaux Naturels de Lorraine\",\"url\":\"https:\\\/\\\/nature-et-developpement.com\\\/mndl\\\/\",\"logo\":{\"@type\":\"ImageObject\",\"inLanguage\":\"fr-FR\",\"@id\":\"https:\\\/\\\/nature-et-developpement.com\\\/mndl\\\/#\\\/schema\\\/logo\\\/image\\\/\",\"url\":\"https:\\\/\\\/nature-et-developpement.com\\\/mndl\\\/wp-content\\\/uploads\\\/sites\\\/7\\\/2021\\\/09\\\/logo-materiaux-naturels-de-lorraine.png\",\"contentUrl\":\"https:\\\/\\\/nature-et-developpement.com\\\/mndl\\\/wp-content\\\/uploads\\\/sites\\\/7\\\/2021\\\/09\\\/logo-materiaux-naturels-de-lorraine.png\",\"width\":1924,\"height\":1668,\"caption\":\"Mat\u00e9riaux Naturels de Lorraine\"},\"image\":{\"@id\":\"https:\\\/\\\/nature-et-developpement.com\\\/mndl\\\/#\\\/schema\\\/logo\\\/image\\\/\"}}]}<\/script>\n<!-- \/ Yoast SEO plugin. -->","yoast_head_json":{"title":"Fermacell - Colle pour plaque de sol Greenline","description":"Colle ne pr\u00e9sentant aucune nocivit\u00e9 pr\u00e9vue pour l'assemblage des plaques de sol fermacell.","robots":{"index":"noindex","follow":"nofollow"},"og_locale":"fr_FR","og_type":"article","og_title":"Fermacell - Colle pour plaque de sol Greenline","og_description":"Colle ne pr\u00e9sentant aucune nocivit\u00e9 pr\u00e9vue pour l'assemblage des plaques de sol fermacell.","og_url":"https:\/\/nature-et-developpement.com\/mndl\/produit\/colle-greenline-pour-plaque-de-sol-fermacell\/","og_site_name":"Mat\u00e9riaux Naturels de Lorraine","article_modified_time":"2026-03-17T11:00:21+00:00","twitter_card":"summary_large_image","twitter_misc":{"Dur\u00e9e de lecture estim\u00e9e":"2 minutes"},"schema":{"@context":"https:\/\/schema.org","@graph":[{"@type":"WebPage","@id":"https:\/\/nature-et-developpement.com\/mndl\/produit\/colle-greenline-pour-plaque-de-sol-fermacell\/","url":"https:\/\/nature-et-developpement.com\/mndl\/produit\/colle-greenline-pour-plaque-de-sol-fermacell\/","name":"Fermacell - Colle pour plaque de sol Greenline","isPartOf":{"@id":"https:\/\/nature-et-developpement.com\/mndl\/#website"},"primaryImageOfPage":{"@id":"https:\/\/nature-et-developpement.com\/mndl\/produit\/colle-greenline-pour-plaque-de-sol-fermacell\/#primaryimage"},"image":{"@id":"https:\/\/nature-et-developpement.com\/mndl\/produit\/colle-greenline-pour-plaque-de-sol-fermacell\/#primaryimage"},"thumbnailUrl":"https:\/\/nature-et-developpement.com\/mndl\/wp-content\/uploads\/Colle-Greenline-pour-plaque-de-sol-fermacell-79225.jpg","datePublished":"2024-03-31T22:00:00+00:00","dateModified":"2026-03-17T11:00:21+00:00","description":"Colle ne pr\u00e9sentant aucune nocivit\u00e9 pr\u00e9vue pour l'assemblage des plaques de sol fermacell.","breadcrumb":{"@id":"https:\/\/nature-et-developpement.com\/mndl\/produit\/colle-greenline-pour-plaque-de-sol-fermacell\/#breadcrumb"},"inLanguage":"fr-FR","potentialAction":[{"@type":"ReadAction","target":["https:\/\/nature-et-developpement.com\/mndl\/produit\/colle-greenline-pour-plaque-de-sol-fermacell\/"]}]},{"@type":"ImageObject","inLanguage":"fr-FR","@id":"https:\/\/nature-et-developpement.com\/mndl\/produit\/colle-greenline-pour-plaque-de-sol-fermacell\/#primaryimage","url":"https:\/\/nature-et-developpement.com\/mndl\/wp-content\/uploads\/Colle-Greenline-pour-plaque-de-sol-fermacell-79225.jpg","contentUrl":"https:\/\/nature-et-developpement.com\/mndl\/wp-content\/uploads\/Colle-Greenline-pour-plaque-de-sol-fermacell-79225.jpg"},{"@type":"BreadcrumbList","@id":"https:\/\/nature-et-developpement.com\/mndl\/produit\/colle-greenline-pour-plaque-de-sol-fermacell\/#breadcrumb","itemListElement":[{"@type":"ListItem","position":1,"name":"Accueil","item":"https:\/\/nature-et-developpement.com\/mndl\/"},{"@type":"ListItem","position":2,"name":"Produits","item":"https:\/\/nature-et-developpement.com\/mndl\/shop\/"},{"@type":"ListItem","position":3,"name":"Construction, cloison et fen\u00eatres","item":"https:\/\/nature-et-developpement.com\/mndl\/produits\/construction\/"},{"@type":"ListItem","position":4,"name":"Accessoires construction","item":"https:\/\/nature-et-developpement.com\/mndl\/produits\/construction\/accessoires-construction\/"},{"@type":"ListItem","position":5,"name":"Fermacell &#8211; Colle pour plaque de sol Greenline"}]},{"@type":"WebSite","@id":"https:\/\/nature-et-developpement.com\/mndl\/#website","url":"https:\/\/nature-et-developpement.com\/mndl\/","name":"Mat\u00e9riaux Naturels de Lorraine","description":"Mat\u00e9riaux Naturels de Lorraine est membre du groupement Nature &amp; D\u00e9veloppement","publisher":{"@id":"https:\/\/nature-et-developpement.com\/mndl\/#organization"},"potentialAction":[{"@type":"SearchAction","target":{"@type":"EntryPoint","urlTemplate":"https:\/\/nature-et-developpement.com\/mndl\/?s={search_term_string}"},"query-input":{"@type":"PropertyValueSpecification","valueRequired":true,"valueName":"search_term_string"}}],"inLanguage":"fr-FR"},{"@type":"Organization","@id":"https:\/\/nature-et-developpement.com\/mndl\/#organization","name":"Mat\u00e9riaux Naturels de Lorraine","url":"https:\/\/nature-et-developpement.com\/mndl\/","logo":{"@type":"ImageObject","inLanguage":"fr-FR","@id":"https:\/\/nature-et-developpement.com\/mndl\/#\/schema\/logo\/image\/","url":"https:\/\/nature-et-developpement.com\/mndl\/wp-content\/uploads\/sites\/7\/2021\/09\/logo-materiaux-naturels-de-lorraine.png","contentUrl":"https:\/\/nature-et-developpement.com\/mndl\/wp-content\/uploads\/sites\/7\/2021\/09\/logo-materiaux-naturels-de-lorraine.png","width":1924,"height":1668,"caption":"Mat\u00e9riaux Naturels de Lorraine"},"image":{"@id":"https:\/\/nature-et-developpement.com\/mndl\/#\/schema\/logo\/image\/"}}]}},"distributor_meta":false,"distributor_terms":false,"distributor_media":false,"distributor_original_site_name":"Mat\u00e9riaux Naturels de Lorraine","distributor_original_site_url":"https:\/\/nature-et-developpement.com\/mndl","push-errors":false,"_links":{"self":[{"href":"https:\/\/nature-et-developpement.com\/mndl\/wp-json\/wp\/v2\/product\/3814","targetHints":{"allow":["GET"]}}],"collection":[{"href":"https:\/\/nature-et-developpement.com\/mndl\/wp-json\/wp\/v2\/product"}],"about":[{"href":"https:\/\/nature-et-developpement.com\/mndl\/wp-json\/wp\/v2\/types\/product"}],"wp:featuredmedia":[{"embeddable":true,"href":"https:\/\/nature-et-developpement.com\/mndl\/wp-json\/"}],"wp:attachment":[{"href":"https:\/\/nature-et-developpement.com\/mndl\/wp-json\/wp\/v2\/media?parent=3814"}],"wp:term":[{"taxonomy":"product_brand","embeddable":true,"href":"https:\/\/nature-et-developpement.com\/mndl\/wp-json\/wp\/v2\/product_brand?post=3814"},{"taxonomy":"product_cat","embeddable":true,"href":"https:\/\/nature-et-developpement.com\/mndl\/wp-json\/wp\/v2\/product_cat?post=3814"},{"taxonomy":"product_tag","embeddable":true,"href":"https:\/\/nature-et-developpement.com\/mndl\/wp-json\/wp\/v2\/product_tag?post=3814"}],"curies":[{"name":"wp","href":"https:\/\/api.w.org\/{rel}","templated":true}]}}