{"id":1296,"date":"2017-01-01T00:00:00","date_gmt":"2016-12-31T23:00:00","guid":{"rendered":"https:\/\/nature-et-developpement.com\/ned-perpignan\/produit\/encastre-led-extra-plat-4w5-pour-veranda-gamme-carbone\/"},"modified":"2026-03-06T14:39:19","modified_gmt":"2026-03-06T13:39:19","slug":"encastre-led-extra-plat-4w5-pour-veranda-gamme-carbone","status":"publish","type":"product","link":"https:\/\/nature-et-developpement.com\/ned-perpignan\/produit\/encastre-led-extra-plat-4w5-pour-veranda-gamme-carbone\/","title":{"rendered":"LED encastrable extra-plat 4,5W pour v\u00e9randa gamme CARBONE"},"content":{"rendered":"<h2>Eclairage v\u00e9randa<\/h2>\n<p>L&rsquo;encastr\u00e9 extra-plat CARBONE est petit, mais n\u00e9anmoins tr\u00e8s puissant.<\/p>\n<p>Son flux sortant &gt; \u00e0 450lm en IRC90 en fait un alli\u00e9 pr\u00e9cieux pour toutes les situations n\u00e9cessitant des produits de dimensions r\u00e9duites :<\/p>\n<p>Vous avez tr\u00e8s peu de hauteur dans votre faux plafond ? l&rsquo;encastr\u00e9 CARBONE n&rsquo;a besoin que de 20mm d&rsquo;espace.<\/p>\n<p>Alors profitez d&rsquo;un \u00e9clairage encastr\u00e9 efficace, m\u00eame si vous avez tr\u00e8s peu de place dans vos plafonds.<\/p>\n<p>En version 40\u00b0, vous pouvez l&rsquo;utiliser dans des plafonds \u00e0 2,5m ou moins.<\/p>\n<p>Egalement dans des niches tr\u00e8s hautes (&gt; 1m), dans des tablettes de salle de bain.<\/p>\n<p>Notez que son \u00d8 d&rsquo;encastrement de 52mm correspond au per\u00e7age de certains anciens spots halog\u00e8nes extra-plats int\u00e9gr\u00e9s dans des meubles de salle de bain.<\/p>\n<p>Il est donc possible de basculer votre installation en LED facilement lorsque c&rsquo;est le cas.<\/p>\n<p>Il se d\u00e9cline dans 4 coloris diff\u00e9rents : blanc, alu, noir ou dor\u00e9 et dans 2 temp\u00e9ratures de couleur 3000K et 4000K.<\/p>\n<p>Il est possible de personnaliser un coloris RAL sp\u00e9cifique sur simple demande pour la gamme des encastr\u00e9s CARBONE<\/p>\n<p>Pr\u00e9voir une alimentation courant continu 500mA pour plusieurs spots c\u00e2bl\u00e9s en s\u00e9rie.<\/p>\n<h3><strong>En pratique<\/strong><\/h3>\n<p>Vous \u00e9tiez habitu\u00e9 \u00e0 remplacer des lampes en maintenance.<\/p>\n<p>Avec la dur\u00e9e de vie vraiment importante des leds, c\u2019est plut\u00f4t les alimentations qui se remplacent en maintenance.<\/p>\n<p>Associer les alimentations aux spots implique que vous allez devoir jeter un ensemble alors que la LED est sans doute encore fonctionnelle, mais votre alimentation a rendu l\u2019\u00e2me.<\/p>\n<p>Second probl\u00e8me, une LED \u00e7a chauffe. M\u00eame si c\u2019est moins que les ampoules incandescentes.<\/p>\n<p>La chaleur se propage dans le spot et sur l\u2019alimentation.<\/p>\n<p>Hors, qu\u2019est-ce qui, selon vous, r\u00e9duit la dur\u00e9e de vie d\u2019une alimentation\u00a0? Et oui, la chaleur\u00a0!<\/p>\n<p>Et dernier probl\u00e8me mais pas le moindre : le rayonnement \u00e9lectromagn\u00e9tique des alimentations.<\/p>\n<p>Toutes ces alimentations, enferm\u00e9es dans vos spots, rayonnent gaiement au- dessus de vos t\u00eates.<\/p>\n<p>Surtout lorsque vous\u00a0 faites de la variation.<\/p>\n<p>Il vaut donc mieux avoir 1 seule alimentation qui rayonne loin de vous, dans votre garage par exemple.<\/p>\n<p>Elle sera beaucoup mieux ventil\u00e9e qu\u2019enferm\u00e9e dans un spot, et durera beaucoup plus longtemps.<\/p>\n<h4>Une seule alimentation<\/h4>\n<p>C\u2019est \u00e9galement moins de composants \u00e9lectroniques utilis\u00e9s et globalement moins de rayonnement.<\/p>\n<p>Il suffit ensuite de remplacer la LED dans votre spot une fois tous les 20-30 ans (suivant la dur\u00e9e d\u2019utilisation journali\u00e8re du luminaire).<\/p>\n<p>Tout cela est beaucoup plus \u00e9colo qu\u2019un spot LED direct 230V implant\u00e9 sous un isolant, dont la dur\u00e9e de vie sera r\u00e9duite, et dont tous les composants seront jet\u00e9s \u00e0 chaque renouv\u00e8lement de produit&#8230;<\/p>\n<p>Pour montants m\u00e9talliques v\u00e9randa en version 6W (pilotage 700mA).<\/p>\n","protected":false},"excerpt":{"rendered":"<p>Spot encastr\u00e9 sp\u00e9cial v\u00e9randa,\u00a0existe\u00a0en\u00a03 angles d\u2019ouverture 30\u00b0, 40\u00b0 ou 70\u00b0<br \/>\nDe tr\u00e8s faible hauteur et avec un d\u00e9gagement de chaleur minimal.<br \/>\nLe c\u00e2blage se fait en s\u00e9rie, le pilotage par l\u2019interm\u00e9diaire de bo\u00eetiers de commande pr\u00e9-c\u00e2bl\u00e9s.<\/p>\n<p><img loading=\"lazy\" decoding=\"async\" class=\"alignnone size-full wp-image-158959\" src=\"https:\/\/nature-et-developpement.com\/wp-content\/uploads\/100-reparable-FD-Eclairage.jpg\" alt=\"\" width=\"100\" height=\"100\" \/><\/p>\n","protected":false},"featured_media":1000000158839,"template":"","meta":[],"product_brand":[145],"product_cat":[107],"product_tag":[2946],"class_list":{"0":"post-1296","1":"product","2":"type-product","3":"status-publish","4":"has-post-thumbnail","6":"product_brand-fd-eclairage","7":"product_cat-eclairage","8":"product_tag-spot-led","9":"product_shipping_class-petit-equipement-outil-eclairage","11":"first","12":"instock","13":"taxable","14":"shipping-taxable","15":"purchasable","16":"product-type-variable"},"yoast_head":"<!-- This site is optimized with the Yoast SEO plugin v27.5 - https:\/\/yoast.com\/product\/yoast-seo-wordpress\/ -->\n<title>LED encastrable extra-plat 4,5W pour v\u00e9randa gamme CARBONE - Nature et D\u00e9veloppement Perpignan<\/title>\n<meta name=\"robots\" content=\"noindex, nofollow\" \/>\n<meta property=\"og:locale\" content=\"fr_FR\" \/>\n<meta property=\"og:type\" content=\"article\" \/>\n<meta property=\"og:title\" content=\"LED encastrable extra-plat 4,5W pour v\u00e9randa gamme CARBONE - Nature et D\u00e9veloppement Perpignan\" \/>\n<meta property=\"og:description\" content=\"Spot encastr\u00e9 sp\u00e9cial v\u00e9randa,\u00a0existe\u00a0en\u00a03 angles d\u2019ouverture 30\u00b0, 40\u00b0 ou 70\u00b0 De tr\u00e8s faible hauteur et avec un d\u00e9gagement de chaleur minimal. Le c\u00e2blage se fait en s\u00e9rie, le pilotage par l\u2019interm\u00e9diaire de bo\u00eetiers de commande pr\u00e9-c\u00e2bl\u00e9s.\" \/>\n<meta property=\"og:url\" content=\"https:\/\/nature-et-developpement.com\/ned-perpignan\/produit\/encastre-led-extra-plat-4w5-pour-veranda-gamme-carbone\/\" \/>\n<meta property=\"og:site_name\" content=\"Nature et D\u00e9veloppement Perpignan\" \/>\n<meta property=\"article:modified_time\" content=\"2026-03-06T13:39:19+00:00\" \/>\n<meta name=\"twitter:card\" content=\"summary_large_image\" \/>\n<meta name=\"twitter:label1\" content=\"Dur\u00e9e de lecture estim\u00e9e\" \/>\n\t<meta name=\"twitter:data1\" content=\"2 minutes\" \/>\n<script type=\"application\/ld+json\" class=\"yoast-schema-graph\">{\"@context\":\"https:\\\/\\\/schema.org\",\"@graph\":[{\"@type\":\"WebPage\",\"@id\":\"https:\\\/\\\/nature-et-developpement.com\\\/ned-perpignan\\\/produit\\\/encastre-led-extra-plat-4w5-pour-veranda-gamme-carbone\\\/\",\"url\":\"https:\\\/\\\/nature-et-developpement.com\\\/ned-perpignan\\\/produit\\\/encastre-led-extra-plat-4w5-pour-veranda-gamme-carbone\\\/\",\"name\":\"LED encastrable extra-plat 4,5W pour v\u00e9randa gamme CARBONE - Nature et D\u00e9veloppement Perpignan\",\"isPartOf\":{\"@id\":\"https:\\\/\\\/nature-et-developpement.com\\\/ned-perpignan\\\/#website\"},\"primaryImageOfPage\":{\"@id\":\"https:\\\/\\\/nature-et-developpement.com\\\/ned-perpignan\\\/produit\\\/encastre-led-extra-plat-4w5-pour-veranda-gamme-carbone\\\/#primaryimage\"},\"image\":{\"@id\":\"https:\\\/\\\/nature-et-developpement.com\\\/ned-perpignan\\\/produit\\\/encastre-led-extra-plat-4w5-pour-veranda-gamme-carbone\\\/#primaryimage\"},\"thumbnailUrl\":\"https:\\\/\\\/nature-et-developpement.com\\\/ned-perpignan\\\/wp-content\\\/uploads\\\/4W5-SPOT-ENCASTRE-CARBONE-40.jpg\",\"datePublished\":\"2016-12-31T23:00:00+00:00\",\"dateModified\":\"2026-03-06T13:39:19+00:00\",\"breadcrumb\":{\"@id\":\"https:\\\/\\\/nature-et-developpement.com\\\/ned-perpignan\\\/produit\\\/encastre-led-extra-plat-4w5-pour-veranda-gamme-carbone\\\/#breadcrumb\"},\"inLanguage\":\"fr-FR\",\"potentialAction\":[{\"@type\":\"ReadAction\",\"target\":[\"https:\\\/\\\/nature-et-developpement.com\\\/ned-perpignan\\\/produit\\\/encastre-led-extra-plat-4w5-pour-veranda-gamme-carbone\\\/\"]}]},{\"@type\":\"ImageObject\",\"inLanguage\":\"fr-FR\",\"@id\":\"https:\\\/\\\/nature-et-developpement.com\\\/ned-perpignan\\\/produit\\\/encastre-led-extra-plat-4w5-pour-veranda-gamme-carbone\\\/#primaryimage\",\"url\":\"https:\\\/\\\/nature-et-developpement.com\\\/ned-perpignan\\\/wp-content\\\/uploads\\\/4W5-SPOT-ENCASTRE-CARBONE-40.jpg\",\"contentUrl\":\"https:\\\/\\\/nature-et-developpement.com\\\/ned-perpignan\\\/wp-content\\\/uploads\\\/4W5-SPOT-ENCASTRE-CARBONE-40.jpg\"},{\"@type\":\"BreadcrumbList\",\"@id\":\"https:\\\/\\\/nature-et-developpement.com\\\/ned-perpignan\\\/produit\\\/encastre-led-extra-plat-4w5-pour-veranda-gamme-carbone\\\/#breadcrumb\",\"itemListElement\":[{\"@type\":\"ListItem\",\"position\":1,\"name\":\"Accueil\",\"item\":\"https:\\\/\\\/nature-et-developpement.com\\\/ned-perpignan\\\/\"},{\"@type\":\"ListItem\",\"position\":2,\"name\":\"Boutique\",\"item\":\"https:\\\/\\\/nature-et-developpement.com\\\/ned-perpignan\\\/boutique\\\/\"},{\"@type\":\"ListItem\",\"position\":3,\"name\":\"Chauffage, eau et \u00e9nergie\",\"item\":\"https:\\\/\\\/nature-et-developpement.com\\\/ned-perpignan\\\/produits\\\/energie-et-ventilation\\\/\"},{\"@type\":\"ListItem\",\"position\":4,\"name\":\"Lampe, lumi\u00e8re, \u00e9clairage LED et puit de lumi\u00e8re\",\"item\":\"https:\\\/\\\/nature-et-developpement.com\\\/ned-perpignan\\\/produits\\\/energie-et-ventilation\\\/eclairage\\\/\"},{\"@type\":\"ListItem\",\"position\":5,\"name\":\"LED encastrable extra-plat 4,5W pour v\u00e9randa gamme CARBONE\"}]},{\"@type\":\"WebSite\",\"@id\":\"https:\\\/\\\/nature-et-developpement.com\\\/ned-perpignan\\\/#website\",\"url\":\"https:\\\/\\\/nature-et-developpement.com\\\/ned-perpignan\\\/\",\"name\":\"Nature et D\u00e9veloppement Perpignan\",\"description\":\"Solutions, mat\u00e9riaux et d\u00e9coration \u00e9co-responsables pour les pros et les particuliers.\",\"potentialAction\":[{\"@type\":\"SearchAction\",\"target\":{\"@type\":\"EntryPoint\",\"urlTemplate\":\"https:\\\/\\\/nature-et-developpement.com\\\/ned-perpignan\\\/?s={search_term_string}\"},\"query-input\":{\"@type\":\"PropertyValueSpecification\",\"valueRequired\":true,\"valueName\":\"search_term_string\"}}],\"inLanguage\":\"fr-FR\"}]}<\/script>\n<!-- \/ Yoast SEO plugin. -->","yoast_head_json":{"title":"LED encastrable extra-plat 4,5W pour v\u00e9randa gamme CARBONE - Nature et D\u00e9veloppement Perpignan","robots":{"index":"noindex","follow":"nofollow"},"og_locale":"fr_FR","og_type":"article","og_title":"LED encastrable extra-plat 4,5W pour v\u00e9randa gamme CARBONE - Nature et D\u00e9veloppement Perpignan","og_description":"Spot encastr\u00e9 sp\u00e9cial v\u00e9randa,\u00a0existe\u00a0en\u00a03 angles d\u2019ouverture 30\u00b0, 40\u00b0 ou 70\u00b0 De tr\u00e8s faible hauteur et avec un d\u00e9gagement de chaleur minimal. Le c\u00e2blage se fait en s\u00e9rie, le pilotage par l\u2019interm\u00e9diaire de bo\u00eetiers de commande pr\u00e9-c\u00e2bl\u00e9s.","og_url":"https:\/\/nature-et-developpement.com\/ned-perpignan\/produit\/encastre-led-extra-plat-4w5-pour-veranda-gamme-carbone\/","og_site_name":"Nature et D\u00e9veloppement Perpignan","article_modified_time":"2026-03-06T13:39:19+00:00","twitter_card":"summary_large_image","twitter_misc":{"Dur\u00e9e de lecture estim\u00e9e":"2 minutes"},"schema":{"@context":"https:\/\/schema.org","@graph":[{"@type":"WebPage","@id":"https:\/\/nature-et-developpement.com\/ned-perpignan\/produit\/encastre-led-extra-plat-4w5-pour-veranda-gamme-carbone\/","url":"https:\/\/nature-et-developpement.com\/ned-perpignan\/produit\/encastre-led-extra-plat-4w5-pour-veranda-gamme-carbone\/","name":"LED encastrable extra-plat 4,5W pour v\u00e9randa gamme CARBONE - Nature et D\u00e9veloppement Perpignan","isPartOf":{"@id":"https:\/\/nature-et-developpement.com\/ned-perpignan\/#website"},"primaryImageOfPage":{"@id":"https:\/\/nature-et-developpement.com\/ned-perpignan\/produit\/encastre-led-extra-plat-4w5-pour-veranda-gamme-carbone\/#primaryimage"},"image":{"@id":"https:\/\/nature-et-developpement.com\/ned-perpignan\/produit\/encastre-led-extra-plat-4w5-pour-veranda-gamme-carbone\/#primaryimage"},"thumbnailUrl":"https:\/\/nature-et-developpement.com\/ned-perpignan\/wp-content\/uploads\/4W5-SPOT-ENCASTRE-CARBONE-40.jpg","datePublished":"2016-12-31T23:00:00+00:00","dateModified":"2026-03-06T13:39:19+00:00","breadcrumb":{"@id":"https:\/\/nature-et-developpement.com\/ned-perpignan\/produit\/encastre-led-extra-plat-4w5-pour-veranda-gamme-carbone\/#breadcrumb"},"inLanguage":"fr-FR","potentialAction":[{"@type":"ReadAction","target":["https:\/\/nature-et-developpement.com\/ned-perpignan\/produit\/encastre-led-extra-plat-4w5-pour-veranda-gamme-carbone\/"]}]},{"@type":"ImageObject","inLanguage":"fr-FR","@id":"https:\/\/nature-et-developpement.com\/ned-perpignan\/produit\/encastre-led-extra-plat-4w5-pour-veranda-gamme-carbone\/#primaryimage","url":"https:\/\/nature-et-developpement.com\/ned-perpignan\/wp-content\/uploads\/4W5-SPOT-ENCASTRE-CARBONE-40.jpg","contentUrl":"https:\/\/nature-et-developpement.com\/ned-perpignan\/wp-content\/uploads\/4W5-SPOT-ENCASTRE-CARBONE-40.jpg"},{"@type":"BreadcrumbList","@id":"https:\/\/nature-et-developpement.com\/ned-perpignan\/produit\/encastre-led-extra-plat-4w5-pour-veranda-gamme-carbone\/#breadcrumb","itemListElement":[{"@type":"ListItem","position":1,"name":"Accueil","item":"https:\/\/nature-et-developpement.com\/ned-perpignan\/"},{"@type":"ListItem","position":2,"name":"Boutique","item":"https:\/\/nature-et-developpement.com\/ned-perpignan\/boutique\/"},{"@type":"ListItem","position":3,"name":"Chauffage, eau et \u00e9nergie","item":"https:\/\/nature-et-developpement.com\/ned-perpignan\/produits\/energie-et-ventilation\/"},{"@type":"ListItem","position":4,"name":"Lampe, lumi\u00e8re, \u00e9clairage LED et puit de lumi\u00e8re","item":"https:\/\/nature-et-developpement.com\/ned-perpignan\/produits\/energie-et-ventilation\/eclairage\/"},{"@type":"ListItem","position":5,"name":"LED encastrable extra-plat 4,5W pour v\u00e9randa gamme CARBONE"}]},{"@type":"WebSite","@id":"https:\/\/nature-et-developpement.com\/ned-perpignan\/#website","url":"https:\/\/nature-et-developpement.com\/ned-perpignan\/","name":"Nature et D\u00e9veloppement Perpignan","description":"Solutions, mat\u00e9riaux et d\u00e9coration \u00e9co-responsables pour les pros et les particuliers.","potentialAction":[{"@type":"SearchAction","target":{"@type":"EntryPoint","urlTemplate":"https:\/\/nature-et-developpement.com\/ned-perpignan\/?s={search_term_string}"},"query-input":{"@type":"PropertyValueSpecification","valueRequired":true,"valueName":"search_term_string"}}],"inLanguage":"fr-FR"}]}},"distributor_meta":false,"distributor_terms":false,"distributor_media":false,"distributor_original_site_name":"Nature et D\u00e9veloppement Perpignan","distributor_original_site_url":"https:\/\/nature-et-developpement.com\/ned-perpignan","push-errors":false,"_links":{"self":[{"href":"https:\/\/nature-et-developpement.com\/ned-perpignan\/wp-json\/wp\/v2\/product\/1296","targetHints":{"allow":["GET"]}}],"collection":[{"href":"https:\/\/nature-et-developpement.com\/ned-perpignan\/wp-json\/wp\/v2\/product"}],"about":[{"href":"https:\/\/nature-et-developpement.com\/ned-perpignan\/wp-json\/wp\/v2\/types\/product"}],"wp:featuredmedia":[{"embeddable":true,"href":"https:\/\/nature-et-developpement.com\/ned-perpignan\/wp-json\/"}],"wp:attachment":[{"href":"https:\/\/nature-et-developpement.com\/ned-perpignan\/wp-json\/wp\/v2\/media?parent=1296"}],"wp:term":[{"taxonomy":"product_brand","embeddable":true,"href":"https:\/\/nature-et-developpement.com\/ned-perpignan\/wp-json\/wp\/v2\/product_brand?post=1296"},{"taxonomy":"product_cat","embeddable":true,"href":"https:\/\/nature-et-developpement.com\/ned-perpignan\/wp-json\/wp\/v2\/product_cat?post=1296"},{"taxonomy":"product_tag","embeddable":true,"href":"https:\/\/nature-et-developpement.com\/ned-perpignan\/wp-json\/wp\/v2\/product_tag?post=1296"}],"curies":[{"name":"wp","href":"https:\/\/api.w.org\/{rel}","templated":true}]}}