{"id":13262,"date":"2023-11-01T14:14:34","date_gmt":"2023-11-01T13:14:34","guid":{"rendered":"https:\/\/nature-et-developpement.com\/ned-perpignan\/produit\/pare-pluie-toiture-avec-separation-3d-solitx-um-connect-pro-clima\/"},"modified":"2026-03-25T01:26:16","modified_gmt":"2026-03-25T00:26:16","slug":"pare-pluie-toiture-avec-separation-3d-solitx-um-connect-pro-clima","status":"publish","type":"product","link":"https:\/\/nature-et-developpement.com\/ned-perpignan\/produit\/pare-pluie-toiture-avec-separation-3d-solitx-um-connect-pro-clima\/","title":{"rendered":"Pare-pluie toiture avec s\u00e9paration 3D et ruban adh\u00e9sif SOLITEX UM connect Pro Clima"},"content":{"rendered":"<h3>Avantages<\/h3>\n<ul>\n<li>R\u00e9sistance au vieillissement et thermostabilit\u00e9 maximales, gr\u00e2ce au film TEEE<\/li>\n<li>S\u00e9chage s\u00fbr : hautement perm\u00e9able \u00e0 la diffusion (s<sub>d<\/sub>\u00a0= 0,05 m)<\/li>\n<li>Prot\u00e8ge contre la corrosion et garantit une insonorisation accrue gr\u00e2ce \u00e0 la couche de s\u00e9paration 3D<\/li>\n<li>Parois s\u00e8ches gr\u00e2ce au film TEEE non-poreux et r\u00e9sistant \u00e0 la pluie battante<\/li>\n<li>Exposition aux intemp\u00e9ries possible pendant jusqu&rsquo;\u00e0 trois mois<\/li>\n<li>Collage rapide et fiable gr\u00e2ce aux zones autocollantes connect int\u00e9gr\u00e9es dans le sens longitudinal des \u00e9crans<\/li>\n<\/ul>\n<h3>Domaine d&rsquo;utilisation<\/h3>\n<p>\u00c0 utiliser comme \u00e9cran de sous-toiture ou de fa\u00e7ade dans des parois ventil\u00e9es et non-ventil\u00e9es en combinaison avec tous les mat\u00e9riaux de toiture et de fa\u00e7ade comme le zinc titane, l\u2019aluminium, l\u2019acier fin, l\u2019acier galvanis\u00e9, le cuivre, etc.<br \/>\nLes fibres li\u00e9es-fil\u00e9es augmentent la s\u00e9curit\u00e9 de la paroi et sont donc recommand\u00e9es par les grands fabricants de toitures m\u00e9talliques. La couche de s\u00e9paration 3D en fibres de PP li\u00e9es- fil\u00e9es, d\u2019une \u00e9paisseur de 8 mm, prot\u00e8ge la couverture m\u00e9tallique de l\u2019humidit\u00e9 stagnante et att\u00e9nue les bruits de pluie et de gr\u00eale.<\/p>\n","protected":false},"excerpt":{"rendered":"<p>\u00c0 utiliser comme \u00e9cran de sous-toiture ou de fa\u00e7ade dans des parois ventil\u00e9es et non-ventil\u00e9es en combinaison avec tous les mat\u00e9riaux de toiture et de fa\u00e7ade comme le zinc titane, l\u2019aluminium, l\u2019acier fin, l\u2019acier galvanis\u00e9, le cuivre, etc.<\/p>\n<p><em>Format: 1,50m de large X 25m de long soit 37,50m\u00b2<\/em><\/p>\n","protected":false},"featured_media":1000000166781,"template":"","meta":[],"product_brand":[176],"product_cat":[2671],"product_tag":[2683],"class_list":{"0":"post-13262","1":"product","2":"type-product","3":"status-publish","4":"has-post-thumbnail","6":"product_brand-proclima","7":"product_cat-pare-pluie","8":"product_tag-pro-clima","9":"product_shipping_class-petit-equipement-outil-eclairage","11":"first","12":"instock","13":"taxable","14":"shipping-taxable","15":"purchasable","16":"product-type-simple"},"yoast_head":"<!-- This site is optimized with the Yoast SEO plugin v27.5 - https:\/\/yoast.com\/product\/yoast-seo-wordpress\/ -->\n<title>Pare-pluie toiture 3D et ruban adh\u00e9sif SOLITX UM connect Pro clima<\/title>\n<meta name=\"robots\" content=\"noindex, nofollow\" \/>\n<meta property=\"og:locale\" content=\"fr_FR\" \/>\n<meta property=\"og:type\" content=\"article\" \/>\n<meta property=\"og:title\" content=\"Pare-pluie toiture 3D et ruban adh\u00e9sif SOLITX UM connect Pro clima\" \/>\n<meta property=\"og:description\" content=\"\u00c0 utiliser comme \u00e9cran de sous-toiture ou de fa\u00e7ade dans des parois ventil\u00e9es et non-ventil\u00e9es en combinaison avec tous les mat\u00e9riaux de toiture et de fa\u00e7ade comme le zinc titane, l\u2019aluminium, l\u2019acier fin, l\u2019acier galvanis\u00e9, le cuivre, etc.  Format: 1,50m de large X 25m de long soit 37,50m\u00b2\" \/>\n<meta property=\"og:url\" content=\"https:\/\/nature-et-developpement.com\/ned-perpignan\/produit\/pare-pluie-toiture-avec-separation-3d-solitx-um-connect-pro-clima\/\" \/>\n<meta property=\"og:site_name\" content=\"Nature et D\u00e9veloppement Perpignan\" \/>\n<meta property=\"article:modified_time\" content=\"2026-03-25T00:26:16+00:00\" \/>\n<meta name=\"twitter:card\" content=\"summary_large_image\" \/>\n<meta name=\"twitter:label1\" content=\"Dur\u00e9e de lecture estim\u00e9e\" \/>\n\t<meta name=\"twitter:data1\" content=\"1 minute\" \/>\n<script type=\"application\/ld+json\" class=\"yoast-schema-graph\">{\"@context\":\"https:\\\/\\\/schema.org\",\"@graph\":[{\"@type\":\"WebPage\",\"@id\":\"https:\\\/\\\/nature-et-developpement.com\\\/ned-perpignan\\\/produit\\\/pare-pluie-toiture-avec-separation-3d-solitx-um-connect-pro-clima\\\/\",\"url\":\"https:\\\/\\\/nature-et-developpement.com\\\/ned-perpignan\\\/produit\\\/pare-pluie-toiture-avec-separation-3d-solitx-um-connect-pro-clima\\\/\",\"name\":\"Pare-pluie toiture 3D et ruban adh\u00e9sif SOLITX UM connect Pro clima\",\"isPartOf\":{\"@id\":\"https:\\\/\\\/nature-et-developpement.com\\\/ned-perpignan\\\/#website\"},\"primaryImageOfPage\":{\"@id\":\"https:\\\/\\\/nature-et-developpement.com\\\/ned-perpignan\\\/produit\\\/pare-pluie-toiture-avec-separation-3d-solitx-um-connect-pro-clima\\\/#primaryimage\"},\"image\":{\"@id\":\"https:\\\/\\\/nature-et-developpement.com\\\/ned-perpignan\\\/produit\\\/pare-pluie-toiture-avec-separation-3d-solitx-um-connect-pro-clima\\\/#primaryimage\"},\"thumbnailUrl\":\"https:\\\/\\\/nature-et-developpement.com\\\/ned-perpignan\\\/wp-content\\\/uploads\\\/Ecran-de-sous-toiture-avec-separation-3D-SOLITX-UM-connect-Pro-clima.jpg\",\"datePublished\":\"2023-11-01T13:14:34+00:00\",\"dateModified\":\"2026-03-25T00:26:16+00:00\",\"breadcrumb\":{\"@id\":\"https:\\\/\\\/nature-et-developpement.com\\\/ned-perpignan\\\/produit\\\/pare-pluie-toiture-avec-separation-3d-solitx-um-connect-pro-clima\\\/#breadcrumb\"},\"inLanguage\":\"fr-FR\",\"potentialAction\":[{\"@type\":\"ReadAction\",\"target\":[\"https:\\\/\\\/nature-et-developpement.com\\\/ned-perpignan\\\/produit\\\/pare-pluie-toiture-avec-separation-3d-solitx-um-connect-pro-clima\\\/\"]}]},{\"@type\":\"ImageObject\",\"inLanguage\":\"fr-FR\",\"@id\":\"https:\\\/\\\/nature-et-developpement.com\\\/ned-perpignan\\\/produit\\\/pare-pluie-toiture-avec-separation-3d-solitx-um-connect-pro-clima\\\/#primaryimage\",\"url\":\"https:\\\/\\\/nature-et-developpement.com\\\/ned-perpignan\\\/wp-content\\\/uploads\\\/Ecran-de-sous-toiture-avec-separation-3D-SOLITX-UM-connect-Pro-clima.jpg\",\"contentUrl\":\"https:\\\/\\\/nature-et-developpement.com\\\/ned-perpignan\\\/wp-content\\\/uploads\\\/Ecran-de-sous-toiture-avec-separation-3D-SOLITX-UM-connect-Pro-clima.jpg\"},{\"@type\":\"BreadcrumbList\",\"@id\":\"https:\\\/\\\/nature-et-developpement.com\\\/ned-perpignan\\\/produit\\\/pare-pluie-toiture-avec-separation-3d-solitx-um-connect-pro-clima\\\/#breadcrumb\",\"itemListElement\":[{\"@type\":\"ListItem\",\"position\":1,\"name\":\"Accueil\",\"item\":\"https:\\\/\\\/nature-et-developpement.com\\\/ned-perpignan\\\/\"},{\"@type\":\"ListItem\",\"position\":2,\"name\":\"Boutique\",\"item\":\"https:\\\/\\\/nature-et-developpement.com\\\/ned-perpignan\\\/boutique\\\/\"},{\"@type\":\"ListItem\",\"position\":3,\"name\":\"Isolation et \u00e9tanch\u00e9it\u00e9\",\"item\":\"https:\\\/\\\/nature-et-developpement.com\\\/ned-perpignan\\\/produits\\\/isolation-et-etancheite\\\/\"},{\"@type\":\"ListItem\",\"position\":4,\"name\":\"Pare pluie\",\"item\":\"https:\\\/\\\/nature-et-developpement.com\\\/ned-perpignan\\\/produits\\\/isolation-et-etancheite\\\/pare-pluie\\\/\"},{\"@type\":\"ListItem\",\"position\":5,\"name\":\"Pare-pluie toiture avec s\u00e9paration 3D et ruban adh\u00e9sif SOLITEX UM connect Pro Clima\"}]},{\"@type\":\"WebSite\",\"@id\":\"https:\\\/\\\/nature-et-developpement.com\\\/ned-perpignan\\\/#website\",\"url\":\"https:\\\/\\\/nature-et-developpement.com\\\/ned-perpignan\\\/\",\"name\":\"Nature et D\u00e9veloppement Perpignan\",\"description\":\"Solutions, mat\u00e9riaux et d\u00e9coration \u00e9co-responsables pour les pros et les particuliers.\",\"potentialAction\":[{\"@type\":\"SearchAction\",\"target\":{\"@type\":\"EntryPoint\",\"urlTemplate\":\"https:\\\/\\\/nature-et-developpement.com\\\/ned-perpignan\\\/?s={search_term_string}\"},\"query-input\":{\"@type\":\"PropertyValueSpecification\",\"valueRequired\":true,\"valueName\":\"search_term_string\"}}],\"inLanguage\":\"fr-FR\"}]}<\/script>\n<!-- \/ Yoast SEO plugin. -->","yoast_head_json":{"title":"Pare-pluie toiture 3D et ruban adh\u00e9sif SOLITX UM connect Pro clima","robots":{"index":"noindex","follow":"nofollow"},"og_locale":"fr_FR","og_type":"article","og_title":"Pare-pluie toiture 3D et ruban adh\u00e9sif SOLITX UM connect Pro clima","og_description":"\u00c0 utiliser comme \u00e9cran de sous-toiture ou de fa\u00e7ade dans des parois ventil\u00e9es et non-ventil\u00e9es en combinaison avec tous les mat\u00e9riaux de toiture et de fa\u00e7ade comme le zinc titane, l\u2019aluminium, l\u2019acier fin, l\u2019acier galvanis\u00e9, le cuivre, etc.  Format: 1,50m de large X 25m de long soit 37,50m\u00b2","og_url":"https:\/\/nature-et-developpement.com\/ned-perpignan\/produit\/pare-pluie-toiture-avec-separation-3d-solitx-um-connect-pro-clima\/","og_site_name":"Nature et D\u00e9veloppement Perpignan","article_modified_time":"2026-03-25T00:26:16+00:00","twitter_card":"summary_large_image","twitter_misc":{"Dur\u00e9e de lecture estim\u00e9e":"1 minute"},"schema":{"@context":"https:\/\/schema.org","@graph":[{"@type":"WebPage","@id":"https:\/\/nature-et-developpement.com\/ned-perpignan\/produit\/pare-pluie-toiture-avec-separation-3d-solitx-um-connect-pro-clima\/","url":"https:\/\/nature-et-developpement.com\/ned-perpignan\/produit\/pare-pluie-toiture-avec-separation-3d-solitx-um-connect-pro-clima\/","name":"Pare-pluie toiture 3D et ruban adh\u00e9sif SOLITX UM connect Pro clima","isPartOf":{"@id":"https:\/\/nature-et-developpement.com\/ned-perpignan\/#website"},"primaryImageOfPage":{"@id":"https:\/\/nature-et-developpement.com\/ned-perpignan\/produit\/pare-pluie-toiture-avec-separation-3d-solitx-um-connect-pro-clima\/#primaryimage"},"image":{"@id":"https:\/\/nature-et-developpement.com\/ned-perpignan\/produit\/pare-pluie-toiture-avec-separation-3d-solitx-um-connect-pro-clima\/#primaryimage"},"thumbnailUrl":"https:\/\/nature-et-developpement.com\/ned-perpignan\/wp-content\/uploads\/Ecran-de-sous-toiture-avec-separation-3D-SOLITX-UM-connect-Pro-clima.jpg","datePublished":"2023-11-01T13:14:34+00:00","dateModified":"2026-03-25T00:26:16+00:00","breadcrumb":{"@id":"https:\/\/nature-et-developpement.com\/ned-perpignan\/produit\/pare-pluie-toiture-avec-separation-3d-solitx-um-connect-pro-clima\/#breadcrumb"},"inLanguage":"fr-FR","potentialAction":[{"@type":"ReadAction","target":["https:\/\/nature-et-developpement.com\/ned-perpignan\/produit\/pare-pluie-toiture-avec-separation-3d-solitx-um-connect-pro-clima\/"]}]},{"@type":"ImageObject","inLanguage":"fr-FR","@id":"https:\/\/nature-et-developpement.com\/ned-perpignan\/produit\/pare-pluie-toiture-avec-separation-3d-solitx-um-connect-pro-clima\/#primaryimage","url":"https:\/\/nature-et-developpement.com\/ned-perpignan\/wp-content\/uploads\/Ecran-de-sous-toiture-avec-separation-3D-SOLITX-UM-connect-Pro-clima.jpg","contentUrl":"https:\/\/nature-et-developpement.com\/ned-perpignan\/wp-content\/uploads\/Ecran-de-sous-toiture-avec-separation-3D-SOLITX-UM-connect-Pro-clima.jpg"},{"@type":"BreadcrumbList","@id":"https:\/\/nature-et-developpement.com\/ned-perpignan\/produit\/pare-pluie-toiture-avec-separation-3d-solitx-um-connect-pro-clima\/#breadcrumb","itemListElement":[{"@type":"ListItem","position":1,"name":"Accueil","item":"https:\/\/nature-et-developpement.com\/ned-perpignan\/"},{"@type":"ListItem","position":2,"name":"Boutique","item":"https:\/\/nature-et-developpement.com\/ned-perpignan\/boutique\/"},{"@type":"ListItem","position":3,"name":"Isolation et \u00e9tanch\u00e9it\u00e9","item":"https:\/\/nature-et-developpement.com\/ned-perpignan\/produits\/isolation-et-etancheite\/"},{"@type":"ListItem","position":4,"name":"Pare pluie","item":"https:\/\/nature-et-developpement.com\/ned-perpignan\/produits\/isolation-et-etancheite\/pare-pluie\/"},{"@type":"ListItem","position":5,"name":"Pare-pluie toiture avec s\u00e9paration 3D et ruban adh\u00e9sif SOLITEX UM connect Pro Clima"}]},{"@type":"WebSite","@id":"https:\/\/nature-et-developpement.com\/ned-perpignan\/#website","url":"https:\/\/nature-et-developpement.com\/ned-perpignan\/","name":"Nature et D\u00e9veloppement Perpignan","description":"Solutions, mat\u00e9riaux et d\u00e9coration \u00e9co-responsables pour les pros et les particuliers.","potentialAction":[{"@type":"SearchAction","target":{"@type":"EntryPoint","urlTemplate":"https:\/\/nature-et-developpement.com\/ned-perpignan\/?s={search_term_string}"},"query-input":{"@type":"PropertyValueSpecification","valueRequired":true,"valueName":"search_term_string"}}],"inLanguage":"fr-FR"}]}},"distributor_meta":false,"distributor_terms":false,"distributor_media":false,"distributor_original_site_name":"Nature et D\u00e9veloppement Perpignan","distributor_original_site_url":"https:\/\/nature-et-developpement.com\/ned-perpignan","push-errors":false,"_links":{"self":[{"href":"https:\/\/nature-et-developpement.com\/ned-perpignan\/wp-json\/wp\/v2\/product\/13262","targetHints":{"allow":["GET"]}}],"collection":[{"href":"https:\/\/nature-et-developpement.com\/ned-perpignan\/wp-json\/wp\/v2\/product"}],"about":[{"href":"https:\/\/nature-et-developpement.com\/ned-perpignan\/wp-json\/wp\/v2\/types\/product"}],"wp:featuredmedia":[{"embeddable":true,"href":"https:\/\/nature-et-developpement.com\/ned-perpignan\/wp-json\/"}],"wp:attachment":[{"href":"https:\/\/nature-et-developpement.com\/ned-perpignan\/wp-json\/wp\/v2\/media?parent=13262"}],"wp:term":[{"taxonomy":"product_brand","embeddable":true,"href":"https:\/\/nature-et-developpement.com\/ned-perpignan\/wp-json\/wp\/v2\/product_brand?post=13262"},{"taxonomy":"product_cat","embeddable":true,"href":"https:\/\/nature-et-developpement.com\/ned-perpignan\/wp-json\/wp\/v2\/product_cat?post=13262"},{"taxonomy":"product_tag","embeddable":true,"href":"https:\/\/nature-et-developpement.com\/ned-perpignan\/wp-json\/wp\/v2\/product_tag?post=13262"}],"curies":[{"name":"wp","href":"https:\/\/api.w.org\/{rel}","templated":true}]}}