{"id":13328,"date":"2017-01-01T00:00:00","date_gmt":"2016-12-31T23:00:00","guid":{"rendered":"https:\/\/nature-et-developpement.com\/ned-perpignan\/produit\/colle-d-etancheite-a-l-air-frein-vapeur-pare-pluie-orcon-f-pro-clima\/"},"modified":"2026-03-24T22:41:09","modified_gmt":"2026-03-24T21:41:09","slug":"colle-d-etancheite-a-l-air-frein-vapeur-pare-pluie-orcon-f-pro-clima","status":"publish","type":"product","link":"https:\/\/nature-et-developpement.com\/ned-perpignan\/produit\/colle-d-etancheite-a-l-air-frein-vapeur-pare-pluie-orcon-f-pro-clima\/","title":{"rendered":"Colle d&rsquo;\u00e9tanch\u00e9it\u00e9 \u00e0 l&rsquo;air frein-vapeur pare-pluie ORCON F Pro clima"},"content":{"rendered":"<p>R\u00e9alisation de raccords \u00e9tanches \u00e0 l\u2019air de tous types de frein-vapeurs et membranes d\u2019\u00e9tanch\u00e9it\u00e9 \u00e0 l\u2019air, dont notamment tous les frein-vapeurs et membranes d\u2019\u00e9tanch\u00e9it\u00e9 \u00e0 l\u2019air pro clima (pro clima INTELLO, DB+, INTESANA, DASATOP et DA).<\/p>\n<p>Collage de raccords \u00e9tanches \u00e0 l\u2019air de tout type d\u2019\u00e9crans de sous-toiture. Le collage des raccords par exemple des \u00e9crans pro clima de la s\u00e9rie SOLITEX MENTO, SOLITEX UD, SOLITEX PLUS et SOLITEX UM connect r\u00e9pond aux exigences des fiches techniques de produits de la ZVDH (F\u00e9d\u00e9ration allemande des artisans-couvreurs).<\/p>\n<p>Collage \u00e9tanche au vent d\u2019\u00e9crans pare-pluie (pro clima de la s\u00e9rie SOLITEX FRONTA).<\/p>\n<p>Collage des chevauchements et raccords de films pare-poussi\u00e8re (pro clima RB).<\/p>\n<table class=\"table table-striped\">\n<thead>\n<tr>\n<td><strong>Propri\u00e9t\u00e9<\/strong><\/td>\n<td class=\"hidden-xs\"><strong>R\u00e9glementation<\/strong><\/td>\n<td><strong>Valeur<\/strong><\/td>\n<\/tr>\n<\/thead>\n<tbody>\n<tr>\n<td>Couleur<\/td>\n<td class=\"hidden-xs\"><\/td>\n<td>vert<\/td>\n<\/tr>\n<tr>\n<td>Propri\u00e9t\u00e9s<\/td>\n<td class=\"hidden-xs\"><\/td>\n<td>grande \u00e9lasticit\u00e9<\/td>\n<\/tr>\n<tr>\n<td>Temp\u00e9rature de mise en \u0153uvre<\/td>\n<td class=\"hidden-xs\"><\/td>\n<td>de -10 \u00b0C \u00e0 +50 \u00b0C<\/td>\n<\/tr>\n<tr>\n<td>R\u00e9sistance \u00e0 la temp\u00e9rature<\/td>\n<td class=\"hidden-xs\"><\/td>\n<td>stable entre -40 \u00b0C et +80 \u00b0C<\/td>\n<\/tr>\n<tr>\n<td>Stockage<\/td>\n<td class=\"hidden-xs\"><\/td>\n<td>jusque -20 \u00b0C, dans un endroit frais et sec<\/td>\n<\/tr>\n<\/tbody>\n<\/table>\n<h3><\/h3>\n<h3><strong>Con\u00adsom\u00adma\u00adtion<\/strong><\/h3>\n<table style=\"height: 98px\" width=\"413\">\n<tbody>\n<tr>\n<td><span style=\"text-decoration: underline\"><strong>Con\u00addi\u00adtion\u00adnement<\/strong><\/span><\/td>\n<td><span style=\"text-decoration: underline\"><strong>Con\u00adtenu<\/strong><\/span><\/td>\n<td align=\"right\"><span style=\"text-decoration: underline\"><strong>Cor\u00addon<\/strong><\/span><\/td>\n<td align=\"right\"><span style=\"text-decoration: underline\"><strong>Ren\u00addement<\/strong><\/span><\/td>\n<\/tr>\n<tr>\n<td>Car\u00adtouche<\/td>\n<td>310 ml<\/td>\n<td align=\"right\">5 mm<\/td>\n<td align=\"right\">~ 15 m<\/td>\n<\/tr>\n<tr>\n<td><\/td>\n<td><\/td>\n<td align=\"right\">8 mm<\/td>\n<td align=\"right\">~ 6 m<\/td>\n<\/tr>\n<tr>\n<td>Sachet tu\u00adbu\u00adlaire<\/td>\n<td>600 ml<\/td>\n<td align=\"right\">5 mm<\/td>\n<td align=\"right\">~ 30 m<\/td>\n<\/tr>\n<tr>\n<td><\/td>\n<td><\/td>\n<td align=\"right\">8 mm<\/td>\n<td align=\"right\">~ 12 m<\/td>\n<\/tr>\n<\/tbody>\n<\/table>\n","protected":false},"excerpt":{"rendered":"<p>Colle de rac\u00adcord tout us\u00adage<\/p>\n","protected":false},"featured_media":1000000166685,"template":"","meta":[],"product_brand":[176],"product_cat":[2342,120,2674],"product_tag":[2683],"class_list":{"0":"post-13328","1":"product","2":"type-product","3":"status-publish","4":"has-post-thumbnail","6":"product_brand-proclima","7":"product_cat-accessoires-isolation-et-etancheite","8":"product_cat-colle","9":"product_cat-etancheite-a-lair","10":"product_tag-pro-clima","11":"product_shipping_class-petit-equipement-outil-eclairage","13":"first","14":"instock","15":"taxable","16":"shipping-taxable","17":"purchasable","18":"product-type-variable"},"yoast_head":"<!-- This site is optimized with the Yoast SEO plugin v27.5 - https:\/\/yoast.com\/product\/yoast-seo-wordpress\/ -->\n<title>Colle d&#039;\u00e9tanch\u00e9it\u00e9 \u00e0 l&#039;air frein-vapeur pare-pluie ORCON F Pro clima - Nature et D\u00e9veloppement Perpignan<\/title>\n<meta name=\"robots\" content=\"noindex, nofollow\" \/>\n<meta property=\"og:locale\" content=\"fr_FR\" \/>\n<meta property=\"og:type\" content=\"article\" \/>\n<meta property=\"og:title\" content=\"Colle d&#039;\u00e9tanch\u00e9it\u00e9 \u00e0 l&#039;air frein-vapeur pare-pluie ORCON F Pro clima - Nature et D\u00e9veloppement Perpignan\" \/>\n<meta property=\"og:description\" content=\"Colle de rac\u00adcord tout us\u00adage\" \/>\n<meta property=\"og:url\" content=\"https:\/\/nature-et-developpement.com\/ned-perpignan\/produit\/colle-d-etancheite-a-l-air-frein-vapeur-pare-pluie-orcon-f-pro-clima\/\" \/>\n<meta property=\"og:site_name\" content=\"Nature et D\u00e9veloppement Perpignan\" \/>\n<meta property=\"article:modified_time\" content=\"2026-03-24T21:41:09+00:00\" \/>\n<meta name=\"twitter:card\" content=\"summary_large_image\" \/>\n<meta name=\"twitter:label1\" content=\"Dur\u00e9e de lecture estim\u00e9e\" \/>\n\t<meta name=\"twitter:data1\" content=\"1 minute\" \/>\n<script type=\"application\/ld+json\" class=\"yoast-schema-graph\">{\"@context\":\"https:\\\/\\\/schema.org\",\"@graph\":[{\"@type\":\"WebPage\",\"@id\":\"https:\\\/\\\/nature-et-developpement.com\\\/ned-perpignan\\\/produit\\\/colle-d-etancheite-a-l-air-frein-vapeur-pare-pluie-orcon-f-pro-clima\\\/\",\"url\":\"https:\\\/\\\/nature-et-developpement.com\\\/ned-perpignan\\\/produit\\\/colle-d-etancheite-a-l-air-frein-vapeur-pare-pluie-orcon-f-pro-clima\\\/\",\"name\":\"Colle d'\u00e9tanch\u00e9it\u00e9 \u00e0 l'air frein-vapeur pare-pluie ORCON F Pro clima - Nature et D\u00e9veloppement Perpignan\",\"isPartOf\":{\"@id\":\"https:\\\/\\\/nature-et-developpement.com\\\/ned-perpignan\\\/#website\"},\"primaryImageOfPage\":{\"@id\":\"https:\\\/\\\/nature-et-developpement.com\\\/ned-perpignan\\\/produit\\\/colle-d-etancheite-a-l-air-frein-vapeur-pare-pluie-orcon-f-pro-clima\\\/#primaryimage\"},\"image\":{\"@id\":\"https:\\\/\\\/nature-et-developpement.com\\\/ned-perpignan\\\/produit\\\/colle-d-etancheite-a-l-air-frein-vapeur-pare-pluie-orcon-f-pro-clima\\\/#primaryimage\"},\"thumbnailUrl\":\"https:\\\/\\\/nature-et-developpement.com\\\/ned-perpignan\\\/wp-content\\\/uploads\\\/Colle-detancheite-a-lair-frein-vapeur-pare-pluie-ORCON-F-Pro-clima.jpg\",\"datePublished\":\"2016-12-31T23:00:00+00:00\",\"dateModified\":\"2026-03-24T21:41:09+00:00\",\"breadcrumb\":{\"@id\":\"https:\\\/\\\/nature-et-developpement.com\\\/ned-perpignan\\\/produit\\\/colle-d-etancheite-a-l-air-frein-vapeur-pare-pluie-orcon-f-pro-clima\\\/#breadcrumb\"},\"inLanguage\":\"fr-FR\",\"potentialAction\":[{\"@type\":\"ReadAction\",\"target\":[\"https:\\\/\\\/nature-et-developpement.com\\\/ned-perpignan\\\/produit\\\/colle-d-etancheite-a-l-air-frein-vapeur-pare-pluie-orcon-f-pro-clima\\\/\"]}]},{\"@type\":\"ImageObject\",\"inLanguage\":\"fr-FR\",\"@id\":\"https:\\\/\\\/nature-et-developpement.com\\\/ned-perpignan\\\/produit\\\/colle-d-etancheite-a-l-air-frein-vapeur-pare-pluie-orcon-f-pro-clima\\\/#primaryimage\",\"url\":\"https:\\\/\\\/nature-et-developpement.com\\\/ned-perpignan\\\/wp-content\\\/uploads\\\/Colle-detancheite-a-lair-frein-vapeur-pare-pluie-ORCON-F-Pro-clima.jpg\",\"contentUrl\":\"https:\\\/\\\/nature-et-developpement.com\\\/ned-perpignan\\\/wp-content\\\/uploads\\\/Colle-detancheite-a-lair-frein-vapeur-pare-pluie-ORCON-F-Pro-clima.jpg\"},{\"@type\":\"BreadcrumbList\",\"@id\":\"https:\\\/\\\/nature-et-developpement.com\\\/ned-perpignan\\\/produit\\\/colle-d-etancheite-a-l-air-frein-vapeur-pare-pluie-orcon-f-pro-clima\\\/#breadcrumb\",\"itemListElement\":[{\"@type\":\"ListItem\",\"position\":1,\"name\":\"Accueil\",\"item\":\"https:\\\/\\\/nature-et-developpement.com\\\/ned-perpignan\\\/\"},{\"@type\":\"ListItem\",\"position\":2,\"name\":\"Boutique\",\"item\":\"https:\\\/\\\/nature-et-developpement.com\\\/ned-perpignan\\\/boutique\\\/\"},{\"@type\":\"ListItem\",\"position\":3,\"name\":\"Isolation et \u00e9tanch\u00e9it\u00e9\",\"item\":\"https:\\\/\\\/nature-et-developpement.com\\\/ned-perpignan\\\/produits\\\/isolation-et-etancheite\\\/\"},{\"@type\":\"ListItem\",\"position\":4,\"name\":\"Etanch\u00e9it\u00e9 \u00e0 l'air\",\"item\":\"https:\\\/\\\/nature-et-developpement.com\\\/ned-perpignan\\\/produits\\\/isolation-et-etancheite\\\/etancheite-a-lair\\\/\"},{\"@type\":\"ListItem\",\"position\":5,\"name\":\"Colle d&rsquo;\u00e9tanch\u00e9it\u00e9 \u00e0 l&rsquo;air frein-vapeur pare-pluie ORCON F Pro clima\"}]},{\"@type\":\"WebSite\",\"@id\":\"https:\\\/\\\/nature-et-developpement.com\\\/ned-perpignan\\\/#website\",\"url\":\"https:\\\/\\\/nature-et-developpement.com\\\/ned-perpignan\\\/\",\"name\":\"Nature et D\u00e9veloppement Perpignan\",\"description\":\"Solutions, mat\u00e9riaux et d\u00e9coration \u00e9co-responsables pour les pros et les particuliers.\",\"potentialAction\":[{\"@type\":\"SearchAction\",\"target\":{\"@type\":\"EntryPoint\",\"urlTemplate\":\"https:\\\/\\\/nature-et-developpement.com\\\/ned-perpignan\\\/?s={search_term_string}\"},\"query-input\":{\"@type\":\"PropertyValueSpecification\",\"valueRequired\":true,\"valueName\":\"search_term_string\"}}],\"inLanguage\":\"fr-FR\"}]}<\/script>\n<!-- \/ Yoast SEO plugin. -->","yoast_head_json":{"title":"Colle d'\u00e9tanch\u00e9it\u00e9 \u00e0 l'air frein-vapeur pare-pluie ORCON F Pro clima - Nature et D\u00e9veloppement Perpignan","robots":{"index":"noindex","follow":"nofollow"},"og_locale":"fr_FR","og_type":"article","og_title":"Colle d'\u00e9tanch\u00e9it\u00e9 \u00e0 l'air frein-vapeur pare-pluie ORCON F Pro clima - Nature et D\u00e9veloppement Perpignan","og_description":"Colle de rac\u00adcord tout us\u00adage","og_url":"https:\/\/nature-et-developpement.com\/ned-perpignan\/produit\/colle-d-etancheite-a-l-air-frein-vapeur-pare-pluie-orcon-f-pro-clima\/","og_site_name":"Nature et D\u00e9veloppement Perpignan","article_modified_time":"2026-03-24T21:41:09+00:00","twitter_card":"summary_large_image","twitter_misc":{"Dur\u00e9e de lecture estim\u00e9e":"1 minute"},"schema":{"@context":"https:\/\/schema.org","@graph":[{"@type":"WebPage","@id":"https:\/\/nature-et-developpement.com\/ned-perpignan\/produit\/colle-d-etancheite-a-l-air-frein-vapeur-pare-pluie-orcon-f-pro-clima\/","url":"https:\/\/nature-et-developpement.com\/ned-perpignan\/produit\/colle-d-etancheite-a-l-air-frein-vapeur-pare-pluie-orcon-f-pro-clima\/","name":"Colle d'\u00e9tanch\u00e9it\u00e9 \u00e0 l'air frein-vapeur pare-pluie ORCON F Pro clima - Nature et D\u00e9veloppement Perpignan","isPartOf":{"@id":"https:\/\/nature-et-developpement.com\/ned-perpignan\/#website"},"primaryImageOfPage":{"@id":"https:\/\/nature-et-developpement.com\/ned-perpignan\/produit\/colle-d-etancheite-a-l-air-frein-vapeur-pare-pluie-orcon-f-pro-clima\/#primaryimage"},"image":{"@id":"https:\/\/nature-et-developpement.com\/ned-perpignan\/produit\/colle-d-etancheite-a-l-air-frein-vapeur-pare-pluie-orcon-f-pro-clima\/#primaryimage"},"thumbnailUrl":"https:\/\/nature-et-developpement.com\/ned-perpignan\/wp-content\/uploads\/Colle-detancheite-a-lair-frein-vapeur-pare-pluie-ORCON-F-Pro-clima.jpg","datePublished":"2016-12-31T23:00:00+00:00","dateModified":"2026-03-24T21:41:09+00:00","breadcrumb":{"@id":"https:\/\/nature-et-developpement.com\/ned-perpignan\/produit\/colle-d-etancheite-a-l-air-frein-vapeur-pare-pluie-orcon-f-pro-clima\/#breadcrumb"},"inLanguage":"fr-FR","potentialAction":[{"@type":"ReadAction","target":["https:\/\/nature-et-developpement.com\/ned-perpignan\/produit\/colle-d-etancheite-a-l-air-frein-vapeur-pare-pluie-orcon-f-pro-clima\/"]}]},{"@type":"ImageObject","inLanguage":"fr-FR","@id":"https:\/\/nature-et-developpement.com\/ned-perpignan\/produit\/colle-d-etancheite-a-l-air-frein-vapeur-pare-pluie-orcon-f-pro-clima\/#primaryimage","url":"https:\/\/nature-et-developpement.com\/ned-perpignan\/wp-content\/uploads\/Colle-detancheite-a-lair-frein-vapeur-pare-pluie-ORCON-F-Pro-clima.jpg","contentUrl":"https:\/\/nature-et-developpement.com\/ned-perpignan\/wp-content\/uploads\/Colle-detancheite-a-lair-frein-vapeur-pare-pluie-ORCON-F-Pro-clima.jpg"},{"@type":"BreadcrumbList","@id":"https:\/\/nature-et-developpement.com\/ned-perpignan\/produit\/colle-d-etancheite-a-l-air-frein-vapeur-pare-pluie-orcon-f-pro-clima\/#breadcrumb","itemListElement":[{"@type":"ListItem","position":1,"name":"Accueil","item":"https:\/\/nature-et-developpement.com\/ned-perpignan\/"},{"@type":"ListItem","position":2,"name":"Boutique","item":"https:\/\/nature-et-developpement.com\/ned-perpignan\/boutique\/"},{"@type":"ListItem","position":3,"name":"Isolation et \u00e9tanch\u00e9it\u00e9","item":"https:\/\/nature-et-developpement.com\/ned-perpignan\/produits\/isolation-et-etancheite\/"},{"@type":"ListItem","position":4,"name":"Etanch\u00e9it\u00e9 \u00e0 l'air","item":"https:\/\/nature-et-developpement.com\/ned-perpignan\/produits\/isolation-et-etancheite\/etancheite-a-lair\/"},{"@type":"ListItem","position":5,"name":"Colle d&rsquo;\u00e9tanch\u00e9it\u00e9 \u00e0 l&rsquo;air frein-vapeur pare-pluie ORCON F Pro clima"}]},{"@type":"WebSite","@id":"https:\/\/nature-et-developpement.com\/ned-perpignan\/#website","url":"https:\/\/nature-et-developpement.com\/ned-perpignan\/","name":"Nature et D\u00e9veloppement Perpignan","description":"Solutions, mat\u00e9riaux et d\u00e9coration \u00e9co-responsables pour les pros et les particuliers.","potentialAction":[{"@type":"SearchAction","target":{"@type":"EntryPoint","urlTemplate":"https:\/\/nature-et-developpement.com\/ned-perpignan\/?s={search_term_string}"},"query-input":{"@type":"PropertyValueSpecification","valueRequired":true,"valueName":"search_term_string"}}],"inLanguage":"fr-FR"}]}},"distributor_meta":false,"distributor_terms":false,"distributor_media":false,"distributor_original_site_name":"Nature et D\u00e9veloppement Perpignan","distributor_original_site_url":"https:\/\/nature-et-developpement.com\/ned-perpignan","push-errors":false,"_links":{"self":[{"href":"https:\/\/nature-et-developpement.com\/ned-perpignan\/wp-json\/wp\/v2\/product\/13328","targetHints":{"allow":["GET"]}}],"collection":[{"href":"https:\/\/nature-et-developpement.com\/ned-perpignan\/wp-json\/wp\/v2\/product"}],"about":[{"href":"https:\/\/nature-et-developpement.com\/ned-perpignan\/wp-json\/wp\/v2\/types\/product"}],"wp:featuredmedia":[{"embeddable":true,"href":"https:\/\/nature-et-developpement.com\/ned-perpignan\/wp-json\/"}],"wp:attachment":[{"href":"https:\/\/nature-et-developpement.com\/ned-perpignan\/wp-json\/wp\/v2\/media?parent=13328"}],"wp:term":[{"taxonomy":"product_brand","embeddable":true,"href":"https:\/\/nature-et-developpement.com\/ned-perpignan\/wp-json\/wp\/v2\/product_brand?post=13328"},{"taxonomy":"product_cat","embeddable":true,"href":"https:\/\/nature-et-developpement.com\/ned-perpignan\/wp-json\/wp\/v2\/product_cat?post=13328"},{"taxonomy":"product_tag","embeddable":true,"href":"https:\/\/nature-et-developpement.com\/ned-perpignan\/wp-json\/wp\/v2\/product_tag?post=13328"}],"curies":[{"name":"wp","href":"https:\/\/api.w.org\/{rel}","templated":true}]}}