{"id":13341,"date":"2017-01-01T00:00:00","date_gmt":"2016-12-31T23:00:00","guid":{"rendered":"https:\/\/nature-et-developpement.com\/ned-perpignan\/produit\/ruban-adhesif-dangle-pre-plie-tescon-profect-pro-clima\/"},"modified":"2026-03-24T23:31:44","modified_gmt":"2026-03-24T22:31:44","slug":"ruban-adhesif-dangle-pre-plie-tescon-profect-pro-clima","status":"publish","type":"product","link":"https:\/\/nature-et-developpement.com\/ned-perpignan\/produit\/ruban-adhesif-dangle-pre-plie-tescon-profect-pro-clima\/","title":{"rendered":"Ruban adh\u00e9sif d\u2018angle pr\u00e9-pli\u00e9 TESCON PROFECT Pro clima"},"content":{"rendered":"<p>Ruban de rac\u00adcord d&rsquo;angle pr\u00e9-pli\u00e9 pour la r\u00e9al\u00adisa\u00adtion de<\/p>\n<ul>\n<li>d&rsquo;angles \u00e9tanches \u00e0 l&rsquo;air de mem\u00adbranes frein-va\u00adpeur et d&rsquo;\u00e9tanch\u00e9it\u00e9 \u00e0 l&rsquo;air et de pan\u00adneaux d\u00e9riv\u00e9s du bois (par ex\u00ademple OSB)<\/li>\n<li>de rac\u00adcords \u00e9tanches \u00e0 l&rsquo;air de fen\u00eatres (de toit) et de menuis\u00ader\u00adies in\u00adt\u00e9rieures<\/li>\n<li>d&rsquo;angles \u00e9tanches au vent d&rsquo;\u00e9crans de sous-toit\u00adure et de fa\u00e7ade et de rac\u00adcords de menuis\u00ader\u00adies \u00e0 l&rsquo;ex\u00adt\u00e9rieur.<\/li>\n<\/ul>\n<p>Les col\u00adlages sont con\u00adformes aux ex\u00adi\u00adgences des normes DIN 4108-7, SIA 180 et OENORM B 8110-2.<\/p>\n<table class=\"table table-striped\">\n<thead>\n<tr>\n<td><strong>Propri\u00e9t\u00e9<\/strong><\/td>\n<td class=\"hidden-xs\"><strong>R\u00e9glementation<\/strong><\/td>\n<td><strong>Valeur<\/strong><\/td>\n<\/tr>\n<\/thead>\n<tbody>\n<tr>\n<td>Couleur<\/td>\n<td class=\"hidden-xs\"><\/td>\n<td>bleu clair<\/td>\n<\/tr>\n<tr>\n<td>Epaisseur<\/td>\n<td class=\"hidden-xs\"><\/td>\n<td>0,5 mm<\/td>\n<\/tr>\n<tr>\n<td>Exposition aux intemp\u00e9ries<\/td>\n<td class=\"hidden-xs\"><\/td>\n<td>3 mois<\/td>\n<\/tr>\n<tr>\n<td>Enduisible<\/td>\n<td class=\"hidden-xs\"><\/td>\n<td>oui<\/td>\n<\/tr>\n<tr>\n<td>Temp\u00e9rature de mise en \u0153uvre<\/td>\n<td class=\"hidden-xs\"><\/td>\n<td>\u00e0 partir de -10 \u00b0C<\/td>\n<\/tr>\n<tr>\n<td>R\u00e9sistance \u00e0 la temp\u00e9rature<\/td>\n<td class=\"hidden-xs\"><\/td>\n<td>stable entre -40 \u00b0C et +90 \u00b0C<\/td>\n<\/tr>\n<tr>\n<td>Stockage<\/td>\n<td class=\"hidden-xs\"><\/td>\n<td>dans un endroit frais et sec<\/td>\n<\/tr>\n<\/tbody>\n<\/table>\n","protected":false},"excerpt":{"rendered":"<p>Ruban adh\u00e9sif d\u2018angle pr\u00e9-pli\u00e9\u00a0rouleau 30m.<\/p>\n","protected":false},"featured_media":1000000166736,"template":"","meta":[],"product_brand":[176],"product_cat":[2342,2674],"product_tag":[2683],"class_list":{"0":"post-13341","1":"product","2":"type-product","3":"status-publish","4":"has-post-thumbnail","6":"product_brand-proclima","7":"product_cat-accessoires-isolation-et-etancheite","8":"product_cat-etancheite-a-lair","9":"product_tag-pro-clima","10":"product_shipping_class-petit-equipement-outil-eclairage","12":"first","13":"instock","14":"sale","15":"taxable","16":"shipping-taxable","17":"purchasable","18":"product-type-variable"},"yoast_head":"<!-- This site is optimized with the Yoast SEO plugin v27.5 - https:\/\/yoast.com\/product\/yoast-seo-wordpress\/ -->\n<title>Ruban adh\u00e9sif d\u2018angle pr\u00e9-pli\u00e9 TESCON PROFECT Pro clima - Nature et D\u00e9veloppement Perpignan<\/title>\n<meta name=\"robots\" content=\"noindex, nofollow\" \/>\n<meta property=\"og:locale\" content=\"fr_FR\" \/>\n<meta property=\"og:type\" content=\"article\" \/>\n<meta property=\"og:title\" content=\"Ruban adh\u00e9sif d\u2018angle pr\u00e9-pli\u00e9 TESCON PROFECT Pro clima - Nature et D\u00e9veloppement Perpignan\" \/>\n<meta property=\"og:description\" content=\"Ruban adh\u00e9sif d\u2018angle pr\u00e9-pli\u00e9\u00a0rouleau 30m.\" \/>\n<meta property=\"og:url\" content=\"https:\/\/nature-et-developpement.com\/ned-perpignan\/produit\/ruban-adhesif-dangle-pre-plie-tescon-profect-pro-clima\/\" \/>\n<meta property=\"og:site_name\" content=\"Nature et D\u00e9veloppement Perpignan\" \/>\n<meta property=\"article:modified_time\" content=\"2026-03-24T22:31:44+00:00\" \/>\n<meta name=\"twitter:card\" content=\"summary_large_image\" \/>\n<meta name=\"twitter:label1\" content=\"Dur\u00e9e de lecture estim\u00e9e\" \/>\n\t<meta name=\"twitter:data1\" content=\"1 minute\" \/>\n<script type=\"application\/ld+json\" class=\"yoast-schema-graph\">{\"@context\":\"https:\\\/\\\/schema.org\",\"@graph\":[{\"@type\":\"WebPage\",\"@id\":\"https:\\\/\\\/nature-et-developpement.com\\\/ned-perpignan\\\/produit\\\/ruban-adhesif-dangle-pre-plie-tescon-profect-pro-clima\\\/\",\"url\":\"https:\\\/\\\/nature-et-developpement.com\\\/ned-perpignan\\\/produit\\\/ruban-adhesif-dangle-pre-plie-tescon-profect-pro-clima\\\/\",\"name\":\"Ruban adh\u00e9sif d\u2018angle pr\u00e9-pli\u00e9 TESCON PROFECT Pro clima - Nature et D\u00e9veloppement Perpignan\",\"isPartOf\":{\"@id\":\"https:\\\/\\\/nature-et-developpement.com\\\/ned-perpignan\\\/#website\"},\"primaryImageOfPage\":{\"@id\":\"https:\\\/\\\/nature-et-developpement.com\\\/ned-perpignan\\\/produit\\\/ruban-adhesif-dangle-pre-plie-tescon-profect-pro-clima\\\/#primaryimage\"},\"image\":{\"@id\":\"https:\\\/\\\/nature-et-developpement.com\\\/ned-perpignan\\\/produit\\\/ruban-adhesif-dangle-pre-plie-tescon-profect-pro-clima\\\/#primaryimage\"},\"thumbnailUrl\":\"https:\\\/\\\/nature-et-developpement.com\\\/ned-perpignan\\\/wp-content\\\/uploads\\\/Ruban-adhesif-d\u2018angle-pre-plie-TESCON-PROFECT-Pro-clima-60mm.jpg\",\"datePublished\":\"2016-12-31T23:00:00+00:00\",\"dateModified\":\"2026-03-24T22:31:44+00:00\",\"breadcrumb\":{\"@id\":\"https:\\\/\\\/nature-et-developpement.com\\\/ned-perpignan\\\/produit\\\/ruban-adhesif-dangle-pre-plie-tescon-profect-pro-clima\\\/#breadcrumb\"},\"inLanguage\":\"fr-FR\",\"potentialAction\":[{\"@type\":\"ReadAction\",\"target\":[\"https:\\\/\\\/nature-et-developpement.com\\\/ned-perpignan\\\/produit\\\/ruban-adhesif-dangle-pre-plie-tescon-profect-pro-clima\\\/\"]}]},{\"@type\":\"ImageObject\",\"inLanguage\":\"fr-FR\",\"@id\":\"https:\\\/\\\/nature-et-developpement.com\\\/ned-perpignan\\\/produit\\\/ruban-adhesif-dangle-pre-plie-tescon-profect-pro-clima\\\/#primaryimage\",\"url\":\"https:\\\/\\\/nature-et-developpement.com\\\/ned-perpignan\\\/wp-content\\\/uploads\\\/Ruban-adhesif-d\u2018angle-pre-plie-TESCON-PROFECT-Pro-clima-60mm.jpg\",\"contentUrl\":\"https:\\\/\\\/nature-et-developpement.com\\\/ned-perpignan\\\/wp-content\\\/uploads\\\/Ruban-adhesif-d\u2018angle-pre-plie-TESCON-PROFECT-Pro-clima-60mm.jpg\"},{\"@type\":\"BreadcrumbList\",\"@id\":\"https:\\\/\\\/nature-et-developpement.com\\\/ned-perpignan\\\/produit\\\/ruban-adhesif-dangle-pre-plie-tescon-profect-pro-clima\\\/#breadcrumb\",\"itemListElement\":[{\"@type\":\"ListItem\",\"position\":1,\"name\":\"Accueil\",\"item\":\"https:\\\/\\\/nature-et-developpement.com\\\/ned-perpignan\\\/\"},{\"@type\":\"ListItem\",\"position\":2,\"name\":\"Boutique\",\"item\":\"https:\\\/\\\/nature-et-developpement.com\\\/ned-perpignan\\\/boutique\\\/\"},{\"@type\":\"ListItem\",\"position\":3,\"name\":\"Isolation et \u00e9tanch\u00e9it\u00e9\",\"item\":\"https:\\\/\\\/nature-et-developpement.com\\\/ned-perpignan\\\/produits\\\/isolation-et-etancheite\\\/\"},{\"@type\":\"ListItem\",\"position\":4,\"name\":\"Etanch\u00e9it\u00e9 \u00e0 l'air\",\"item\":\"https:\\\/\\\/nature-et-developpement.com\\\/ned-perpignan\\\/produits\\\/isolation-et-etancheite\\\/etancheite-a-lair\\\/\"},{\"@type\":\"ListItem\",\"position\":5,\"name\":\"Ruban adh\u00e9sif d\u2018angle pr\u00e9-pli\u00e9 TESCON PROFECT Pro clima\"}]},{\"@type\":\"WebSite\",\"@id\":\"https:\\\/\\\/nature-et-developpement.com\\\/ned-perpignan\\\/#website\",\"url\":\"https:\\\/\\\/nature-et-developpement.com\\\/ned-perpignan\\\/\",\"name\":\"Nature et D\u00e9veloppement Perpignan\",\"description\":\"Solutions, mat\u00e9riaux et d\u00e9coration \u00e9co-responsables pour les pros et les particuliers.\",\"potentialAction\":[{\"@type\":\"SearchAction\",\"target\":{\"@type\":\"EntryPoint\",\"urlTemplate\":\"https:\\\/\\\/nature-et-developpement.com\\\/ned-perpignan\\\/?s={search_term_string}\"},\"query-input\":{\"@type\":\"PropertyValueSpecification\",\"valueRequired\":true,\"valueName\":\"search_term_string\"}}],\"inLanguage\":\"fr-FR\"}]}<\/script>\n<!-- \/ Yoast SEO plugin. -->","yoast_head_json":{"title":"Ruban adh\u00e9sif d\u2018angle pr\u00e9-pli\u00e9 TESCON PROFECT Pro clima - Nature et D\u00e9veloppement Perpignan","robots":{"index":"noindex","follow":"nofollow"},"og_locale":"fr_FR","og_type":"article","og_title":"Ruban adh\u00e9sif d\u2018angle pr\u00e9-pli\u00e9 TESCON PROFECT Pro clima - Nature et D\u00e9veloppement Perpignan","og_description":"Ruban adh\u00e9sif d\u2018angle pr\u00e9-pli\u00e9\u00a0rouleau 30m.","og_url":"https:\/\/nature-et-developpement.com\/ned-perpignan\/produit\/ruban-adhesif-dangle-pre-plie-tescon-profect-pro-clima\/","og_site_name":"Nature et D\u00e9veloppement Perpignan","article_modified_time":"2026-03-24T22:31:44+00:00","twitter_card":"summary_large_image","twitter_misc":{"Dur\u00e9e de lecture estim\u00e9e":"1 minute"},"schema":{"@context":"https:\/\/schema.org","@graph":[{"@type":"WebPage","@id":"https:\/\/nature-et-developpement.com\/ned-perpignan\/produit\/ruban-adhesif-dangle-pre-plie-tescon-profect-pro-clima\/","url":"https:\/\/nature-et-developpement.com\/ned-perpignan\/produit\/ruban-adhesif-dangle-pre-plie-tescon-profect-pro-clima\/","name":"Ruban adh\u00e9sif d\u2018angle pr\u00e9-pli\u00e9 TESCON PROFECT Pro clima - Nature et D\u00e9veloppement Perpignan","isPartOf":{"@id":"https:\/\/nature-et-developpement.com\/ned-perpignan\/#website"},"primaryImageOfPage":{"@id":"https:\/\/nature-et-developpement.com\/ned-perpignan\/produit\/ruban-adhesif-dangle-pre-plie-tescon-profect-pro-clima\/#primaryimage"},"image":{"@id":"https:\/\/nature-et-developpement.com\/ned-perpignan\/produit\/ruban-adhesif-dangle-pre-plie-tescon-profect-pro-clima\/#primaryimage"},"thumbnailUrl":"https:\/\/nature-et-developpement.com\/ned-perpignan\/wp-content\/uploads\/Ruban-adhesif-d\u2018angle-pre-plie-TESCON-PROFECT-Pro-clima-60mm.jpg","datePublished":"2016-12-31T23:00:00+00:00","dateModified":"2026-03-24T22:31:44+00:00","breadcrumb":{"@id":"https:\/\/nature-et-developpement.com\/ned-perpignan\/produit\/ruban-adhesif-dangle-pre-plie-tescon-profect-pro-clima\/#breadcrumb"},"inLanguage":"fr-FR","potentialAction":[{"@type":"ReadAction","target":["https:\/\/nature-et-developpement.com\/ned-perpignan\/produit\/ruban-adhesif-dangle-pre-plie-tescon-profect-pro-clima\/"]}]},{"@type":"ImageObject","inLanguage":"fr-FR","@id":"https:\/\/nature-et-developpement.com\/ned-perpignan\/produit\/ruban-adhesif-dangle-pre-plie-tescon-profect-pro-clima\/#primaryimage","url":"https:\/\/nature-et-developpement.com\/ned-perpignan\/wp-content\/uploads\/Ruban-adhesif-d\u2018angle-pre-plie-TESCON-PROFECT-Pro-clima-60mm.jpg","contentUrl":"https:\/\/nature-et-developpement.com\/ned-perpignan\/wp-content\/uploads\/Ruban-adhesif-d\u2018angle-pre-plie-TESCON-PROFECT-Pro-clima-60mm.jpg"},{"@type":"BreadcrumbList","@id":"https:\/\/nature-et-developpement.com\/ned-perpignan\/produit\/ruban-adhesif-dangle-pre-plie-tescon-profect-pro-clima\/#breadcrumb","itemListElement":[{"@type":"ListItem","position":1,"name":"Accueil","item":"https:\/\/nature-et-developpement.com\/ned-perpignan\/"},{"@type":"ListItem","position":2,"name":"Boutique","item":"https:\/\/nature-et-developpement.com\/ned-perpignan\/boutique\/"},{"@type":"ListItem","position":3,"name":"Isolation et \u00e9tanch\u00e9it\u00e9","item":"https:\/\/nature-et-developpement.com\/ned-perpignan\/produits\/isolation-et-etancheite\/"},{"@type":"ListItem","position":4,"name":"Etanch\u00e9it\u00e9 \u00e0 l'air","item":"https:\/\/nature-et-developpement.com\/ned-perpignan\/produits\/isolation-et-etancheite\/etancheite-a-lair\/"},{"@type":"ListItem","position":5,"name":"Ruban adh\u00e9sif d\u2018angle pr\u00e9-pli\u00e9 TESCON PROFECT Pro clima"}]},{"@type":"WebSite","@id":"https:\/\/nature-et-developpement.com\/ned-perpignan\/#website","url":"https:\/\/nature-et-developpement.com\/ned-perpignan\/","name":"Nature et D\u00e9veloppement Perpignan","description":"Solutions, mat\u00e9riaux et d\u00e9coration \u00e9co-responsables pour les pros et les particuliers.","potentialAction":[{"@type":"SearchAction","target":{"@type":"EntryPoint","urlTemplate":"https:\/\/nature-et-developpement.com\/ned-perpignan\/?s={search_term_string}"},"query-input":{"@type":"PropertyValueSpecification","valueRequired":true,"valueName":"search_term_string"}}],"inLanguage":"fr-FR"}]}},"distributor_meta":false,"distributor_terms":false,"distributor_media":false,"distributor_original_site_name":"Nature et D\u00e9veloppement Perpignan","distributor_original_site_url":"https:\/\/nature-et-developpement.com\/ned-perpignan","push-errors":false,"_links":{"self":[{"href":"https:\/\/nature-et-developpement.com\/ned-perpignan\/wp-json\/wp\/v2\/product\/13341","targetHints":{"allow":["GET"]}}],"collection":[{"href":"https:\/\/nature-et-developpement.com\/ned-perpignan\/wp-json\/wp\/v2\/product"}],"about":[{"href":"https:\/\/nature-et-developpement.com\/ned-perpignan\/wp-json\/wp\/v2\/types\/product"}],"wp:featuredmedia":[{"embeddable":true,"href":"https:\/\/nature-et-developpement.com\/ned-perpignan\/wp-json\/"}],"wp:attachment":[{"href":"https:\/\/nature-et-developpement.com\/ned-perpignan\/wp-json\/wp\/v2\/media?parent=13341"}],"wp:term":[{"taxonomy":"product_brand","embeddable":true,"href":"https:\/\/nature-et-developpement.com\/ned-perpignan\/wp-json\/wp\/v2\/product_brand?post=13341"},{"taxonomy":"product_cat","embeddable":true,"href":"https:\/\/nature-et-developpement.com\/ned-perpignan\/wp-json\/wp\/v2\/product_cat?post=13341"},{"taxonomy":"product_tag","embeddable":true,"href":"https:\/\/nature-et-developpement.com\/ned-perpignan\/wp-json\/wp\/v2\/product_tag?post=13341"}],"curies":[{"name":"wp","href":"https:\/\/api.w.org\/{rel}","templated":true}]}}