{"id":13401,"date":"2017-01-01T00:00:00","date_gmt":"2016-12-31T23:00:00","guid":{"rendered":"https:\/\/nature-et-developpement.com\/ned-perpignan\/produit\/frein-vapeur-pose-exterieur-dasatop-pro-clima\/"},"modified":"2026-03-25T00:01:37","modified_gmt":"2026-03-24T23:01:37","slug":"frein-vapeur-pose-exterieur-dasatop-pro-clima","status":"publish","type":"product","link":"https:\/\/nature-et-developpement.com\/ned-perpignan\/produit\/frein-vapeur-pose-exterieur-dasatop-pro-clima\/","title":{"rendered":"Frein-vapeur pose ext\u00e9rieur DASATOP Pro clima"},"content":{"rendered":"<p>Selon la norme DIN 4108, con\u00advi\u00adent comme frein-va\u00adpeur et mem\u00adbrane d&rsquo;\u00e9tanch\u00e9it\u00e9 \u00e0 l&rsquo;air \u00e0 poser par l\u2019ex\u00adt\u00e9rieur sur le re\u00adv\u00eate\u00adment in\u00adt\u00e9rieur, par\u00adall\u00e8le\u00adment au ch\u00e9neau, par-des\u00adsus les chev\u00adrons, pour toutes les con\u00adstruc\u00adtions pour\u00advues d\u2019\u00e9crans de sous-toit\u00adure (p.ex. pro clima SOLI\u00adTEX).<\/p>\n<p>La valeur sd\u00a0de l\u2019\u00e9cran de sous-toit\u00adure sur voli\u00adgeage doit \u00eatre de 0,1 m max\u00adim\u00adum.<\/p>\n<p>Con\u00advi\u00adent aus\u00adsi en com\u00adbinais\u00adon avec des pan\u00adneaux de sous-toit\u00adure en fibres de bois et en MDF ain\u00adsi qu\u2019avec des sys\u00adt\u00e8mes d\u2019isol\u00ada\u00adtion sur toit\u00adure ouverts \u00e0 la dif\u00adfu\u00adsion.<\/p>\n<p>Con\u00adforme aux ex\u00adi\u00adgences des normes DIN 4108-7, SIA 180 et OENORM B 8110-2.<\/p>\n<table class=\"table table-striped\">\n<thead>\n<tr>\n<td><strong>Propri\u00e9t\u00e9<\/strong><\/td>\n<td class=\"hidden-xs\"><strong>R\u00e9glementation<\/strong><\/td>\n<td><strong>Valeur<\/strong><\/td>\n<\/tr>\n<\/thead>\n<tbody>\n<tr>\n<td>Couleur<\/td>\n<td class=\"hidden-xs\"><\/td>\n<td>vert<\/td>\n<\/tr>\n<tr>\n<td>Grammage<\/td>\n<td class=\"hidden-xs\">NF EN 1849-2<\/td>\n<td>90 \u00b15 g\/m\u00b2<\/td>\n<\/tr>\n<tr>\n<td>Epaisseur<\/td>\n<td class=\"hidden-xs\">NF EN 1849-2<\/td>\n<td>0,25 \u00b10,05 mm<\/td>\n<\/tr>\n<tr>\n<td>Coeff. de r\u00e9sistance diffusion vapeur \u03bc<\/td>\n<td class=\"hidden-xs\">NF EN 1931<\/td>\n<td>6 400<\/td>\n<\/tr>\n<tr>\n<td>Valeur sd<\/td>\n<td class=\"hidden-xs\">NF EN 1931<\/td>\n<td>1,60 \u00b10,25 m<\/td>\n<\/tr>\n<tr>\n<td>Valeur sd hygrovariable<\/td>\n<td class=\"hidden-xs\">NF EN ISO 12572<\/td>\n<td>0,05 \u00e0 2 m<\/td>\n<\/tr>\n<tr>\n<td>R\u00e9action au feu<\/td>\n<td class=\"hidden-xs\">NF EN 13501-1<\/td>\n<td>Euroclasse E<\/td>\n<\/tr>\n<tr>\n<td>Exposition aux intemp\u00e9ries<\/td>\n<td class=\"hidden-xs\"><\/td>\n<td>4 semaines<\/td>\n<\/tr>\n<tr>\n<td>Colonne d\u2019eau<\/td>\n<td class=\"hidden-xs\">NF EN 20811<\/td>\n<td>&gt; 1 500 mm<\/td>\n<\/tr>\n<tr>\n<td>\u00c9tanch\u00e9it\u00e9 \u00e0 l&rsquo;eau<\/td>\n<td class=\"hidden-xs\">NF EN 1928<\/td>\n<td>W1<\/td>\n<\/tr>\n<tr>\n<td>Force de traction max. longit.\/transv.<\/td>\n<td class=\"hidden-xs\">NF EN 12311-2<\/td>\n<td>195 N\/5 cm \/ 105 N\/5 cm<\/td>\n<\/tr>\n<tr>\n<td>Allongement en traction longit.\/transv.<\/td>\n<td class=\"hidden-xs\">NF EN 12311-2<\/td>\n<td>90 % \/ 90 %<\/td>\n<\/tr>\n<tr>\n<td>R\u00e9sistance \u00e0 la d\u00e9chirure longitud.\/transv.<\/td>\n<td class=\"hidden-xs\">NF EN 12310-1<\/td>\n<td>110 N \/ 105 N<\/td>\n<\/tr>\n<tr>\n<td>Durabilit\u00e9 apr\u00e8s vieillissement artificiel<\/td>\n<td class=\"hidden-xs\">NF EN 1296 \/ NF EN 1931<\/td>\n<td>r\u00e9ussi<\/td>\n<\/tr>\n<tr>\n<td>R\u00e9sistance \u00e0 la temp\u00e9rature<\/td>\n<td class=\"hidden-xs\"><\/td>\n<td>stable entre -40 \u00b0C et +80 \u00b0C<\/td>\n<\/tr>\n<tr>\n<td>Coefficient thermique<\/td>\n<td class=\"hidden-xs\"><\/td>\n<td>0,17 W\/(m\u00b7K)<\/td>\n<\/tr>\n<tr>\n<td>Etanch\u00e9it\u00e9 \u00e0 l&rsquo;air<\/td>\n<td class=\"hidden-xs\">NF EN 12114<\/td>\n<td>effectu\u00e9<\/td>\n<\/tr>\n<tr>\n<td>Garantie mat\u00e9riel, d\u00e9pos\u00e9e<\/td>\n<td class=\"hidden-xs\">ZVDH<\/td>\n<td>oui<\/td>\n<\/tr>\n<tr>\n<td>Marquage CE<\/td>\n<td class=\"hidden-xs\">NF EN 13984<\/td>\n<td>existe<\/td>\n<\/tr>\n<\/tbody>\n<\/table>\n","protected":false},"excerpt":{"rendered":"<p>Frein-va\u00adpeur de r\u00e9nova\u00adtion \u00e0 ges\u00adtion act\u00adive de l&rsquo;hu\u00admid\u00adit\u00e9.<\/p>\n<p>Pose par l\u2019ex\u00adt\u00e9rieur, par au-des\u00adsus et par en des\u00adsous (en cr\u00e9neau)<\/p>\n","protected":false},"featured_media":1000000166702,"template":"","meta":[],"product_brand":[176],"product_cat":[2674],"product_tag":[2683],"class_list":{"0":"post-13401","1":"product","2":"type-product","3":"status-publish","4":"has-post-thumbnail","6":"product_brand-proclima","7":"product_cat-etancheite-a-lair","8":"product_tag-pro-clima","9":"product_shipping_class-petit-equipement-outil-eclairage","11":"first","12":"instock","13":"taxable","14":"shipping-taxable","15":"purchasable","16":"product-type-variable"},"yoast_head":"<!-- This site is optimized with the Yoast SEO plugin v27.5 - https:\/\/yoast.com\/product\/yoast-seo-wordpress\/ -->\n<title>Frein-vapeur pose ext\u00e9rieur DASATOP Pro clima - Nature et D\u00e9veloppement Perpignan<\/title>\n<meta name=\"robots\" content=\"noindex, nofollow\" \/>\n<meta property=\"og:locale\" content=\"fr_FR\" \/>\n<meta property=\"og:type\" content=\"article\" \/>\n<meta property=\"og:title\" content=\"Frein-vapeur pose ext\u00e9rieur DASATOP Pro clima - Nature et D\u00e9veloppement Perpignan\" \/>\n<meta property=\"og:description\" content=\"Frein-va\u00adpeur de r\u00e9nova\u00adtion \u00e0 ges\u00adtion act\u00adive de l&#039;hu\u00admid\u00adit\u00e9.  Pose par l\u2019ex\u00adt\u00e9rieur, par au-des\u00adsus et par en des\u00adsous (en cr\u00e9neau)\" \/>\n<meta property=\"og:url\" content=\"https:\/\/nature-et-developpement.com\/ned-perpignan\/produit\/frein-vapeur-pose-exterieur-dasatop-pro-clima\/\" \/>\n<meta property=\"og:site_name\" content=\"Nature et D\u00e9veloppement Perpignan\" \/>\n<meta property=\"article:modified_time\" content=\"2026-03-24T23:01:37+00:00\" \/>\n<meta name=\"twitter:card\" content=\"summary_large_image\" \/>\n<meta name=\"twitter:label1\" content=\"Dur\u00e9e de lecture estim\u00e9e\" \/>\n\t<meta name=\"twitter:data1\" content=\"2 minutes\" \/>\n<script type=\"application\/ld+json\" class=\"yoast-schema-graph\">{\"@context\":\"https:\\\/\\\/schema.org\",\"@graph\":[{\"@type\":\"WebPage\",\"@id\":\"https:\\\/\\\/nature-et-developpement.com\\\/ned-perpignan\\\/produit\\\/frein-vapeur-pose-exterieur-dasatop-pro-clima\\\/\",\"url\":\"https:\\\/\\\/nature-et-developpement.com\\\/ned-perpignan\\\/produit\\\/frein-vapeur-pose-exterieur-dasatop-pro-clima\\\/\",\"name\":\"Frein-vapeur pose ext\u00e9rieur DASATOP Pro clima - Nature et D\u00e9veloppement Perpignan\",\"isPartOf\":{\"@id\":\"https:\\\/\\\/nature-et-developpement.com\\\/ned-perpignan\\\/#website\"},\"primaryImageOfPage\":{\"@id\":\"https:\\\/\\\/nature-et-developpement.com\\\/ned-perpignan\\\/produit\\\/frein-vapeur-pose-exterieur-dasatop-pro-clima\\\/#primaryimage\"},\"image\":{\"@id\":\"https:\\\/\\\/nature-et-developpement.com\\\/ned-perpignan\\\/produit\\\/frein-vapeur-pose-exterieur-dasatop-pro-clima\\\/#primaryimage\"},\"thumbnailUrl\":\"https:\\\/\\\/nature-et-developpement.com\\\/ned-perpignan\\\/wp-content\\\/uploads\\\/Frein-vapeur-pose-exterieur-DASATOP-Pro-clima.jpg\",\"datePublished\":\"2016-12-31T23:00:00+00:00\",\"dateModified\":\"2026-03-24T23:01:37+00:00\",\"breadcrumb\":{\"@id\":\"https:\\\/\\\/nature-et-developpement.com\\\/ned-perpignan\\\/produit\\\/frein-vapeur-pose-exterieur-dasatop-pro-clima\\\/#breadcrumb\"},\"inLanguage\":\"fr-FR\",\"potentialAction\":[{\"@type\":\"ReadAction\",\"target\":[\"https:\\\/\\\/nature-et-developpement.com\\\/ned-perpignan\\\/produit\\\/frein-vapeur-pose-exterieur-dasatop-pro-clima\\\/\"]}]},{\"@type\":\"ImageObject\",\"inLanguage\":\"fr-FR\",\"@id\":\"https:\\\/\\\/nature-et-developpement.com\\\/ned-perpignan\\\/produit\\\/frein-vapeur-pose-exterieur-dasatop-pro-clima\\\/#primaryimage\",\"url\":\"https:\\\/\\\/nature-et-developpement.com\\\/ned-perpignan\\\/wp-content\\\/uploads\\\/Frein-vapeur-pose-exterieur-DASATOP-Pro-clima.jpg\",\"contentUrl\":\"https:\\\/\\\/nature-et-developpement.com\\\/ned-perpignan\\\/wp-content\\\/uploads\\\/Frein-vapeur-pose-exterieur-DASATOP-Pro-clima.jpg\"},{\"@type\":\"BreadcrumbList\",\"@id\":\"https:\\\/\\\/nature-et-developpement.com\\\/ned-perpignan\\\/produit\\\/frein-vapeur-pose-exterieur-dasatop-pro-clima\\\/#breadcrumb\",\"itemListElement\":[{\"@type\":\"ListItem\",\"position\":1,\"name\":\"Accueil\",\"item\":\"https:\\\/\\\/nature-et-developpement.com\\\/ned-perpignan\\\/\"},{\"@type\":\"ListItem\",\"position\":2,\"name\":\"Boutique\",\"item\":\"https:\\\/\\\/nature-et-developpement.com\\\/ned-perpignan\\\/boutique\\\/\"},{\"@type\":\"ListItem\",\"position\":3,\"name\":\"Isolation et \u00e9tanch\u00e9it\u00e9\",\"item\":\"https:\\\/\\\/nature-et-developpement.com\\\/ned-perpignan\\\/produits\\\/isolation-et-etancheite\\\/\"},{\"@type\":\"ListItem\",\"position\":4,\"name\":\"Etanch\u00e9it\u00e9 \u00e0 l'air\",\"item\":\"https:\\\/\\\/nature-et-developpement.com\\\/ned-perpignan\\\/produits\\\/isolation-et-etancheite\\\/etancheite-a-lair\\\/\"},{\"@type\":\"ListItem\",\"position\":5,\"name\":\"Frein-vapeur pose ext\u00e9rieur DASATOP Pro clima\"}]},{\"@type\":\"WebSite\",\"@id\":\"https:\\\/\\\/nature-et-developpement.com\\\/ned-perpignan\\\/#website\",\"url\":\"https:\\\/\\\/nature-et-developpement.com\\\/ned-perpignan\\\/\",\"name\":\"Nature et D\u00e9veloppement Perpignan\",\"description\":\"Solutions, mat\u00e9riaux et d\u00e9coration \u00e9co-responsables pour les pros et les particuliers.\",\"potentialAction\":[{\"@type\":\"SearchAction\",\"target\":{\"@type\":\"EntryPoint\",\"urlTemplate\":\"https:\\\/\\\/nature-et-developpement.com\\\/ned-perpignan\\\/?s={search_term_string}\"},\"query-input\":{\"@type\":\"PropertyValueSpecification\",\"valueRequired\":true,\"valueName\":\"search_term_string\"}}],\"inLanguage\":\"fr-FR\"}]}<\/script>\n<!-- \/ Yoast SEO plugin. -->","yoast_head_json":{"title":"Frein-vapeur pose ext\u00e9rieur DASATOP Pro clima - Nature et D\u00e9veloppement Perpignan","robots":{"index":"noindex","follow":"nofollow"},"og_locale":"fr_FR","og_type":"article","og_title":"Frein-vapeur pose ext\u00e9rieur DASATOP Pro clima - Nature et D\u00e9veloppement Perpignan","og_description":"Frein-va\u00adpeur de r\u00e9nova\u00adtion \u00e0 ges\u00adtion act\u00adive de l'hu\u00admid\u00adit\u00e9.  Pose par l\u2019ex\u00adt\u00e9rieur, par au-des\u00adsus et par en des\u00adsous (en cr\u00e9neau)","og_url":"https:\/\/nature-et-developpement.com\/ned-perpignan\/produit\/frein-vapeur-pose-exterieur-dasatop-pro-clima\/","og_site_name":"Nature et D\u00e9veloppement Perpignan","article_modified_time":"2026-03-24T23:01:37+00:00","twitter_card":"summary_large_image","twitter_misc":{"Dur\u00e9e de lecture estim\u00e9e":"2 minutes"},"schema":{"@context":"https:\/\/schema.org","@graph":[{"@type":"WebPage","@id":"https:\/\/nature-et-developpement.com\/ned-perpignan\/produit\/frein-vapeur-pose-exterieur-dasatop-pro-clima\/","url":"https:\/\/nature-et-developpement.com\/ned-perpignan\/produit\/frein-vapeur-pose-exterieur-dasatop-pro-clima\/","name":"Frein-vapeur pose ext\u00e9rieur DASATOP Pro clima - Nature et D\u00e9veloppement Perpignan","isPartOf":{"@id":"https:\/\/nature-et-developpement.com\/ned-perpignan\/#website"},"primaryImageOfPage":{"@id":"https:\/\/nature-et-developpement.com\/ned-perpignan\/produit\/frein-vapeur-pose-exterieur-dasatop-pro-clima\/#primaryimage"},"image":{"@id":"https:\/\/nature-et-developpement.com\/ned-perpignan\/produit\/frein-vapeur-pose-exterieur-dasatop-pro-clima\/#primaryimage"},"thumbnailUrl":"https:\/\/nature-et-developpement.com\/ned-perpignan\/wp-content\/uploads\/Frein-vapeur-pose-exterieur-DASATOP-Pro-clima.jpg","datePublished":"2016-12-31T23:00:00+00:00","dateModified":"2026-03-24T23:01:37+00:00","breadcrumb":{"@id":"https:\/\/nature-et-developpement.com\/ned-perpignan\/produit\/frein-vapeur-pose-exterieur-dasatop-pro-clima\/#breadcrumb"},"inLanguage":"fr-FR","potentialAction":[{"@type":"ReadAction","target":["https:\/\/nature-et-developpement.com\/ned-perpignan\/produit\/frein-vapeur-pose-exterieur-dasatop-pro-clima\/"]}]},{"@type":"ImageObject","inLanguage":"fr-FR","@id":"https:\/\/nature-et-developpement.com\/ned-perpignan\/produit\/frein-vapeur-pose-exterieur-dasatop-pro-clima\/#primaryimage","url":"https:\/\/nature-et-developpement.com\/ned-perpignan\/wp-content\/uploads\/Frein-vapeur-pose-exterieur-DASATOP-Pro-clima.jpg","contentUrl":"https:\/\/nature-et-developpement.com\/ned-perpignan\/wp-content\/uploads\/Frein-vapeur-pose-exterieur-DASATOP-Pro-clima.jpg"},{"@type":"BreadcrumbList","@id":"https:\/\/nature-et-developpement.com\/ned-perpignan\/produit\/frein-vapeur-pose-exterieur-dasatop-pro-clima\/#breadcrumb","itemListElement":[{"@type":"ListItem","position":1,"name":"Accueil","item":"https:\/\/nature-et-developpement.com\/ned-perpignan\/"},{"@type":"ListItem","position":2,"name":"Boutique","item":"https:\/\/nature-et-developpement.com\/ned-perpignan\/boutique\/"},{"@type":"ListItem","position":3,"name":"Isolation et \u00e9tanch\u00e9it\u00e9","item":"https:\/\/nature-et-developpement.com\/ned-perpignan\/produits\/isolation-et-etancheite\/"},{"@type":"ListItem","position":4,"name":"Etanch\u00e9it\u00e9 \u00e0 l'air","item":"https:\/\/nature-et-developpement.com\/ned-perpignan\/produits\/isolation-et-etancheite\/etancheite-a-lair\/"},{"@type":"ListItem","position":5,"name":"Frein-vapeur pose ext\u00e9rieur DASATOP Pro clima"}]},{"@type":"WebSite","@id":"https:\/\/nature-et-developpement.com\/ned-perpignan\/#website","url":"https:\/\/nature-et-developpement.com\/ned-perpignan\/","name":"Nature et D\u00e9veloppement Perpignan","description":"Solutions, mat\u00e9riaux et d\u00e9coration \u00e9co-responsables pour les pros et les particuliers.","potentialAction":[{"@type":"SearchAction","target":{"@type":"EntryPoint","urlTemplate":"https:\/\/nature-et-developpement.com\/ned-perpignan\/?s={search_term_string}"},"query-input":{"@type":"PropertyValueSpecification","valueRequired":true,"valueName":"search_term_string"}}],"inLanguage":"fr-FR"}]}},"distributor_meta":false,"distributor_terms":false,"distributor_media":false,"distributor_original_site_name":"Nature et D\u00e9veloppement Perpignan","distributor_original_site_url":"https:\/\/nature-et-developpement.com\/ned-perpignan","push-errors":false,"_links":{"self":[{"href":"https:\/\/nature-et-developpement.com\/ned-perpignan\/wp-json\/wp\/v2\/product\/13401","targetHints":{"allow":["GET"]}}],"collection":[{"href":"https:\/\/nature-et-developpement.com\/ned-perpignan\/wp-json\/wp\/v2\/product"}],"about":[{"href":"https:\/\/nature-et-developpement.com\/ned-perpignan\/wp-json\/wp\/v2\/types\/product"}],"wp:featuredmedia":[{"embeddable":true,"href":"https:\/\/nature-et-developpement.com\/ned-perpignan\/wp-json\/"}],"wp:attachment":[{"href":"https:\/\/nature-et-developpement.com\/ned-perpignan\/wp-json\/wp\/v2\/media?parent=13401"}],"wp:term":[{"taxonomy":"product_brand","embeddable":true,"href":"https:\/\/nature-et-developpement.com\/ned-perpignan\/wp-json\/wp\/v2\/product_brand?post=13401"},{"taxonomy":"product_cat","embeddable":true,"href":"https:\/\/nature-et-developpement.com\/ned-perpignan\/wp-json\/wp\/v2\/product_cat?post=13401"},{"taxonomy":"product_tag","embeddable":true,"href":"https:\/\/nature-et-developpement.com\/ned-perpignan\/wp-json\/wp\/v2\/product_tag?post=13401"}],"curies":[{"name":"wp","href":"https:\/\/api.w.org\/{rel}","templated":true}]}}