{"id":992,"date":"2025-04-28T00:00:35","date_gmt":"2025-04-27T22:00:35","guid":{"rendered":"https:\/\/nature-et-developpement.com\/ned-perpignan\/produit\/isolant-ecologique-rigide-steico-universal-dry-pare-pluie-en-fibre-de-bois\/"},"modified":"2026-03-03T23:02:28","modified_gmt":"2026-03-03T22:02:28","slug":"panneau-isolant-en-fibre-de-bois-steico-universal-dry-pare-pluie","status":"publish","type":"product","link":"https:\/\/nature-et-developpement.com\/ned-perpignan\/produit\/panneau-isolant-en-fibre-de-bois-steico-universal-dry-pare-pluie\/","title":{"rendered":"STEICO Universal DRY &#8211; Panneau Isolant en Fibre de Bois Pare-Pluie"},"content":{"rendered":"<h2>Isolant en fibre de bois STEICO Universal DRY &#8211; Panneaux Pare-Pluie \u00c9cologique<\/h2>\n<p>Les panneaux pare-pluie STEICO Universal DRY sont la solution id\u00e9ale pour une isolation efficace des <strong>murs et toitures<\/strong>, que ce soit dans le cadre d&rsquo;une construction neuve ou d&rsquo;une r\u00e9novation.<\/p>\n<p>Ces panneaux \u00e9cologiques offrent une protection thermique exceptionnelle, garantissant un confort optimal toute l&rsquo;ann\u00e9e.<\/p>\n<p>Avec un profil <strong>robuste et durable<\/strong>, ils contribuent \u00e0 r\u00e9duire les ponts thermiques et assurent une protection efficace contre le vent, la poussi\u00e8re, l&rsquo;humidit\u00e9 et le bruit.<\/p>\n<p>Voici pourquoi vous devriez consid\u00e9rer l&rsquo;Isolant STEICO Universal DRY pour votre projet :<\/p>\n<h4><strong>Protection isolante Thermique en toute Saison<\/strong><\/h4>\n<p>Gr\u00e2ce \u00e0 leur composition en fibre de bois de haute qualit\u00e9, les panneaux STEICO Universal DRY offrent une excellente <strong>isolation thermique<\/strong> en hiver et une r\u00e9gulation efficace de la temp\u00e9rature en \u00e9t\u00e9, assurant un environnement int\u00e9rieur agr\u00e9able \u00e0 tout moment.<\/p>\n<h4><strong>R\u00e9duction des Ponts Thermiques<\/strong><\/h4>\n<p>Les panneaux STEICO Universal DRY sont con\u00e7us pour minimiser les ponts thermiques, ce qui se traduit par une meilleure efficacit\u00e9 \u00e9nerg\u00e9tique de votre b\u00e2timent et des \u00e9conomies sur votre facture de chauffage.<\/p>\n<h3><strong>Isolation fibre de bois Polyvalent<\/strong><\/h3>\n<p>Ces panneaux sont parfaits en tant que <strong>pare-pluie<\/strong> et coupe-vent pour les toitures \u00e0 pente sup\u00e9rieure ou \u00e9gale \u00e0 16 degr\u00e9s, et ils n&rsquo;ont pas besoin d&rsquo;\u00eatre coll\u00e9s.<\/p>\n<p>Ils r\u00e9sistent \u00e9galement \u00e0 l&rsquo;humidit\u00e9, \u00e0 la diffusion de vapeur d&rsquo;eau et assurent une protection efficace contre le vent et la poussi\u00e8re.<\/p>\n<p>De plus, ils contribuent \u00e0 r\u00e9duire les nuisances sonores, cr\u00e9ant un environnement plus paisible.<\/p>\n<p><span class=\"TextRun SCXW62368398 BCX2\" lang=\"fr-fr\" xml:lang=\"fr-fr\"><span class=\"NormalTextRun SCXW62368398 BCX2\">Sachez que\u00a0<span class=\"v1gmail-TextRun v1gmail-SCXW62368398 v1gmail-BCX2\" lang=\"fr-fr\"><span class=\"v1gmail-NormalTextRun v1gmail-SCXW62368398 v1gmail-BCX2\">les panneaux en fibre de bois rigides sont plus denses que les panneaux de\u00a0<\/span><\/span><span class=\"v1gmail-TextRun v1gmail-SCXW62368398 v1gmail-BCX2\" lang=\"fr-fr\"><span class=\"v1gmail-NormalTextRun v1gmail-SCXW62368398 v1gmail-BCX2\"><strong>laine de bois<\/strong> semi<\/span><\/span><span class=\"v1gmail-TextRun v1gmail-SCXW62368398 v1gmail-BCX2\" lang=\"fr-fr\"><span class=\"v1gmail-NormalTextRun v1gmail-SCXW62368398 v1gmail-BCX2\">-rigide qui poss\u00e8dent une\u00a0<\/span><\/span><span class=\"v1gmail-TextRun v1gmail-SCXW62368398 v1gmail-BCX2\" lang=\"fr-fr\"><span class=\"v1gmail-NormalTextRun v1gmail-SCXW62368398 v1gmail-BCX2\">densit\u00e9 plus faible, entre 50 et 55 kg\/m<\/span><\/span><span class=\"v1gmail-TextRun v1gmail-SCXW62368398 v1gmail-BCX2\" lang=\"fr-fr\"><span class=\"v1gmail-NormalTextRun v1gmail-SCXW62368398 v1gmail-BCX2\">\u00b3<\/span><\/span>.<\/span><\/span><\/p>\n<h4><strong>Isolant biosourc\u00e9 et Respectueux de l&rsquo;Environnement<\/strong><\/h4>\n<p>STEICO Universal DRY est fabriqu\u00e9 selon des proc\u00e9d\u00e9s secs et respecte les normes NF EN 13171 et NF EN 14964.<\/p>\n<p>Son impact environnemental est limit\u00e9, et il est <strong>recyclable<\/strong>.<\/p>\n<p>Compos\u00e9 de fibres de bois, de r\u00e9sine polyur\u00e9thane et de paraffine, et il r\u00e9pond aux crit\u00e8res de durabilit\u00e9.<\/p>\n<h4><strong>Caract\u00e9ristiques Techniques<\/strong><\/h4>\n<ul>\n<li>Certifications : NF EN 13171 et NF EN 14964<\/li>\n<li>R\u00e9action au Feu : Conforme \u00e0 la norme EN 13501-1 (Classe E)<\/li>\n<li>Conductivit\u00e9 Thermique \u03bbD : 0,045 W\/(m\u00b7K)<\/li>\n<li>R\u00e9sistance Thermique RD : 0,75 (m\u00b2\u00b7K)\/W<\/li>\n<li>Masse Volumique : Environ 210 kg\/m\u00b3<\/li>\n<li>Facteur de R\u00e9sistance \u00e0 la Diffusion de Vapeur d&rsquo;Eau \u03bc : 3<\/li>\n<li>Valeur sd : 0,11 m<\/li>\n<li>Absorption d&rsquo;Eau \u00e0 Court Terme : \u2264 1,0 kg\/m\u00b2<\/li>\n<li>Capacit\u00e9 Thermique Massique : 2.100 J\/(kg\u00b7K)<\/li>\n<li>R\u00e9sistance \u00e0 la Flexion \u00e0 10 % de Compression : 0,20 N\/mm\u00b2<\/li>\n<li>R\u00e9sistance \u00e0 la Compression : 200 kPa<\/li>\n<li>R\u00e9sistance \u00e0 la Traction Perpendiculaire aux Faces : \u2265 25 kPa<\/li>\n<li>R\u00e9sistivit\u00e9 \u00e0 l&rsquo;\u00c9coulement de l&rsquo;Air : \u2265 100 (kPa\u00b7s)\/m\u00b2<\/li>\n<li>Composants : Fibre de bois, r\u00e9sine polyur\u00e9thane, paraffine<\/li>\n<li>Code de Recyclage (EAK) : 030105 \/ 170201<\/li>\n<\/ul>\n<p>Optimisez votre isolation et contribuez \u00e0 la pr\u00e9servation de l&rsquo;environnement avec STEICO Universal DRY.<\/p>\n<p>Profitez d&rsquo;une isolation de qualit\u00e9 sup\u00e9rieure et durable.<\/p>\n<div class=\"productDetail__head__description\"><\/div>\n","protected":false},"excerpt":{"rendered":"<p>Isolation \u00e9cologique en fibre de bois en toute saison avec les panneaux pare-pluie STEICO Universal DRY.<br \/>\nMaximisez l&rsquo;efficacit\u00e9 \u00e9nerg\u00e9tique de votre b\u00e2timent, \u00e9t\u00e9 comme hiver.<\/p>\n","protected":false},"featured_media":1000000166613,"template":"","meta":[],"product_brand":[184],"product_cat":[2668,2671],"product_tag":[2666],"class_list":{"0":"post-992","1":"product","2":"type-product","3":"status-publish","4":"has-post-thumbnail","6":"product_brand-steico","7":"product_cat-isolation-exterieure","8":"product_cat-pare-pluie","9":"product_tag-steico","11":"first","12":"instock","13":"taxable","14":"shipping-taxable","15":"purchasable","16":"product-type-variable"},"yoast_head":"<!-- This site is optimized with the Yoast SEO plugin v27.5 - https:\/\/yoast.com\/product\/yoast-seo-wordpress\/ -->\n<title>Isolant \u00e9cologique rigide en fibre de bois STEICO universal DRY<\/title>\n<meta name=\"description\" content=\"Isolation \u00e9cologique toute saison avec les panneaux pare-pluie STEICO Universal DRY 35mm. Plus d&#039;efficacit\u00e9 \u00e9nerg\u00e9tique de votre b\u00e2timent, \u00e9t\u00e9 comme hiver.\" \/>\n<meta name=\"robots\" content=\"noindex, nofollow\" \/>\n<meta property=\"og:locale\" content=\"fr_FR\" \/>\n<meta property=\"og:type\" content=\"article\" \/>\n<meta property=\"og:title\" content=\"Isolant \u00e9cologique rigide en fibre de bois STEICO universal DRY\" \/>\n<meta property=\"og:description\" content=\"Isolation \u00e9cologique toute saison avec les panneaux pare-pluie STEICO Universal DRY 35mm. Plus d&#039;efficacit\u00e9 \u00e9nerg\u00e9tique de votre b\u00e2timent, \u00e9t\u00e9 comme hiver.\" \/>\n<meta property=\"og:url\" content=\"https:\/\/nature-et-developpement.com\/ned-perpignan\/produit\/panneau-isolant-en-fibre-de-bois-steico-universal-dry-pare-pluie\/\" \/>\n<meta property=\"og:site_name\" content=\"Nature et D\u00e9veloppement Perpignan\" \/>\n<meta property=\"article:modified_time\" content=\"2026-03-03T22:02:28+00:00\" \/>\n<meta name=\"twitter:card\" content=\"summary_large_image\" \/>\n<meta name=\"twitter:label1\" content=\"Dur\u00e9e de lecture estim\u00e9e\" \/>\n\t<meta name=\"twitter:data1\" content=\"2 minutes\" \/>\n<script type=\"application\/ld+json\" class=\"yoast-schema-graph\">{\"@context\":\"https:\\\/\\\/schema.org\",\"@graph\":[{\"@type\":\"WebPage\",\"@id\":\"https:\\\/\\\/nature-et-developpement.com\\\/ned-perpignan\\\/produit\\\/panneau-isolant-en-fibre-de-bois-steico-universal-dry-pare-pluie\\\/\",\"url\":\"https:\\\/\\\/nature-et-developpement.com\\\/ned-perpignan\\\/produit\\\/panneau-isolant-en-fibre-de-bois-steico-universal-dry-pare-pluie\\\/\",\"name\":\"Isolant \u00e9cologique rigide en fibre de bois STEICO universal DRY\",\"isPartOf\":{\"@id\":\"https:\\\/\\\/nature-et-developpement.com\\\/ned-perpignan\\\/#website\"},\"primaryImageOfPage\":{\"@id\":\"https:\\\/\\\/nature-et-developpement.com\\\/ned-perpignan\\\/produit\\\/panneau-isolant-en-fibre-de-bois-steico-universal-dry-pare-pluie\\\/#primaryimage\"},\"image\":{\"@id\":\"https:\\\/\\\/nature-et-developpement.com\\\/ned-perpignan\\\/produit\\\/panneau-isolant-en-fibre-de-bois-steico-universal-dry-pare-pluie\\\/#primaryimage\"},\"thumbnailUrl\":\"https:\\\/\\\/nature-et-developpement.com\\\/ned-perpignan\\\/wp-content\\\/uploads\\\/Isolant-ecologique-rigide-STEICO-universal-DRY-pare-pluie-en-fibre-de-bois.jpg\",\"datePublished\":\"2025-04-27T22:00:35+00:00\",\"dateModified\":\"2026-03-03T22:02:28+00:00\",\"description\":\"Isolation \u00e9cologique toute saison avec les panneaux pare-pluie STEICO Universal DRY 35mm. Plus d'efficacit\u00e9 \u00e9nerg\u00e9tique de votre b\u00e2timent, \u00e9t\u00e9 comme hiver.\",\"breadcrumb\":{\"@id\":\"https:\\\/\\\/nature-et-developpement.com\\\/ned-perpignan\\\/produit\\\/panneau-isolant-en-fibre-de-bois-steico-universal-dry-pare-pluie\\\/#breadcrumb\"},\"inLanguage\":\"fr-FR\",\"potentialAction\":[{\"@type\":\"ReadAction\",\"target\":[\"https:\\\/\\\/nature-et-developpement.com\\\/ned-perpignan\\\/produit\\\/panneau-isolant-en-fibre-de-bois-steico-universal-dry-pare-pluie\\\/\"]}]},{\"@type\":\"ImageObject\",\"inLanguage\":\"fr-FR\",\"@id\":\"https:\\\/\\\/nature-et-developpement.com\\\/ned-perpignan\\\/produit\\\/panneau-isolant-en-fibre-de-bois-steico-universal-dry-pare-pluie\\\/#primaryimage\",\"url\":\"https:\\\/\\\/nature-et-developpement.com\\\/ned-perpignan\\\/wp-content\\\/uploads\\\/Isolant-ecologique-rigide-STEICO-universal-DRY-pare-pluie-en-fibre-de-bois.jpg\",\"contentUrl\":\"https:\\\/\\\/nature-et-developpement.com\\\/ned-perpignan\\\/wp-content\\\/uploads\\\/Isolant-ecologique-rigide-STEICO-universal-DRY-pare-pluie-en-fibre-de-bois.jpg\"},{\"@type\":\"BreadcrumbList\",\"@id\":\"https:\\\/\\\/nature-et-developpement.com\\\/ned-perpignan\\\/produit\\\/panneau-isolant-en-fibre-de-bois-steico-universal-dry-pare-pluie\\\/#breadcrumb\",\"itemListElement\":[{\"@type\":\"ListItem\",\"position\":1,\"name\":\"Accueil\",\"item\":\"https:\\\/\\\/nature-et-developpement.com\\\/ned-perpignan\\\/\"},{\"@type\":\"ListItem\",\"position\":2,\"name\":\"Boutique\",\"item\":\"https:\\\/\\\/nature-et-developpement.com\\\/ned-perpignan\\\/boutique\\\/\"},{\"@type\":\"ListItem\",\"position\":3,\"name\":\"Isolation et \u00e9tanch\u00e9it\u00e9\",\"item\":\"https:\\\/\\\/nature-et-developpement.com\\\/ned-perpignan\\\/produits\\\/isolation-et-etancheite\\\/\"},{\"@type\":\"ListItem\",\"position\":4,\"name\":\"Isolation ext\u00e9rieure\",\"item\":\"https:\\\/\\\/nature-et-developpement.com\\\/ned-perpignan\\\/produits\\\/isolation-et-etancheite\\\/isolation-exterieure\\\/\"},{\"@type\":\"ListItem\",\"position\":5,\"name\":\"STEICO Universal DRY &#8211; Panneau Isolant en Fibre de Bois Pare-Pluie\"}]},{\"@type\":\"WebSite\",\"@id\":\"https:\\\/\\\/nature-et-developpement.com\\\/ned-perpignan\\\/#website\",\"url\":\"https:\\\/\\\/nature-et-developpement.com\\\/ned-perpignan\\\/\",\"name\":\"Nature et D\u00e9veloppement Perpignan\",\"description\":\"Solutions, mat\u00e9riaux et d\u00e9coration \u00e9co-responsables pour les pros et les particuliers.\",\"potentialAction\":[{\"@type\":\"SearchAction\",\"target\":{\"@type\":\"EntryPoint\",\"urlTemplate\":\"https:\\\/\\\/nature-et-developpement.com\\\/ned-perpignan\\\/?s={search_term_string}\"},\"query-input\":{\"@type\":\"PropertyValueSpecification\",\"valueRequired\":true,\"valueName\":\"search_term_string\"}}],\"inLanguage\":\"fr-FR\"}]}<\/script>\n<!-- \/ Yoast SEO plugin. -->","yoast_head_json":{"title":"Isolant \u00e9cologique rigide en fibre de bois STEICO universal DRY","description":"Isolation \u00e9cologique toute saison avec les panneaux pare-pluie STEICO Universal DRY 35mm. Plus d'efficacit\u00e9 \u00e9nerg\u00e9tique de votre b\u00e2timent, \u00e9t\u00e9 comme hiver.","robots":{"index":"noindex","follow":"nofollow"},"og_locale":"fr_FR","og_type":"article","og_title":"Isolant \u00e9cologique rigide en fibre de bois STEICO universal DRY","og_description":"Isolation \u00e9cologique toute saison avec les panneaux pare-pluie STEICO Universal DRY 35mm. Plus d'efficacit\u00e9 \u00e9nerg\u00e9tique de votre b\u00e2timent, \u00e9t\u00e9 comme hiver.","og_url":"https:\/\/nature-et-developpement.com\/ned-perpignan\/produit\/panneau-isolant-en-fibre-de-bois-steico-universal-dry-pare-pluie\/","og_site_name":"Nature et D\u00e9veloppement Perpignan","article_modified_time":"2026-03-03T22:02:28+00:00","twitter_card":"summary_large_image","twitter_misc":{"Dur\u00e9e de lecture estim\u00e9e":"2 minutes"},"schema":{"@context":"https:\/\/schema.org","@graph":[{"@type":"WebPage","@id":"https:\/\/nature-et-developpement.com\/ned-perpignan\/produit\/panneau-isolant-en-fibre-de-bois-steico-universal-dry-pare-pluie\/","url":"https:\/\/nature-et-developpement.com\/ned-perpignan\/produit\/panneau-isolant-en-fibre-de-bois-steico-universal-dry-pare-pluie\/","name":"Isolant \u00e9cologique rigide en fibre de bois STEICO universal DRY","isPartOf":{"@id":"https:\/\/nature-et-developpement.com\/ned-perpignan\/#website"},"primaryImageOfPage":{"@id":"https:\/\/nature-et-developpement.com\/ned-perpignan\/produit\/panneau-isolant-en-fibre-de-bois-steico-universal-dry-pare-pluie\/#primaryimage"},"image":{"@id":"https:\/\/nature-et-developpement.com\/ned-perpignan\/produit\/panneau-isolant-en-fibre-de-bois-steico-universal-dry-pare-pluie\/#primaryimage"},"thumbnailUrl":"https:\/\/nature-et-developpement.com\/ned-perpignan\/wp-content\/uploads\/Isolant-ecologique-rigide-STEICO-universal-DRY-pare-pluie-en-fibre-de-bois.jpg","datePublished":"2025-04-27T22:00:35+00:00","dateModified":"2026-03-03T22:02:28+00:00","description":"Isolation \u00e9cologique toute saison avec les panneaux pare-pluie STEICO Universal DRY 35mm. Plus d'efficacit\u00e9 \u00e9nerg\u00e9tique de votre b\u00e2timent, \u00e9t\u00e9 comme hiver.","breadcrumb":{"@id":"https:\/\/nature-et-developpement.com\/ned-perpignan\/produit\/panneau-isolant-en-fibre-de-bois-steico-universal-dry-pare-pluie\/#breadcrumb"},"inLanguage":"fr-FR","potentialAction":[{"@type":"ReadAction","target":["https:\/\/nature-et-developpement.com\/ned-perpignan\/produit\/panneau-isolant-en-fibre-de-bois-steico-universal-dry-pare-pluie\/"]}]},{"@type":"ImageObject","inLanguage":"fr-FR","@id":"https:\/\/nature-et-developpement.com\/ned-perpignan\/produit\/panneau-isolant-en-fibre-de-bois-steico-universal-dry-pare-pluie\/#primaryimage","url":"https:\/\/nature-et-developpement.com\/ned-perpignan\/wp-content\/uploads\/Isolant-ecologique-rigide-STEICO-universal-DRY-pare-pluie-en-fibre-de-bois.jpg","contentUrl":"https:\/\/nature-et-developpement.com\/ned-perpignan\/wp-content\/uploads\/Isolant-ecologique-rigide-STEICO-universal-DRY-pare-pluie-en-fibre-de-bois.jpg"},{"@type":"BreadcrumbList","@id":"https:\/\/nature-et-developpement.com\/ned-perpignan\/produit\/panneau-isolant-en-fibre-de-bois-steico-universal-dry-pare-pluie\/#breadcrumb","itemListElement":[{"@type":"ListItem","position":1,"name":"Accueil","item":"https:\/\/nature-et-developpement.com\/ned-perpignan\/"},{"@type":"ListItem","position":2,"name":"Boutique","item":"https:\/\/nature-et-developpement.com\/ned-perpignan\/boutique\/"},{"@type":"ListItem","position":3,"name":"Isolation et \u00e9tanch\u00e9it\u00e9","item":"https:\/\/nature-et-developpement.com\/ned-perpignan\/produits\/isolation-et-etancheite\/"},{"@type":"ListItem","position":4,"name":"Isolation ext\u00e9rieure","item":"https:\/\/nature-et-developpement.com\/ned-perpignan\/produits\/isolation-et-etancheite\/isolation-exterieure\/"},{"@type":"ListItem","position":5,"name":"STEICO Universal DRY &#8211; Panneau Isolant en Fibre de Bois Pare-Pluie"}]},{"@type":"WebSite","@id":"https:\/\/nature-et-developpement.com\/ned-perpignan\/#website","url":"https:\/\/nature-et-developpement.com\/ned-perpignan\/","name":"Nature et D\u00e9veloppement Perpignan","description":"Solutions, mat\u00e9riaux et d\u00e9coration \u00e9co-responsables pour les pros et les particuliers.","potentialAction":[{"@type":"SearchAction","target":{"@type":"EntryPoint","urlTemplate":"https:\/\/nature-et-developpement.com\/ned-perpignan\/?s={search_term_string}"},"query-input":{"@type":"PropertyValueSpecification","valueRequired":true,"valueName":"search_term_string"}}],"inLanguage":"fr-FR"}]}},"distributor_meta":false,"distributor_terms":false,"distributor_media":false,"distributor_original_site_name":"Nature et D\u00e9veloppement Perpignan","distributor_original_site_url":"https:\/\/nature-et-developpement.com\/ned-perpignan","push-errors":false,"_links":{"self":[{"href":"https:\/\/nature-et-developpement.com\/ned-perpignan\/wp-json\/wp\/v2\/product\/992","targetHints":{"allow":["GET"]}}],"collection":[{"href":"https:\/\/nature-et-developpement.com\/ned-perpignan\/wp-json\/wp\/v2\/product"}],"about":[{"href":"https:\/\/nature-et-developpement.com\/ned-perpignan\/wp-json\/wp\/v2\/types\/product"}],"wp:featuredmedia":[{"embeddable":true,"href":"https:\/\/nature-et-developpement.com\/ned-perpignan\/wp-json\/"}],"wp:attachment":[{"href":"https:\/\/nature-et-developpement.com\/ned-perpignan\/wp-json\/wp\/v2\/media?parent=992"}],"wp:term":[{"taxonomy":"product_brand","embeddable":true,"href":"https:\/\/nature-et-developpement.com\/ned-perpignan\/wp-json\/wp\/v2\/product_brand?post=992"},{"taxonomy":"product_cat","embeddable":true,"href":"https:\/\/nature-et-developpement.com\/ned-perpignan\/wp-json\/wp\/v2\/product_cat?post=992"},{"taxonomy":"product_tag","embeddable":true,"href":"https:\/\/nature-et-developpement.com\/ned-perpignan\/wp-json\/wp\/v2\/product_tag?post=992"}],"curies":[{"name":"wp","href":"https:\/\/api.w.org\/{rel}","templated":true}]}}