{"id":995,"date":"2022-03-18T10:12:35","date_gmt":"2022-03-18T09:12:35","guid":{"rendered":"https:\/\/nature-et-developpement.com\/ned-perpignan\/produit\/isolant-ecologique-rigide-steico-universal-22mm-pare-pluie-en-fibre-de-bois\/"},"modified":"2026-03-03T23:06:55","modified_gmt":"2026-03-03T22:06:55","slug":"isolant-rigide-steico-universal-22mm-pare-pluie-en-fibre-de-bois","status":"publish","type":"product","link":"https:\/\/nature-et-developpement.com\/ned-perpignan\/produit\/isolant-rigide-steico-universal-22mm-pare-pluie-en-fibre-de-bois\/","title":{"rendered":"STEICO universal &#8211; Isolant rigide 22mm pare-pluie en fibre de bois"},"content":{"rendered":"<h2>STEICO<i>universal<\/i><\/h2>\n<p class=\"productDetail__head__claim\">Panneau pare-pluie, coupe-vent<\/p>\n<p class=\"productDetail__head__intro\">Panneaux pare-pluie pour murs et toitures en construction neuve<\/p>\n<div class=\"productDetail__head__description\">\n<p>\u2022 Panneaux \u00e9cologiques, sans colle ajout\u00e9e<\/p>\n<p>\u2022 Haute performance isolante, tant en hiver qu\u2018en \u00e9t\u00e9<\/p>\n<p>\u2022 Panneaux rainure et languette : facilit\u00e9 de mise en \u0153uvre, suppression des ponts thermiques<\/p>\n<p>\u2022 Ouvert \u00e0 la diffusion de vapeur d\u2018eau<\/p>\n<p>\u2022 Pare-pluie, coupe-vent, pour toitures \u00e0 pente \u2265 18\u00b0 sans collage<\/p>\n<p>\u2022 Peut assurer un hors d\u2018eau provisoire de 4 semaines<\/p>\n<p>\u2022 R\u00e9gulateur hygrom\u00e9trique<\/p>\n<p>\u2022 Panneaux pare-pluie traditionnels, conformes au DTU 31.2<\/p>\n<\/div>\n<div class=\"productDetail__head__description\">\n<h3 class=\"productDetail__label productDetail__label--big\">Caract\u00e9ristiques techniques<\/h3>\n<div class=\"table-responsive\">\n<table>\n<tbody>\n<tr>\n<td class=\"label\">Produit et certifi\u00e9 selon<\/td>\n<td class=\"value\">NF EN 13171, NF EN 13986 et EN 622-4<\/td>\n<\/tr>\n<tr>\n<td class=\"label\">Marquage<\/td>\n<td class=\"value\">WF \u2013 EN 13171 \u2013 T5 \u2013 DS (70,-) 2 \u2013 CS (10 Y)200 \u2013TR30 \u2013 WS1,0 \u2013 AFr100, EN-14964-IL<\/td>\n<\/tr>\n<tr>\n<td class=\"label\">R\u00e9action au feu selon norme EN 13501-1<\/td>\n<td class=\"value\">E<\/td>\n<\/tr>\n<tr>\n<td class=\"label\">Conductivit\u00e9 thermique \u03bbD [W\/(m*K)]<\/td>\n<td class=\"value\">0,048<\/td>\n<\/tr>\n<tr>\n<td class=\"label\">R\u00e9sistance thermique RD [(m\u00b2*K)\/W]<\/td>\n<td class=\"value\">0,45<\/td>\n<\/tr>\n<tr>\n<td class=\"label\">Masse volumique [kg\/m\u00b3]<\/td>\n<td class=\"value\">env. 270<\/td>\n<\/tr>\n<tr>\n<td class=\"label\">Facteur de r\u00e9sistance \u00e0 la diffusion de vapeur d\u2018eau \u03bc<\/td>\n<td class=\"value\">5<\/td>\n<\/tr>\n<tr>\n<td class=\"label\">Valeur sd [m]<\/td>\n<td class=\"value\">0,11<\/td>\n<\/tr>\n<tr>\n<td class=\"label\">Absorption d&rsquo;eau \u00e0 court terme [kg\/m\u00b2]<\/td>\n<td class=\"value\">\u2264 1,0<\/td>\n<\/tr>\n<tr>\n<td class=\"label\">Capacit\u00e9 thermique massique [J\/(kg*K)]<\/td>\n<td class=\"value\">2.100<\/td>\n<\/tr>\n<tr>\n<td class=\"label\">R\u00e9sistance \u00e0 la flexion \u00e0 10 % de compression [N\/mm\u00b2]<\/td>\n<td class=\"value\">0,20<\/td>\n<\/tr>\n<tr>\n<td class=\"label\">R\u00e9sistance \u00e0 la compression [kPa]<\/td>\n<td class=\"value\">200<\/td>\n<\/tr>\n<tr>\n<td class=\"label\">R\u00e9sistance \u00e0 la traction perpendiculaire aux faces [kPa]<\/td>\n<td class=\"value\">\u2265 30<\/td>\n<\/tr>\n<tr>\n<td class=\"label\">Composants<\/td>\n<td class=\"value\">Fibre de bois, sulfate d\u2019aluminium, paraffine<\/td>\n<\/tr>\n<tr>\n<td class=\"label\">Code de recyclage (EAK)<\/td>\n<td class=\"value\">030105 \/ 170201<\/td>\n<\/tr>\n<\/tbody>\n<\/table>\n<\/div>\n<\/div>\n","protected":false},"excerpt":{"rendered":"<p>Panneaux en fibre de bois rigide pare-pluie pour murs et toitures en construction neuve et r\u00e9novation.<br \/>\nHaute performance isolante, tant en hiver qu\u2018en \u00e9t\u00e9<\/p>\n","protected":false},"featured_media":1000000166796,"template":"","meta":[],"product_brand":[184],"product_cat":[2668,2671],"product_tag":[1866],"class_list":{"0":"post-995","1":"product","2":"type-product","3":"status-publish","4":"has-post-thumbnail","6":"product_brand-steico","7":"product_cat-isolation-exterieure","8":"product_cat-pare-pluie","9":"product_tag-fibre-de-bois","11":"first","12":"instock","13":"taxable","14":"shipping-taxable","15":"purchasable","16":"product-type-variable"},"yoast_head":"<!-- This site is optimized with the Yoast SEO plugin v27.5 - https:\/\/yoast.com\/product\/yoast-seo-wordpress\/ -->\n<title>Isolant rigide STEICO universal 22mm pare-pluie<\/title>\n<meta name=\"robots\" content=\"noindex, nofollow\" \/>\n<meta property=\"og:locale\" content=\"fr_FR\" \/>\n<meta property=\"og:type\" content=\"article\" \/>\n<meta property=\"og:title\" content=\"Isolant rigide STEICO universal 22mm pare-pluie\" \/>\n<meta property=\"og:description\" content=\"Panneaux en fibre de bois rigide pare-pluie pour murs et toitures en construction neuve et r\u00e9novation. Haute performance isolante, tant en hiver qu\u2018en \u00e9t\u00e9\" \/>\n<meta property=\"og:url\" content=\"https:\/\/nature-et-developpement.com\/ned-perpignan\/produit\/isolant-rigide-steico-universal-22mm-pare-pluie-en-fibre-de-bois\/\" \/>\n<meta property=\"og:site_name\" content=\"Nature et D\u00e9veloppement Perpignan\" \/>\n<meta property=\"article:modified_time\" content=\"2026-03-03T22:06:55+00:00\" \/>\n<meta name=\"twitter:card\" content=\"summary_large_image\" \/>\n<meta name=\"twitter:label1\" content=\"Dur\u00e9e de lecture estim\u00e9e\" \/>\n\t<meta name=\"twitter:data1\" content=\"2 minutes\" \/>\n<script type=\"application\/ld+json\" class=\"yoast-schema-graph\">{\"@context\":\"https:\\\/\\\/schema.org\",\"@graph\":[{\"@type\":\"WebPage\",\"@id\":\"https:\\\/\\\/nature-et-developpement.com\\\/ned-perpignan\\\/produit\\\/isolant-rigide-steico-universal-22mm-pare-pluie-en-fibre-de-bois\\\/\",\"url\":\"https:\\\/\\\/nature-et-developpement.com\\\/ned-perpignan\\\/produit\\\/isolant-rigide-steico-universal-22mm-pare-pluie-en-fibre-de-bois\\\/\",\"name\":\"Isolant rigide STEICO universal 22mm pare-pluie\",\"isPartOf\":{\"@id\":\"https:\\\/\\\/nature-et-developpement.com\\\/ned-perpignan\\\/#website\"},\"primaryImageOfPage\":{\"@id\":\"https:\\\/\\\/nature-et-developpement.com\\\/ned-perpignan\\\/produit\\\/isolant-rigide-steico-universal-22mm-pare-pluie-en-fibre-de-bois\\\/#primaryimage\"},\"image\":{\"@id\":\"https:\\\/\\\/nature-et-developpement.com\\\/ned-perpignan\\\/produit\\\/isolant-rigide-steico-universal-22mm-pare-pluie-en-fibre-de-bois\\\/#primaryimage\"},\"thumbnailUrl\":\"https:\\\/\\\/nature-et-developpement.com\\\/ned-perpignan\\\/wp-content\\\/uploads\\\/Isolant-ecologique-rigide-STEICO-universal-pare-pluie-en-fibre-de-bois.jpg\",\"datePublished\":\"2022-03-18T09:12:35+00:00\",\"dateModified\":\"2026-03-03T22:06:55+00:00\",\"breadcrumb\":{\"@id\":\"https:\\\/\\\/nature-et-developpement.com\\\/ned-perpignan\\\/produit\\\/isolant-rigide-steico-universal-22mm-pare-pluie-en-fibre-de-bois\\\/#breadcrumb\"},\"inLanguage\":\"fr-FR\",\"potentialAction\":[{\"@type\":\"ReadAction\",\"target\":[\"https:\\\/\\\/nature-et-developpement.com\\\/ned-perpignan\\\/produit\\\/isolant-rigide-steico-universal-22mm-pare-pluie-en-fibre-de-bois\\\/\"]}]},{\"@type\":\"ImageObject\",\"inLanguage\":\"fr-FR\",\"@id\":\"https:\\\/\\\/nature-et-developpement.com\\\/ned-perpignan\\\/produit\\\/isolant-rigide-steico-universal-22mm-pare-pluie-en-fibre-de-bois\\\/#primaryimage\",\"url\":\"https:\\\/\\\/nature-et-developpement.com\\\/ned-perpignan\\\/wp-content\\\/uploads\\\/Isolant-ecologique-rigide-STEICO-universal-pare-pluie-en-fibre-de-bois.jpg\",\"contentUrl\":\"https:\\\/\\\/nature-et-developpement.com\\\/ned-perpignan\\\/wp-content\\\/uploads\\\/Isolant-ecologique-rigide-STEICO-universal-pare-pluie-en-fibre-de-bois.jpg\"},{\"@type\":\"BreadcrumbList\",\"@id\":\"https:\\\/\\\/nature-et-developpement.com\\\/ned-perpignan\\\/produit\\\/isolant-rigide-steico-universal-22mm-pare-pluie-en-fibre-de-bois\\\/#breadcrumb\",\"itemListElement\":[{\"@type\":\"ListItem\",\"position\":1,\"name\":\"Accueil\",\"item\":\"https:\\\/\\\/nature-et-developpement.com\\\/ned-perpignan\\\/\"},{\"@type\":\"ListItem\",\"position\":2,\"name\":\"Boutique\",\"item\":\"https:\\\/\\\/nature-et-developpement.com\\\/ned-perpignan\\\/boutique\\\/\"},{\"@type\":\"ListItem\",\"position\":3,\"name\":\"Isolation et \u00e9tanch\u00e9it\u00e9\",\"item\":\"https:\\\/\\\/nature-et-developpement.com\\\/ned-perpignan\\\/produits\\\/isolation-et-etancheite\\\/\"},{\"@type\":\"ListItem\",\"position\":4,\"name\":\"Isolation ext\u00e9rieure\",\"item\":\"https:\\\/\\\/nature-et-developpement.com\\\/ned-perpignan\\\/produits\\\/isolation-et-etancheite\\\/isolation-exterieure\\\/\"},{\"@type\":\"ListItem\",\"position\":5,\"name\":\"STEICO universal &#8211; Isolant rigide 22mm pare-pluie en fibre de bois\"}]},{\"@type\":\"WebSite\",\"@id\":\"https:\\\/\\\/nature-et-developpement.com\\\/ned-perpignan\\\/#website\",\"url\":\"https:\\\/\\\/nature-et-developpement.com\\\/ned-perpignan\\\/\",\"name\":\"Nature et D\u00e9veloppement Perpignan\",\"description\":\"Solutions, mat\u00e9riaux et d\u00e9coration \u00e9co-responsables pour les pros et les particuliers.\",\"potentialAction\":[{\"@type\":\"SearchAction\",\"target\":{\"@type\":\"EntryPoint\",\"urlTemplate\":\"https:\\\/\\\/nature-et-developpement.com\\\/ned-perpignan\\\/?s={search_term_string}\"},\"query-input\":{\"@type\":\"PropertyValueSpecification\",\"valueRequired\":true,\"valueName\":\"search_term_string\"}}],\"inLanguage\":\"fr-FR\"}]}<\/script>\n<!-- \/ Yoast SEO plugin. -->","yoast_head_json":{"title":"Isolant rigide STEICO universal 22mm pare-pluie","robots":{"index":"noindex","follow":"nofollow"},"og_locale":"fr_FR","og_type":"article","og_title":"Isolant rigide STEICO universal 22mm pare-pluie","og_description":"Panneaux en fibre de bois rigide pare-pluie pour murs et toitures en construction neuve et r\u00e9novation. Haute performance isolante, tant en hiver qu\u2018en \u00e9t\u00e9","og_url":"https:\/\/nature-et-developpement.com\/ned-perpignan\/produit\/isolant-rigide-steico-universal-22mm-pare-pluie-en-fibre-de-bois\/","og_site_name":"Nature et D\u00e9veloppement Perpignan","article_modified_time":"2026-03-03T22:06:55+00:00","twitter_card":"summary_large_image","twitter_misc":{"Dur\u00e9e de lecture estim\u00e9e":"2 minutes"},"schema":{"@context":"https:\/\/schema.org","@graph":[{"@type":"WebPage","@id":"https:\/\/nature-et-developpement.com\/ned-perpignan\/produit\/isolant-rigide-steico-universal-22mm-pare-pluie-en-fibre-de-bois\/","url":"https:\/\/nature-et-developpement.com\/ned-perpignan\/produit\/isolant-rigide-steico-universal-22mm-pare-pluie-en-fibre-de-bois\/","name":"Isolant rigide STEICO universal 22mm pare-pluie","isPartOf":{"@id":"https:\/\/nature-et-developpement.com\/ned-perpignan\/#website"},"primaryImageOfPage":{"@id":"https:\/\/nature-et-developpement.com\/ned-perpignan\/produit\/isolant-rigide-steico-universal-22mm-pare-pluie-en-fibre-de-bois\/#primaryimage"},"image":{"@id":"https:\/\/nature-et-developpement.com\/ned-perpignan\/produit\/isolant-rigide-steico-universal-22mm-pare-pluie-en-fibre-de-bois\/#primaryimage"},"thumbnailUrl":"https:\/\/nature-et-developpement.com\/ned-perpignan\/wp-content\/uploads\/Isolant-ecologique-rigide-STEICO-universal-pare-pluie-en-fibre-de-bois.jpg","datePublished":"2022-03-18T09:12:35+00:00","dateModified":"2026-03-03T22:06:55+00:00","breadcrumb":{"@id":"https:\/\/nature-et-developpement.com\/ned-perpignan\/produit\/isolant-rigide-steico-universal-22mm-pare-pluie-en-fibre-de-bois\/#breadcrumb"},"inLanguage":"fr-FR","potentialAction":[{"@type":"ReadAction","target":["https:\/\/nature-et-developpement.com\/ned-perpignan\/produit\/isolant-rigide-steico-universal-22mm-pare-pluie-en-fibre-de-bois\/"]}]},{"@type":"ImageObject","inLanguage":"fr-FR","@id":"https:\/\/nature-et-developpement.com\/ned-perpignan\/produit\/isolant-rigide-steico-universal-22mm-pare-pluie-en-fibre-de-bois\/#primaryimage","url":"https:\/\/nature-et-developpement.com\/ned-perpignan\/wp-content\/uploads\/Isolant-ecologique-rigide-STEICO-universal-pare-pluie-en-fibre-de-bois.jpg","contentUrl":"https:\/\/nature-et-developpement.com\/ned-perpignan\/wp-content\/uploads\/Isolant-ecologique-rigide-STEICO-universal-pare-pluie-en-fibre-de-bois.jpg"},{"@type":"BreadcrumbList","@id":"https:\/\/nature-et-developpement.com\/ned-perpignan\/produit\/isolant-rigide-steico-universal-22mm-pare-pluie-en-fibre-de-bois\/#breadcrumb","itemListElement":[{"@type":"ListItem","position":1,"name":"Accueil","item":"https:\/\/nature-et-developpement.com\/ned-perpignan\/"},{"@type":"ListItem","position":2,"name":"Boutique","item":"https:\/\/nature-et-developpement.com\/ned-perpignan\/boutique\/"},{"@type":"ListItem","position":3,"name":"Isolation et \u00e9tanch\u00e9it\u00e9","item":"https:\/\/nature-et-developpement.com\/ned-perpignan\/produits\/isolation-et-etancheite\/"},{"@type":"ListItem","position":4,"name":"Isolation ext\u00e9rieure","item":"https:\/\/nature-et-developpement.com\/ned-perpignan\/produits\/isolation-et-etancheite\/isolation-exterieure\/"},{"@type":"ListItem","position":5,"name":"STEICO universal &#8211; Isolant rigide 22mm pare-pluie en fibre de bois"}]},{"@type":"WebSite","@id":"https:\/\/nature-et-developpement.com\/ned-perpignan\/#website","url":"https:\/\/nature-et-developpement.com\/ned-perpignan\/","name":"Nature et D\u00e9veloppement Perpignan","description":"Solutions, mat\u00e9riaux et d\u00e9coration \u00e9co-responsables pour les pros et les particuliers.","potentialAction":[{"@type":"SearchAction","target":{"@type":"EntryPoint","urlTemplate":"https:\/\/nature-et-developpement.com\/ned-perpignan\/?s={search_term_string}"},"query-input":{"@type":"PropertyValueSpecification","valueRequired":true,"valueName":"search_term_string"}}],"inLanguage":"fr-FR"}]}},"distributor_meta":false,"distributor_terms":false,"distributor_media":false,"distributor_original_site_name":"Nature et D\u00e9veloppement Perpignan","distributor_original_site_url":"https:\/\/nature-et-developpement.com\/ned-perpignan","push-errors":false,"_links":{"self":[{"href":"https:\/\/nature-et-developpement.com\/ned-perpignan\/wp-json\/wp\/v2\/product\/995","targetHints":{"allow":["GET"]}}],"collection":[{"href":"https:\/\/nature-et-developpement.com\/ned-perpignan\/wp-json\/wp\/v2\/product"}],"about":[{"href":"https:\/\/nature-et-developpement.com\/ned-perpignan\/wp-json\/wp\/v2\/types\/product"}],"wp:featuredmedia":[{"embeddable":true,"href":"https:\/\/nature-et-developpement.com\/ned-perpignan\/wp-json\/"}],"wp:attachment":[{"href":"https:\/\/nature-et-developpement.com\/ned-perpignan\/wp-json\/wp\/v2\/media?parent=995"}],"wp:term":[{"taxonomy":"product_brand","embeddable":true,"href":"https:\/\/nature-et-developpement.com\/ned-perpignan\/wp-json\/wp\/v2\/product_brand?post=995"},{"taxonomy":"product_cat","embeddable":true,"href":"https:\/\/nature-et-developpement.com\/ned-perpignan\/wp-json\/wp\/v2\/product_cat?post=995"},{"taxonomy":"product_tag","embeddable":true,"href":"https:\/\/nature-et-developpement.com\/ned-perpignan\/wp-json\/wp\/v2\/product_tag?post=995"}],"curies":[{"name":"wp","href":"https:\/\/api.w.org\/{rel}","templated":true}]}}